{"id":88932,"date":"2024-07-11T15:23:49","date_gmt":"2024-07-11T15:23:49","guid":{"rendered":"https:\/\/www.indeedevents.com\/de-de\/?post_type=events&#038;p=88932"},"modified":"2025-10-15T15:07:29","modified_gmt":"2025-10-15T15:07:29","slug":"public-ifw-de-112024","status":"publish","type":"events","link":"https:\/\/www.indeedevents.com\/de-de\/events\/public-ifw-de-112024\/","title":{"rendered":"Indeed FutureWorks M\u00fcnchen 2024"},"content":{"rendered":"\n<section class=\"event-header\">\n\t<div class=\"event-header-inner\">\n\t\t<div class=\"event-info\">\n\t\t\t\n\t\t\t<div class=\"event-title\">\n\t\t\t\t<img decoding=\"async\" width=\"2417\" height=\"650\" src=\"https:\/\/www.indeedevents.com\/de-de\/wp-content\/uploads\/sites\/26\/2024\/06\/14486-FW-Munich-lock-up-2024-light-horizontal.png\" class=\"image-event-title\" alt=\"Indeed FutureWorks Munich logo lockup\" srcset=\"https:\/\/www.indeedevents.com\/de-de\/wp-content\/uploads\/sites\/26\/2024\/06\/14486-FW-Munich-lock-up-2024-light-horizontal.png 2417w, https:\/\/www.indeedevents.com\/de-de\/wp-content\/uploads\/sites\/26\/2024\/06\/14486-FW-Munich-lock-up-2024-light-horizontal-300x81.png 300w, https:\/\/www.indeedevents.com\/de-de\/wp-content\/uploads\/sites\/26\/2024\/06\/14486-FW-Munich-lock-up-2024-light-horizontal-1024x275.png 1024w, https:\/\/www.indeedevents.com\/de-de\/wp-content\/uploads\/sites\/26\/2024\/06\/14486-FW-Munich-lock-up-2024-light-horizontal-768x207.png 768w, https:\/\/www.indeedevents.com\/de-de\/wp-content\/uploads\/sites\/26\/2024\/06\/14486-FW-Munich-lock-up-2024-light-horizontal-1536x413.png 1536w, https:\/\/www.indeedevents.com\/de-de\/wp-content\/uploads\/sites\/26\/2024\/06\/14486-FW-Munich-lock-up-2024-light-horizontal-2048x551.png 2048w\" sizes=\"(max-width: 2417px) 100vw, 2417px\" \/>\t\t\t\t<h1 class=\"screen-reader-text\">Indeed FutureWorks M\u00fcnchen 2024<\/h1>\n\t\t\t<\/div>\n\n\t\t\t\t\t\t\t<div class=\"event-date\">\n\t\t\t\t\t<img decoding=\"async\" class=\"image-event-date\" src=\"\/wp-content\/themes\/indeed-events\/img\/futureworks-2024\/futureworks-2024-icon-date.svg\" class=\"skip-lazy\" loading=\"eager\" alt=\"\" width=\"21\" height=\"20\">\n\t\t\t\t\t20. November 2024\t\t\t\t<\/div>\n\t\t\t\n\t\t\t\t\t\t\t<div class=\"event-time\">\n\t\t\t\t\t<img decoding=\"async\" class=\"image-event-time\" src=\"\/wp-content\/themes\/indeed-events\/img\/futureworks-2024\/futureworks-2024-icon-time.svg\" class=\"skip-lazy\" loading=\"eager\" alt=\"\" width=\"21\" height=\"20\">\n\t\t\t\t\t09:30&nbsp;&#8211;&nbsp;18:00&nbsp;Uhr\t\t\t\t<\/div>\n\t\t\t\n\t\t\t\t\t\t\t<div class=\"event-venue\">\n\t\t\t\t\t<img decoding=\"async\" class=\"image-event-venue\" src=\"\/wp-content\/themes\/indeed-events\/img\/futureworks-2024\/futureworks-2024-icon-venue.svg\" class=\"skip-lazy\" loading=\"eager\" alt=\"\" width=\"21\" height=\"20\">\n\t\t\t\t\tShowpalast M\u00fcnchen\t\t\t\t<\/div>\n\t\t\t\n\t\t\t<div class=\"event-content\">\n\t\t\t\t\n\n<p><\/p>\n\n\n\t\t\t<\/div>\n\n\t\t\t\t\t<\/div>\n\n\t\t\t\t\t<div class=\"event-image\">\n\t\t\t\t<img fetchpriority=\"high\" decoding=\"async\" width=\"970\" height=\"670\" src=\"https:\/\/www.indeedevents.com\/de-de\/wp-content\/uploads\/sites\/26\/2024\/11\/20241120_71120-NR-970x670.jpg\" class=\"attachment-event-featured-image-large size-event-featured-image-large wp-post-image skip-lazy wp-post-image\" alt=\"Das Indeed-Team DACH feiert den Erfolg der FutureWorks M\u00fcnchen 2024.\" loading=\"eager\" srcset=\"https:\/\/www.indeedevents.com\/de-de\/wp-content\/uploads\/sites\/26\/2024\/11\/20241120_71120-NR-970x670.jpg 970w, https:\/\/www.indeedevents.com\/de-de\/wp-content\/uploads\/sites\/26\/2024\/11\/20241120_71120-NR-485x335.jpg 485w\" sizes=\"(max-width: 970px) 100vw, 970px\" \/>\t\t\t<\/div>\n\t\t\t<\/div>\n<\/section>\n\n\n\n<div id=\"about\" class=\"wp-block-group is-style-futureworks futureworks-about is-layout-constrained wp-block-group-is-layout-constrained\">\n<div style=\"height:50px\" aria-hidden=\"true\" class=\"wp-block-spacer\"><\/div>\n\n\n\n<div class=\"wp-block-columns are-vertically-aligned-top is-layout-flex wp-container-core-columns-is-layout-9d6595d7 wp-block-columns-is-layout-flex\">\n<div class=\"wp-block-column is-vertically-aligned-top is-layout-flow wp-block-column-is-layout-flow\" style=\"flex-basis:33%\">\n<h3 class=\"wp-block-heading\">\u00dcber die Veranstaltung<\/h3>\n<\/div>\n\n\n\n<div class=\"wp-block-column is-vertically-aligned-top is-layout-flow wp-block-column-is-layout-flow\" style=\"flex-basis:66%\">\n<p>Die Zukunft steht vor der T\u00fcr und es gibt keinen besseren Zeitpunkt, sich darauf vorzubereiten als jetzt. Im Vergleich zu vor nur f\u00fcnf Jahren haben sich sowohl die Belegschaft als auch die Arbeit im Allgemeinen drastisch ver\u00e4ndert. Um die Welt von morgen zu einer besseren zu machen, m\u00fcssen Unternehmen und F\u00fchrungskr\u00e4fte planen.<\/p>\n\n\n\n<p>Am 20. November 2024 kamen Human Resources- und Talent Acquisition-F\u00fchrungskr\u00e4fte aus ganz Deutschland im Showpalast in M\u00fcnchen zusammen, um sich auf eine komplexe, aber potenziell lohnende Zukunft der Arbeitswelt vorzubereiten.<\/p>\n\n\n\n<p>Ganz gleich, ob Sie einen verpassten Vortrag nachholen oder noch einmal Revue passieren lassen m\u00f6chten: Mit den On-Demand-Inhalten der Indeed FutureWorks Munich haben Sie Zugriff auf alle Keynotes, Podiumsdiskussionen sowie Breakout Sessions als abrufbare Aufzeichnungen.<\/p>\n\n\n\n<p>Lassen Sie sich von Expert*innen und Vordenker*innen inspirieren, wie sich Organisationen dem Fachkr\u00e4ftemangel entgegenstellen k\u00f6nnen und welche Themen dabei eine entscheidende Rolle spielen.<\/p>\n<\/div>\n<\/div>\n<\/div>\n\n\n<div class=\"block-futureworks-divider block-futureworks-divider--1\" id=\"futureworks-divider-block_8a05d214a069b4dd7698880758fc4c9d\"><\/div>\n\n\n\n<div class=\"wp-block-group alignwide is-style-futureworks futureworks-speakers is-layout-constrained wp-block-group-is-layout-constrained\" id=\"speakers\">\n<div class=\"wp-block-columns are-vertically-aligned-top is-layout-flex wp-container-core-columns-is-layout-9d6595d7 wp-block-columns-is-layout-flex\">\n<div class=\"wp-block-column is-vertically-aligned-top is-layout-flow wp-block-column-is-layout-flow\" style=\"flex-basis:33%\">\n<h2 class=\"wp-block-heading h3 mt-0\">Speaker<\/h2>\n<\/div>\n\n\n\n<div class=\"wp-block-column is-vertically-aligned-top is-layout-flow wp-block-column-is-layout-flow\" style=\"flex-basis:66%\">\n<p class=\"mt-0 is-style-default\"><\/p>\n<\/div>\n<\/div>\n\n\n<div class=\"block-futureworks-speakers\" id=\"futureworks-speakers-block_116ff9fc0807906f0eaa319ccb3f8ff2\">\n    <div class=\"futureworks-speakers-slider\">\n\t\t\t\t\t\t<div class=\"futureworks-speakers-slider__item\">\n\t\t\t\t\t<button data-target=\"modal-bettina-dietsche\" class=\"futureworks-speakers-slider__trigger js-modal\"><span class=\"screen-reader-text\">Chief People and Culture Officer<\/span><\/button>\n\t\t\t\t\t<img decoding=\"async\" width=\"1000\" height=\"1000\" src=\"https:\/\/www.indeedevents.com\/de-de\/wp-content\/uploads\/sites\/26\/2024\/06\/Bettina-Dietsche.png\" class=\"attachment-full size-full\" alt=\"Bettina Dietsche headshot\" srcset=\"https:\/\/www.indeedevents.com\/de-de\/wp-content\/uploads\/sites\/26\/2024\/06\/Bettina-Dietsche.png 1000w, https:\/\/www.indeedevents.com\/de-de\/wp-content\/uploads\/sites\/26\/2024\/06\/Bettina-Dietsche-300x300.png 300w, https:\/\/www.indeedevents.com\/de-de\/wp-content\/uploads\/sites\/26\/2024\/06\/Bettina-Dietsche-210x210.png 210w, https:\/\/www.indeedevents.com\/de-de\/wp-content\/uploads\/sites\/26\/2024\/06\/Bettina-Dietsche-768x768.png 768w, https:\/\/www.indeedevents.com\/de-de\/wp-content\/uploads\/sites\/26\/2024\/06\/Bettina-Dietsche-600x600.png 600w\" sizes=\"(max-width: 1000px) 100vw, 1000px\" \/>\t\t\t\t\t<div class=\"futureworks-speakers-slider__info\">\n\t\t\t\t\t\t<h4>Bettina Dietsche<\/h4>\n\t\t\t\t\t\t\t\t\t\t\t\t\t<p>Chief People and Culture Officer<\/p>\n\t\t\t\t\t\t\t\t\t\t\t\t\t\t\t\t\t\t\t<p>Allianz Group<\/p>\n\t\t\t\t\t\t\t\t\t\t\t<\/div>\n\t\t\t\t<\/div>\n\t\t\t\t\t\t\t\t<div class=\"futureworks-speakers-slider__item\">\n\t\t\t\t\t<button data-target=\"modal-prof-jan-emmanuel-de-neve\" class=\"futureworks-speakers-slider__trigger js-modal\"><span class=\"screen-reader-text\">Leiter Wellbeing Research Centre<\/span><\/button>\n\t\t\t\t\t<img decoding=\"async\" width=\"853\" height=\"853\" src=\"https:\/\/www.indeedevents.com\/de-de\/wp-content\/uploads\/sites\/26\/2024\/07\/jan-emmanuel-de-neve.png\" class=\"attachment-full size-full\" alt=\"Prof. Jan-Emmanuel De Neve Headshot\" srcset=\"https:\/\/www.indeedevents.com\/de-de\/wp-content\/uploads\/sites\/26\/2024\/07\/jan-emmanuel-de-neve.png 853w, https:\/\/www.indeedevents.com\/de-de\/wp-content\/uploads\/sites\/26\/2024\/07\/jan-emmanuel-de-neve-300x300.png 300w, https:\/\/www.indeedevents.com\/de-de\/wp-content\/uploads\/sites\/26\/2024\/07\/jan-emmanuel-de-neve-210x210.png 210w, https:\/\/www.indeedevents.com\/de-de\/wp-content\/uploads\/sites\/26\/2024\/07\/jan-emmanuel-de-neve-768x768.png 768w, https:\/\/www.indeedevents.com\/de-de\/wp-content\/uploads\/sites\/26\/2024\/07\/jan-emmanuel-de-neve-600x600.png 600w\" sizes=\"(max-width: 853px) 100vw, 853px\" \/>\t\t\t\t\t<div class=\"futureworks-speakers-slider__info\">\n\t\t\t\t\t\t<h4>Prof. Jan-Emmanuel De Neve<\/h4>\n\t\t\t\t\t\t\t\t\t\t\t\t\t<p>Leiter Wellbeing Research Centre<\/p>\n\t\t\t\t\t\t\t\t\t\t\t\t\t\t\t\t\t\t\t<p>Universit\u00e4t Oxford<\/p>\n\t\t\t\t\t\t\t\t\t\t\t<\/div>\n\t\t\t\t<\/div>\n\t\t\t\t\t\t\t\t<div class=\"futureworks-speakers-slider__item\">\n\t\t\t\t\t<button data-target=\"modal-cora-bacanji-kathrin-buecheler\" class=\"futureworks-speakers-slider__trigger js-modal\"><span class=\"screen-reader-text\">Teamlead Talent Acquisition Cross Border Recruiting<\/span><\/button>\n\t\t\t\t\t<img decoding=\"async\" width=\"908\" height=\"908\" src=\"https:\/\/www.indeedevents.com\/de-de\/wp-content\/uploads\/sites\/26\/2024\/07\/cora-bacanji-kathrin-bucheler.png\" class=\"attachment-full size-full\" alt=\"Cora Bacanji &amp; Kathrin B\u00fccheler headshot\" srcset=\"https:\/\/www.indeedevents.com\/de-de\/wp-content\/uploads\/sites\/26\/2024\/07\/cora-bacanji-kathrin-bucheler.png 908w, https:\/\/www.indeedevents.com\/de-de\/wp-content\/uploads\/sites\/26\/2024\/07\/cora-bacanji-kathrin-bucheler-300x300.png 300w, https:\/\/www.indeedevents.com\/de-de\/wp-content\/uploads\/sites\/26\/2024\/07\/cora-bacanji-kathrin-bucheler-210x210.png 210w, https:\/\/www.indeedevents.com\/de-de\/wp-content\/uploads\/sites\/26\/2024\/07\/cora-bacanji-kathrin-bucheler-768x768.png 768w, https:\/\/www.indeedevents.com\/de-de\/wp-content\/uploads\/sites\/26\/2024\/07\/cora-bacanji-kathrin-bucheler-600x600.png 600w\" sizes=\"(max-width: 908px) 100vw, 908px\" \/>\t\t\t\t\t<div class=\"futureworks-speakers-slider__info\">\n\t\t\t\t\t\t<h4>Cora Bacanji &amp; Kathrin B\u00fccheler<\/h4>\n\t\t\t\t\t\t\t\t\t\t\t\t\t<p>Teamlead Talent Acquisition Cross Border Recruiting<\/p>\n\t\t\t\t\t\t\t\t\t\t\t\t\t\t\t\t\t\t\t<p>Rewe Group<\/p>\n\t\t\t\t\t\t\t\t\t\t\t<\/div>\n\t\t\t\t<\/div>\n\t\t\t\t\t\t\t\t<div class=\"futureworks-speakers-slider__item\">\n\t\t\t\t\t<button data-target=\"modal-frank-hensgens\" class=\"futureworks-speakers-slider__trigger js-modal\"><span class=\"screen-reader-text\">Gesch\u00e4ftsf\u00fchrer DACH<\/span><\/button>\n\t\t\t\t\t<img decoding=\"async\" width=\"1000\" height=\"1000\" src=\"https:\/\/www.indeedevents.com\/de-de\/wp-content\/uploads\/sites\/26\/2024\/07\/frank-hensgens.png\" class=\"attachment-full size-full\" alt=\"Frank Hensgens headshot\" srcset=\"https:\/\/www.indeedevents.com\/de-de\/wp-content\/uploads\/sites\/26\/2024\/07\/frank-hensgens.png 1000w, https:\/\/www.indeedevents.com\/de-de\/wp-content\/uploads\/sites\/26\/2024\/07\/frank-hensgens-300x300.png 300w, https:\/\/www.indeedevents.com\/de-de\/wp-content\/uploads\/sites\/26\/2024\/07\/frank-hensgens-210x210.png 210w, https:\/\/www.indeedevents.com\/de-de\/wp-content\/uploads\/sites\/26\/2024\/07\/frank-hensgens-768x768.png 768w, https:\/\/www.indeedevents.com\/de-de\/wp-content\/uploads\/sites\/26\/2024\/07\/frank-hensgens-600x600.png 600w\" sizes=\"(max-width: 1000px) 100vw, 1000px\" \/>\t\t\t\t\t<div class=\"futureworks-speakers-slider__info\">\n\t\t\t\t\t\t<h4>Frank Hensgens<\/h4>\n\t\t\t\t\t\t\t\t\t\t\t\t\t<p>Gesch\u00e4ftsf\u00fchrer DACH<\/p>\n\t\t\t\t\t\t\t\t\t\t\t\t\t\t\t\t\t\t\t<p>Indeed<\/p>\n\t\t\t\t\t\t\t\t\t\t\t<\/div>\n\t\t\t\t<\/div>\n\t\t\t\t\t\t\t\t<div class=\"futureworks-speakers-slider__item\">\n\t\t\t\t\t<button data-target=\"modal-maggie-hulce\" class=\"futureworks-speakers-slider__trigger js-modal\"><span class=\"screen-reader-text\">Chief Revenue Officer<\/span><\/button>\n\t\t\t\t\t<img decoding=\"async\" width=\"1015\" height=\"1015\" src=\"https:\/\/www.indeedevents.com\/de-de\/wp-content\/uploads\/sites\/26\/2024\/06\/Maggie-Hulce-2.png\" class=\"attachment-full size-full\" alt=\"Indeed Chief Revenue Officer Maggie Hulce bei der FutureWorks M\u00fcnchen\" srcset=\"https:\/\/www.indeedevents.com\/de-de\/wp-content\/uploads\/sites\/26\/2024\/06\/Maggie-Hulce-2.png 1015w, https:\/\/www.indeedevents.com\/de-de\/wp-content\/uploads\/sites\/26\/2024\/06\/Maggie-Hulce-2-300x300.png 300w, https:\/\/www.indeedevents.com\/de-de\/wp-content\/uploads\/sites\/26\/2024\/06\/Maggie-Hulce-2-210x210.png 210w, https:\/\/www.indeedevents.com\/de-de\/wp-content\/uploads\/sites\/26\/2024\/06\/Maggie-Hulce-2-768x768.png 768w, https:\/\/www.indeedevents.com\/de-de\/wp-content\/uploads\/sites\/26\/2024\/06\/Maggie-Hulce-2-600x600.png 600w\" sizes=\"(max-width: 1015px) 100vw, 1015px\" \/>\t\t\t\t\t<div class=\"futureworks-speakers-slider__info\">\n\t\t\t\t\t\t<h4>Maggie Hulce<\/h4>\n\t\t\t\t\t\t\t\t\t\t\t\t\t<p>Chief Revenue Officer<\/p>\n\t\t\t\t\t\t\t\t\t\t\t\t\t\t\t\t\t\t\t<p>Indeed<\/p>\n\t\t\t\t\t\t\t\t\t\t\t<\/div>\n\t\t\t\t<\/div>\n\t\t\t\t\t\t\t\t<div class=\"futureworks-speakers-slider__item\">\n\t\t\t\t\t<button data-target=\"modal-sascha-mossner\" class=\"futureworks-speakers-slider__trigger js-modal\"><span class=\"screen-reader-text\">Director Talent Acquisition<\/span><\/button>\n\t\t\t\t\t<img decoding=\"async\" width=\"1000\" height=\"1000\" src=\"https:\/\/www.indeedevents.com\/de-de\/wp-content\/uploads\/sites\/26\/2024\/07\/Sascha_Mossner.png\" class=\"attachment-full size-full\" alt=\"Sascha Mossner headshot\" srcset=\"https:\/\/www.indeedevents.com\/de-de\/wp-content\/uploads\/sites\/26\/2024\/07\/Sascha_Mossner.png 1000w, https:\/\/www.indeedevents.com\/de-de\/wp-content\/uploads\/sites\/26\/2024\/07\/Sascha_Mossner-300x300.png 300w, https:\/\/www.indeedevents.com\/de-de\/wp-content\/uploads\/sites\/26\/2024\/07\/Sascha_Mossner-210x210.png 210w, https:\/\/www.indeedevents.com\/de-de\/wp-content\/uploads\/sites\/26\/2024\/07\/Sascha_Mossner-768x768.png 768w, https:\/\/www.indeedevents.com\/de-de\/wp-content\/uploads\/sites\/26\/2024\/07\/Sascha_Mossner-600x600.png 600w\" sizes=\"(max-width: 1000px) 100vw, 1000px\" \/>\t\t\t\t\t<div class=\"futureworks-speakers-slider__info\">\n\t\t\t\t\t\t<h4>Sascha Mossner<\/h4>\n\t\t\t\t\t\t\t\t\t\t\t\t\t<p>Director Talent Acquisition<\/p>\n\t\t\t\t\t\t\t\t\t\t\t\t\t\t\t\t\t\t\t<p>Miele<\/p>\n\t\t\t\t\t\t\t\t\t\t\t<\/div>\n\t\t\t\t<\/div>\n\t\t\t\t\t\t\t\t<div class=\"futureworks-speakers-slider__item\">\n\t\t\t\t\t<button data-target=\"modal-lena-weber\" class=\"futureworks-speakers-slider__trigger js-modal\"><span class=\"screen-reader-text\">Head of Global Talent Attraction &amp; Employee Experience<\/span><\/button>\n\t\t\t\t\t<img decoding=\"async\" width=\"1000\" height=\"1000\" src=\"https:\/\/www.indeedevents.com\/de-de\/wp-content\/uploads\/sites\/26\/2024\/06\/Lena-Weber-2023.png\" class=\"attachment-full size-full\" alt=\"Lena Weber headshot\" srcset=\"https:\/\/www.indeedevents.com\/de-de\/wp-content\/uploads\/sites\/26\/2024\/06\/Lena-Weber-2023.png 1000w, https:\/\/www.indeedevents.com\/de-de\/wp-content\/uploads\/sites\/26\/2024\/06\/Lena-Weber-2023-300x300.png 300w, https:\/\/www.indeedevents.com\/de-de\/wp-content\/uploads\/sites\/26\/2024\/06\/Lena-Weber-2023-210x210.png 210w, https:\/\/www.indeedevents.com\/de-de\/wp-content\/uploads\/sites\/26\/2024\/06\/Lena-Weber-2023-768x768.png 768w, https:\/\/www.indeedevents.com\/de-de\/wp-content\/uploads\/sites\/26\/2024\/06\/Lena-Weber-2023-600x600.png 600w\" sizes=\"(max-width: 1000px) 100vw, 1000px\" \/>\t\t\t\t\t<div class=\"futureworks-speakers-slider__info\">\n\t\t\t\t\t\t<h4>Lena Weber<\/h4>\n\t\t\t\t\t\t\t\t\t\t\t\t\t<p>Head of Global Talent Attraction &amp; Employee Experience<\/p>\n\t\t\t\t\t\t\t\t\t\t\t\t\t\t\t\t\t\t\t<p>TUI<\/p>\n\t\t\t\t\t\t\t\t\t\t\t<\/div>\n\t\t\t\t<\/div>\n\t\t\t\t\t\t\t\t<div class=\"futureworks-speakers-slider__item\">\n\t\t\t\t\t<button data-target=\"modal-raul-krauthausen\" class=\"futureworks-speakers-slider__trigger js-modal\"><span class=\"screen-reader-text\">Aktivist f\u00fcr gesellschaftliche Teilhabe<\/span><\/button>\n\t\t\t\t\t<img decoding=\"async\" width=\"1000\" height=\"1000\" src=\"https:\/\/www.indeedevents.com\/de-de\/wp-content\/uploads\/sites\/26\/2024\/06\/Raul_Krauthausen.png\" class=\"attachment-full size-full\" alt=\"Ra\u00fal Krauthausen headshot\" srcset=\"https:\/\/www.indeedevents.com\/de-de\/wp-content\/uploads\/sites\/26\/2024\/06\/Raul_Krauthausen.png 1000w, https:\/\/www.indeedevents.com\/de-de\/wp-content\/uploads\/sites\/26\/2024\/06\/Raul_Krauthausen-300x300.png 300w, https:\/\/www.indeedevents.com\/de-de\/wp-content\/uploads\/sites\/26\/2024\/06\/Raul_Krauthausen-210x210.png 210w, https:\/\/www.indeedevents.com\/de-de\/wp-content\/uploads\/sites\/26\/2024\/06\/Raul_Krauthausen-768x768.png 768w, https:\/\/www.indeedevents.com\/de-de\/wp-content\/uploads\/sites\/26\/2024\/06\/Raul_Krauthausen-600x600.png 600w\" sizes=\"(max-width: 1000px) 100vw, 1000px\" \/>\t\t\t\t\t<div class=\"futureworks-speakers-slider__info\">\n\t\t\t\t\t\t<h4>Ra\u00fal Krauthausen<\/h4>\n\t\t\t\t\t\t\t\t\t\t\t\t\t<p>Aktivist f\u00fcr gesellschaftliche Teilhabe<\/p>\n\t\t\t\t\t\t\t\t\t\t\t\t\t\t\t\t\t<\/div>\n\t\t\t\t<\/div>\n\t\t\t\t\t\t\t\t<div class=\"futureworks-speakers-slider__item\">\n\t\t\t\t\t<button data-target=\"modal-ute-neher\" class=\"futureworks-speakers-slider__trigger js-modal\"><span class=\"screen-reader-text\">Principal Talent Intelligence<\/span><\/button>\n\t\t\t\t\t<img decoding=\"async\" width=\"1000\" height=\"1000\" src=\"https:\/\/www.indeedevents.com\/de-de\/wp-content\/uploads\/sites\/26\/2024\/07\/Ute_Neher.png\" class=\"attachment-full size-full\" alt=\"Ute Neher Headshot\" srcset=\"https:\/\/www.indeedevents.com\/de-de\/wp-content\/uploads\/sites\/26\/2024\/07\/Ute_Neher.png 1000w, https:\/\/www.indeedevents.com\/de-de\/wp-content\/uploads\/sites\/26\/2024\/07\/Ute_Neher-300x300.png 300w, https:\/\/www.indeedevents.com\/de-de\/wp-content\/uploads\/sites\/26\/2024\/07\/Ute_Neher-210x210.png 210w, https:\/\/www.indeedevents.com\/de-de\/wp-content\/uploads\/sites\/26\/2024\/07\/Ute_Neher-768x768.png 768w, https:\/\/www.indeedevents.com\/de-de\/wp-content\/uploads\/sites\/26\/2024\/07\/Ute_Neher-600x600.png 600w\" sizes=\"(max-width: 1000px) 100vw, 1000px\" \/>\t\t\t\t\t<div class=\"futureworks-speakers-slider__info\">\n\t\t\t\t\t\t<h4>Ute Neher<\/h4>\n\t\t\t\t\t\t\t\t\t\t\t\t\t<p>Principal Talent Intelligence<\/p>\n\t\t\t\t\t\t\t\t\t\t\t\t\t\t\t\t\t\t\t<p>Indeed<\/p>\n\t\t\t\t\t\t\t\t\t\t\t<\/div>\n\t\t\t\t<\/div>\n\t\t\t\t\t\t\t\t<div class=\"futureworks-speakers-slider__item\">\n\t\t\t\t\t<button data-target=\"modal-markus-schropp\" class=\"futureworks-speakers-slider__trigger js-modal\"><span class=\"screen-reader-text\">Leiter Zentralbereich Strategie und Organisationsentwicklung<\/span><\/button>\n\t\t\t\t\t<img decoding=\"async\" width=\"1000\" height=\"1000\" src=\"https:\/\/www.indeedevents.com\/de-de\/wp-content\/uploads\/sites\/26\/2024\/06\/Markus-Schropp_Final.png\" class=\"attachment-full size-full\" alt=\"Markus Schropp headshot\" srcset=\"https:\/\/www.indeedevents.com\/de-de\/wp-content\/uploads\/sites\/26\/2024\/06\/Markus-Schropp_Final.png 1000w, https:\/\/www.indeedevents.com\/de-de\/wp-content\/uploads\/sites\/26\/2024\/06\/Markus-Schropp_Final-300x300.png 300w, https:\/\/www.indeedevents.com\/de-de\/wp-content\/uploads\/sites\/26\/2024\/06\/Markus-Schropp_Final-210x210.png 210w, https:\/\/www.indeedevents.com\/de-de\/wp-content\/uploads\/sites\/26\/2024\/06\/Markus-Schropp_Final-768x768.png 768w, https:\/\/www.indeedevents.com\/de-de\/wp-content\/uploads\/sites\/26\/2024\/06\/Markus-Schropp_Final-600x600.png 600w\" sizes=\"(max-width: 1000px) 100vw, 1000px\" \/>\t\t\t\t\t<div class=\"futureworks-speakers-slider__info\">\n\t\t\t\t\t\t<h4>Markus Schropp<\/h4>\n\t\t\t\t\t\t\t\t\t\t\t\t\t<p>Leiter Zentralbereich Strategie und Organisationsentwicklung<\/p>\n\t\t\t\t\t\t\t\t\t\t\t\t\t\t\t\t\t\t\t<p>CJD<\/p>\n\t\t\t\t\t\t\t\t\t\t\t<\/div>\n\t\t\t\t<\/div>\n\t\t\t\t\t\t\t\t<div class=\"futureworks-speakers-slider__item\">\n\t\t\t\t\t<button data-target=\"modal-tim-verhoeven\" class=\"futureworks-speakers-slider__trigger js-modal\"><span class=\"screen-reader-text\">Senior Manager Talent Intelligence<\/span><\/button>\n\t\t\t\t\t<img decoding=\"async\" width=\"589\" height=\"589\" src=\"https:\/\/www.indeedevents.com\/de-de\/wp-content\/uploads\/sites\/26\/2024\/07\/Tim-Verhoeven.png\" class=\"attachment-full size-full\" alt=\"Tim Verhoeven headshot\" srcset=\"https:\/\/www.indeedevents.com\/de-de\/wp-content\/uploads\/sites\/26\/2024\/07\/Tim-Verhoeven.png 589w, https:\/\/www.indeedevents.com\/de-de\/wp-content\/uploads\/sites\/26\/2024\/07\/Tim-Verhoeven-300x300.png 300w, https:\/\/www.indeedevents.com\/de-de\/wp-content\/uploads\/sites\/26\/2024\/07\/Tim-Verhoeven-210x210.png 210w\" sizes=\"(max-width: 589px) 100vw, 589px\" \/>\t\t\t\t\t<div class=\"futureworks-speakers-slider__info\">\n\t\t\t\t\t\t<h4>Tim Verhoeven<\/h4>\n\t\t\t\t\t\t\t\t\t\t\t\t\t<p>Senior Manager Talent Intelligence<\/p>\n\t\t\t\t\t\t\t\t\t\t\t\t\t\t\t\t\t\t\t<p>Indeed<\/p>\n\t\t\t\t\t\t\t\t\t\t\t<\/div>\n\t\t\t\t<\/div>\n\t\t\t\t\t\t\t\t<div class=\"futureworks-speakers-slider__item\">\n\t\t\t\t\t<button data-target=\"modal-enissa-amani\" class=\"futureworks-speakers-slider__trigger js-modal\"><span class=\"screen-reader-text\">K\u00fcnstlerin &amp; Aktivistin f\u00fcr Menschenrechte<\/span><\/button>\n\t\t\t\t\t<img decoding=\"async\" width=\"1000\" height=\"1000\" src=\"https:\/\/www.indeedevents.com\/de-de\/wp-content\/uploads\/sites\/26\/2024\/06\/Enissa-Amani.png\" class=\"attachment-full size-full\" alt=\"Enissa Amani Headshot\" srcset=\"https:\/\/www.indeedevents.com\/de-de\/wp-content\/uploads\/sites\/26\/2024\/06\/Enissa-Amani.png 1000w, https:\/\/www.indeedevents.com\/de-de\/wp-content\/uploads\/sites\/26\/2024\/06\/Enissa-Amani-300x300.png 300w, https:\/\/www.indeedevents.com\/de-de\/wp-content\/uploads\/sites\/26\/2024\/06\/Enissa-Amani-210x210.png 210w, https:\/\/www.indeedevents.com\/de-de\/wp-content\/uploads\/sites\/26\/2024\/06\/Enissa-Amani-768x768.png 768w, https:\/\/www.indeedevents.com\/de-de\/wp-content\/uploads\/sites\/26\/2024\/06\/Enissa-Amani-600x600.png 600w\" sizes=\"(max-width: 1000px) 100vw, 1000px\" \/>\t\t\t\t\t<div class=\"futureworks-speakers-slider__info\">\n\t\t\t\t\t\t<h4>Enissa Amani<\/h4>\n\t\t\t\t\t\t\t\t\t\t\t\t\t<p>K\u00fcnstlerin &amp; Aktivistin f\u00fcr Menschenrechte<\/p>\n\t\t\t\t\t\t\t\t\t\t\t\t\t\t\t\t\t<\/div>\n\t\t\t\t<\/div>\n\t\t\t\t\t\t\t\t<div class=\"futureworks-speakers-slider__item\">\n\t\t\t\t\t<button data-target=\"modal-christian-freund\" class=\"futureworks-speakers-slider__trigger js-modal\"><span class=\"screen-reader-text\">Senior Sales Director DACH<\/span><\/button>\n\t\t\t\t\t<img decoding=\"async\" width=\"1000\" height=\"1000\" src=\"https:\/\/www.indeedevents.com\/de-de\/wp-content\/uploads\/sites\/26\/2024\/07\/Christian-freund.png\" class=\"attachment-full size-full\" alt=\"Headshot photo of Christian Freund looking at the camera\" srcset=\"https:\/\/www.indeedevents.com\/de-de\/wp-content\/uploads\/sites\/26\/2024\/07\/Christian-freund.png 1000w, https:\/\/www.indeedevents.com\/de-de\/wp-content\/uploads\/sites\/26\/2024\/07\/Christian-freund-300x300.png 300w, https:\/\/www.indeedevents.com\/de-de\/wp-content\/uploads\/sites\/26\/2024\/07\/Christian-freund-210x210.png 210w, https:\/\/www.indeedevents.com\/de-de\/wp-content\/uploads\/sites\/26\/2024\/07\/Christian-freund-768x768.png 768w, https:\/\/www.indeedevents.com\/de-de\/wp-content\/uploads\/sites\/26\/2024\/07\/Christian-freund-600x600.png 600w\" sizes=\"(max-width: 1000px) 100vw, 1000px\" \/>\t\t\t\t\t<div class=\"futureworks-speakers-slider__info\">\n\t\t\t\t\t\t<h4>Christian Freund<\/h4>\n\t\t\t\t\t\t\t\t\t\t\t\t\t<p>Senior Sales Director DACH<\/p>\n\t\t\t\t\t\t\t\t\t\t\t\t\t\t\t\t\t\t\t<p>Indeed<\/p>\n\t\t\t\t\t\t\t\t\t\t\t<\/div>\n\t\t\t\t<\/div>\n\t\t\t\t\t\t\t\t<div class=\"futureworks-speakers-slider__item\">\n\t\t\t\t\t<button data-target=\"modal-franziska-manck\" class=\"futureworks-speakers-slider__trigger js-modal\"><span class=\"screen-reader-text\">Head of Talent Acquisition<\/span><\/button>\n\t\t\t\t\t<img decoding=\"async\" width=\"1000\" height=\"1000\" src=\"https:\/\/www.indeedevents.com\/de-de\/wp-content\/uploads\/sites\/26\/2024\/06\/Franziska-Manck-cutout.png\" class=\"attachment-full size-full\" alt=\"Deutsche Bahn Head of Talent Acquisition Franziska Manck bei der FutureWorks M\u00fcnchen\" srcset=\"https:\/\/www.indeedevents.com\/de-de\/wp-content\/uploads\/sites\/26\/2024\/06\/Franziska-Manck-cutout.png 1000w, https:\/\/www.indeedevents.com\/de-de\/wp-content\/uploads\/sites\/26\/2024\/06\/Franziska-Manck-cutout-300x300.png 300w, https:\/\/www.indeedevents.com\/de-de\/wp-content\/uploads\/sites\/26\/2024\/06\/Franziska-Manck-cutout-210x210.png 210w, https:\/\/www.indeedevents.com\/de-de\/wp-content\/uploads\/sites\/26\/2024\/06\/Franziska-Manck-cutout-768x768.png 768w, https:\/\/www.indeedevents.com\/de-de\/wp-content\/uploads\/sites\/26\/2024\/06\/Franziska-Manck-cutout-600x600.png 600w\" sizes=\"(max-width: 1000px) 100vw, 1000px\" \/>\t\t\t\t\t<div class=\"futureworks-speakers-slider__info\">\n\t\t\t\t\t\t<h4>Franziska Manck<\/h4>\n\t\t\t\t\t\t\t\t\t\t\t\t\t<p>Head of Talent Acquisition<\/p>\n\t\t\t\t\t\t\t\t\t\t\t\t\t\t\t\t\t\t\t<p>Deutsche Bahn<\/p>\n\t\t\t\t\t\t\t\t\t\t\t<\/div>\n\t\t\t\t<\/div>\n\t\t\t\t\t\t\t\t<div class=\"futureworks-speakers-slider__item\">\n\t\t\t\t\t<button data-target=\"modal-michael-eger\" class=\"futureworks-speakers-slider__trigger js-modal\"><span class=\"screen-reader-text\">Partner<\/span><\/button>\n\t\t\t\t\t<img decoding=\"async\" width=\"800\" height=\"800\" src=\"https:\/\/www.indeedevents.com\/de-de\/wp-content\/uploads\/sites\/26\/2024\/07\/michael-Eger.png\" class=\"attachment-full size-full\" alt=\"Michael Eger Headshot\" srcset=\"https:\/\/www.indeedevents.com\/de-de\/wp-content\/uploads\/sites\/26\/2024\/07\/michael-Eger.png 800w, https:\/\/www.indeedevents.com\/de-de\/wp-content\/uploads\/sites\/26\/2024\/07\/michael-Eger-300x300.png 300w, https:\/\/www.indeedevents.com\/de-de\/wp-content\/uploads\/sites\/26\/2024\/07\/michael-Eger-210x210.png 210w, https:\/\/www.indeedevents.com\/de-de\/wp-content\/uploads\/sites\/26\/2024\/07\/michael-Eger-768x768.png 768w, https:\/\/www.indeedevents.com\/de-de\/wp-content\/uploads\/sites\/26\/2024\/07\/michael-Eger-600x600.png 600w\" sizes=\"(max-width: 800px) 100vw, 800px\" \/>\t\t\t\t\t<div class=\"futureworks-speakers-slider__info\">\n\t\t\t\t\t\t<h4>Michael Eger<\/h4>\n\t\t\t\t\t\t\t\t\t\t\t\t\t<p>Partner<\/p>\n\t\t\t\t\t\t\t\t\t\t\t\t\t\t\t\t\t\t\t<p>Mercer<\/p>\n\t\t\t\t\t\t\t\t\t\t\t<\/div>\n\t\t\t\t<\/div>\n\t\t\t\t\t\t\t\t<div class=\"futureworks-speakers-slider__item\">\n\t\t\t\t\t<button data-target=\"modal-dr-annina-hering\" class=\"futureworks-speakers-slider__trigger js-modal\"><span class=\"screen-reader-text\">Senior Economist<\/span><\/button>\n\t\t\t\t\t<img decoding=\"async\" width=\"1000\" height=\"1000\" src=\"https:\/\/www.indeedevents.com\/de-de\/wp-content\/uploads\/sites\/26\/2024\/07\/Annina-Hering-2024-cut.png\" class=\"attachment-full size-full\" alt=\"Dr. Annina Hering\" srcset=\"https:\/\/www.indeedevents.com\/de-de\/wp-content\/uploads\/sites\/26\/2024\/07\/Annina-Hering-2024-cut.png 1000w, https:\/\/www.indeedevents.com\/de-de\/wp-content\/uploads\/sites\/26\/2024\/07\/Annina-Hering-2024-cut-300x300.png 300w, https:\/\/www.indeedevents.com\/de-de\/wp-content\/uploads\/sites\/26\/2024\/07\/Annina-Hering-2024-cut-210x210.png 210w, https:\/\/www.indeedevents.com\/de-de\/wp-content\/uploads\/sites\/26\/2024\/07\/Annina-Hering-2024-cut-768x768.png 768w, https:\/\/www.indeedevents.com\/de-de\/wp-content\/uploads\/sites\/26\/2024\/07\/Annina-Hering-2024-cut-600x600.png 600w\" sizes=\"(max-width: 1000px) 100vw, 1000px\" \/>\t\t\t\t\t<div class=\"futureworks-speakers-slider__info\">\n\t\t\t\t\t\t<h4>Dr. Annina Hering<\/h4>\n\t\t\t\t\t\t\t\t\t\t\t\t\t<p>Senior Economist<\/p>\n\t\t\t\t\t\t\t\t\t\t\t\t\t\t\t\t\t\t\t<p>Indeed<\/p>\n\t\t\t\t\t\t\t\t\t\t\t<\/div>\n\t\t\t\t<\/div>\n\t\t\t\t\t\t\t\t<div class=\"futureworks-speakers-slider__item\">\n\t\t\t\t\t<button data-target=\"modal-daniel-wahlen\" class=\"futureworks-speakers-slider__trigger js-modal\"><span class=\"screen-reader-text\">Senior Director Global Enterprise Marketing<\/span><\/button>\n\t\t\t\t\t<img decoding=\"async\" width=\"1000\" height=\"1000\" src=\"https:\/\/www.indeedevents.com\/de-de\/wp-content\/uploads\/sites\/26\/2024\/06\/Daniel.png\" class=\"attachment-full size-full\" alt=\"Indeed Senior Director Global Enterprise Marketing Daniel Wahlen bei der FutureWorks M\u00fcnchen\" srcset=\"https:\/\/www.indeedevents.com\/de-de\/wp-content\/uploads\/sites\/26\/2024\/06\/Daniel.png 1000w, https:\/\/www.indeedevents.com\/de-de\/wp-content\/uploads\/sites\/26\/2024\/06\/Daniel-300x300.png 300w, https:\/\/www.indeedevents.com\/de-de\/wp-content\/uploads\/sites\/26\/2024\/06\/Daniel-210x210.png 210w, https:\/\/www.indeedevents.com\/de-de\/wp-content\/uploads\/sites\/26\/2024\/06\/Daniel-768x768.png 768w, https:\/\/www.indeedevents.com\/de-de\/wp-content\/uploads\/sites\/26\/2024\/06\/Daniel-600x600.png 600w\" sizes=\"(max-width: 1000px) 100vw, 1000px\" \/>\t\t\t\t\t<div class=\"futureworks-speakers-slider__info\">\n\t\t\t\t\t\t<h4>Daniel Wahlen<\/h4>\n\t\t\t\t\t\t\t\t\t\t\t\t\t<p>Senior Director Global Enterprise Marketing<\/p>\n\t\t\t\t\t\t\t\t\t\t\t\t\t\t\t\t\t\t\t<p>Indeed<\/p>\n\t\t\t\t\t\t\t\t\t\t\t<\/div>\n\t\t\t\t<\/div>\n\t\t\t\t\t\t\t\t<div class=\"futureworks-speakers-slider__item\">\n\t\t\t\t\t<button data-target=\"modal-eva-stock\" class=\"futureworks-speakers-slider__trigger js-modal\"><span class=\"screen-reader-text\">Chief People &amp; Marketing Officer<\/span><\/button>\n\t\t\t\t\t<img decoding=\"async\" width=\"1000\" height=\"1000\" src=\"https:\/\/www.indeedevents.com\/de-de\/wp-content\/uploads\/sites\/26\/2024\/06\/Eva-Stock-cutout.png\" class=\"attachment-full size-full\" alt=\"Indeed Senior Talent Strategy Advisor Norman Mauer bei der FutureWorks M\u00fcnchen\" srcset=\"https:\/\/www.indeedevents.com\/de-de\/wp-content\/uploads\/sites\/26\/2024\/06\/Eva-Stock-cutout.png 1000w, https:\/\/www.indeedevents.com\/de-de\/wp-content\/uploads\/sites\/26\/2024\/06\/Eva-Stock-cutout-300x300.png 300w, https:\/\/www.indeedevents.com\/de-de\/wp-content\/uploads\/sites\/26\/2024\/06\/Eva-Stock-cutout-210x210.png 210w, https:\/\/www.indeedevents.com\/de-de\/wp-content\/uploads\/sites\/26\/2024\/06\/Eva-Stock-cutout-768x768.png 768w, https:\/\/www.indeedevents.com\/de-de\/wp-content\/uploads\/sites\/26\/2024\/06\/Eva-Stock-cutout-600x600.png 600w\" sizes=\"(max-width: 1000px) 100vw, 1000px\" \/>\t\t\t\t\t<div class=\"futureworks-speakers-slider__info\">\n\t\t\t\t\t\t<h4>Eva Stock<\/h4>\n\t\t\t\t\t\t\t\t\t\t\t\t\t<p>Chief People &amp; Marketing Officer<\/p>\n\t\t\t\t\t\t\t\t\t\t\t\t\t\t\t\t\t\t\t<p>comspace<\/p>\n\t\t\t\t\t\t\t\t\t\t\t<\/div>\n\t\t\t\t<\/div>\n\t\t\t\t\t\t\t\t<div class=\"futureworks-speakers-slider__item\">\n\t\t\t\t\t<button data-target=\"modal-norman-mauer\" class=\"futureworks-speakers-slider__trigger js-modal\"><span class=\"screen-reader-text\">Senior Talent Strategy Advisor<\/span><\/button>\n\t\t\t\t\t<img decoding=\"async\" width=\"1000\" height=\"1000\" src=\"https:\/\/www.indeedevents.com\/de-de\/wp-content\/uploads\/sites\/26\/2024\/07\/norman-mauer-01.png\" class=\"attachment-full size-full\" alt=\"Indeed Senior Talent Strategy Advisor Norman Mauer bei der FutureWorks M\u00fcnchen\" srcset=\"https:\/\/www.indeedevents.com\/de-de\/wp-content\/uploads\/sites\/26\/2024\/07\/norman-mauer-01.png 1000w, https:\/\/www.indeedevents.com\/de-de\/wp-content\/uploads\/sites\/26\/2024\/07\/norman-mauer-01-300x300.png 300w, https:\/\/www.indeedevents.com\/de-de\/wp-content\/uploads\/sites\/26\/2024\/07\/norman-mauer-01-210x210.png 210w, https:\/\/www.indeedevents.com\/de-de\/wp-content\/uploads\/sites\/26\/2024\/07\/norman-mauer-01-768x768.png 768w, https:\/\/www.indeedevents.com\/de-de\/wp-content\/uploads\/sites\/26\/2024\/07\/norman-mauer-01-600x600.png 600w\" sizes=\"(max-width: 1000px) 100vw, 1000px\" \/>\t\t\t\t\t<div class=\"futureworks-speakers-slider__info\">\n\t\t\t\t\t\t<h4>Norman Mauer<\/h4>\n\t\t\t\t\t\t\t\t\t\t\t\t\t<p>Senior Talent Strategy Advisor<\/p>\n\t\t\t\t\t\t\t\t\t\t\t\t\t\t\t\t\t\t\t<p>Indeed<\/p>\n\t\t\t\t\t\t\t\t\t\t\t<\/div>\n\t\t\t\t<\/div>\n\t\t\t\t\t\t\t\t<div class=\"futureworks-speakers-slider__item\">\n\t\t\t\t\t<button data-target=\"modal-alissa-mensah\" class=\"futureworks-speakers-slider__trigger js-modal\"><span class=\"screen-reader-text\">Senior Client Success Specialist<\/span><\/button>\n\t\t\t\t\t<img decoding=\"async\" width=\"1000\" height=\"1000\" src=\"https:\/\/www.indeedevents.com\/de-de\/wp-content\/uploads\/sites\/26\/2024\/06\/Alissa.png\" class=\"attachment-full size-full\" alt=\"Indeed Senior Client Success Specialist Alissa Mensah bei der FutureWorks M\u00fcnchen\" srcset=\"https:\/\/www.indeedevents.com\/de-de\/wp-content\/uploads\/sites\/26\/2024\/06\/Alissa.png 1000w, https:\/\/www.indeedevents.com\/de-de\/wp-content\/uploads\/sites\/26\/2024\/06\/Alissa-300x300.png 300w, https:\/\/www.indeedevents.com\/de-de\/wp-content\/uploads\/sites\/26\/2024\/06\/Alissa-210x210.png 210w, https:\/\/www.indeedevents.com\/de-de\/wp-content\/uploads\/sites\/26\/2024\/06\/Alissa-768x768.png 768w, https:\/\/www.indeedevents.com\/de-de\/wp-content\/uploads\/sites\/26\/2024\/06\/Alissa-600x600.png 600w\" sizes=\"(max-width: 1000px) 100vw, 1000px\" \/>\t\t\t\t\t<div class=\"futureworks-speakers-slider__info\">\n\t\t\t\t\t\t<h4>Alissa Mensah<\/h4>\n\t\t\t\t\t\t\t\t\t\t\t\t\t<p>Senior Client Success Specialist<\/p>\n\t\t\t\t\t\t\t\t\t\t\t\t\t\t\t\t\t\t\t<p>Indeed<\/p>\n\t\t\t\t\t\t\t\t\t\t\t<\/div>\n\t\t\t\t<\/div>\n\t\t\t\t\t\t\t\t<div class=\"futureworks-speakers-slider__item\">\n\t\t\t\t\t<button data-target=\"modal-christian-schmidt\" class=\"futureworks-speakers-slider__trigger js-modal\"><span class=\"screen-reader-text\">Direktor<\/span><\/button>\n\t\t\t\t\t<img decoding=\"async\" width=\"1000\" height=\"1000\" src=\"https:\/\/www.indeedevents.com\/de-de\/wp-content\/uploads\/sites\/26\/2024\/06\/Christian-Schmidt.png\" class=\"attachment-full size-full\" alt=\"Christian Schmidt headshot\" srcset=\"https:\/\/www.indeedevents.com\/de-de\/wp-content\/uploads\/sites\/26\/2024\/06\/Christian-Schmidt.png 1000w, https:\/\/www.indeedevents.com\/de-de\/wp-content\/uploads\/sites\/26\/2024\/06\/Christian-Schmidt-300x300.png 300w, https:\/\/www.indeedevents.com\/de-de\/wp-content\/uploads\/sites\/26\/2024\/06\/Christian-Schmidt-210x210.png 210w, https:\/\/www.indeedevents.com\/de-de\/wp-content\/uploads\/sites\/26\/2024\/06\/Christian-Schmidt-768x768.png 768w, https:\/\/www.indeedevents.com\/de-de\/wp-content\/uploads\/sites\/26\/2024\/06\/Christian-Schmidt-600x600.png 600w\" sizes=\"(max-width: 1000px) 100vw, 1000px\" \/>\t\t\t\t\t<div class=\"futureworks-speakers-slider__info\">\n\t\t\t\t\t\t<h4>Christian Schmidt<\/h4>\n\t\t\t\t\t\t\t\t\t\t\t\t\t<p>Direktor<\/p>\n\t\t\t\t\t\t\t\t\t\t\t\t\t\t\t\t\t\t\t<p>Tent Deutschland<\/p>\n\t\t\t\t\t\t\t\t\t\t\t<\/div>\n\t\t\t\t<\/div>\n\t\t\t\t\t<\/div>\n\t\t\t\t<div id=\"modal-bettina-dietsche\" class=\"modal\">\n\t\t\t\t<div class=\"modal-overlay\"><\/div>\n\t\t\t\t<div class=\"modal-content\">\n\t\t\t\t\t<div class=\"modal-header\">\n\t\t\t\t\t\t<h4>Bettina Dietsche<\/h4>\n\t\t\t\t\t\t<a href=\"#\" class=\"js-modal-close\">\n\t\t\t\t\t\t\t<span class=\"screen-reader-text\">Close overlay.<\/span>\n\t\t\t\t\t\t\t<svg xmlns=\"http:\/\/www.w3.org\/2000\/svg\" viewBox=\"0 0 384 512\">\n\t\t\t\t\t\t\t\t<path fill=\"#ffffff\" d=\"M342.6 150.6c12.5-12.5 12.5-32.8 0-45.3s-32.8-12.5-45.3 0L192 210.7 86.6 105.4c-12.5-12.5-32.8-12.5-45.3 0s-12.5 32.8 0 45.3L146.7 256 41.4 361.4c-12.5 12.5-12.5 32.8 0 45.3s32.8 12.5 45.3 0L192 301.3 297.4 406.6c12.5 12.5 32.8 12.5 45.3 0s12.5-32.8 0-45.3L237.3 256 342.6 150.6z\"\/>\n\t\t\t\t\t\t\t<\/svg>\n\t\t\t\t\t\t<\/a>\n\t\t\t\t\t<\/div>\n\t\t\t\t\t<div class=\"modal-content__row\">\n\t\t\t\t\t\t<div class=\"modal-content__image\">\n\t\t\t\t\t\t\t<img decoding=\"async\" width=\"1000\" height=\"1000\" src=\"https:\/\/www.indeedevents.com\/de-de\/wp-content\/uploads\/sites\/26\/2024\/06\/Bettina-Dietsche.png\" class=\"attachment-large size-large\" alt=\"Bettina Dietsche headshot\" srcset=\"https:\/\/www.indeedevents.com\/de-de\/wp-content\/uploads\/sites\/26\/2024\/06\/Bettina-Dietsche.png 1000w, https:\/\/www.indeedevents.com\/de-de\/wp-content\/uploads\/sites\/26\/2024\/06\/Bettina-Dietsche-300x300.png 300w, https:\/\/www.indeedevents.com\/de-de\/wp-content\/uploads\/sites\/26\/2024\/06\/Bettina-Dietsche-210x210.png 210w, https:\/\/www.indeedevents.com\/de-de\/wp-content\/uploads\/sites\/26\/2024\/06\/Bettina-Dietsche-768x768.png 768w, https:\/\/www.indeedevents.com\/de-de\/wp-content\/uploads\/sites\/26\/2024\/06\/Bettina-Dietsche-600x600.png 600w\" sizes=\"(max-width: 1000px) 100vw, 1000px\" \/>\t\t\t\t\t\t<\/div>\n\t\t\t\t\t\t<div class=\"modal-content__bio\">\n\t\t\t\t\t\t\t\t\t\t\t\t\t\t\t<p>Chief People and Culture Officer<\/p>\n\t\t\t\t\t\t\t\t\t\t\t\t\t\t\t\t\t\t\t\t\t\t<p>Allianz Group<\/p>\n\t\t\t\t\t\t\t\t\t\t\t\t\t\t<p><span style=\"font-weight: 400\">Seit November 2022 ist Bettina Dietsche Chief People and Culture Officer der Allianz Gruppe und verantwortlich f\u00fcr rund 160.000 Mitarbeitende. Die (digitale) Transformation steht ebenso auf ihrer Agenda wie die F\u00f6rderung des kulturellen Wandels. Bettina ist \u00fcberzeugt, dass Mensch und Kultur die Basis des Unternehmenserfolgs sind. Digitalisierung und Menschen sind f\u00fcr sie untrennbar verbunden, um ein erstklassiges Kundenerlebnis sowie eine offene, vertrauensvolle und inklusive Unternehmenskultur zu gestalten. \u201eMensch, Kultur, Plattform\u201c ist ihr Credo zur Gewinnung und F\u00f6rderung von Talenten und zur Schaffung einer inklusiven Kultur, die Innovationen nachhaltig im Unternehmen verankern.<\/span><\/p>\n\t\t\t\t\t\t<\/div>\n\t\t\t\t\t<\/div>\n\t\t\t\t<\/div>\n\t\t\t<\/div>\n\t\t\t\t\t\t<div id=\"modal-prof-jan-emmanuel-de-neve\" class=\"modal\">\n\t\t\t\t<div class=\"modal-overlay\"><\/div>\n\t\t\t\t<div class=\"modal-content\">\n\t\t\t\t\t<div class=\"modal-header\">\n\t\t\t\t\t\t<h4>Prof. Jan-Emmanuel De Neve<\/h4>\n\t\t\t\t\t\t<a href=\"#\" class=\"js-modal-close\">\n\t\t\t\t\t\t\t<span class=\"screen-reader-text\">Close overlay.<\/span>\n\t\t\t\t\t\t\t<svg xmlns=\"http:\/\/www.w3.org\/2000\/svg\" viewBox=\"0 0 384 512\">\n\t\t\t\t\t\t\t\t<path fill=\"#ffffff\" d=\"M342.6 150.6c12.5-12.5 12.5-32.8 0-45.3s-32.8-12.5-45.3 0L192 210.7 86.6 105.4c-12.5-12.5-32.8-12.5-45.3 0s-12.5 32.8 0 45.3L146.7 256 41.4 361.4c-12.5 12.5-12.5 32.8 0 45.3s32.8 12.5 45.3 0L192 301.3 297.4 406.6c12.5 12.5 32.8 12.5 45.3 0s12.5-32.8 0-45.3L237.3 256 342.6 150.6z\"\/>\n\t\t\t\t\t\t\t<\/svg>\n\t\t\t\t\t\t<\/a>\n\t\t\t\t\t<\/div>\n\t\t\t\t\t<div class=\"modal-content__row\">\n\t\t\t\t\t\t<div class=\"modal-content__image\">\n\t\t\t\t\t\t\t<img decoding=\"async\" width=\"853\" height=\"853\" src=\"https:\/\/www.indeedevents.com\/de-de\/wp-content\/uploads\/sites\/26\/2024\/07\/jan-emmanuel-de-neve.png\" class=\"attachment-large size-large\" alt=\"Prof. Jan-Emmanuel De Neve Headshot\" srcset=\"https:\/\/www.indeedevents.com\/de-de\/wp-content\/uploads\/sites\/26\/2024\/07\/jan-emmanuel-de-neve.png 853w, https:\/\/www.indeedevents.com\/de-de\/wp-content\/uploads\/sites\/26\/2024\/07\/jan-emmanuel-de-neve-300x300.png 300w, https:\/\/www.indeedevents.com\/de-de\/wp-content\/uploads\/sites\/26\/2024\/07\/jan-emmanuel-de-neve-210x210.png 210w, https:\/\/www.indeedevents.com\/de-de\/wp-content\/uploads\/sites\/26\/2024\/07\/jan-emmanuel-de-neve-768x768.png 768w, https:\/\/www.indeedevents.com\/de-de\/wp-content\/uploads\/sites\/26\/2024\/07\/jan-emmanuel-de-neve-600x600.png 600w\" sizes=\"(max-width: 853px) 100vw, 853px\" \/>\t\t\t\t\t\t<\/div>\n\t\t\t\t\t\t<div class=\"modal-content__bio\">\n\t\t\t\t\t\t\t\t\t\t\t\t\t\t\t<p>Leiter Wellbeing Research Centre<\/p>\n\t\t\t\t\t\t\t\t\t\t\t\t\t\t\t\t\t\t\t\t\t\t<p>Universit\u00e4t Oxford<\/p>\n\t\t\t\t\t\t\t\t\t\t\t\t\t\t<p><span style=\"font-weight: 400\">Jan-Emmanuel ist Professor f\u00fcr Wirtschaftswissenschaften an der Universit\u00e4t Oxford, wo er auch das Wellbeing Research Centre leitet. Er ist Herausgeber des World Happiness Report und kommentiert regelm\u00e4\u00dfig in der Financial Times, der Harvard Business Review und der BBC.<\/span><\/p>\n\t\t\t\t\t\t<\/div>\n\t\t\t\t\t<\/div>\n\t\t\t\t<\/div>\n\t\t\t<\/div>\n\t\t\t\t\t\t<div id=\"modal-cora-bacanji-kathrin-buecheler\" class=\"modal\">\n\t\t\t\t<div class=\"modal-overlay\"><\/div>\n\t\t\t\t<div class=\"modal-content\">\n\t\t\t\t\t<div class=\"modal-header\">\n\t\t\t\t\t\t<h4>Cora Bacanji &amp; Kathrin B\u00fccheler<\/h4>\n\t\t\t\t\t\t<a href=\"#\" class=\"js-modal-close\">\n\t\t\t\t\t\t\t<span class=\"screen-reader-text\">Close overlay.<\/span>\n\t\t\t\t\t\t\t<svg xmlns=\"http:\/\/www.w3.org\/2000\/svg\" viewBox=\"0 0 384 512\">\n\t\t\t\t\t\t\t\t<path fill=\"#ffffff\" d=\"M342.6 150.6c12.5-12.5 12.5-32.8 0-45.3s-32.8-12.5-45.3 0L192 210.7 86.6 105.4c-12.5-12.5-32.8-12.5-45.3 0s-12.5 32.8 0 45.3L146.7 256 41.4 361.4c-12.5 12.5-12.5 32.8 0 45.3s32.8 12.5 45.3 0L192 301.3 297.4 406.6c12.5 12.5 32.8 12.5 45.3 0s12.5-32.8 0-45.3L237.3 256 342.6 150.6z\"\/>\n\t\t\t\t\t\t\t<\/svg>\n\t\t\t\t\t\t<\/a>\n\t\t\t\t\t<\/div>\n\t\t\t\t\t<div class=\"modal-content__row\">\n\t\t\t\t\t\t<div class=\"modal-content__image\">\n\t\t\t\t\t\t\t<img decoding=\"async\" width=\"908\" height=\"908\" src=\"https:\/\/www.indeedevents.com\/de-de\/wp-content\/uploads\/sites\/26\/2024\/07\/cora-bacanji-kathrin-bucheler.png\" class=\"attachment-large size-large\" alt=\"Cora Bacanji &amp; Kathrin B\u00fccheler headshot\" srcset=\"https:\/\/www.indeedevents.com\/de-de\/wp-content\/uploads\/sites\/26\/2024\/07\/cora-bacanji-kathrin-bucheler.png 908w, https:\/\/www.indeedevents.com\/de-de\/wp-content\/uploads\/sites\/26\/2024\/07\/cora-bacanji-kathrin-bucheler-300x300.png 300w, https:\/\/www.indeedevents.com\/de-de\/wp-content\/uploads\/sites\/26\/2024\/07\/cora-bacanji-kathrin-bucheler-210x210.png 210w, https:\/\/www.indeedevents.com\/de-de\/wp-content\/uploads\/sites\/26\/2024\/07\/cora-bacanji-kathrin-bucheler-768x768.png 768w, https:\/\/www.indeedevents.com\/de-de\/wp-content\/uploads\/sites\/26\/2024\/07\/cora-bacanji-kathrin-bucheler-600x600.png 600w\" sizes=\"(max-width: 908px) 100vw, 908px\" \/>\t\t\t\t\t\t<\/div>\n\t\t\t\t\t\t<div class=\"modal-content__bio\">\n\t\t\t\t\t\t\t\t\t\t\t\t\t\t\t<p>Teamlead Talent Acquisition Cross Border Recruiting<\/p>\n\t\t\t\t\t\t\t\t\t\t\t\t\t\t\t\t\t\t\t\t\t\t<p>Rewe Group<\/p>\n\t\t\t\t\t\t\t\t\t\t\t\t\t\t<p>Cora Bacanji und Kathrin B\u00fccheler bilden ein dynamisches Co-Leadership-Tandem bei der Rewe Group, wo sie gemeinsam die Rolle des Teamleads im Bereich Cross Border Recruiting ausf\u00fcllen. In ihrem Verantwortungsbereich \u201eNew Talent Markets\u201c setzen sie sich f\u00fcr die strategische Erschlie\u00dfung internationaler Talentm\u00e4rkte ein und \u00f6ffnen sogenannte zweite Arbeitsm\u00e4rkte\u2014einschlie\u00dflich Mitarbeitender aus dem Ausland, Gefl\u00fcchteten und Menschen mit Behinderung\u2014f\u00fcr das Unternehmen. Angesichts des zunehmenden Fach- und Arbeitskr\u00e4ftemangels liegt ihr Fokus auf der Identifikation geeigneter Ziell\u00e4nder, dem Aufbau von Partnerschaften und der nachhaltigen Integration neuer Mitarbeitender.<\/p>\n\t\t\t\t\t\t<\/div>\n\t\t\t\t\t<\/div>\n\t\t\t\t<\/div>\n\t\t\t<\/div>\n\t\t\t\t\t\t<div id=\"modal-frank-hensgens\" class=\"modal\">\n\t\t\t\t<div class=\"modal-overlay\"><\/div>\n\t\t\t\t<div class=\"modal-content\">\n\t\t\t\t\t<div class=\"modal-header\">\n\t\t\t\t\t\t<h4>Frank Hensgens<\/h4>\n\t\t\t\t\t\t<a href=\"#\" class=\"js-modal-close\">\n\t\t\t\t\t\t\t<span class=\"screen-reader-text\">Close overlay.<\/span>\n\t\t\t\t\t\t\t<svg xmlns=\"http:\/\/www.w3.org\/2000\/svg\" viewBox=\"0 0 384 512\">\n\t\t\t\t\t\t\t\t<path fill=\"#ffffff\" d=\"M342.6 150.6c12.5-12.5 12.5-32.8 0-45.3s-32.8-12.5-45.3 0L192 210.7 86.6 105.4c-12.5-12.5-32.8-12.5-45.3 0s-12.5 32.8 0 45.3L146.7 256 41.4 361.4c-12.5 12.5-12.5 32.8 0 45.3s32.8 12.5 45.3 0L192 301.3 297.4 406.6c12.5 12.5 32.8 12.5 45.3 0s12.5-32.8 0-45.3L237.3 256 342.6 150.6z\"\/>\n\t\t\t\t\t\t\t<\/svg>\n\t\t\t\t\t\t<\/a>\n\t\t\t\t\t<\/div>\n\t\t\t\t\t<div class=\"modal-content__row\">\n\t\t\t\t\t\t<div class=\"modal-content__image\">\n\t\t\t\t\t\t\t<img decoding=\"async\" width=\"1000\" height=\"1000\" src=\"https:\/\/www.indeedevents.com\/de-de\/wp-content\/uploads\/sites\/26\/2024\/07\/frank-hensgens.png\" class=\"attachment-large size-large\" alt=\"Frank Hensgens headshot\" srcset=\"https:\/\/www.indeedevents.com\/de-de\/wp-content\/uploads\/sites\/26\/2024\/07\/frank-hensgens.png 1000w, https:\/\/www.indeedevents.com\/de-de\/wp-content\/uploads\/sites\/26\/2024\/07\/frank-hensgens-300x300.png 300w, https:\/\/www.indeedevents.com\/de-de\/wp-content\/uploads\/sites\/26\/2024\/07\/frank-hensgens-210x210.png 210w, https:\/\/www.indeedevents.com\/de-de\/wp-content\/uploads\/sites\/26\/2024\/07\/frank-hensgens-768x768.png 768w, https:\/\/www.indeedevents.com\/de-de\/wp-content\/uploads\/sites\/26\/2024\/07\/frank-hensgens-600x600.png 600w\" sizes=\"(max-width: 1000px) 100vw, 1000px\" \/>\t\t\t\t\t\t<\/div>\n\t\t\t\t\t\t<div class=\"modal-content__bio\">\n\t\t\t\t\t\t\t\t\t\t\t\t\t\t\t<p>Gesch\u00e4ftsf\u00fchrer DACH<\/p>\n\t\t\t\t\t\t\t\t\t\t\t\t\t\t\t\t\t\t\t\t\t\t<p>Indeed<\/p>\n\t\t\t\t\t\t\t\t\t\t\t\t\t\t<p>Seit seinem Einstieg als Gesch\u00e4ftsf\u00fchrer der Indeed Deutschland GmbH im Jahr 2013 war Frank Hensgens der erste Indeed-Mitarbeiter in der DACH-Region. Mit \u00fcber 20 Jahren Erfahrung im Recruiting-Bereich besch\u00e4ftigt sich der erfahrene Tech-Manager intensiv mit den gro\u00dfen Herausforderungen des deutschen Arbeitsmarktes, darunter demografischer Wandel sowie digitale und \u00f6kologische Transformationen. Er betont auch die wachsende Rolle der K\u00fcnstlichen Intelligenz, die Talentakquisition und -verwaltung revolutioniert, neue Berufsfelder schafft und die Qualifikationsanforderungen ver\u00e4ndert. Hensgens erkennt darin sowohl Chancen als auch Herausforderungen f\u00fcr die Zukunft des Arbeitsmarktes.<\/p>\n\t\t\t\t\t\t<\/div>\n\t\t\t\t\t<\/div>\n\t\t\t\t<\/div>\n\t\t\t<\/div>\n\t\t\t\t\t\t<div id=\"modal-maggie-hulce\" class=\"modal\">\n\t\t\t\t<div class=\"modal-overlay\"><\/div>\n\t\t\t\t<div class=\"modal-content\">\n\t\t\t\t\t<div class=\"modal-header\">\n\t\t\t\t\t\t<h4>Maggie Hulce<\/h4>\n\t\t\t\t\t\t<a href=\"#\" class=\"js-modal-close\">\n\t\t\t\t\t\t\t<span class=\"screen-reader-text\">Close overlay.<\/span>\n\t\t\t\t\t\t\t<svg xmlns=\"http:\/\/www.w3.org\/2000\/svg\" viewBox=\"0 0 384 512\">\n\t\t\t\t\t\t\t\t<path fill=\"#ffffff\" d=\"M342.6 150.6c12.5-12.5 12.5-32.8 0-45.3s-32.8-12.5-45.3 0L192 210.7 86.6 105.4c-12.5-12.5-32.8-12.5-45.3 0s-12.5 32.8 0 45.3L146.7 256 41.4 361.4c-12.5 12.5-12.5 32.8 0 45.3s32.8 12.5 45.3 0L192 301.3 297.4 406.6c12.5 12.5 32.8 12.5 45.3 0s12.5-32.8 0-45.3L237.3 256 342.6 150.6z\"\/>\n\t\t\t\t\t\t\t<\/svg>\n\t\t\t\t\t\t<\/a>\n\t\t\t\t\t<\/div>\n\t\t\t\t\t<div class=\"modal-content__row\">\n\t\t\t\t\t\t<div class=\"modal-content__image\">\n\t\t\t\t\t\t\t<img decoding=\"async\" width=\"1015\" height=\"1015\" src=\"https:\/\/www.indeedevents.com\/de-de\/wp-content\/uploads\/sites\/26\/2024\/06\/Maggie-Hulce-2.png\" class=\"attachment-large size-large\" alt=\"Indeed Chief Revenue Officer Maggie Hulce bei der FutureWorks M\u00fcnchen\" srcset=\"https:\/\/www.indeedevents.com\/de-de\/wp-content\/uploads\/sites\/26\/2024\/06\/Maggie-Hulce-2.png 1015w, https:\/\/www.indeedevents.com\/de-de\/wp-content\/uploads\/sites\/26\/2024\/06\/Maggie-Hulce-2-300x300.png 300w, https:\/\/www.indeedevents.com\/de-de\/wp-content\/uploads\/sites\/26\/2024\/06\/Maggie-Hulce-2-210x210.png 210w, https:\/\/www.indeedevents.com\/de-de\/wp-content\/uploads\/sites\/26\/2024\/06\/Maggie-Hulce-2-768x768.png 768w, https:\/\/www.indeedevents.com\/de-de\/wp-content\/uploads\/sites\/26\/2024\/06\/Maggie-Hulce-2-600x600.png 600w\" sizes=\"(max-width: 1015px) 100vw, 1015px\" \/>\t\t\t\t\t\t<\/div>\n\t\t\t\t\t\t<div class=\"modal-content__bio\">\n\t\t\t\t\t\t\t\t\t\t\t\t\t\t\t<p>Chief Revenue Officer<\/p>\n\t\t\t\t\t\t\t\t\t\t\t\t\t\t\t\t\t\t\t\t\t\t<p>Indeed<\/p>\n\t\t\t\t\t\t\t\t\t\t\t\t\t\t<p>Maggie ist Chief Revenue Officer bei Indeed. Sie leitet die globale Umsatzorganisation von Indeed, einschlie\u00dflich der Teams f\u00fcr Vertrieb, Kundenerfolg, Go-to-Market-Beschleunigung und Marketing, und treibt die Strategie und Marktausrichtung mit der F&#038;E-Funktion voran.<\/p>\n\t\t\t\t\t\t<\/div>\n\t\t\t\t\t<\/div>\n\t\t\t\t<\/div>\n\t\t\t<\/div>\n\t\t\t\t\t\t<div id=\"modal-sascha-mossner\" class=\"modal\">\n\t\t\t\t<div class=\"modal-overlay\"><\/div>\n\t\t\t\t<div class=\"modal-content\">\n\t\t\t\t\t<div class=\"modal-header\">\n\t\t\t\t\t\t<h4>Sascha Mossner<\/h4>\n\t\t\t\t\t\t<a href=\"#\" class=\"js-modal-close\">\n\t\t\t\t\t\t\t<span class=\"screen-reader-text\">Close overlay.<\/span>\n\t\t\t\t\t\t\t<svg xmlns=\"http:\/\/www.w3.org\/2000\/svg\" viewBox=\"0 0 384 512\">\n\t\t\t\t\t\t\t\t<path fill=\"#ffffff\" d=\"M342.6 150.6c12.5-12.5 12.5-32.8 0-45.3s-32.8-12.5-45.3 0L192 210.7 86.6 105.4c-12.5-12.5-32.8-12.5-45.3 0s-12.5 32.8 0 45.3L146.7 256 41.4 361.4c-12.5 12.5-12.5 32.8 0 45.3s32.8 12.5 45.3 0L192 301.3 297.4 406.6c12.5 12.5 32.8 12.5 45.3 0s12.5-32.8 0-45.3L237.3 256 342.6 150.6z\"\/>\n\t\t\t\t\t\t\t<\/svg>\n\t\t\t\t\t\t<\/a>\n\t\t\t\t\t<\/div>\n\t\t\t\t\t<div class=\"modal-content__row\">\n\t\t\t\t\t\t<div class=\"modal-content__image\">\n\t\t\t\t\t\t\t<img decoding=\"async\" width=\"1000\" height=\"1000\" src=\"https:\/\/www.indeedevents.com\/de-de\/wp-content\/uploads\/sites\/26\/2024\/07\/Sascha_Mossner.png\" class=\"attachment-large size-large\" alt=\"Sascha Mossner headshot\" srcset=\"https:\/\/www.indeedevents.com\/de-de\/wp-content\/uploads\/sites\/26\/2024\/07\/Sascha_Mossner.png 1000w, https:\/\/www.indeedevents.com\/de-de\/wp-content\/uploads\/sites\/26\/2024\/07\/Sascha_Mossner-300x300.png 300w, https:\/\/www.indeedevents.com\/de-de\/wp-content\/uploads\/sites\/26\/2024\/07\/Sascha_Mossner-210x210.png 210w, https:\/\/www.indeedevents.com\/de-de\/wp-content\/uploads\/sites\/26\/2024\/07\/Sascha_Mossner-768x768.png 768w, https:\/\/www.indeedevents.com\/de-de\/wp-content\/uploads\/sites\/26\/2024\/07\/Sascha_Mossner-600x600.png 600w\" sizes=\"(max-width: 1000px) 100vw, 1000px\" \/>\t\t\t\t\t\t<\/div>\n\t\t\t\t\t\t<div class=\"modal-content__bio\">\n\t\t\t\t\t\t\t\t\t\t\t\t\t\t\t<p>Director Talent Acquisition<\/p>\n\t\t\t\t\t\t\t\t\t\t\t\t\t\t\t\t\t\t\t\t\t\t<p>Miele<\/p>\n\t\t\t\t\t\t\t\t\t\t\t\t\t\t<p>Sascha Mossner vereint als Director Talent Acquisition bei Miele strategische Expertise mit kreativer Innovationskraft. Er verantwortet die globale Talentgewinnungsstrategie und leitet das Center of Expertise f\u00fcr Recruiting. Dabei ist er nicht nur ma\u00dfgeblich an der Implementierung einer neuen HR-Suite beteiligt, sondern treibt auch das Employer Branding sowie die kulturelle Transformation innerhalb des Unternehmens voran. Parallel zu seiner T\u00e4tigkeit bei Miele teilt Sascha als \u201eYoda of Talent Acquisition \u00a9\u201c und kreatives Mastermind hinter dem Podcast \u201eDigital Talents @Miele\u201c sein Wissen in den Bereichen Transformation, Recruiting und Agile Leadership.<\/p>\n\t\t\t\t\t\t<\/div>\n\t\t\t\t\t<\/div>\n\t\t\t\t<\/div>\n\t\t\t<\/div>\n\t\t\t\t\t\t<div id=\"modal-lena-weber\" class=\"modal\">\n\t\t\t\t<div class=\"modal-overlay\"><\/div>\n\t\t\t\t<div class=\"modal-content\">\n\t\t\t\t\t<div class=\"modal-header\">\n\t\t\t\t\t\t<h4>Lena Weber<\/h4>\n\t\t\t\t\t\t<a href=\"#\" class=\"js-modal-close\">\n\t\t\t\t\t\t\t<span class=\"screen-reader-text\">Close overlay.<\/span>\n\t\t\t\t\t\t\t<svg xmlns=\"http:\/\/www.w3.org\/2000\/svg\" viewBox=\"0 0 384 512\">\n\t\t\t\t\t\t\t\t<path fill=\"#ffffff\" d=\"M342.6 150.6c12.5-12.5 12.5-32.8 0-45.3s-32.8-12.5-45.3 0L192 210.7 86.6 105.4c-12.5-12.5-32.8-12.5-45.3 0s-12.5 32.8 0 45.3L146.7 256 41.4 361.4c-12.5 12.5-12.5 32.8 0 45.3s32.8 12.5 45.3 0L192 301.3 297.4 406.6c12.5 12.5 32.8 12.5 45.3 0s12.5-32.8 0-45.3L237.3 256 342.6 150.6z\"\/>\n\t\t\t\t\t\t\t<\/svg>\n\t\t\t\t\t\t<\/a>\n\t\t\t\t\t<\/div>\n\t\t\t\t\t<div class=\"modal-content__row\">\n\t\t\t\t\t\t<div class=\"modal-content__image\">\n\t\t\t\t\t\t\t<img decoding=\"async\" width=\"1000\" height=\"1000\" src=\"https:\/\/www.indeedevents.com\/de-de\/wp-content\/uploads\/sites\/26\/2024\/06\/Lena-Weber-2023.png\" class=\"attachment-large size-large\" alt=\"Lena Weber headshot\" srcset=\"https:\/\/www.indeedevents.com\/de-de\/wp-content\/uploads\/sites\/26\/2024\/06\/Lena-Weber-2023.png 1000w, https:\/\/www.indeedevents.com\/de-de\/wp-content\/uploads\/sites\/26\/2024\/06\/Lena-Weber-2023-300x300.png 300w, https:\/\/www.indeedevents.com\/de-de\/wp-content\/uploads\/sites\/26\/2024\/06\/Lena-Weber-2023-210x210.png 210w, https:\/\/www.indeedevents.com\/de-de\/wp-content\/uploads\/sites\/26\/2024\/06\/Lena-Weber-2023-768x768.png 768w, https:\/\/www.indeedevents.com\/de-de\/wp-content\/uploads\/sites\/26\/2024\/06\/Lena-Weber-2023-600x600.png 600w\" sizes=\"(max-width: 1000px) 100vw, 1000px\" \/>\t\t\t\t\t\t<\/div>\n\t\t\t\t\t\t<div class=\"modal-content__bio\">\n\t\t\t\t\t\t\t\t\t\t\t\t\t\t\t<p>Head of Global Talent Attraction &amp; Employee Experience<\/p>\n\t\t\t\t\t\t\t\t\t\t\t\t\t\t\t\t\t\t\t\t\t\t<p>TUI<\/p>\n\t\t\t\t\t\t\t\t\t\t\t\t\t\t<p>Lena Weber ist seit sieben Jahren bei TUI t\u00e4tig und verantwortet dort die Bereiche Talent Attraction &#038; Employee Experience. Die beiden Themen zusammen bringen zu k\u00f6nnen beschreibt sie als \u201eFull Circle Moment\u201c ihrer Karriere. Sie arbeitet leidenschaftlich mit ihren Teams daran, die TUI basierend auf externen Talentmarktdaten und internem Mitarbeiterfeedback zu einem noch besseren Arbeitsort zu machen. Seit 2022 ist sie zudem stv. Fachgruppenleiterin Employer Branding \/ Recruiting \/ Social Media im Bundesverband der Personalmanager. Ihre Liebe f\u00fcr HR-Themen fand sie urspr\u00fcnglich in der Verantwortung f\u00fcr die Nachwuchsprogramme eines Medienkonzerns.<\/p>\n\t\t\t\t\t\t<\/div>\n\t\t\t\t\t<\/div>\n\t\t\t\t<\/div>\n\t\t\t<\/div>\n\t\t\t\t\t\t<div id=\"modal-raul-krauthausen\" class=\"modal\">\n\t\t\t\t<div class=\"modal-overlay\"><\/div>\n\t\t\t\t<div class=\"modal-content\">\n\t\t\t\t\t<div class=\"modal-header\">\n\t\t\t\t\t\t<h4>Ra\u00fal Krauthausen<\/h4>\n\t\t\t\t\t\t<a href=\"#\" class=\"js-modal-close\">\n\t\t\t\t\t\t\t<span class=\"screen-reader-text\">Close overlay.<\/span>\n\t\t\t\t\t\t\t<svg xmlns=\"http:\/\/www.w3.org\/2000\/svg\" viewBox=\"0 0 384 512\">\n\t\t\t\t\t\t\t\t<path fill=\"#ffffff\" d=\"M342.6 150.6c12.5-12.5 12.5-32.8 0-45.3s-32.8-12.5-45.3 0L192 210.7 86.6 105.4c-12.5-12.5-32.8-12.5-45.3 0s-12.5 32.8 0 45.3L146.7 256 41.4 361.4c-12.5 12.5-12.5 32.8 0 45.3s32.8 12.5 45.3 0L192 301.3 297.4 406.6c12.5 12.5 32.8 12.5 45.3 0s12.5-32.8 0-45.3L237.3 256 342.6 150.6z\"\/>\n\t\t\t\t\t\t\t<\/svg>\n\t\t\t\t\t\t<\/a>\n\t\t\t\t\t<\/div>\n\t\t\t\t\t<div class=\"modal-content__row\">\n\t\t\t\t\t\t<div class=\"modal-content__image\">\n\t\t\t\t\t\t\t<img decoding=\"async\" width=\"1000\" height=\"1000\" src=\"https:\/\/www.indeedevents.com\/de-de\/wp-content\/uploads\/sites\/26\/2024\/06\/Raul_Krauthausen.png\" class=\"attachment-large size-large\" alt=\"Ra\u00fal Krauthausen headshot\" srcset=\"https:\/\/www.indeedevents.com\/de-de\/wp-content\/uploads\/sites\/26\/2024\/06\/Raul_Krauthausen.png 1000w, https:\/\/www.indeedevents.com\/de-de\/wp-content\/uploads\/sites\/26\/2024\/06\/Raul_Krauthausen-300x300.png 300w, https:\/\/www.indeedevents.com\/de-de\/wp-content\/uploads\/sites\/26\/2024\/06\/Raul_Krauthausen-210x210.png 210w, https:\/\/www.indeedevents.com\/de-de\/wp-content\/uploads\/sites\/26\/2024\/06\/Raul_Krauthausen-768x768.png 768w, https:\/\/www.indeedevents.com\/de-de\/wp-content\/uploads\/sites\/26\/2024\/06\/Raul_Krauthausen-600x600.png 600w\" sizes=\"(max-width: 1000px) 100vw, 1000px\" \/>\t\t\t\t\t\t<\/div>\n\t\t\t\t\t\t<div class=\"modal-content__bio\">\n\t\t\t\t\t\t\t\t\t\t\t\t\t\t\t<p>Aktivist f\u00fcr gesellschaftliche Teilhabe<\/p>\n\t\t\t\t\t\t\t\t\t\t\t\t\t\t\t\t\t\t\t\t\t<p><span style=\"font-weight: 400\">Ra\u00fal Krauthausen ist Aktivist, Autor und Podcaster. Als Mitgr\u00fcnder der Sozialhelden, einer Initiative f\u00fcr soziales Engagement, ist er bekannt f\u00fcr seinen unerm\u00fcdlichen Einsatz f\u00fcr Inklusion, Barrierefreiheit und eine gerechtere Gesellschaft. Mit Projekten wie der \u201eWheelmap\u201c, einer weltweiten digitalen Karte f\u00fcr rollstuhlgerechte Orte, und zahlreichen weiteren Initiativen hat er ma\u00dfgeblich dazu beigetragen, das Bewusstsein f\u00fcr Barrieren im Alltag zu sch\u00e4rfen. Sein Engagement wurde bereits mit zahlreichen Auszeichnungen gew\u00fcrdigt und macht ihn zu einer pr\u00e4genden Figur des Aktivismus im deutschsprachigen Raum.<\/span><\/p>\n\t\t\t\t\t\t<\/div>\n\t\t\t\t\t<\/div>\n\t\t\t\t<\/div>\n\t\t\t<\/div>\n\t\t\t\t\t\t<div id=\"modal-ute-neher\" class=\"modal\">\n\t\t\t\t<div class=\"modal-overlay\"><\/div>\n\t\t\t\t<div class=\"modal-content\">\n\t\t\t\t\t<div class=\"modal-header\">\n\t\t\t\t\t\t<h4>Ute Neher<\/h4>\n\t\t\t\t\t\t<a href=\"#\" class=\"js-modal-close\">\n\t\t\t\t\t\t\t<span class=\"screen-reader-text\">Close overlay.<\/span>\n\t\t\t\t\t\t\t<svg xmlns=\"http:\/\/www.w3.org\/2000\/svg\" viewBox=\"0 0 384 512\">\n\t\t\t\t\t\t\t\t<path fill=\"#ffffff\" d=\"M342.6 150.6c12.5-12.5 12.5-32.8 0-45.3s-32.8-12.5-45.3 0L192 210.7 86.6 105.4c-12.5-12.5-32.8-12.5-45.3 0s-12.5 32.8 0 45.3L146.7 256 41.4 361.4c-12.5 12.5-12.5 32.8 0 45.3s32.8 12.5 45.3 0L192 301.3 297.4 406.6c12.5 12.5 32.8 12.5 45.3 0s12.5-32.8 0-45.3L237.3 256 342.6 150.6z\"\/>\n\t\t\t\t\t\t\t<\/svg>\n\t\t\t\t\t\t<\/a>\n\t\t\t\t\t<\/div>\n\t\t\t\t\t<div class=\"modal-content__row\">\n\t\t\t\t\t\t<div class=\"modal-content__image\">\n\t\t\t\t\t\t\t<img decoding=\"async\" width=\"1000\" height=\"1000\" src=\"https:\/\/www.indeedevents.com\/de-de\/wp-content\/uploads\/sites\/26\/2024\/07\/Ute_Neher.png\" class=\"attachment-large size-large\" alt=\"Ute Neher Headshot\" srcset=\"https:\/\/www.indeedevents.com\/de-de\/wp-content\/uploads\/sites\/26\/2024\/07\/Ute_Neher.png 1000w, https:\/\/www.indeedevents.com\/de-de\/wp-content\/uploads\/sites\/26\/2024\/07\/Ute_Neher-300x300.png 300w, https:\/\/www.indeedevents.com\/de-de\/wp-content\/uploads\/sites\/26\/2024\/07\/Ute_Neher-210x210.png 210w, https:\/\/www.indeedevents.com\/de-de\/wp-content\/uploads\/sites\/26\/2024\/07\/Ute_Neher-768x768.png 768w, https:\/\/www.indeedevents.com\/de-de\/wp-content\/uploads\/sites\/26\/2024\/07\/Ute_Neher-600x600.png 600w\" sizes=\"(max-width: 1000px) 100vw, 1000px\" \/>\t\t\t\t\t\t<\/div>\n\t\t\t\t\t\t<div class=\"modal-content__bio\">\n\t\t\t\t\t\t\t\t\t\t\t\t\t\t\t<p>Principal Talent Intelligence<\/p>\n\t\t\t\t\t\t\t\t\t\t\t\t\t\t\t\t\t\t\t\t\t\t<p>Indeed<\/p>\n\t\t\t\t\t\t\t\t\t\t\t\t\t\t<p><span style=\"font-weight: 400\">Ute Neher ist Principal Talent Intelligence bei Indeed und eine erfahrene HR-Leiterin mit umfassender Erfahrung in Talentakquise und Employer Branding. Zuvor leitete sie die globale Rekrutierung bei der Deutschen Telekom AG und beeinflusst die Branche als Beiratsmitglied des Queb Bundesverbands. Bei Indeed leitete sie auch das Global Idea Center Program, das Innovation und Zusammenarbeit in der gesamten Rekrutierungsbranche f\u00f6rdert. Ute konzentriert sich auf die Integration von Technologie und Daten in HR-Strategien, um die Zukunft der Arbeit zu gestalten.<\/span><\/p>\n\t\t\t\t\t\t<\/div>\n\t\t\t\t\t<\/div>\n\t\t\t\t<\/div>\n\t\t\t<\/div>\n\t\t\t\t\t\t<div id=\"modal-markus-schropp\" class=\"modal\">\n\t\t\t\t<div class=\"modal-overlay\"><\/div>\n\t\t\t\t<div class=\"modal-content\">\n\t\t\t\t\t<div class=\"modal-header\">\n\t\t\t\t\t\t<h4>Markus Schropp<\/h4>\n\t\t\t\t\t\t<a href=\"#\" class=\"js-modal-close\">\n\t\t\t\t\t\t\t<span class=\"screen-reader-text\">Close overlay.<\/span>\n\t\t\t\t\t\t\t<svg xmlns=\"http:\/\/www.w3.org\/2000\/svg\" viewBox=\"0 0 384 512\">\n\t\t\t\t\t\t\t\t<path fill=\"#ffffff\" d=\"M342.6 150.6c12.5-12.5 12.5-32.8 0-45.3s-32.8-12.5-45.3 0L192 210.7 86.6 105.4c-12.5-12.5-32.8-12.5-45.3 0s-12.5 32.8 0 45.3L146.7 256 41.4 361.4c-12.5 12.5-12.5 32.8 0 45.3s32.8 12.5 45.3 0L192 301.3 297.4 406.6c12.5 12.5 32.8 12.5 45.3 0s12.5-32.8 0-45.3L237.3 256 342.6 150.6z\"\/>\n\t\t\t\t\t\t\t<\/svg>\n\t\t\t\t\t\t<\/a>\n\t\t\t\t\t<\/div>\n\t\t\t\t\t<div class=\"modal-content__row\">\n\t\t\t\t\t\t<div class=\"modal-content__image\">\n\t\t\t\t\t\t\t<img decoding=\"async\" width=\"1000\" height=\"1000\" src=\"https:\/\/www.indeedevents.com\/de-de\/wp-content\/uploads\/sites\/26\/2024\/06\/Markus-Schropp_Final.png\" class=\"attachment-large size-large\" alt=\"Markus Schropp headshot\" srcset=\"https:\/\/www.indeedevents.com\/de-de\/wp-content\/uploads\/sites\/26\/2024\/06\/Markus-Schropp_Final.png 1000w, https:\/\/www.indeedevents.com\/de-de\/wp-content\/uploads\/sites\/26\/2024\/06\/Markus-Schropp_Final-300x300.png 300w, https:\/\/www.indeedevents.com\/de-de\/wp-content\/uploads\/sites\/26\/2024\/06\/Markus-Schropp_Final-210x210.png 210w, https:\/\/www.indeedevents.com\/de-de\/wp-content\/uploads\/sites\/26\/2024\/06\/Markus-Schropp_Final-768x768.png 768w, https:\/\/www.indeedevents.com\/de-de\/wp-content\/uploads\/sites\/26\/2024\/06\/Markus-Schropp_Final-600x600.png 600w\" sizes=\"(max-width: 1000px) 100vw, 1000px\" \/>\t\t\t\t\t\t<\/div>\n\t\t\t\t\t\t<div class=\"modal-content__bio\">\n\t\t\t\t\t\t\t\t\t\t\t\t\t\t\t<p>Leiter Zentralbereich Strategie und Organisationsentwicklung<\/p>\n\t\t\t\t\t\t\t\t\t\t\t\t\t\t\t\t\t\t\t\t\t\t<p>CJD<\/p>\n\t\t\t\t\t\t\t\t\t\t\t\t\t\t<p><span style=\"font-weight: 400\">Markus Schropp leitet den Zentralbereich Strategie und Organisationsentwicklung beim Christlichen Jugenddorfwerk Deutschlands (CJD), einem der gr\u00f6\u00dften Bildungs- und Sozialunternehmen Deutschlands mit rund 11.000 Mitarbeitenden. Als Experte f\u00fcr strategische Unternehmensentwicklung bringt Schropp umfangreiche Erfahrung in HR Labour Relations, sozialer Nachhaltigkeit, Digitalisierung und Organisationsentwicklung mit. In seiner Rolle verantwortet er neben Strategie und Organisationsentwicklung auch die Bereiche Nachhaltigkeit, Innovation sowie die prozessuale und digitale Transformation auf Konzernebene. Der 49-j\u00e4hrige, verheiratete Vater von drei erwachsenen Kindern verfolgt das Ziel, nachhaltige Ver\u00e4nderungen und Innovationen im CJD zu f\u00f6rdern.<\/span><\/p>\n\t\t\t\t\t\t<\/div>\n\t\t\t\t\t<\/div>\n\t\t\t\t<\/div>\n\t\t\t<\/div>\n\t\t\t\t\t\t<div id=\"modal-tim-verhoeven\" class=\"modal\">\n\t\t\t\t<div class=\"modal-overlay\"><\/div>\n\t\t\t\t<div class=\"modal-content\">\n\t\t\t\t\t<div class=\"modal-header\">\n\t\t\t\t\t\t<h4>Tim Verhoeven<\/h4>\n\t\t\t\t\t\t<a href=\"#\" class=\"js-modal-close\">\n\t\t\t\t\t\t\t<span class=\"screen-reader-text\">Close overlay.<\/span>\n\t\t\t\t\t\t\t<svg xmlns=\"http:\/\/www.w3.org\/2000\/svg\" viewBox=\"0 0 384 512\">\n\t\t\t\t\t\t\t\t<path fill=\"#ffffff\" d=\"M342.6 150.6c12.5-12.5 12.5-32.8 0-45.3s-32.8-12.5-45.3 0L192 210.7 86.6 105.4c-12.5-12.5-32.8-12.5-45.3 0s-12.5 32.8 0 45.3L146.7 256 41.4 361.4c-12.5 12.5-12.5 32.8 0 45.3s32.8 12.5 45.3 0L192 301.3 297.4 406.6c12.5 12.5 32.8 12.5 45.3 0s12.5-32.8 0-45.3L237.3 256 342.6 150.6z\"\/>\n\t\t\t\t\t\t\t<\/svg>\n\t\t\t\t\t\t<\/a>\n\t\t\t\t\t<\/div>\n\t\t\t\t\t<div class=\"modal-content__row\">\n\t\t\t\t\t\t<div class=\"modal-content__image\">\n\t\t\t\t\t\t\t<img decoding=\"async\" width=\"589\" height=\"589\" src=\"https:\/\/www.indeedevents.com\/de-de\/wp-content\/uploads\/sites\/26\/2024\/07\/Tim-Verhoeven.png\" class=\"attachment-large size-large\" alt=\"Tim Verhoeven headshot\" srcset=\"https:\/\/www.indeedevents.com\/de-de\/wp-content\/uploads\/sites\/26\/2024\/07\/Tim-Verhoeven.png 589w, https:\/\/www.indeedevents.com\/de-de\/wp-content\/uploads\/sites\/26\/2024\/07\/Tim-Verhoeven-300x300.png 300w, https:\/\/www.indeedevents.com\/de-de\/wp-content\/uploads\/sites\/26\/2024\/07\/Tim-Verhoeven-210x210.png 210w\" sizes=\"(max-width: 589px) 100vw, 589px\" \/>\t\t\t\t\t\t<\/div>\n\t\t\t\t\t\t<div class=\"modal-content__bio\">\n\t\t\t\t\t\t\t\t\t\t\t\t\t\t\t<p>Senior Manager Talent Intelligence<\/p>\n\t\t\t\t\t\t\t\t\t\t\t\t\t\t\t\t\t\t\t\t\t\t<p>Indeed<\/p>\n\t\t\t\t\t\t\t\t\t\t\t\t\t\t<p>Tim Verhoeven leitet das Talent Intelligence Team bei Indeed in der DACH-Region und war zuvor im Recruiting und Personalmarketing einer internationalen Unternehmensberatung t\u00e4tig. Mit langj\u00e4hriger Erfahrung im Recruiting in Konzernen und mittelst\u00e4ndischen Unternehmen ist er ein Vorreiter in Deutschland f\u00fcr Themen wie Candidate Experience und Recruiting Analytics \u2013 als Berater, Blogger, Podcaster, Autor und Redner.<\/p>\n\t\t\t\t\t\t<\/div>\n\t\t\t\t\t<\/div>\n\t\t\t\t<\/div>\n\t\t\t<\/div>\n\t\t\t\t\t\t<div id=\"modal-enissa-amani\" class=\"modal\">\n\t\t\t\t<div class=\"modal-overlay\"><\/div>\n\t\t\t\t<div class=\"modal-content\">\n\t\t\t\t\t<div class=\"modal-header\">\n\t\t\t\t\t\t<h4>Enissa Amani<\/h4>\n\t\t\t\t\t\t<a href=\"#\" class=\"js-modal-close\">\n\t\t\t\t\t\t\t<span class=\"screen-reader-text\">Close overlay.<\/span>\n\t\t\t\t\t\t\t<svg xmlns=\"http:\/\/www.w3.org\/2000\/svg\" viewBox=\"0 0 384 512\">\n\t\t\t\t\t\t\t\t<path fill=\"#ffffff\" d=\"M342.6 150.6c12.5-12.5 12.5-32.8 0-45.3s-32.8-12.5-45.3 0L192 210.7 86.6 105.4c-12.5-12.5-32.8-12.5-45.3 0s-12.5 32.8 0 45.3L146.7 256 41.4 361.4c-12.5 12.5-12.5 32.8 0 45.3s32.8 12.5 45.3 0L192 301.3 297.4 406.6c12.5 12.5 32.8 12.5 45.3 0s12.5-32.8 0-45.3L237.3 256 342.6 150.6z\"\/>\n\t\t\t\t\t\t\t<\/svg>\n\t\t\t\t\t\t<\/a>\n\t\t\t\t\t<\/div>\n\t\t\t\t\t<div class=\"modal-content__row\">\n\t\t\t\t\t\t<div class=\"modal-content__image\">\n\t\t\t\t\t\t\t<img decoding=\"async\" width=\"1000\" height=\"1000\" src=\"https:\/\/www.indeedevents.com\/de-de\/wp-content\/uploads\/sites\/26\/2024\/06\/Enissa-Amani.png\" class=\"attachment-large size-large\" alt=\"Enissa Amani Headshot\" srcset=\"https:\/\/www.indeedevents.com\/de-de\/wp-content\/uploads\/sites\/26\/2024\/06\/Enissa-Amani.png 1000w, https:\/\/www.indeedevents.com\/de-de\/wp-content\/uploads\/sites\/26\/2024\/06\/Enissa-Amani-300x300.png 300w, https:\/\/www.indeedevents.com\/de-de\/wp-content\/uploads\/sites\/26\/2024\/06\/Enissa-Amani-210x210.png 210w, https:\/\/www.indeedevents.com\/de-de\/wp-content\/uploads\/sites\/26\/2024\/06\/Enissa-Amani-768x768.png 768w, https:\/\/www.indeedevents.com\/de-de\/wp-content\/uploads\/sites\/26\/2024\/06\/Enissa-Amani-600x600.png 600w\" sizes=\"(max-width: 1000px) 100vw, 1000px\" \/>\t\t\t\t\t\t<\/div>\n\t\t\t\t\t\t<div class=\"modal-content__bio\">\n\t\t\t\t\t\t\t\t\t\t\t\t\t\t\t<p>K\u00fcnstlerin &amp; Aktivistin f\u00fcr Menschenrechte<\/p>\n\t\t\t\t\t\t\t\t\t\t\t\t\t\t\t\t\t\t\t\t\t<p>Die K\u00fcnstlerin und Menschenrechtsaktivistin Enissa Amani ist f\u00fcr ihre gesellschaftskritischen Inhalte sowie f\u00fcr ihren scharfsinnigen Humor bekannt. Mit ihrer ersten Netflix-Produktion \u201eEhrenwort\u201c, war sie die erste europ\u00e4ische Frau mit einem eigenen Netflix Comedy Special. Sie nutzt ihren Einfluss, um Bewusstsein zu schaffen und auf wichtige Themen wie Diskriminierung, Rassismus und soziale Ungerechtigkeit aufmerksam zu machen. Ihre vielf\u00e4ltigen Talente und ihr mutiger Einsatz f\u00fcr gesellschaftlich relevante Themen machen sie zu einer unverwechselbaren Stimme in der deutschsprachigen Unterhaltungslandschaft.<\/p>\n\t\t\t\t\t\t<\/div>\n\t\t\t\t\t<\/div>\n\t\t\t\t<\/div>\n\t\t\t<\/div>\n\t\t\t\t\t\t<div id=\"modal-christian-freund\" class=\"modal\">\n\t\t\t\t<div class=\"modal-overlay\"><\/div>\n\t\t\t\t<div class=\"modal-content\">\n\t\t\t\t\t<div class=\"modal-header\">\n\t\t\t\t\t\t<h4>Christian Freund<\/h4>\n\t\t\t\t\t\t<a href=\"#\" class=\"js-modal-close\">\n\t\t\t\t\t\t\t<span class=\"screen-reader-text\">Close overlay.<\/span>\n\t\t\t\t\t\t\t<svg xmlns=\"http:\/\/www.w3.org\/2000\/svg\" viewBox=\"0 0 384 512\">\n\t\t\t\t\t\t\t\t<path fill=\"#ffffff\" d=\"M342.6 150.6c12.5-12.5 12.5-32.8 0-45.3s-32.8-12.5-45.3 0L192 210.7 86.6 105.4c-12.5-12.5-32.8-12.5-45.3 0s-12.5 32.8 0 45.3L146.7 256 41.4 361.4c-12.5 12.5-12.5 32.8 0 45.3s32.8 12.5 45.3 0L192 301.3 297.4 406.6c12.5 12.5 32.8 12.5 45.3 0s12.5-32.8 0-45.3L237.3 256 342.6 150.6z\"\/>\n\t\t\t\t\t\t\t<\/svg>\n\t\t\t\t\t\t<\/a>\n\t\t\t\t\t<\/div>\n\t\t\t\t\t<div class=\"modal-content__row\">\n\t\t\t\t\t\t<div class=\"modal-content__image\">\n\t\t\t\t\t\t\t<img decoding=\"async\" width=\"1000\" height=\"1000\" src=\"https:\/\/www.indeedevents.com\/de-de\/wp-content\/uploads\/sites\/26\/2024\/07\/Christian-freund.png\" class=\"attachment-large size-large\" alt=\"Headshot photo of Christian Freund looking at the camera\" srcset=\"https:\/\/www.indeedevents.com\/de-de\/wp-content\/uploads\/sites\/26\/2024\/07\/Christian-freund.png 1000w, https:\/\/www.indeedevents.com\/de-de\/wp-content\/uploads\/sites\/26\/2024\/07\/Christian-freund-300x300.png 300w, https:\/\/www.indeedevents.com\/de-de\/wp-content\/uploads\/sites\/26\/2024\/07\/Christian-freund-210x210.png 210w, https:\/\/www.indeedevents.com\/de-de\/wp-content\/uploads\/sites\/26\/2024\/07\/Christian-freund-768x768.png 768w, https:\/\/www.indeedevents.com\/de-de\/wp-content\/uploads\/sites\/26\/2024\/07\/Christian-freund-600x600.png 600w\" sizes=\"(max-width: 1000px) 100vw, 1000px\" \/>\t\t\t\t\t\t<\/div>\n\t\t\t\t\t\t<div class=\"modal-content__bio\">\n\t\t\t\t\t\t\t\t\t\t\t\t\t\t\t<p>Senior Sales Director DACH<\/p>\n\t\t\t\t\t\t\t\t\t\t\t\t\t\t\t\t\t\t\t\t\t\t<p>Indeed<\/p>\n\t\t\t\t\t\t\t\t\t\t\t\t\t\t<p>Christian Freund ist als Senior Director bei Indeed f\u00fcr den Vertrieb im Bereich Personaldienstleistungen im deutschsprachigen Raum sowie f\u00fcr den gesamten Schweizer Markt verantwortlich. Mit 18 Jahren Erfahrung im Recruiting, insbesondere im Key Account- und Partnermanagement, ist er ein anerkannter Arbeitsmarktexperte. Er besch\u00e4ftigt sich intensiv mit den aktuellen Trends und Chancen des Arbeitsmarktes und leitet Initiativen wie die Indeed Berlin Jobmesse, die sich auf die Integration gefl\u00fcchteter Menschen konzentriert.<\/p>\n\t\t\t\t\t\t<\/div>\n\t\t\t\t\t<\/div>\n\t\t\t\t<\/div>\n\t\t\t<\/div>\n\t\t\t\t\t\t<div id=\"modal-franziska-manck\" class=\"modal\">\n\t\t\t\t<div class=\"modal-overlay\"><\/div>\n\t\t\t\t<div class=\"modal-content\">\n\t\t\t\t\t<div class=\"modal-header\">\n\t\t\t\t\t\t<h4>Franziska Manck<\/h4>\n\t\t\t\t\t\t<a href=\"#\" class=\"js-modal-close\">\n\t\t\t\t\t\t\t<span class=\"screen-reader-text\">Close overlay.<\/span>\n\t\t\t\t\t\t\t<svg xmlns=\"http:\/\/www.w3.org\/2000\/svg\" viewBox=\"0 0 384 512\">\n\t\t\t\t\t\t\t\t<path fill=\"#ffffff\" d=\"M342.6 150.6c12.5-12.5 12.5-32.8 0-45.3s-32.8-12.5-45.3 0L192 210.7 86.6 105.4c-12.5-12.5-32.8-12.5-45.3 0s-12.5 32.8 0 45.3L146.7 256 41.4 361.4c-12.5 12.5-12.5 32.8 0 45.3s32.8 12.5 45.3 0L192 301.3 297.4 406.6c12.5 12.5 32.8 12.5 45.3 0s12.5-32.8 0-45.3L237.3 256 342.6 150.6z\"\/>\n\t\t\t\t\t\t\t<\/svg>\n\t\t\t\t\t\t<\/a>\n\t\t\t\t\t<\/div>\n\t\t\t\t\t<div class=\"modal-content__row\">\n\t\t\t\t\t\t<div class=\"modal-content__image\">\n\t\t\t\t\t\t\t<img decoding=\"async\" width=\"1000\" height=\"1000\" src=\"https:\/\/www.indeedevents.com\/de-de\/wp-content\/uploads\/sites\/26\/2024\/06\/Franziska-Manck-cutout.png\" class=\"attachment-large size-large\" alt=\"Deutsche Bahn Head of Talent Acquisition Franziska Manck bei der FutureWorks M\u00fcnchen\" srcset=\"https:\/\/www.indeedevents.com\/de-de\/wp-content\/uploads\/sites\/26\/2024\/06\/Franziska-Manck-cutout.png 1000w, https:\/\/www.indeedevents.com\/de-de\/wp-content\/uploads\/sites\/26\/2024\/06\/Franziska-Manck-cutout-300x300.png 300w, https:\/\/www.indeedevents.com\/de-de\/wp-content\/uploads\/sites\/26\/2024\/06\/Franziska-Manck-cutout-210x210.png 210w, https:\/\/www.indeedevents.com\/de-de\/wp-content\/uploads\/sites\/26\/2024\/06\/Franziska-Manck-cutout-768x768.png 768w, https:\/\/www.indeedevents.com\/de-de\/wp-content\/uploads\/sites\/26\/2024\/06\/Franziska-Manck-cutout-600x600.png 600w\" sizes=\"(max-width: 1000px) 100vw, 1000px\" \/>\t\t\t\t\t\t<\/div>\n\t\t\t\t\t\t<div class=\"modal-content__bio\">\n\t\t\t\t\t\t\t\t\t\t\t\t\t\t\t<p>Head of Talent Acquisition<\/p>\n\t\t\t\t\t\t\t\t\t\t\t\t\t\t\t\t\t\t\t\t\t\t<p>Deutsche Bahn<\/p>\n\t\t\t\t\t\t\t\t\t\t\t\t\t\t<p>F\u00fcr Franziska ist Vielfalt der Gamechanger im Arbeitskr\u00e4ftemangel. Die von ihr mit entwickelte Diversity Recruiting Strategie bedeutet, dass jede Einstellung zu mehr Fortschritt und Zukunftsf\u00e4higkeit f\u00fchrt. Sie verf\u00fcgt \u00fcber langj\u00e4hrige F\u00fchrungserfahrung in den Bereichen Talent Acquisition, Talent Development und HR Management.<\/p>\n\t\t\t\t\t\t<\/div>\n\t\t\t\t\t<\/div>\n\t\t\t\t<\/div>\n\t\t\t<\/div>\n\t\t\t\t\t\t<div id=\"modal-michael-eger\" class=\"modal\">\n\t\t\t\t<div class=\"modal-overlay\"><\/div>\n\t\t\t\t<div class=\"modal-content\">\n\t\t\t\t\t<div class=\"modal-header\">\n\t\t\t\t\t\t<h4>Michael Eger<\/h4>\n\t\t\t\t\t\t<a href=\"#\" class=\"js-modal-close\">\n\t\t\t\t\t\t\t<span class=\"screen-reader-text\">Close overlay.<\/span>\n\t\t\t\t\t\t\t<svg xmlns=\"http:\/\/www.w3.org\/2000\/svg\" viewBox=\"0 0 384 512\">\n\t\t\t\t\t\t\t\t<path fill=\"#ffffff\" d=\"M342.6 150.6c12.5-12.5 12.5-32.8 0-45.3s-32.8-12.5-45.3 0L192 210.7 86.6 105.4c-12.5-12.5-32.8-12.5-45.3 0s-12.5 32.8 0 45.3L146.7 256 41.4 361.4c-12.5 12.5-12.5 32.8 0 45.3s32.8 12.5 45.3 0L192 301.3 297.4 406.6c12.5 12.5 32.8 12.5 45.3 0s12.5-32.8 0-45.3L237.3 256 342.6 150.6z\"\/>\n\t\t\t\t\t\t\t<\/svg>\n\t\t\t\t\t\t<\/a>\n\t\t\t\t\t<\/div>\n\t\t\t\t\t<div class=\"modal-content__row\">\n\t\t\t\t\t\t<div class=\"modal-content__image\">\n\t\t\t\t\t\t\t<img decoding=\"async\" width=\"800\" height=\"800\" src=\"https:\/\/www.indeedevents.com\/de-de\/wp-content\/uploads\/sites\/26\/2024\/07\/michael-Eger.png\" class=\"attachment-large size-large\" alt=\"Michael Eger Headshot\" srcset=\"https:\/\/www.indeedevents.com\/de-de\/wp-content\/uploads\/sites\/26\/2024\/07\/michael-Eger.png 800w, https:\/\/www.indeedevents.com\/de-de\/wp-content\/uploads\/sites\/26\/2024\/07\/michael-Eger-300x300.png 300w, https:\/\/www.indeedevents.com\/de-de\/wp-content\/uploads\/sites\/26\/2024\/07\/michael-Eger-210x210.png 210w, https:\/\/www.indeedevents.com\/de-de\/wp-content\/uploads\/sites\/26\/2024\/07\/michael-Eger-768x768.png 768w, https:\/\/www.indeedevents.com\/de-de\/wp-content\/uploads\/sites\/26\/2024\/07\/michael-Eger-600x600.png 600w\" sizes=\"(max-width: 800px) 100vw, 800px\" \/>\t\t\t\t\t\t<\/div>\n\t\t\t\t\t\t<div class=\"modal-content__bio\">\n\t\t\t\t\t\t\t\t\t\t\t\t\t\t\t<p>Partner<\/p>\n\t\t\t\t\t\t\t\t\t\t\t\t\t\t\t\t\t\t\t\t\t\t<p>Mercer<\/p>\n\t\t\t\t\t\t\t\t\t\t\t\t\t\t<p><span style=\"font-weight: 400\">Michael Eger ist Partner f\u00fcr HR Transformation Europe bei Mercer und bringt mehr als 15 Jahre Erfahrung in der Beratung und im Management strategischer HR-Projekte mit. Nach seinem Studium der Medienwirtschaft wechselte er von der Kreativ- und Digitalbranche in die Unternehmensberatung. Michael Eger spezialisiert sich auf die Gestaltung und Umsetzung umfassender HR-Transformationsstrategien, mit einem besonderen Fokus auf Talentmanagement, Organisationsentwicklung und die Zukunft der Arbeit.<\/span><\/p>\n\t\t\t\t\t\t<\/div>\n\t\t\t\t\t<\/div>\n\t\t\t\t<\/div>\n\t\t\t<\/div>\n\t\t\t\t\t\t<div id=\"modal-dr-annina-hering\" class=\"modal\">\n\t\t\t\t<div class=\"modal-overlay\"><\/div>\n\t\t\t\t<div class=\"modal-content\">\n\t\t\t\t\t<div class=\"modal-header\">\n\t\t\t\t\t\t<h4>Dr. Annina Hering<\/h4>\n\t\t\t\t\t\t<a href=\"#\" class=\"js-modal-close\">\n\t\t\t\t\t\t\t<span class=\"screen-reader-text\">Close overlay.<\/span>\n\t\t\t\t\t\t\t<svg xmlns=\"http:\/\/www.w3.org\/2000\/svg\" viewBox=\"0 0 384 512\">\n\t\t\t\t\t\t\t\t<path fill=\"#ffffff\" d=\"M342.6 150.6c12.5-12.5 12.5-32.8 0-45.3s-32.8-12.5-45.3 0L192 210.7 86.6 105.4c-12.5-12.5-32.8-12.5-45.3 0s-12.5 32.8 0 45.3L146.7 256 41.4 361.4c-12.5 12.5-12.5 32.8 0 45.3s32.8 12.5 45.3 0L192 301.3 297.4 406.6c12.5 12.5 32.8 12.5 45.3 0s12.5-32.8 0-45.3L237.3 256 342.6 150.6z\"\/>\n\t\t\t\t\t\t\t<\/svg>\n\t\t\t\t\t\t<\/a>\n\t\t\t\t\t<\/div>\n\t\t\t\t\t<div class=\"modal-content__row\">\n\t\t\t\t\t\t<div class=\"modal-content__image\">\n\t\t\t\t\t\t\t<img decoding=\"async\" width=\"1000\" height=\"1000\" src=\"https:\/\/www.indeedevents.com\/de-de\/wp-content\/uploads\/sites\/26\/2024\/07\/Annina-Hering-2024-cut.png\" class=\"attachment-large size-large\" alt=\"Dr. Annina Hering\" srcset=\"https:\/\/www.indeedevents.com\/de-de\/wp-content\/uploads\/sites\/26\/2024\/07\/Annina-Hering-2024-cut.png 1000w, https:\/\/www.indeedevents.com\/de-de\/wp-content\/uploads\/sites\/26\/2024\/07\/Annina-Hering-2024-cut-300x300.png 300w, https:\/\/www.indeedevents.com\/de-de\/wp-content\/uploads\/sites\/26\/2024\/07\/Annina-Hering-2024-cut-210x210.png 210w, https:\/\/www.indeedevents.com\/de-de\/wp-content\/uploads\/sites\/26\/2024\/07\/Annina-Hering-2024-cut-768x768.png 768w, https:\/\/www.indeedevents.com\/de-de\/wp-content\/uploads\/sites\/26\/2024\/07\/Annina-Hering-2024-cut-600x600.png 600w\" sizes=\"(max-width: 1000px) 100vw, 1000px\" \/>\t\t\t\t\t\t<\/div>\n\t\t\t\t\t\t<div class=\"modal-content__bio\">\n\t\t\t\t\t\t\t\t\t\t\t\t\t\t\t<p>Senior Economist<\/p>\n\t\t\t\t\t\t\t\t\t\t\t\t\t\t\t\t\t\t\t\t\t\t<p>Indeed<\/p>\n\t\t\t\t\t\t\t\t\t\t\t\t\t\t<p>Dr. Annina Hering erforscht Trends und Entwicklungen auf dem Arbeitsmarkt mit nationaler und globaler Relevanz, basierend auf Indeed-Daten und amtlichen Statistiken. Sie ist promovierte Sozialwissenschaftlerin und war vor Indeed wissenschaftliche Mitarbeiterin am Max-Planck-Institut f\u00fcr Gesellschaftsforschung.<\/p>\n\t\t\t\t\t\t<\/div>\n\t\t\t\t\t<\/div>\n\t\t\t\t<\/div>\n\t\t\t<\/div>\n\t\t\t\t\t\t<div id=\"modal-daniel-wahlen\" class=\"modal\">\n\t\t\t\t<div class=\"modal-overlay\"><\/div>\n\t\t\t\t<div class=\"modal-content\">\n\t\t\t\t\t<div class=\"modal-header\">\n\t\t\t\t\t\t<h4>Daniel Wahlen<\/h4>\n\t\t\t\t\t\t<a href=\"#\" class=\"js-modal-close\">\n\t\t\t\t\t\t\t<span class=\"screen-reader-text\">Close overlay.<\/span>\n\t\t\t\t\t\t\t<svg xmlns=\"http:\/\/www.w3.org\/2000\/svg\" viewBox=\"0 0 384 512\">\n\t\t\t\t\t\t\t\t<path fill=\"#ffffff\" d=\"M342.6 150.6c12.5-12.5 12.5-32.8 0-45.3s-32.8-12.5-45.3 0L192 210.7 86.6 105.4c-12.5-12.5-32.8-12.5-45.3 0s-12.5 32.8 0 45.3L146.7 256 41.4 361.4c-12.5 12.5-12.5 32.8 0 45.3s32.8 12.5 45.3 0L192 301.3 297.4 406.6c12.5 12.5 32.8 12.5 45.3 0s12.5-32.8 0-45.3L237.3 256 342.6 150.6z\"\/>\n\t\t\t\t\t\t\t<\/svg>\n\t\t\t\t\t\t<\/a>\n\t\t\t\t\t<\/div>\n\t\t\t\t\t<div class=\"modal-content__row\">\n\t\t\t\t\t\t<div class=\"modal-content__image\">\n\t\t\t\t\t\t\t<img decoding=\"async\" width=\"1000\" height=\"1000\" src=\"https:\/\/www.indeedevents.com\/de-de\/wp-content\/uploads\/sites\/26\/2024\/06\/Daniel.png\" class=\"attachment-large size-large\" alt=\"Indeed Senior Director Global Enterprise Marketing Daniel Wahlen bei der FutureWorks M\u00fcnchen\" srcset=\"https:\/\/www.indeedevents.com\/de-de\/wp-content\/uploads\/sites\/26\/2024\/06\/Daniel.png 1000w, https:\/\/www.indeedevents.com\/de-de\/wp-content\/uploads\/sites\/26\/2024\/06\/Daniel-300x300.png 300w, https:\/\/www.indeedevents.com\/de-de\/wp-content\/uploads\/sites\/26\/2024\/06\/Daniel-210x210.png 210w, https:\/\/www.indeedevents.com\/de-de\/wp-content\/uploads\/sites\/26\/2024\/06\/Daniel-768x768.png 768w, https:\/\/www.indeedevents.com\/de-de\/wp-content\/uploads\/sites\/26\/2024\/06\/Daniel-600x600.png 600w\" sizes=\"(max-width: 1000px) 100vw, 1000px\" \/>\t\t\t\t\t\t<\/div>\n\t\t\t\t\t\t<div class=\"modal-content__bio\">\n\t\t\t\t\t\t\t\t\t\t\t\t\t\t\t<p>Senior Director Global Enterprise Marketing<\/p>\n\t\t\t\t\t\t\t\t\t\t\t\t\t\t\t\t\t\t\t\t\t\t<p>Indeed<\/p>\n\t\t\t\t\t\t\t\t\t\t\t\t\t\t<p>Daniel Wahlen ist als Senior Director bei Indeed f\u00fcr das Globale Enterprise Marketing verantwortlich. Im Fokus seiner Teams steht die Vermittlung von Erkenntnissen und Thought-Leadership durch ma\u00dfgeschneiderte Inhalte, Programme und Kampagnen. Dazu z\u00e4hlen u.a. Indeed&#8217;s Idea Center und Talent Strategy Advisor, die WorkWellbeing100 sowie LeadershipConnect. Zuvor war er sechs Jahre bei Google in den USA und Europa t\u00e4tig. Daniel hat einen Master of Science Abschluss in International Business der Universit\u00e4t Maastricht.<\/p>\n\t\t\t\t\t\t<\/div>\n\t\t\t\t\t<\/div>\n\t\t\t\t<\/div>\n\t\t\t<\/div>\n\t\t\t\t\t\t<div id=\"modal-eva-stock\" class=\"modal\">\n\t\t\t\t<div class=\"modal-overlay\"><\/div>\n\t\t\t\t<div class=\"modal-content\">\n\t\t\t\t\t<div class=\"modal-header\">\n\t\t\t\t\t\t<h4>Eva Stock<\/h4>\n\t\t\t\t\t\t<a href=\"#\" class=\"js-modal-close\">\n\t\t\t\t\t\t\t<span class=\"screen-reader-text\">Close overlay.<\/span>\n\t\t\t\t\t\t\t<svg xmlns=\"http:\/\/www.w3.org\/2000\/svg\" viewBox=\"0 0 384 512\">\n\t\t\t\t\t\t\t\t<path fill=\"#ffffff\" d=\"M342.6 150.6c12.5-12.5 12.5-32.8 0-45.3s-32.8-12.5-45.3 0L192 210.7 86.6 105.4c-12.5-12.5-32.8-12.5-45.3 0s-12.5 32.8 0 45.3L146.7 256 41.4 361.4c-12.5 12.5-12.5 32.8 0 45.3s32.8 12.5 45.3 0L192 301.3 297.4 406.6c12.5 12.5 32.8 12.5 45.3 0s12.5-32.8 0-45.3L237.3 256 342.6 150.6z\"\/>\n\t\t\t\t\t\t\t<\/svg>\n\t\t\t\t\t\t<\/a>\n\t\t\t\t\t<\/div>\n\t\t\t\t\t<div class=\"modal-content__row\">\n\t\t\t\t\t\t<div class=\"modal-content__image\">\n\t\t\t\t\t\t\t<img decoding=\"async\" width=\"1000\" height=\"1000\" src=\"https:\/\/www.indeedevents.com\/de-de\/wp-content\/uploads\/sites\/26\/2024\/06\/Eva-Stock-cutout.png\" class=\"attachment-large size-large\" alt=\"Indeed Senior Talent Strategy Advisor Norman Mauer bei der FutureWorks M\u00fcnchen\" srcset=\"https:\/\/www.indeedevents.com\/de-de\/wp-content\/uploads\/sites\/26\/2024\/06\/Eva-Stock-cutout.png 1000w, https:\/\/www.indeedevents.com\/de-de\/wp-content\/uploads\/sites\/26\/2024\/06\/Eva-Stock-cutout-300x300.png 300w, https:\/\/www.indeedevents.com\/de-de\/wp-content\/uploads\/sites\/26\/2024\/06\/Eva-Stock-cutout-210x210.png 210w, https:\/\/www.indeedevents.com\/de-de\/wp-content\/uploads\/sites\/26\/2024\/06\/Eva-Stock-cutout-768x768.png 768w, https:\/\/www.indeedevents.com\/de-de\/wp-content\/uploads\/sites\/26\/2024\/06\/Eva-Stock-cutout-600x600.png 600w\" sizes=\"(max-width: 1000px) 100vw, 1000px\" \/>\t\t\t\t\t\t<\/div>\n\t\t\t\t\t\t<div class=\"modal-content__bio\">\n\t\t\t\t\t\t\t\t\t\t\t\t\t\t\t<p>Chief People &amp; Marketing Officer<\/p>\n\t\t\t\t\t\t\t\t\t\t\t\t\t\t\t\t\t\t\t\t\t\t<p>comspace<\/p>\n\t\t\t\t\t\t\t\t\t\t\t\t\t\t<p>Eva Stock ist Gesch\u00e4ftsleiterin, HR-Expertin, Bloggerin und Autorin. Nach ihrem Studium startete Eva bei der Deutschen Bahn und war dort mehrere Jahre in der zentralen Personalentwicklung t\u00e4tig. In Berlin begleitete sie als People &#038; Culture Lead den internationalen Merger einer Online-Marketing-Agentur und verhalf anschlie\u00dfend als Head of Business Relations dem Recruiting-Tech-Startup Jobufo zum zweifachen Gewinn des HR Innovation Award. Seit 2022 ist Eva Teil der Gesch\u00e4ftsleitung der Bielefelder Tech-Agentur comspace mit rund 100 Mitarbeitenden. In ihrer Freizeit engagiert sich Eva f\u00fcr die Initiative &#8222;Love HR, hate Racism&#8220;, die Personaler*innen f\u00fcr das Thema Rassismus und Rechtspopulismus sensibilisiert.<\/p>\n\t\t\t\t\t\t<\/div>\n\t\t\t\t\t<\/div>\n\t\t\t\t<\/div>\n\t\t\t<\/div>\n\t\t\t\t\t\t<div id=\"modal-norman-mauer\" class=\"modal\">\n\t\t\t\t<div class=\"modal-overlay\"><\/div>\n\t\t\t\t<div class=\"modal-content\">\n\t\t\t\t\t<div class=\"modal-header\">\n\t\t\t\t\t\t<h4>Norman Mauer<\/h4>\n\t\t\t\t\t\t<a href=\"#\" class=\"js-modal-close\">\n\t\t\t\t\t\t\t<span class=\"screen-reader-text\">Close overlay.<\/span>\n\t\t\t\t\t\t\t<svg xmlns=\"http:\/\/www.w3.org\/2000\/svg\" viewBox=\"0 0 384 512\">\n\t\t\t\t\t\t\t\t<path fill=\"#ffffff\" d=\"M342.6 150.6c12.5-12.5 12.5-32.8 0-45.3s-32.8-12.5-45.3 0L192 210.7 86.6 105.4c-12.5-12.5-32.8-12.5-45.3 0s-12.5 32.8 0 45.3L146.7 256 41.4 361.4c-12.5 12.5-12.5 32.8 0 45.3s32.8 12.5 45.3 0L192 301.3 297.4 406.6c12.5 12.5 32.8 12.5 45.3 0s12.5-32.8 0-45.3L237.3 256 342.6 150.6z\"\/>\n\t\t\t\t\t\t\t<\/svg>\n\t\t\t\t\t\t<\/a>\n\t\t\t\t\t<\/div>\n\t\t\t\t\t<div class=\"modal-content__row\">\n\t\t\t\t\t\t<div class=\"modal-content__image\">\n\t\t\t\t\t\t\t<img decoding=\"async\" width=\"1000\" height=\"1000\" src=\"https:\/\/www.indeedevents.com\/de-de\/wp-content\/uploads\/sites\/26\/2024\/07\/norman-mauer-01.png\" class=\"attachment-large size-large\" alt=\"Indeed Senior Talent Strategy Advisor Norman Mauer bei der FutureWorks M\u00fcnchen\" srcset=\"https:\/\/www.indeedevents.com\/de-de\/wp-content\/uploads\/sites\/26\/2024\/07\/norman-mauer-01.png 1000w, https:\/\/www.indeedevents.com\/de-de\/wp-content\/uploads\/sites\/26\/2024\/07\/norman-mauer-01-300x300.png 300w, https:\/\/www.indeedevents.com\/de-de\/wp-content\/uploads\/sites\/26\/2024\/07\/norman-mauer-01-210x210.png 210w, https:\/\/www.indeedevents.com\/de-de\/wp-content\/uploads\/sites\/26\/2024\/07\/norman-mauer-01-768x768.png 768w, https:\/\/www.indeedevents.com\/de-de\/wp-content\/uploads\/sites\/26\/2024\/07\/norman-mauer-01-600x600.png 600w\" sizes=\"(max-width: 1000px) 100vw, 1000px\" \/>\t\t\t\t\t\t<\/div>\n\t\t\t\t\t\t<div class=\"modal-content__bio\">\n\t\t\t\t\t\t\t\t\t\t\t\t\t\t\t<p>Senior Talent Strategy Advisor<\/p>\n\t\t\t\t\t\t\t\t\t\t\t\t\t\t\t\t\t\t\t\t\t\t<p>Indeed<\/p>\n\t\t\t\t\t\t\t\t\t\t\t\t\t\t<p>Norman Mauer ist Senior Talent Strategy Advisor bei Indeed. In seiner Funktion interpretiert er Daten und analysiert den Markt rund um die Themen Personal, Wirtschaft und Technologie. Vor Indeed war Norman Mauer \u00fcber 19 Jahre in Medien, Werbung und im Personalmarketing t\u00e4tig.<\/p>\n\t\t\t\t\t\t<\/div>\n\t\t\t\t\t<\/div>\n\t\t\t\t<\/div>\n\t\t\t<\/div>\n\t\t\t\t\t\t<div id=\"modal-alissa-mensah\" class=\"modal\">\n\t\t\t\t<div class=\"modal-overlay\"><\/div>\n\t\t\t\t<div class=\"modal-content\">\n\t\t\t\t\t<div class=\"modal-header\">\n\t\t\t\t\t\t<h4>Alissa Mensah<\/h4>\n\t\t\t\t\t\t<a href=\"#\" class=\"js-modal-close\">\n\t\t\t\t\t\t\t<span class=\"screen-reader-text\">Close overlay.<\/span>\n\t\t\t\t\t\t\t<svg xmlns=\"http:\/\/www.w3.org\/2000\/svg\" viewBox=\"0 0 384 512\">\n\t\t\t\t\t\t\t\t<path fill=\"#ffffff\" d=\"M342.6 150.6c12.5-12.5 12.5-32.8 0-45.3s-32.8-12.5-45.3 0L192 210.7 86.6 105.4c-12.5-12.5-32.8-12.5-45.3 0s-12.5 32.8 0 45.3L146.7 256 41.4 361.4c-12.5 12.5-12.5 32.8 0 45.3s32.8 12.5 45.3 0L192 301.3 297.4 406.6c12.5 12.5 32.8 12.5 45.3 0s12.5-32.8 0-45.3L237.3 256 342.6 150.6z\"\/>\n\t\t\t\t\t\t\t<\/svg>\n\t\t\t\t\t\t<\/a>\n\t\t\t\t\t<\/div>\n\t\t\t\t\t<div class=\"modal-content__row\">\n\t\t\t\t\t\t<div class=\"modal-content__image\">\n\t\t\t\t\t\t\t<img decoding=\"async\" width=\"1000\" height=\"1000\" src=\"https:\/\/www.indeedevents.com\/de-de\/wp-content\/uploads\/sites\/26\/2024\/06\/Alissa.png\" class=\"attachment-large size-large\" alt=\"Indeed Senior Client Success Specialist Alissa Mensah bei der FutureWorks M\u00fcnchen\" srcset=\"https:\/\/www.indeedevents.com\/de-de\/wp-content\/uploads\/sites\/26\/2024\/06\/Alissa.png 1000w, https:\/\/www.indeedevents.com\/de-de\/wp-content\/uploads\/sites\/26\/2024\/06\/Alissa-300x300.png 300w, https:\/\/www.indeedevents.com\/de-de\/wp-content\/uploads\/sites\/26\/2024\/06\/Alissa-210x210.png 210w, https:\/\/www.indeedevents.com\/de-de\/wp-content\/uploads\/sites\/26\/2024\/06\/Alissa-768x768.png 768w, https:\/\/www.indeedevents.com\/de-de\/wp-content\/uploads\/sites\/26\/2024\/06\/Alissa-600x600.png 600w\" sizes=\"(max-width: 1000px) 100vw, 1000px\" \/>\t\t\t\t\t\t<\/div>\n\t\t\t\t\t\t<div class=\"modal-content__bio\">\n\t\t\t\t\t\t\t\t\t\t\t\t\t\t\t<p>Senior Client Success Specialist<\/p>\n\t\t\t\t\t\t\t\t\t\t\t\t\t\t\t\t\t\t\t\t\t\t<p>Indeed<\/p>\n\t\t\t\t\t\t\t\t\t\t\t\t\t\t<p>Alissa Mensah ist seit mehr als f\u00fcnf Jahren bei Indeed. Als Senior Client Success Specialist ist sie verantwortlich f\u00fcr die Beratung von Key Accounts im Bereich Personaldienstleistung und besch\u00e4ftigt sich dabei vor allem mit technischen Setups und Performance Management ihrer Kunden. Zuvor war sie acht Jahre in verschiedenen Marketing- und Sales-Positionen t\u00e4tig, eine lange Zeit davon in Ghana \/ Afrika. Alissa hat einen Master Abschluss in International Business mit Schwerpunkt Strategic Marketing der Universit\u00e4t Maastricht.<\/p>\n\t\t\t\t\t\t<\/div>\n\t\t\t\t\t<\/div>\n\t\t\t\t<\/div>\n\t\t\t<\/div>\n\t\t\t\t\t\t<div id=\"modal-christian-schmidt\" class=\"modal\">\n\t\t\t\t<div class=\"modal-overlay\"><\/div>\n\t\t\t\t<div class=\"modal-content\">\n\t\t\t\t\t<div class=\"modal-header\">\n\t\t\t\t\t\t<h4>Christian Schmidt<\/h4>\n\t\t\t\t\t\t<a href=\"#\" class=\"js-modal-close\">\n\t\t\t\t\t\t\t<span class=\"screen-reader-text\">Close overlay.<\/span>\n\t\t\t\t\t\t\t<svg xmlns=\"http:\/\/www.w3.org\/2000\/svg\" viewBox=\"0 0 384 512\">\n\t\t\t\t\t\t\t\t<path fill=\"#ffffff\" d=\"M342.6 150.6c12.5-12.5 12.5-32.8 0-45.3s-32.8-12.5-45.3 0L192 210.7 86.6 105.4c-12.5-12.5-32.8-12.5-45.3 0s-12.5 32.8 0 45.3L146.7 256 41.4 361.4c-12.5 12.5-12.5 32.8 0 45.3s32.8 12.5 45.3 0L192 301.3 297.4 406.6c12.5 12.5 32.8 12.5 45.3 0s12.5-32.8 0-45.3L237.3 256 342.6 150.6z\"\/>\n\t\t\t\t\t\t\t<\/svg>\n\t\t\t\t\t\t<\/a>\n\t\t\t\t\t<\/div>\n\t\t\t\t\t<div class=\"modal-content__row\">\n\t\t\t\t\t\t<div class=\"modal-content__image\">\n\t\t\t\t\t\t\t<img decoding=\"async\" width=\"1000\" height=\"1000\" src=\"https:\/\/www.indeedevents.com\/de-de\/wp-content\/uploads\/sites\/26\/2024\/06\/Christian-Schmidt.png\" class=\"attachment-large size-large\" alt=\"Christian Schmidt headshot\" srcset=\"https:\/\/www.indeedevents.com\/de-de\/wp-content\/uploads\/sites\/26\/2024\/06\/Christian-Schmidt.png 1000w, https:\/\/www.indeedevents.com\/de-de\/wp-content\/uploads\/sites\/26\/2024\/06\/Christian-Schmidt-300x300.png 300w, https:\/\/www.indeedevents.com\/de-de\/wp-content\/uploads\/sites\/26\/2024\/06\/Christian-Schmidt-210x210.png 210w, https:\/\/www.indeedevents.com\/de-de\/wp-content\/uploads\/sites\/26\/2024\/06\/Christian-Schmidt-768x768.png 768w, https:\/\/www.indeedevents.com\/de-de\/wp-content\/uploads\/sites\/26\/2024\/06\/Christian-Schmidt-600x600.png 600w\" sizes=\"(max-width: 1000px) 100vw, 1000px\" \/>\t\t\t\t\t\t<\/div>\n\t\t\t\t\t\t<div class=\"modal-content__bio\">\n\t\t\t\t\t\t\t\t\t\t\t\t\t\t\t<p>Direktor<\/p>\n\t\t\t\t\t\t\t\t\t\t\t\t\t\t\t\t\t\t\t\t\t\t<p>Tent Deutschland<\/p>\n\t\t\t\t\t\t\t\t\t\t\t\t\t\t<p><span style=\"font-weight: 400\">Christian Schmidt ist Direktor von Tent Deutschland. Bevor er seine T\u00e4tigkeit bei Tent aufnahm, war er in der internationalen Gesch\u00e4ftsentwicklung als Direktor f\u00fcr ein deutsch-schweizerisches Beratungsunternehmen und als externer Partner und Berater im Bereich Talentmanagement und Organisationsentwicklung t\u00e4tig. Christian verf\u00fcgt au\u00dferdem \u00fcber 20 Jahre Erfahrung im Bereich digitales Sprachtraining (einschlie\u00dflich deutscher Online-Integrations-Trainingsprogramme f\u00fcr Menschen mit Migrationshintergrund) und hat einen MA Abschluss in Interkultureller Kommunikation (Deutschland).<\/span><\/p>\n\t\t\t\t\t\t<\/div>\n\t\t\t\t\t<\/div>\n\t\t\t\t<\/div>\n\t\t\t<\/div>\n\t\t\t<\/div>\n\n\n\n<div style=\"height:100px\" aria-hidden=\"true\" class=\"wp-block-spacer\"><\/div>\n<\/div>\n\n\n\n<div id=\"agenda\" class=\"wp-block-group is-style-futureworks futureworks-schedule is-layout-constrained wp-block-group-is-layout-constrained\">\n<div style=\"height:10px\" aria-hidden=\"true\" class=\"wp-block-spacer\"><\/div>\n\n\n\n<div class=\"wp-block-columns are-vertically-aligned-top is-layout-flex wp-container-core-columns-is-layout-9d6595d7 wp-block-columns-is-layout-flex\">\n<div class=\"wp-block-column is-vertically-aligned-top is-layout-flow wp-block-column-is-layout-flow\" style=\"flex-basis:33%\">\n<h2 class=\"wp-block-heading h3 mt-0\">Programm<\/h2>\n<\/div>\n\n\n\n<div class=\"wp-block-column is-vertically-aligned-top is-layout-flow wp-block-column-is-layout-flow\" style=\"flex-basis:66%\">\n<p class=\"mt-0\"><\/p>\n<\/div>\n<\/div>\n\n\n\n<div class=\"block-futureworks-schedule\" id=\"futureworks-schedule-block_32fc8fb0f9945fcff87b6b1d8c81f5ac\">\n            <p class=\"block-futureworks-schedule__date has-text-color\">Mittwoch, 20. November<\/p>\n        <ul class=\"block-futureworks-schedule__content\">\n        \n\n<li class=\"block-futureworks-schedule-item\" id=\"futureworks-schedule-item-block_e14bc8d9c7b7d047b204733cf5a83991\">\n\t<button class=\"block-futureworks-schedule-item__toggle\" aria-label=\"Open details for: Begr\u00fc\u00dfung &#038; Kick-off\r\nAlissa Mensah, Senior Client Success Specialist Indeed &#038; Daniel Wahlen, Senior Director Global Enterprise Marketing Indeed at 10:30&nbsp;-&nbsp;10:40&nbsp;Uhr.\" >\n\t\t<span class=\"block-futureworks-schedule-item__time\">\n\t\t\t10:30&nbsp;&#8211;&nbsp;10:40&nbsp;Uhr\t\t<\/span>\n\t\t<div class=\"block-futureworks-schedule-item__title\">Begr\u00fc\u00dfung &amp; Kick-off<br \/>\r\nAlissa Mensah, Senior Client Success Specialist Indeed &amp; Daniel Wahlen, Senior Director Global Enterprise Marketing Indeed<\/div>\n\t<\/button>\n\t<div class=\"block-futureworks-schedule-item__content\" aria-hidden=\"true\" aria-expanded=\"false\">\n\t\t<div class=\"inner-content\">\n\n<p>Die Indeed-Hosts Alissa Mensah und Daniel Wahlen er\u00f6ffnen die FutureWorks und geben einen Ausblick auf den Tag.<\/p>\n\n<\/div>\n\t<\/div>\n<\/li>\n\n\n\n<li class=\"block-futureworks-schedule-item\" id=\"futureworks-schedule-item-block_26169e8a3e634083314c91994368dc79\">\n\t<button class=\"block-futureworks-schedule-item__toggle\" aria-label=\"Open details for: Opening Keynote: The World can work better (in englischer Sprache)\r\nMaggie Hulce, Indeed Chief Revenue Officer at 10:40&nbsp;-&nbsp;11:00&nbsp;Uhr.\" >\n\t\t<span class=\"block-futureworks-schedule-item__time\">\n\t\t\t10:40&nbsp;&#8211;&nbsp;11:00&nbsp;Uhr\t\t<\/span>\n\t\t<div class=\"block-futureworks-schedule-item__title\">Opening Keynote: The World can work better (in englischer Sprache)<br \/>\r\nMaggie Hulce, Indeed Chief Revenue Officer<\/div>\n\t<\/button>\n\t<div class=\"block-futureworks-schedule-item__content\" aria-hidden=\"true\" aria-expanded=\"false\">\n\t\t<div class=\"inner-content\">\n\n<p>Ein Blick in die Zukunft von besserer Arbeit \u2013 aufbauend auf der 20-j\u00e4hrigen Erfahrung von Indeed, Menschen auf der ganzen Welt dabei zu helfen, einen Job zu finden.<\/p>\n\n<\/div>\n\t<\/div>\n<\/li>\n\n\n\n<li class=\"block-futureworks-schedule-item\" id=\"futureworks-schedule-item-block_24bc3a336afabb8d81137a63f0b963cf\">\n\t<button class=\"block-futureworks-schedule-item__toggle\" aria-label=\"Open details for: Kamingespr\u00e4ch: \"Wie Altersvielfalt Unternehmen besser macht\"\r\nBettina Dietsche, Chief People and Culture Officer Allianz Group &#038; Frank Hensgens, Gesch\u00e4ftsf\u00fchrer Indeed DACH at 11:00&nbsp;-&nbsp;11:30&nbsp;Uhr.\" >\n\t\t<span class=\"block-futureworks-schedule-item__time\">\n\t\t\t11:00&nbsp;&#8211;&nbsp;11:30&nbsp;Uhr\t\t<\/span>\n\t\t<div class=\"block-futureworks-schedule-item__title\">Kamingespr\u00e4ch: &#8222;Wie Altersvielfalt Unternehmen besser macht&#8220;<br \/>\r\nBettina Dietsche, Chief People and Culture Officer Allianz Group &amp; Frank Hensgens, Gesch\u00e4ftsf\u00fchrer Indeed DACH<\/div>\n\t<\/button>\n\t<div class=\"block-futureworks-schedule-item__content\" aria-hidden=\"true\" aria-expanded=\"false\">\n\t\t<div class=\"inner-content\">\n\n<p>Wie gelingt es Unternehmen, eine dynamische Zusammenarbeit verschiedener Generationen zu f\u00f6rdern und ihre Leistungsf\u00e4higkeit zu steigern? Welches Mindset und welche Ma\u00dfnahmen sind erforderlich, damit jeder Mitarbeitende unabh\u00e4ngig vom Alter sein volles Potenzial entfalten kann? Und sind Sie in Ihrem Unternehmen eigentlich bereit, altersdivers zu rekrutieren?<\/p>\n\n<\/div>\n\t<\/div>\n<\/li>\n\n\n\n<li class=\"block-futureworks-schedule-item\" id=\"futureworks-schedule-item-block_b3fbbc2e0cfd16dc49f363d5c1720257\">\n\t<button class=\"block-futureworks-schedule-item__toggle\" aria-label=\"Open details for: \"Verantwortung als Schl\u00fcssel zum nachhaltigen Unternehmenserfolg\"\r\nEva Stock, Chief People &#038; Marketing Officer comspace, Markus Schropp, Leiter Zentralbereich Strategie und Organisationsentwicklung CJD, Ute Neher, Principal Talent Intelligence Indeed &#038; Tim Verhoeven, Senior Manager Talent Intelligence Indeed at 11:30&nbsp;-&nbsp;12:00&nbsp;Uhr.\" >\n\t\t<span class=\"block-futureworks-schedule-item__time\">\n\t\t\t11:30&nbsp;&#8211;&nbsp;12:00&nbsp;Uhr\t\t<\/span>\n\t\t<div class=\"block-futureworks-schedule-item__title\">&#8222;Verantwortung als Schl\u00fcssel zum nachhaltigen Unternehmenserfolg&#8220;<br \/>\r\nEva Stock, Chief People &amp; Marketing Officer comspace, Markus Schropp, Leiter Zentralbereich Strategie und Organisationsentwicklung CJD, Ute Neher, Principal Talent Intelligence Indeed &amp; Tim Verhoeven, Senior Manager Talent Intelligence Indeed<\/div>\n\t<\/button>\n\t<div class=\"block-futureworks-schedule-item__content\" aria-hidden=\"true\" aria-expanded=\"false\">\n\t\t<div class=\"inner-content\">\n\n<p>In dieser Keynote beleuchtet das Indeed-Duo im Expertengespr\u00e4ch verschiedene Facetten moderner HR-Arbeit. Erfahren Sie, wie verantwortungsvolle Recruiting-Strategien und eine starke Unternehmenskultur den Weg zu nachhaltigem Erfolg ebnen k\u00f6nnen.<\/p>\n\n<\/div>\n\t<\/div>\n<\/li>\n\n\n\n<li class=\"block-futureworks-schedule-item\" id=\"futureworks-schedule-item-block_cdc81929fd675e7ecaa5b4ce0bc85535\">\n\t<button class=\"block-futureworks-schedule-item__toggle\" aria-label=\"Open details for: FutureWork Breakout Sessions Teil 1 \r\nin vier unterschiedlichen Streams at 13:30&nbsp;-&nbsp;14:00&nbsp;Uhr.\" >\n\t\t<span class=\"block-futureworks-schedule-item__time\">\n\t\t\t13:30&nbsp;&#8211;&nbsp;14:00&nbsp;Uhr\t\t<\/span>\n\t\t<div class=\"block-futureworks-schedule-item__title\">FutureWork Breakout Sessions Teil 1 <br \/>\r\nin vier unterschiedlichen Streams<\/div>\n\t<\/button>\n\t<div class=\"block-futureworks-schedule-item__content\" aria-hidden=\"true\" aria-expanded=\"false\">\n\t\t<div class=\"inner-content\">\n\n<p>Jetzt haben Sie die Wahl. Im ersten Teil unserer Breakout Sessions erhalten Sie spannende Einblicke in \u201eDie neue Rolle von HR\u201c, \u201eStrategien im International Hiring\u201c, \u201eWork Wellbeing\u201c und \u201eWork that Works for Women\u201c. Jede der vier Sessions wird von einem unserer Indeed-Hosts moderiert. Weitere Expert*innen bringen ihre wertvollen Erfahrungen und Perspektiven aus der Praxis ein.&nbsp;<br><\/p>\n\n<\/div>\n\t<\/div>\n<\/li>\n\n\n\n<li class=\"block-futureworks-schedule-item\" id=\"futureworks-schedule-item-block_53df67da3ea03754287c0cee1d4b0378\">\n\t<button class=\"block-futureworks-schedule-item__toggle\" aria-label=\"Open details for: Breakout Sessions Teil 1: Die neue Rolle von HR \/\/ Main stage\r\nSascha Mossner, Director Talent Acquisition Miele &#038; Tim Verhoeven, Senior Manager Talent Intelligence Indeed at 13:30&nbsp;-&nbsp;14:00&nbsp;Uhr.\" >\n\t\t<span class=\"block-futureworks-schedule-item__time\">\n\t\t\t13:30&nbsp;&#8211;&nbsp;14:00&nbsp;Uhr\t\t<\/span>\n\t\t<div class=\"block-futureworks-schedule-item__title\">Breakout Sessions Teil 1: Die neue Rolle von HR \/\/ Main stage<br \/>\r\nSascha Mossner, Director Talent Acquisition Miele &amp; Tim Verhoeven, Senior Manager Talent Intelligence Indeed<\/div>\n\t<\/button>\n\t<div class=\"block-futureworks-schedule-item__content\" aria-hidden=\"true\" aria-expanded=\"false\">\n\t\t<div class=\"inner-content\">\n\n<p>Auf einem dynamischen Arbeitsmarkt steigt die Bedeutung, kreative Wege zu finden, um die richtigen Kandidat*innen effektiv zu erreichen.<\/p>\n\n<\/div>\n\t<\/div>\n<\/li>\n\n\n\n<li class=\"block-futureworks-schedule-item\" id=\"futureworks-schedule-item-block_ea7ad262801827b5a7c75a5b78ccd3f7\">\n\t<button class=\"block-futureworks-schedule-item__toggle\" aria-label=\"Open details for: Breakout Sessions Teil 1: Geht uns die Arbeit aus? \/\/ Kino\r\nDr. Annina Hering, Senior Economist Indeed at 13:30&nbsp;-&nbsp;14:00&nbsp;Uhr.\" >\n\t\t<span class=\"block-futureworks-schedule-item__time\">\n\t\t\t13:30&nbsp;&#8211;&nbsp;14:00&nbsp;Uhr\t\t<\/span>\n\t\t<div class=\"block-futureworks-schedule-item__title\">Breakout Sessions Teil 1: Geht uns die Arbeit aus? \/\/ Kino<br \/>\r\nDr. Annina Hering, Senior Economist Indeed<\/div>\n\t<\/button>\n\t<div class=\"block-futureworks-schedule-item__content\" aria-hidden=\"true\" aria-expanded=\"false\">\n\t\t<div class=\"inner-content\">\n\n<p>KI und wirtschaftliche Trends im \u00dcberblick.<\/p>\n\n<\/div>\n\t<\/div>\n<\/li>\n\n\n\n<li class=\"block-futureworks-schedule-item\" id=\"futureworks-schedule-item-block_16c769523d7d60631b6303cb9d7c6588\">\n\t<button class=\"block-futureworks-schedule-item__toggle\" aria-label=\"Open details for: Breakout Sessions Teil 1: Work that works for Women \/\/ Cube\r\nFranziska Manck, Head of Talent Acquisition Deutsche Bahn &#038; Ute Neher, Principal Talent Intelligence Indeed at 13:30&nbsp;-&nbsp;14:00&nbsp;Uhr.\" >\n\t\t<span class=\"block-futureworks-schedule-item__time\">\n\t\t\t13:30&nbsp;&#8211;&nbsp;14:00&nbsp;Uhr\t\t<\/span>\n\t\t<div class=\"block-futureworks-schedule-item__title\">Breakout Sessions Teil 1: Work that works for Women \/\/ Cube<br \/>\r\nFranziska Manck, Head of Talent Acquisition Deutsche Bahn &amp; Ute Neher, Principal Talent Intelligence Indeed<\/div>\n\t<\/button>\n\t<div class=\"block-futureworks-schedule-item__content\" aria-hidden=\"true\" aria-expanded=\"false\">\n\t\t<div class=\"inner-content\">\n\n<p>Warum Geschlechterparit\u00e4t und Fortschritt f\u00fcr Frauen auch Fortschritt f\u00fcr alle bedeutet.<\/p>\n\n<\/div>\n\t<\/div>\n<\/li>\n\n\n\n<li class=\"block-futureworks-schedule-item\" id=\"futureworks-schedule-item-block_246169738c4e94ed5035565c7e591c3e\">\n\t<button class=\"block-futureworks-schedule-item__toggle\" aria-label=\"Open details for: Breakout Sessions Teil 1: 1086 Tage seit 3.5 \/\/ Universit\u00e4t\r\nNorman Mauer, Senior Talent Strategy Advisor Indeed at 13:30&nbsp;-&nbsp;14:00&nbsp;Uhr.\" >\n\t\t<span class=\"block-futureworks-schedule-item__time\">\n\t\t\t13:30&nbsp;&#8211;&nbsp;14:00&nbsp;Uhr\t\t<\/span>\n\t\t<div class=\"block-futureworks-schedule-item__title\">Breakout Sessions Teil 1: 1086 Tage seit 3.5 \/\/ Universit\u00e4t<br \/>\r\nNorman Mauer, Senior Talent Strategy Advisor Indeed<\/div>\n\t<\/button>\n\t<div class=\"block-futureworks-schedule-item__content\" aria-hidden=\"true\" aria-expanded=\"false\">\n\t\t<div class=\"inner-content\">\n\n<p>Wie sich die (Tech-) Welt seit ChatGPT3.5 ver\u00e4ndert hat.<\/p>\n\n<\/div>\n\t<\/div>\n<\/li>\n\n\n\n<li class=\"block-futureworks-schedule-item\" id=\"futureworks-schedule-item-block_f8225aaf1fad0c2f582aefe72d5f23d0\">\n\t<button class=\"block-futureworks-schedule-item__toggle\" aria-label=\"Open details for: Future Work Breakout Sessions Teil 2\r\nin vier unterschiedlichen Streams at 14:15&nbsp;-&nbsp;14:55&nbsp;Uhr.\" >\n\t\t<span class=\"block-futureworks-schedule-item__time\">\n\t\t\t14:15&nbsp;&#8211;&nbsp;14:55&nbsp;Uhr\t\t<\/span>\n\t\t<div class=\"block-futureworks-schedule-item__title\">Future Work Breakout Sessions Teil 2<br \/>\r\nin vier unterschiedlichen Streams<\/div>\n\t<\/button>\n\t<div class=\"block-futureworks-schedule-item__content\" aria-hidden=\"true\" aria-expanded=\"false\">\n\t\t<div class=\"inner-content\">\n\n<p>Im zweiten Teil der Breakout Sessions laden Sie unsere Indeed-Hosts gemeinsam mit Branchenexpert*innen zu weiteren Themen ein, die in vier unterschiedlichen R\u00e4umen vorgestellt werden.<\/p>\n\n<\/div>\n\t<\/div>\n<\/li>\n\n\n\n<li class=\"block-futureworks-schedule-item\" id=\"futureworks-schedule-item-block_3afc7e4e8f2b0de89815fb25786a9e2d\">\n\t<button class=\"block-futureworks-schedule-item__toggle\" aria-label=\"Open details for: Breakout Sessions Teil 2: Employer Brand Health Check \/\/ Main stage\r\nLena Weber, Head of Global Talent Attraction &#038; Employee Experience TUI &#038; Tim Verhoeven, Senior Manager Talent Intelligence Indeed at 14:15&nbsp;-&nbsp;14:55&nbsp;Uhr.\" >\n\t\t<span class=\"block-futureworks-schedule-item__time\">\n\t\t\t14:15&nbsp;&#8211;&nbsp;14:55&nbsp;Uhr\t\t<\/span>\n\t\t<div class=\"block-futureworks-schedule-item__title\">Breakout Sessions Teil 2: Employer Brand Health Check \/\/ Main stage<br \/>\r\nLena Weber, Head of Global Talent Attraction &amp; Employee Experience TUI &amp; Tim Verhoeven, Senior Manager Talent Intelligence Indeed<\/div>\n\t<\/button>\n\t<div class=\"block-futureworks-schedule-item__content\" aria-hidden=\"true\" aria-expanded=\"false\">\n\t\t<div class=\"inner-content\">\n\n<p>Warum sie die Wirksamkeit von Employer Branding Ma\u00dfnahmen im Blick behalten sollten.<\/p>\n\n<\/div>\n\t<\/div>\n<\/li>\n\n\n\n<li class=\"block-futureworks-schedule-item\" id=\"futureworks-schedule-item-block_ee49fade37f48e6acc87589acd38d2bf\">\n\t<button class=\"block-futureworks-schedule-item__toggle\" aria-label=\"Open details for: Breakout Sessions Teil 2: Strategien im International Hiring \/\/ Kino\r\nCora Bacanji &#038; Kathrin B\u00fccheler, Teamlead Talent Acquisition Cross Border Recruiting Rewe &#038; Christian Freund, Senior Sales Director Indeed at 14:15&nbsp;-&nbsp;14:55&nbsp;Uhr.\" >\n\t\t<span class=\"block-futureworks-schedule-item__time\">\n\t\t\t14:15&nbsp;&#8211;&nbsp;14:55&nbsp;Uhr\t\t<\/span>\n\t\t<div class=\"block-futureworks-schedule-item__title\">Breakout Sessions Teil 2: Strategien im International Hiring \/\/ Kino<br \/>\r\nCora Bacanji &amp; Kathrin B\u00fccheler, Teamlead Talent Acquisition Cross Border Recruiting Rewe &amp; Christian Freund, Senior Sales Director Indeed<\/div>\n\t<\/button>\n\t<div class=\"block-futureworks-schedule-item__content\" aria-hidden=\"true\" aria-expanded=\"false\">\n\t\t<div class=\"inner-content\">\n\n<p>Wie Unternehmen mit International Hiring dem Fachkr\u00e4ftemangel effektiv begegnen k\u00f6nnen.<\/p>\n\n<\/div>\n\t<\/div>\n<\/li>\n\n\n\n<li class=\"block-futureworks-schedule-item\" id=\"futureworks-schedule-item-block_fd43bce1c0c43536b811dad0a84fee76\">\n\t<button class=\"block-futureworks-schedule-item__toggle\" aria-label=\"Open details for: Breakout Sessions Teil 2: Skillmanagement \/\/ Cube\r\nUte Neher, Principal Talent Intelligence Indeed at 14:15&nbsp;-&nbsp;14:55&nbsp;Uhr.\" >\n\t\t<span class=\"block-futureworks-schedule-item__time\">\n\t\t\t14:15&nbsp;&#8211;&nbsp;14:55&nbsp;Uhr\t\t<\/span>\n\t\t<div class=\"block-futureworks-schedule-item__title\">Breakout Sessions Teil 2: Skillmanagement \/\/ Cube<br \/>\r\nUte Neher, Principal Talent Intelligence Indeed<\/div>\n\t<\/button>\n\t<div class=\"block-futureworks-schedule-item__content\" aria-hidden=\"true\" aria-expanded=\"false\">\n\t\t<div class=\"inner-content\">\n\n<p>Warum Skills zum Herzst\u00fcck der HR-Strategie werden sollten.<\/p>\n\n<\/div>\n\t<\/div>\n<\/li>\n\n\n\n<li class=\"block-futureworks-schedule-item\" id=\"futureworks-schedule-item-block_e7682897ed6a292fc360cf0338d86e46\">\n\t<button class=\"block-futureworks-schedule-item__toggle\" aria-label=\"Open details for: Breakout Sessions Teil 2: Work Wellbeing \/\/ Universit\u00e4t (in englischer Sprache)\r\nProf. Jan-Emmanuel De Neve, Leiter Wellbeing Research Centre Universit\u00e4t Oxford &#038; Norman Mauer, Senior Talent Strategy Advisor Indeed im Expertengespr\u00e4ch at 14:15&nbsp;-&nbsp;14:55&nbsp;Uhr.\" >\n\t\t<span class=\"block-futureworks-schedule-item__time\">\n\t\t\t14:15&nbsp;&#8211;&nbsp;14:55&nbsp;Uhr\t\t<\/span>\n\t\t<div class=\"block-futureworks-schedule-item__title\">Breakout Sessions Teil 2: Work Wellbeing \/\/ Universit\u00e4t (in englischer Sprache)<br \/>\r\nProf. Jan-Emmanuel De Neve, Leiter Wellbeing Research Centre Universit\u00e4t Oxford &amp; Norman Mauer, Senior Talent Strategy Advisor Indeed im Expertengespr\u00e4ch<\/div>\n\t<\/button>\n\t<div class=\"block-futureworks-schedule-item__content\" aria-hidden=\"true\" aria-expanded=\"false\">\n\t\t<div class=\"inner-content\">\n\n<p>Work Wellbeing als Erfolgsfaktor f\u00fcr die Talentbindung in Unternehmen.<\/p>\n\n<\/div>\n\t<\/div>\n<\/li>\n\n\n\n<li class=\"block-futureworks-schedule-item\" id=\"futureworks-schedule-item-block_bcbce27079f4d36fe5195be53b6161f5\">\n\t<button class=\"block-futureworks-schedule-item__toggle\" aria-label=\"Open details for: Arbeitsnormen neu denken: Chancen f\u00fcr eine inklusive Zukunft\r\nRa\u00fal Krauthausen, Aktivist f\u00fcr gesellschaftliche Teilhabe at 15:10&nbsp;-&nbsp;15:35&nbsp;Uhr.\" >\n\t\t<span class=\"block-futureworks-schedule-item__time\">\n\t\t\t15:10&nbsp;&#8211;&nbsp;15:35&nbsp;Uhr\t\t<\/span>\n\t\t<div class=\"block-futureworks-schedule-item__title\">Arbeitsnormen neu denken: Chancen f\u00fcr eine inklusive Zukunft<br \/>\r\nRa\u00fal Krauthausen, Aktivist f\u00fcr gesellschaftliche Teilhabe<\/div>\n\t<\/button>\n\t<div class=\"block-futureworks-schedule-item__content\" aria-hidden=\"true\" aria-expanded=\"false\">\n\t\t<div class=\"inner-content\">\n\n<p>Wie k\u00f6nnen neue Arbeitsnormen so gestaltet werden, dass sie allen Menschen zugutekommen? Ra\u00fal Krauthausen hinterfragt bestehende Strukturen und zeigt anhand pers\u00f6nlicher Erfahrungen, wie Arbeitswelten gestaltet sein m\u00fcssen, um echte Chancengleichheit zu schaffen. Seine Keynote macht deutlich, warum das Thema Behinderung in den Mainstream geh\u00f6rt und welche Potenziale f\u00fcr Unternehmen und Gesellschaft entstehen, wenn alle Menschen uneingeschr\u00e4nkten Zugang zum Arbeitsmarkt haben.<\/p>\n\n<\/div>\n\t<\/div>\n<\/li>\n\n\n\n<li class=\"block-futureworks-schedule-item\" id=\"futureworks-schedule-item-block_2256d797b3fd589b16a47a2dc6b022b3\">\n\t<button class=\"block-futureworks-schedule-item__toggle\" aria-label=\"Open details for: Integration und Inklusion, der untersch\u00e4tzte Innovationstreiber\r\nChristian Schmidt, Direktor Tent Deutschland &#038; Frank Hensgens, Gesch\u00e4ftsf\u00fchrer Indeed DACH at 15:35&nbsp;-&nbsp;16:00&nbsp;Uhr.\" >\n\t\t<span class=\"block-futureworks-schedule-item__time\">\n\t\t\t15:35&nbsp;&#8211;&nbsp;16:00&nbsp;Uhr\t\t<\/span>\n\t\t<div class=\"block-futureworks-schedule-item__title\">Integration und Inklusion, der untersch\u00e4tzte Innovationstreiber<br \/>\r\nChristian Schmidt, Direktor Tent Deutschland &amp; Frank Hensgens, Gesch\u00e4ftsf\u00fchrer Indeed DACH<\/div>\n\t<\/button>\n\t<div class=\"block-futureworks-schedule-item__content\" aria-hidden=\"true\" aria-expanded=\"false\">\n\t\t<div class=\"inner-content\">\n\n<p>Die Keynote behandelt die Frage, wie Integration und Inklusion sowohl am Arbeitsplatz als auch in der Gesellschaft zur treibenden Kraft f\u00fcr Innovation und unternehmerischen Erfolg werden k\u00f6nnen.<\/p>\n\n<\/div>\n\t<\/div>\n<\/li>\n\n\n\n<li class=\"block-futureworks-schedule-item\" id=\"futureworks-schedule-item-block_35e942e740cc963a366287ad3567a1db\">\n\t<button class=\"block-futureworks-schedule-item__toggle\" aria-label=\"Open details for: Ein Appell f\u00fcr Menschlichkeit und Solidarit\u00e4t\r\nEnissa Amani, K\u00fcnstlerin &#038; Aktivistin f\u00fcr Menschenrechte at 16:00&nbsp;-&nbsp;16:25&nbsp;Uhr.\" >\n\t\t<span class=\"block-futureworks-schedule-item__time\">\n\t\t\t16:00&nbsp;&#8211;&nbsp;16:25&nbsp;Uhr\t\t<\/span>\n\t\t<div class=\"block-futureworks-schedule-item__title\">Ein Appell f\u00fcr Menschlichkeit und Solidarit\u00e4t<br \/>\r\nEnissa Amani, K\u00fcnstlerin &amp; Aktivistin f\u00fcr Menschenrechte<\/div>\n\t<\/button>\n\t<div class=\"block-futureworks-schedule-item__content\" aria-hidden=\"true\" aria-expanded=\"false\">\n\t\t<div class=\"inner-content\">\n\n<p>Enissa Amani betont kraftvoll die essenzielle Rolle von Menschlichkeit und Zusammenhalt in unserer Gesellschaft. Sie verdeutlicht eindringlich, wie wichtig es ist, dass alle Menschen \u2013 unabh\u00e4ngig von Herkunft oder Hintergrund \u2013 gleiche Rechte und Chancen erhalten. Mit pers\u00f6nlichen Geschichten und einem leidenschaftlichen Aufruf zur Solidarit\u00e4t inspiriert sie dazu, gemeinsam f\u00fcr eine gerechte, inklusive Zukunft einzustehen, in der jede Stimme z\u00e4hlt.<\/p>\n\n<\/div>\n\t<\/div>\n<\/li>\n\n\n\n<li class=\"block-futureworks-schedule-item\" id=\"futureworks-schedule-item-block_b0d041500f5a0ecb14ab567a3d245c24\">\n\t<button class=\"block-futureworks-schedule-item__toggle\" aria-label=\"Open details for: Res\u00fcmee der FutureWorks 2024\r\nAlissa Mensah, Senior Client Success Specialist Indeed &#038; Daniel Wahlen, Senior Director Global Enterprise Marketing Indeed at 16:25&nbsp;-&nbsp;16:35&nbsp;Uhr.\" >\n\t\t<span class=\"block-futureworks-schedule-item__time\">\n\t\t\t16:25&nbsp;&#8211;&nbsp;16:35&nbsp;Uhr\t\t<\/span>\n\t\t<div class=\"block-futureworks-schedule-item__title\">Res\u00fcmee der FutureWorks 2024<br \/>\r\nAlissa Mensah, Senior Client Success Specialist Indeed &amp; Daniel Wahlen, Senior Director Global Enterprise Marketing Indeed<\/div>\n\t<\/button>\n\t<div class=\"block-futureworks-schedule-item__content\" aria-hidden=\"true\" aria-expanded=\"false\">\n\t\t<div class=\"inner-content\">\n\n<p>Zum Abschluss der diesj\u00e4hrigen FutureWorks fassen die Indeed-Hosts Alissa Mensah und Daniel Wahlen die wichtigsten Learnings des Tages zusammen und er\u00f6ffnen anschlie\u00dfend den Networking-Ap\u00e9ro.<\/p>\n\n<\/div>\n\t<\/div>\n<\/li>\n\n\n\n<li class=\"block-futureworks-schedule-item\" id=\"futureworks-schedule-item-block_3e36a373229ecf00bf4216e2becc7e0b\">\n\t<button class=\"block-futureworks-schedule-item__toggle\" aria-label=\"Open details for: FutureWorks Networking-Ap\u00e9ro at 16:35&nbsp;-&nbsp;18:00&nbsp;Uhr.\" >\n\t\t<span class=\"block-futureworks-schedule-item__time\">\n\t\t\t16:35&nbsp;&#8211;&nbsp;18:00&nbsp;Uhr\t\t<\/span>\n\t\t<div class=\"block-futureworks-schedule-item__title\">FutureWorks Networking-Ap\u00e9ro<\/div>\n\t<\/button>\n\t<div class=\"block-futureworks-schedule-item__content\" aria-hidden=\"true\" aria-expanded=\"false\">\n\t\t<div class=\"inner-content\">\n\n<p>Ein inspirierender Tag neigt sich dem Ende entgegen. Genie\u00dfen Sie die entspannte Atmosph\u00e4re und lassen die Impulse der FutureWorks bei einem erfrischenden Getr\u00e4nk mit Ihren neuen Kontakten noch einmal Revue passieren.<\/p>\n\n<\/div>\n\t<\/div>\n<\/li>\n\n\n\n<li class=\"block-futureworks-schedule-item\" id=\"futureworks-schedule-item-block_d14648aa27c23a2e26a3b2f71313403a\">\n\t<button class=\"block-futureworks-schedule-item__toggle\" aria-label=\"Open details for: Ende at 18:00&nbsp;Uhr.\" >\n\t\t<span class=\"block-futureworks-schedule-item__time\">\n\t\t\t18:00&nbsp;Uhr\t\t<\/span>\n\t\t<div class=\"block-futureworks-schedule-item__title\">Ende<\/div>\n\t<\/button>\n\t<div class=\"block-futureworks-schedule-item__content\" aria-hidden=\"true\" aria-expanded=\"false\">\n\t\t<div class=\"inner-content\"><\/div>\n\t<\/div>\n<\/li>\n\n\n    <\/ul>\n<\/div>\n\n\n\n<div style=\"height:100px\" aria-hidden=\"true\" class=\"wp-block-spacer\"><\/div>\n<\/div>\n\n\n\n<div class=\"wp-block-group alignfull is-style-futureworks futureworks-video is-layout-constrained wp-block-group-is-layout-constrained\" id=\"video\">\n<div style=\"height:20px\" aria-hidden=\"true\" class=\"wp-block-spacer\"><\/div>\n\n\n\n<div class=\"wp-block-columns are-vertically-aligned-top is-layout-flex wp-container-core-columns-is-layout-9d6595d7 wp-block-columns-is-layout-flex\">\n<div class=\"wp-block-column is-vertically-aligned-top is-layout-flow wp-block-column-is-layout-flow\" style=\"flex-basis:33%\">\n<h2 class=\"wp-block-heading h3 mt-0\">Indeed FutureWorks <mark style=\"background-color:rgba(0, 0, 0, 0)\" class=\"has-inline-color has-futureworks-pink-color\">M\u00fcnchen 2024<\/mark><\/h2>\n<\/div>\n\n\n\n<div class=\"wp-block-column is-vertically-aligned-top is-layout-flow wp-block-column-is-layout-flow\" style=\"flex-basis:66%\">\n<p class=\"mt-0\"><\/p>\n<\/div>\n<\/div>\n\n\n\t<section class=\"event-presentations event-presentations--light\">\n\t\t<div class=\"event-presentations__stacked \">\n\t\t\t\t\t\t\t<div>\n\t\t\t\t\t\t\t\t\t\t\t\t\t\t\t\t\t<div class=\"wistia-container wistia-lazyload\" style=\"\">\n\t\t\t\t\t\t\t<div data-video-id=\"ohjxl12uka\"><\/div>\n\t\t\t\t\t\t<\/div>\n\t\t\t\t\t\t\t\t\t\t<div class=\"presentation-meta\">\n\t\t\t\t\t\t\t\t\t\t\t\t\t\t\t\t\t\t\t\t\t\t\t<\/div>\n\t\t\t\t<\/div>\n\t\t\t\t\t<\/div>\n\t<\/section>\n\n\n\n<div style=\"height:50px\" aria-hidden=\"true\" class=\"wp-block-spacer\"><\/div>\n<\/div>\n\n\n\n<div id=\"location\" class=\"wp-block-group futureworks-location is-layout-constrained wp-block-group-is-layout-constrained\">\n<h2 class=\"wp-block-heading has-text-align-center h3\"><strong>Veranstaltungsort<\/strong><\/h2>\n\n\n\n<p class=\"has-text-align-center\">Hans-Jensen-Weg 3, 80939 M\u00fcnchen<\/p>\n\n\n\n<div style=\"height:50px\" aria-hidden=\"true\" class=\"wp-block-spacer\"><\/div>\n\n\n\t<div class=\"block-futureworks-map\" id=\"futureworks-map-block_7e06d3e4835870fcf6ccf6522254da00\">\n\t\t<div class=\"block-futureworks-map__overlay js-map-overlay\"><\/div>\n\t\t<div id=\"indeed-event-map\"><\/div>\n\t\t<script>\n\t\t\tconst gmap = {\"address\":\"Hans-Jensen-Weg 3, 80939 M\\u00fcnchen\",\"lat\":48.208861,\"lng\":11.6190281,\"zoom\":14,\"place_id\":\"ChIJ60s1N3h0nkcRkJ3Grqls9Rk\",\"street_number\":\"3\",\"street_name\":\"Hans-Jensen-Weg\",\"city\":\"M\\u00fcnchen\",\"state\":\"Bayern\",\"state_short\":\"BY\",\"post_code\":\"80939\",\"country\":\"Germany\",\"country_short\":\"DE\"};\n\t\t<\/script>\n\t<\/div>\n\t<\/div>\n\n\n\n<div style=\"height:50px\" aria-hidden=\"true\" class=\"wp-block-spacer\"><\/div>\n\n\n\n<div id=\"register\" class=\"wp-block-group futureworks-marketo-pattern is-style-futureworks is-layout-constrained wp-block-group-is-layout-constrained\">\n<div class=\"wp-block-columns are-vertically-aligned-top is-layout-flex wp-container-core-columns-is-layout-9d6595d7 wp-block-columns-is-layout-flex\">\n<div class=\"wp-block-column is-vertically-aligned-top is-layout-flow wp-block-column-is-layout-flow\" style=\"flex-basis:33%\">\n<h2 class=\"wp-block-heading h3 mt-0\">Registrierung<\/h2>\n<\/div>\n\n\n\n<div class=\"wp-block-column is-vertically-aligned-top is-layout-flow wp-block-column-is-layout-flow\" style=\"flex-basis:66%\">\n<p class=\"mt-0\">Registrieren Sie sich, um auf die Aufzeichnungen der Indeed FutureWorks Munich zugreifen zu k\u00f6nnen.<\/p>\n<\/div>\n<\/div>\n\n\n\n<div id=\"marketo-block_6c1410daf532e1159833ae0a30f8a048\" class=\"Marketo-wrapper marketo-form\" data-post-type=\"events\">\n\t\t\t\t\t\t<p class=\"registration-closed has-text-align-center\">The event has passed and event registration is closed.<\/p>\n\t\t\t<\/div>\n<!-- #marketo-block_6c1410daf532e1159833ae0a30f8a048 -->\n\n\n\n<div style=\"height:20px\" aria-hidden=\"true\" class=\"wp-block-spacer\"><\/div>\n<\/div>\n","protected":false},"featured_media":89035,"template":"page-templates\/indeed-futureworks.php","event-section":[176],"event-format":[178],"event-type":[204],"event-topic":[196],"event-location":[200],"class_list":["post-88932","events","type-events","status-publish","has-post-thumbnail","hentry","event_section-employer","event_format-in-person","event_type-indeed-futureworks","event_topic-thought-leadership","event_location-europe"],"acf":[],"yoast_head":"<!-- This site is optimized with the Yoast SEO plugin v27.4 - https:\/\/yoast.com\/product\/yoast-seo-wordpress\/ -->\n<title>Indeed FutureWorks 2024 I 20. November 2024 I M\u00fcnchen<\/title>\n<meta name=\"description\" content=\"Erhalten Sie Insights von Top Human Resources- und Talent Acquisition-F\u00fchrungskr\u00e4fte und prominenten Rednern auf Indeeds wichtigster Konferenz zur Zukunft der Arbeit.\" \/>\n<meta name=\"robots\" content=\"noindex, nofollow\" \/>\n<meta property=\"og:locale\" content=\"de_DE\" \/>\n<meta property=\"og:type\" content=\"article\" \/>\n<meta property=\"og:title\" content=\"Indeed FutureWorks 2024 I 20. November 2024 I M\u00fcnchen\" \/>\n<meta property=\"og:description\" content=\"Erhalten Sie Insights von Top Human Resources- und Talent Acquisition-F\u00fchrungskr\u00e4fte und prominenten Rednern auf Indeeds wichtigster Konferenz zur Zukunft der Arbeit.\" \/>\n<meta property=\"og:url\" content=\"https:\/\/www.indeedevents.com\/de-de\/events\/public-ifw-de-112024\/\" \/>\n<meta property=\"og:site_name\" content=\"Indeed Events\" \/>\n<meta property=\"article:modified_time\" content=\"2025-10-15T15:07:29+00:00\" \/>\n<meta property=\"og:image\" content=\"https:\/\/www.indeedevents.com\/de-de\/wp-content\/uploads\/sites\/26\/2024\/11\/20241120_71120-NR.jpg\" \/>\n\t<meta property=\"og:image:width\" content=\"2400\" \/>\n\t<meta property=\"og:image:height\" content=\"1600\" \/>\n\t<meta property=\"og:image:type\" content=\"image\/jpeg\" \/>\n<meta name=\"twitter:card\" content=\"summary_large_image\" \/>\n<meta name=\"twitter:label1\" content=\"Gesch\u00e4tzte Lesezeit\" \/>\n\t<meta name=\"twitter:data1\" content=\"4\u00a0Minuten\" \/>\n<script type=\"application\/ld+json\" class=\"yoast-schema-graph\">{\"@context\":\"https:\\\/\\\/schema.org\",\"@graph\":[{\"@type\":\"WebPage\",\"@id\":\"https:\\\/\\\/www.indeedevents.com\\\/de-de\\\/events\\\/public-ifw-de-112024\\\/\",\"url\":\"https:\\\/\\\/www.indeedevents.com\\\/de-de\\\/events\\\/public-ifw-de-112024\\\/\",\"name\":\"Indeed FutureWorks 2024 I 20. November 2024 I M\u00fcnchen\",\"isPartOf\":{\"@id\":\"https:\\\/\\\/www.indeedevents.com\\\/de-de\\\/#website\"},\"primaryImageOfPage\":{\"@id\":\"https:\\\/\\\/www.indeedevents.com\\\/de-de\\\/events\\\/public-ifw-de-112024\\\/#primaryimage\"},\"image\":{\"@id\":\"https:\\\/\\\/www.indeedevents.com\\\/de-de\\\/events\\\/public-ifw-de-112024\\\/#primaryimage\"},\"thumbnailUrl\":\"https:\\\/\\\/www.indeedevents.com\\\/de-de\\\/wp-content\\\/uploads\\\/sites\\\/26\\\/2024\\\/11\\\/20241120_71120-NR.jpg\",\"datePublished\":\"2024-07-11T15:23:49+00:00\",\"dateModified\":\"2025-10-15T15:07:29+00:00\",\"description\":\"Erhalten Sie Insights von Top Human Resources- und Talent Acquisition-F\u00fchrungskr\u00e4fte und prominenten Rednern auf Indeeds wichtigster Konferenz zur Zukunft der Arbeit.\",\"breadcrumb\":{\"@id\":\"https:\\\/\\\/www.indeedevents.com\\\/de-de\\\/events\\\/public-ifw-de-112024\\\/#breadcrumb\"},\"inLanguage\":\"de\",\"potentialAction\":[{\"@type\":\"ReadAction\",\"target\":[\"https:\\\/\\\/www.indeedevents.com\\\/de-de\\\/events\\\/public-ifw-de-112024\\\/\"]}]},{\"@type\":\"ImageObject\",\"inLanguage\":\"de\",\"@id\":\"https:\\\/\\\/www.indeedevents.com\\\/de-de\\\/events\\\/public-ifw-de-112024\\\/#primaryimage\",\"url\":\"https:\\\/\\\/www.indeedevents.com\\\/de-de\\\/wp-content\\\/uploads\\\/sites\\\/26\\\/2024\\\/11\\\/20241120_71120-NR.jpg\",\"contentUrl\":\"https:\\\/\\\/www.indeedevents.com\\\/de-de\\\/wp-content\\\/uploads\\\/sites\\\/26\\\/2024\\\/11\\\/20241120_71120-NR.jpg\",\"width\":2400,\"height\":1600,\"caption\":\"Das Indeed-Team DACH feiert den Erfolg der FutureWorks M\u00fcnchen 2024.\"},{\"@type\":\"BreadcrumbList\",\"@id\":\"https:\\\/\\\/www.indeedevents.com\\\/de-de\\\/events\\\/public-ifw-de-112024\\\/#breadcrumb\",\"itemListElement\":[{\"@type\":\"ListItem\",\"position\":1,\"name\":\"Home\",\"item\":\"https:\\\/\\\/www.indeedevents.com\\\/de-de\\\/\"},{\"@type\":\"ListItem\",\"position\":2,\"name\":\"Events\",\"item\":\"https:\\\/\\\/www.indeedevents.com\\\/de-de\\\/past-events\\\/\"},{\"@type\":\"ListItem\",\"position\":3,\"name\":\"Indeed FutureWorks M\u00fcnchen 2024\"}]},{\"@type\":\"WebSite\",\"@id\":\"https:\\\/\\\/www.indeedevents.com\\\/de-de\\\/#website\",\"url\":\"https:\\\/\\\/www.indeedevents.com\\\/de-de\\\/\",\"name\":\"Deutschland (deutsch)\",\"description\":\"Deutsch\",\"potentialAction\":[{\"@type\":\"SearchAction\",\"target\":{\"@type\":\"EntryPoint\",\"urlTemplate\":\"https:\\\/\\\/www.indeedevents.com\\\/de-de\\\/?s={search_term_string}\"},\"query-input\":{\"@type\":\"PropertyValueSpecification\",\"valueRequired\":true,\"valueName\":\"search_term_string\"}}],\"inLanguage\":\"de\"}]}<\/script>\n<!-- \/ Yoast SEO plugin. -->","yoast_head_json":{"title":"Indeed FutureWorks 2024 I 20. November 2024 I M\u00fcnchen","description":"Erhalten Sie Insights von Top Human Resources- und Talent Acquisition-F\u00fchrungskr\u00e4fte und prominenten Rednern auf Indeeds wichtigster Konferenz zur Zukunft der Arbeit.","robots":{"index":"noindex","follow":"nofollow"},"og_locale":"de_DE","og_type":"article","og_title":"Indeed FutureWorks 2024 I 20. November 2024 I M\u00fcnchen","og_description":"Erhalten Sie Insights von Top Human Resources- und Talent Acquisition-F\u00fchrungskr\u00e4fte und prominenten Rednern auf Indeeds wichtigster Konferenz zur Zukunft der Arbeit.","og_url":"https:\/\/www.indeedevents.com\/de-de\/events\/public-ifw-de-112024\/","og_site_name":"Indeed Events","article_modified_time":"2025-10-15T15:07:29+00:00","og_image":[{"width":2400,"height":1600,"url":"https:\/\/www.indeedevents.com\/de-de\/wp-content\/uploads\/sites\/26\/2024\/11\/20241120_71120-NR.jpg","type":"image\/jpeg"}],"twitter_card":"summary_large_image","twitter_misc":{"Gesch\u00e4tzte Lesezeit":"4\u00a0Minuten"},"schema":{"@context":"https:\/\/schema.org","@graph":[{"@type":"WebPage","@id":"https:\/\/www.indeedevents.com\/de-de\/events\/public-ifw-de-112024\/","url":"https:\/\/www.indeedevents.com\/de-de\/events\/public-ifw-de-112024\/","name":"Indeed FutureWorks 2024 I 20. November 2024 I M\u00fcnchen","isPartOf":{"@id":"https:\/\/www.indeedevents.com\/de-de\/#website"},"primaryImageOfPage":{"@id":"https:\/\/www.indeedevents.com\/de-de\/events\/public-ifw-de-112024\/#primaryimage"},"image":{"@id":"https:\/\/www.indeedevents.com\/de-de\/events\/public-ifw-de-112024\/#primaryimage"},"thumbnailUrl":"https:\/\/www.indeedevents.com\/de-de\/wp-content\/uploads\/sites\/26\/2024\/11\/20241120_71120-NR.jpg","datePublished":"2024-07-11T15:23:49+00:00","dateModified":"2025-10-15T15:07:29+00:00","description":"Erhalten Sie Insights von Top Human Resources- und Talent Acquisition-F\u00fchrungskr\u00e4fte und prominenten Rednern auf Indeeds wichtigster Konferenz zur Zukunft der Arbeit.","breadcrumb":{"@id":"https:\/\/www.indeedevents.com\/de-de\/events\/public-ifw-de-112024\/#breadcrumb"},"inLanguage":"de","potentialAction":[{"@type":"ReadAction","target":["https:\/\/www.indeedevents.com\/de-de\/events\/public-ifw-de-112024\/"]}]},{"@type":"ImageObject","inLanguage":"de","@id":"https:\/\/www.indeedevents.com\/de-de\/events\/public-ifw-de-112024\/#primaryimage","url":"https:\/\/www.indeedevents.com\/de-de\/wp-content\/uploads\/sites\/26\/2024\/11\/20241120_71120-NR.jpg","contentUrl":"https:\/\/www.indeedevents.com\/de-de\/wp-content\/uploads\/sites\/26\/2024\/11\/20241120_71120-NR.jpg","width":2400,"height":1600,"caption":"Das Indeed-Team DACH feiert den Erfolg der FutureWorks M\u00fcnchen 2024."},{"@type":"BreadcrumbList","@id":"https:\/\/www.indeedevents.com\/de-de\/events\/public-ifw-de-112024\/#breadcrumb","itemListElement":[{"@type":"ListItem","position":1,"name":"Home","item":"https:\/\/www.indeedevents.com\/de-de\/"},{"@type":"ListItem","position":2,"name":"Events","item":"https:\/\/www.indeedevents.com\/de-de\/past-events\/"},{"@type":"ListItem","position":3,"name":"Indeed FutureWorks M\u00fcnchen 2024"}]},{"@type":"WebSite","@id":"https:\/\/www.indeedevents.com\/de-de\/#website","url":"https:\/\/www.indeedevents.com\/de-de\/","name":"Deutschland (deutsch)","description":"Deutsch","potentialAction":[{"@type":"SearchAction","target":{"@type":"EntryPoint","urlTemplate":"https:\/\/www.indeedevents.com\/de-de\/?s={search_term_string}"},"query-input":{"@type":"PropertyValueSpecification","valueRequired":true,"valueName":"search_term_string"}}],"inLanguage":"de"}]}},"_links":{"self":[{"href":"https:\/\/www.indeedevents.com\/de-de\/wp-json\/wp\/v2\/events\/88932","targetHints":{"allow":["GET"]}}],"collection":[{"href":"https:\/\/www.indeedevents.com\/de-de\/wp-json\/wp\/v2\/events"}],"about":[{"href":"https:\/\/www.indeedevents.com\/de-de\/wp-json\/wp\/v2\/types\/events"}],"version-history":[{"count":0,"href":"https:\/\/www.indeedevents.com\/de-de\/wp-json\/wp\/v2\/events\/88932\/revisions"}],"wp:featuredmedia":[{"embeddable":true,"href":"https:\/\/www.indeedevents.com\/de-de\/wp-json\/wp\/v2\/media\/89035"}],"wp:attachment":[{"href":"https:\/\/www.indeedevents.com\/de-de\/wp-json\/wp\/v2\/media?parent=88932"}],"wp:term":[{"taxonomy":"event_section","embeddable":true,"href":"https:\/\/www.indeedevents.com\/de-de\/wp-json\/wp\/v2\/event-section?post=88932"},{"taxonomy":"event_format","embeddable":true,"href":"https:\/\/www.indeedevents.com\/de-de\/wp-json\/wp\/v2\/event-format?post=88932"},{"taxonomy":"event_type","embeddable":true,"href":"https:\/\/www.indeedevents.com\/de-de\/wp-json\/wp\/v2\/event-type?post=88932"},{"taxonomy":"event_topic","embeddable":true,"href":"https:\/\/www.indeedevents.com\/de-de\/wp-json\/wp\/v2\/event-topic?post=88932"},{"taxonomy":"event_location","embeddable":true,"href":"https:\/\/www.indeedevents.com\/de-de\/wp-json\/wp\/v2\/event-location?post=88932"}],"curies":[{"name":"wp","href":"https:\/\/api.w.org\/{rel}","templated":true}]}}