{"id":89094,"date":"2025-06-03T15:54:43","date_gmt":"2025-06-03T15:54:43","guid":{"rendered":"https:\/\/www.indeedevents.com\/de-de\/?post_type=events&#038;p=89094"},"modified":"2025-11-24T14:32:51","modified_gmt":"2025-11-24T14:32:51","slug":"registration-ifw-dusseldorf-112025","status":"publish","type":"events","link":"https:\/\/www.indeedevents.com\/de-de\/events\/registration-ifw-dusseldorf-112025\/","title":{"rendered":"Indeed FutureWorks D\u00fcsseldorf 2025 &#8211; Registration"},"content":{"rendered":"\n<section class=\"event-header\">\n\t<div class=\"event-header-inner\">\n\t\t<div class=\"event-info\">\n\t\t\t\n\t\t\t<div class=\"event-title\">\n\t\t\t\t<img decoding=\"async\" width=\"1000\" height=\"264\" src=\"https:\/\/www.indeedevents.com\/de-de\/wp-content\/uploads\/sites\/26\/2025\/06\/IC-989-FW-Lockup-Duesseldorf-Horizontal-Ink-opt.png\" class=\"image-event-title\" alt=\"Indeed FutureWorks Dusseldorf\" srcset=\"https:\/\/www.indeedevents.com\/de-de\/wp-content\/uploads\/sites\/26\/2025\/06\/IC-989-FW-Lockup-Duesseldorf-Horizontal-Ink-opt.png 1000w, https:\/\/www.indeedevents.com\/de-de\/wp-content\/uploads\/sites\/26\/2025\/06\/IC-989-FW-Lockup-Duesseldorf-Horizontal-Ink-opt-300x79.png 300w, https:\/\/www.indeedevents.com\/de-de\/wp-content\/uploads\/sites\/26\/2025\/06\/IC-989-FW-Lockup-Duesseldorf-Horizontal-Ink-opt-768x203.png 768w\" sizes=\"(max-width: 1000px) 100vw, 1000px\" \/>\t\t\t\t<h1 class=\"screen-reader-text\">Indeed FutureWorks D\u00fcsseldorf 2025 &#8211; Registration<\/h1>\n\t\t\t<\/div>\n\n\t\t\t\t\t\t\t<div class=\"event-date\">\n\t\t\t\t\t<img decoding=\"async\" class=\"image-event-date skip-lazy\" src=\"\/wp-content\/themes\/indeed-events\/img\/futureworks-2025\/futureworks-2025-icon-date.svg\" loading=\"eager\" alt=\"\" width=\"21\" height=\"20\">\n\t\t\t\t\t20. November 2025\t\t\t\t<\/div>\n\t\t\t\n\t\t\t\t\t\t\t<div class=\"event-time\">\n\t\t\t\t\t<img decoding=\"async\" class=\"image-event-time skip-lazy\" src=\"\/wp-content\/themes\/indeed-events\/img\/futureworks-2025\/futureworks-2025-icon-time.svg\" loading=\"eager\" alt=\"\" width=\"21\" height=\"20\">\n\t\t\t\t\t09:30\u201319:00&nbsp;Uhr\t\t\t\t<\/div>\n\t\t\t\n\t\t\t\t\t\t\t<div class=\"event-venue\">\n\t\t\t\t\t<img decoding=\"async\" class=\"image-event-venue skip-lazy\" src=\"\/wp-content\/themes\/indeed-events\/img\/futureworks-2025\/futureworks-2025-icon-venue.svg\" loading=\"eager\" alt=\"\" width=\"21\" height=\"20\">\n\t\t\t\t\tThe Frame\t\t\t\t<\/div>\n\t\t\t\n\t\t\t<div class=\"event-content\">\n\t\t\t\t\n\n<p><\/p>\n\n\n\t\t\t<\/div>\n\n\t\t\t\t\t<\/div>\n\n\t\t\t\t\t<div class=\"event-image\">\n\t\t\t\t<img fetchpriority=\"high\" decoding=\"async\" width=\"800\" height=\"533\" src=\"https:\/\/www.indeedevents.com\/de-de\/wp-content\/uploads\/sites\/26\/2025\/06\/WEB-First-Agency-Event-Indeed-Future-Works-Paris-2024-109-opt-jpg.webp\" class=\"attachment-event-featured-image-large size-event-featured-image-large wp-post-image skip-lazy wp-post-image\" alt=\"Ein gro\u00dfes Publikum h\u00f6rt einem Redner bei einer Veranstaltung aufmerksam zu\" loading=\"eager\" srcset=\"https:\/\/www.indeedevents.com\/de-de\/wp-content\/uploads\/sites\/26\/2025\/06\/WEB-First-Agency-Event-Indeed-Future-Works-Paris-2024-109-opt-jpg.webp 800w, https:\/\/www.indeedevents.com\/de-de\/wp-content\/uploads\/sites\/26\/2025\/06\/WEB-First-Agency-Event-Indeed-Future-Works-Paris-2024-109-opt-300x200-jpg.webp 300w, https:\/\/www.indeedevents.com\/de-de\/wp-content\/uploads\/sites\/26\/2025\/06\/WEB-First-Agency-Event-Indeed-Future-Works-Paris-2024-109-opt-768x512-jpg.webp 768w\" sizes=\"(max-width: 800px) 100vw, 800px\" \/>\t\t\t<\/div>\n\t\t\t<\/div>\n<\/section>\n\n\n\n<div class=\"wp-block-cover\" style=\"min-height:508px;aspect-ratio:unset;\" id=\"about\"><span aria-hidden=\"true\" class=\"wp-block-cover__background has-futureworks-2025-brand-blue-background-color has-background-dim-100 has-background-dim\"><\/span><div class=\"wp-block-cover__inner-container is-layout-flow wp-block-cover-is-layout-flow\">\n<div style=\"height:50px\" aria-hidden=\"true\" class=\"wp-block-spacer\"><\/div>\n\n\n\n<div class=\"wp-block-group is-style-futureworks futureworks-about is-layout-constrained wp-block-group-is-layout-constrained\">\n<div class=\"wp-block-columns are-vertically-aligned-top is-layout-flex wp-container-core-columns-is-layout-9d6595d7 wp-block-columns-is-layout-flex\">\n<div class=\"wp-block-column is-vertically-aligned-top is-layout-flow wp-block-column-is-layout-flow\" style=\"flex-basis:33%\">\n<h2 class=\"wp-block-heading h3 mt-0 is-style-overline\">\u00dcber die Veranstaltung<\/h2>\n<\/div>\n\n\n\n<div class=\"wp-block-column is-vertically-aligned-top is-layout-flow wp-block-column-is-layout-flow\" style=\"flex-basis:67%\">\n<p class=\"mt-20px\">Die Indeed FutureWorks geht in Deutschland in die dritte Runde! Unter dem Leitthema \u201eAI \u2013 Humanized Technology: Empowering Work, Enabling People\u201c kommen renommierte HR-F\u00fchrungskr\u00e4fte am 20. November in D\u00fcsseldorf zusammen und machen das The Frame zum Zukunftslabor der Arbeitswelt.<\/p>\n\n\n\n<p class=\"mt-20px\">Im Mittelpunkt steht die Frage, wie <strong>Humanized AI<\/strong> \u2013 also menschenzentrierte, verantwortungsvoll eingesetzte Technologie \u2013 Arbeit produktiver macht, Mitarbeitende st\u00e4rkt und Unternehmen zukunftssicher aufstellt:<\/p>\n\n\n\n<ul class=\"wp-block-list mt-20px\">\n<li>Welche Recruiting- und Talentstrategien bestehen den Praxistest im KI-Zeitalter?<\/li>\n\n\n\n<li>Wie kann KI helfen, dem Fachkr\u00e4ftemangel langfristig zu begegnen?<\/li>\n\n\n\n<li>Was braucht eine Arbeitgebermarke, um in Zeiten intelligenter Algorithmen Top-Talente anzuziehen?<\/li>\n<\/ul>\n\n\n\n<p class=\"mt-20px\">Erleben Sie wegweisende Keynotes, die die Chancen und Spannungsfelder der KI-Revolution im HR-Bereich beleuchten. Diskutieren Sie in Panels mit internationalen Expert:innen \u00fcber ethische Fragen, Anwendungsszenarien und Erfolgsfaktoren. Verfolgen Sie interaktive Sessions, um konkrete, praxisnahe Impulse f\u00fcr Ihren HR-Alltag zu gewinnen. Nutzen Sie die Gelegenheit, sich mit internationalen Vordenker:innen und Branchenkolleg*innen auszutauschen, w\u00e4hrend wir gemeinsam in D\u00fcsseldorf die Weichen f\u00fcr die Arbeitswelt von morgen stellen!<\/p>\n\n\n\n<h3 class=\"wp-block-heading mt-20px\">Warum Sie dabei sein sollten<\/h3>\n\n\n\n<p><strong>Inspirierende Inhalte<\/strong><br>Freuen Sie sich auf zukunftsweisende Keynotes, hochkar\u00e4tige Panels und praxisorientierte Breakouts rund um \u201cAI \u2013 Humanized Technology\u201d, mit Themen, die direkt auf Ihre Herausforderungen im Recruiting und Talentmanagement einzahlen.<\/p>\n\n\n\n<p><strong>Innovative L\u00f6sungen<\/strong><br>Erleben Sie, wie Humanized AI in der Praxis funktioniert und entdecken Sie Tools und Strategien, die Ihre Recruiting-Herausforderungen l\u00f6sen und Ihre Talentgewinnung mithilfe von KI optimieren.<\/p>\n\n\n\n<p><strong>Exklusives Networking<\/strong><br>Kn\u00fcpfen Sie wertvolle Kontakte zu Entscheider*innen aus Recruiting, People &amp; Culture, Start-ups, Wissenschaft und Tech \u2013 in entspannter Atmosph\u00e4re im Herzen der Metropolregion D\u00fcsseldorf.<\/p>\n\n\n\n<p><strong>Wer sollte teilnehmen<\/strong><br>F\u00fchrungskr\u00e4fte aus Human Resources, Talent Acquisition und Employer Branding, die ihre Personalstrategie zukunftssicher gestalten m\u00f6chten.<\/p>\n\n\n\n<p>Egal ob Sie bereits KI-L\u00f6sungen einsetzen oder vor dem Einstieg stehen: Diese Konferenz liefert Ihnen Orientierung, Inspiration und konkrete Next Steps \u2013 f\u00fcr eine Arbeitswelt, in der Technologie den Menschen st\u00e4rkt statt ersetzt.<\/p>\n<\/div>\n<\/div>\n\n\n\n<div style=\"height:50px\" aria-hidden=\"true\" class=\"wp-block-spacer is-style-desktop-only\"><\/div>\n<\/div>\n<\/div><\/div>\n\n\n\n<div class=\"wp-block-cover is-light\" id=\"agenda\"><span aria-hidden=\"true\" class=\"wp-block-cover__background has-background-dim-0 has-background-dim\"><\/span><div class=\"wp-block-cover__inner-container is-layout-flow wp-block-cover-is-layout-flow\">\n<div class=\"wp-block-group is-style-futureworks futureworks-schedule is-layout-constrained wp-block-group-is-layout-constrained\">\n<div style=\"height:50px\" aria-hidden=\"true\" class=\"wp-block-spacer is-style-desktop-only\"><\/div>\n\n\n\n<div class=\"wp-block-columns are-vertically-aligned-top is-layout-flex wp-container-core-columns-is-layout-9d6595d7 wp-block-columns-is-layout-flex\">\n<div class=\"wp-block-column is-vertically-aligned-top is-layout-flow wp-block-column-is-layout-flow\" style=\"flex-basis:33%\">\n<h2 class=\"wp-block-heading h3 mt-0 is-style-overline\">Programm<\/h2>\n<\/div>\n\n\n\n<div class=\"wp-block-column is-vertically-aligned-top is-layout-flow wp-block-column-is-layout-flow\" style=\"flex-basis:67%\">\n<p class=\"mt-20px\">AI \u2013 Humanized Technology: Empowering Work, Enabling People<\/p>\n<\/div>\n<\/div>\n\n\n\n<div class=\"block-futureworks-schedule\" id=\"futureworks-schedule-block_cd304105ee27dbd6fcbba0ff29d48bd9\">\n            <p class=\"block-futureworks-schedule__date has-text-color\">Donnerstag, 20. November<\/p>\n        <ul class=\"block-futureworks-schedule__content\">\n        \n\n<li class=\"block-futureworks-schedule-item\" id=\"futureworks-schedule-item-block_10a41084d90dd5fdf8e5020c58cf0049\">\n\t<button class=\"block-futureworks-schedule-item__toggle\" aria-label=\"Open details for: Registrierung, Kaffee &#038; Snacks at 09:30&nbsp;-&nbsp;10:30&nbsp;Uhr.\" >\n\t\t<span class=\"block-futureworks-schedule-item__time\">\n\t\t\t09:30\u201310:30&nbsp;Uhr\t\t<\/span>\n\t\t<div class=\"block-futureworks-schedule-item__title\">Registrierung, Kaffee &amp; Snacks<\/div>\n\t<\/button>\n\t<div class=\"block-futureworks-schedule-item__content\" aria-hidden=\"true\" aria-expanded=\"false\">\n\t\t<div class=\"inner-content\">\n\n<p>Herzlich willkommen zur diesj\u00e4hrigen FutureWorks Deutschland. Freuen Sie sich auf einen inspirierenden Tag voller vielf\u00e4ltiger Impulse und Eindr\u00fccke. Melden Sie sich an und kn\u00fcpfen Sie bei einem Hei\u00dfgetr\u00e4nk und Snacks erste Kontakte.<\/p>\n\n<\/div>\n\t<\/div>\n<\/li>\n\n\n\n<li class=\"block-futureworks-schedule-item\" id=\"futureworks-schedule-item-block_c1907cf7a8810e0743094d2a511cb214\">\n\t<button class=\"block-futureworks-schedule-item__toggle\" aria-label=\"Open details for: Begr\u00fc\u00dfung &#038; Er\u00f6ffnung at 10:30&nbsp;-&nbsp;10:40&nbsp;Uhr.\" >\n\t\t<span class=\"block-futureworks-schedule-item__time\">\n\t\t\t10:30\u201310:40&nbsp;Uhr\t\t<\/span>\n\t\t<div class=\"block-futureworks-schedule-item__title\">Begr\u00fc\u00dfung &amp; Er\u00f6ffnung<\/div>\n\t<\/button>\n\t<div class=\"block-futureworks-schedule-item__content\" aria-hidden=\"true\" aria-expanded=\"false\">\n\t\t<div class=\"inner-content\">\n\n<p><strong>Alissa Mensah, Global Client Strategist Indeed &amp; Daniel Wahlen, Senior Director Global Enterprise Marketing Indeed<\/strong><\/p>\n\n\n\n<p>Die Indeed-Hosts Alissa Mensah und Daniel Wahlen er\u00f6ffnen die FutureWorks und geben einen Ausblick auf den Tag.<\/p>\n\n<\/div>\n\t<\/div>\n<\/li>\n\n\n\n<li class=\"block-futureworks-schedule-item\" id=\"futureworks-schedule-item-block_e410b455778754364e7ef45db3678f43\">\n\t<button class=\"block-futureworks-schedule-item__toggle\" aria-label=\"Open details for: Opening Remarks &#038; Indeed Hiring Awards at 10:40&nbsp;-&nbsp;11:00&nbsp;Uhr.\" >\n\t\t<span class=\"block-futureworks-schedule-item__time\">\n\t\t\t10:40\u201311:00&nbsp;Uhr\t\t<\/span>\n\t\t<div class=\"block-futureworks-schedule-item__title\">Opening Remarks &amp; Indeed Hiring Awards<\/div>\n\t<\/button>\n\t<div class=\"block-futureworks-schedule-item__content\" aria-hidden=\"true\" aria-expanded=\"false\">\n\t\t<div class=\"inner-content\">\n\n<p><strong>Frank Hensgens, Gesch\u00e4ftsf\u00fchrer DACH Indeed<br>Ute Neher, Principal Talent Intelligence Indeed<\/strong><\/p>\n\n\n\n<p>Inhaltlicher Auftakt der diesj\u00e4hrigen FutureWorks gefolgt von der Auszeichnung herausragender Recruiting-Erfolge<\/p>\n\n<\/div>\n\t<\/div>\n<\/li>\n\n\n\n<li class=\"block-futureworks-schedule-item\" id=\"futureworks-schedule-item-block_3e9aa25c2628b0d3a1b89c57ec86a3fc\">\n\t<button class=\"block-futureworks-schedule-item__toggle\" aria-label=\"Open details for: Panel Diskussion: Vom Widerstand zur Wirksamkeit \u2013 KI-Transformation in Mittelstand und Gro\u00dfunternehmen at 11:00&nbsp;-&nbsp;11:30&nbsp;Uhr.\" >\n\t\t<span class=\"block-futureworks-schedule-item__time\">\n\t\t\t11:00\u201311:30&nbsp;Uhr\t\t<\/span>\n\t\t<div class=\"block-futureworks-schedule-item__title\">Panel Diskussion: Vom Widerstand zur Wirksamkeit \u2013 KI-Transformation in Mittelstand und Gro\u00dfunternehmen<\/div>\n\t<\/button>\n\t<div class=\"block-futureworks-schedule-item__content\" aria-hidden=\"true\" aria-expanded=\"false\">\n\t\t<div class=\"inner-content\">\n\n<p><strong>Kenza Ait Si Abbou, AI Expert, Founder &amp; CEO Scailers, Andr\u00e9 Lehmann, Head of HR and Talent Acquisition Exxeta und Tim Verhoeven, Senior Manager Talent Intelligence Indeed<\/strong><\/p>\n\n\n\n<p>KI-Projekte skalieren: Akzeptanz und Wirksamkeit in Teams wie Unternehmen schaffen<\/p>\n\n<\/div>\n\t<\/div>\n<\/li>\n\n\n\n<li class=\"block-futureworks-schedule-item\" id=\"futureworks-schedule-item-block_bb7b9d1c6f40166e714d0115078dd17a\">\n\t<button class=\"block-futureworks-schedule-item__toggle\" aria-label=\"Open details for: Keynote: Die Zukunft des Recruitings: KI-Agenten im HR at 11:30&nbsp;-&nbsp;12:15&nbsp;Uhr.\" >\n\t\t<span class=\"block-futureworks-schedule-item__time\">\n\t\t\t11:30\u201312:15&nbsp;Uhr\t\t<\/span>\n\t\t<div class=\"block-futureworks-schedule-item__title\">Keynote: Die Zukunft des Recruitings: KI-Agenten im HR<\/div>\n\t<\/button>\n\t<div class=\"block-futureworks-schedule-item__content\" aria-hidden=\"true\" aria-expanded=\"false\">\n\t\t<div class=\"inner-content\">\n\n<p><strong>Frank Hensgens, Gesch\u00e4ftsf\u00fchrer DACH Indeed und Ute Neher, Principal Talent Intelligence Indeed<\/strong><\/p>\n\n\n\n<p>Wie KI-Agenten Recruiting ver\u00e4ndern \u2013 und HR in eine neue \u00c4ra f\u00fchren<\/p>\n\n<\/div>\n\t<\/div>\n<\/li>\n\n\n\n<li class=\"block-futureworks-schedule-item\" id=\"futureworks-schedule-item-block_8cdab9e3f38a021a2a45fa3ea34224e4\">\n\t<button class=\"block-futureworks-schedule-item__toggle\" aria-label=\"Open details for: Networking Lunch &#038; TeamWorks at 12:15&nbsp;-&nbsp;13:30&nbsp;Uhr.\" >\n\t\t<span class=\"block-futureworks-schedule-item__time\">\n\t\t\t12:15\u201313:30&nbsp;Uhr\t\t<\/span>\n\t\t<div class=\"block-futureworks-schedule-item__title\">Networking Lunch &amp; TeamWorks<\/div>\n\t<\/button>\n\t<div class=\"block-futureworks-schedule-item__content\" aria-hidden=\"true\" aria-expanded=\"false\">\n\t\t<div class=\"inner-content\">\n\n<p>Nach einem Vormittag voller inspirierender Sessions ist es Zeit f\u00fcr eine entspannte Mittagspause. Genie\u00dfen Sie k\u00f6stliche Speisen und nutzen Sie die Gelegenheit, sich mit anderen Teilnehmenden auszutauschen und neue Kontakte zu kn\u00fcpfen.<\/p>\n\n<\/div>\n\t<\/div>\n<\/li>\n\n\n\n<li class=\"block-futureworks-schedule-item\" id=\"futureworks-schedule-item-block_28a69915926b0944f2afc226ad510ca4\">\n\t<button class=\"block-futureworks-schedule-item__toggle\" aria-label=\"Open details for: FutureWorks Breakout Sessions Teil 1\r\nin vier unterschiedlichen Streams at 13:30&nbsp;-&nbsp;14:00&nbsp;Uhr.\" >\n\t\t<span class=\"block-futureworks-schedule-item__time\">\n\t\t\t13:30\u201314:00&nbsp;Uhr\t\t<\/span>\n\t\t<div class=\"block-futureworks-schedule-item__title\">FutureWorks Breakout Sessions Teil 1<br \/>\r\nin vier unterschiedlichen Streams<\/div>\n\t<\/button>\n\t<div class=\"block-futureworks-schedule-item__content\" aria-hidden=\"true\" aria-expanded=\"false\">\n\t\t<div class=\"inner-content\">\n\n<p>Jetzt haben Sie die Wahl! Jede der vier Sessions wird von einem unserer Indeed-Hosts moderiert. Weitere Expert*innen bringen wertvolle Erfahrungen und Perspektiven aus der Praxis ein.<\/p>\n\n<\/div>\n\t<\/div>\n<\/li>\n\n\n\n<li class=\"block-futureworks-schedule-item\" id=\"futureworks-schedule-item-block_6d28d4f7d6def58919b266182c3b672d\">\n\t<button class=\"block-futureworks-schedule-item__toggle\" aria-label=\"Open details for: Breakout Sessions Teil 1: HR- Data Dudes \u2013 8 Hacks zur Optimierung datengetriebener Personalarbeit at .\" >\n\t\t<span class=\"block-futureworks-schedule-item__time\">\n\t\t\t\t\t<\/span>\n\t\t<div class=\"block-futureworks-schedule-item__title\">Breakout Sessions Teil 1: HR- Data Dudes \u2013 8 Hacks zur Optimierung datengetriebener Personalarbeit<\/div>\n\t<\/button>\n\t<div class=\"block-futureworks-schedule-item__content\" aria-hidden=\"true\" aria-expanded=\"false\">\n\t\t<div class=\"inner-content\">\n\n<p><strong><em>Main Stage<\/em><\/strong><\/p>\n\n\n\n<p><strong>Stephanie Bergmann, Senior HR Consultant Lidl Stiftung, Marcel R\u00fctten, Gr\u00fcnder &amp; Gesch\u00e4ftsf\u00fchrer HR4Good, Bj\u00f6rn Boldt, Head of Recruiting &amp; Employer Branding Enertrag und Tim Verhoeven, Senior Manager Talent Intelligence Indeed<\/strong><\/p>\n\n\n\n<p>Mehrwert aus Zahlen ziehen: Acht HR\u2011 und Analytics\u2011Hacks<\/p>\n\n<\/div>\n\t<\/div>\n<\/li>\n\n\n\n<li class=\"block-futureworks-schedule-item\" id=\"futureworks-schedule-item-block_dff73dc2ca69123c5e78f3c8efbb337b\">\n\t<button class=\"block-futureworks-schedule-item__toggle\" aria-label=\"Open details for: Breakout Sessions Teil 1: Indeed Product Deep Dive at .\" >\n\t\t<span class=\"block-futureworks-schedule-item__time\">\n\t\t\t\t\t<\/span>\n\t\t<div class=\"block-futureworks-schedule-item__title\">Breakout Sessions Teil 1: Indeed Product Deep Dive<\/div>\n\t<\/button>\n\t<div class=\"block-futureworks-schedule-item__content\" aria-hidden=\"true\" aria-expanded=\"false\">\n\t\t<div class=\"inner-content\">\n\n<p><em>Breakout Room A<\/em><\/p>\n\n\n\n<p><strong>Ute Neher, Principal Talent Intelligence und Hannes Klug, Senior Product Marketing Indeed<\/strong><\/p>\n\n\n\n<p>Wie Technologie Recruiting ver\u00e4ndert<\/p>\n\n<\/div>\n\t<\/div>\n<\/li>\n\n\n\n<li class=\"block-futureworks-schedule-item\" id=\"futureworks-schedule-item-block_23a443b8857856ed6508831a64ab0876\">\n\t<button class=\"block-futureworks-schedule-item__toggle\" aria-label=\"Open details for: Breakout Sessions Teil 1: Die Zukunft der Arbeit \u2013 Wenn GenAI die DNA unserer Jobs neu schreibt at .\" >\n\t\t<span class=\"block-futureworks-schedule-item__time\">\n\t\t\t\t\t<\/span>\n\t\t<div class=\"block-futureworks-schedule-item__title\">Breakout Sessions Teil 1: Die Zukunft der Arbeit \u2013 Wenn GenAI die DNA unserer Jobs neu schreibt<\/div>\n\t<\/button>\n\t<div class=\"block-futureworks-schedule-item__content\" aria-hidden=\"true\" aria-expanded=\"false\">\n\t\t<div class=\"inner-content\">\n\n<p><em>Breakout Room B<\/em><\/p>\n\n\n\n<p><strong>Dr. Annina Hering, Senior Economist Indeed und Dr. Virginia Sondergeld, Economist Indeed<\/strong><\/p>\n\n\n\n<p>Wirtschaftswissenschaftliche Perspektiven: Hiring Lab\u2011Daten zur Neugestaltung von Jobprofilen im GenAI\u2011Zeitalter<\/p>\n\n<\/div>\n\t<\/div>\n<\/li>\n\n\n\n<li class=\"block-futureworks-schedule-item\" id=\"futureworks-schedule-item-block_d6eece611b668135551146f99e9d3302\">\n\t<button class=\"block-futureworks-schedule-item__toggle\" aria-label=\"Open details for: Breakout Sessions Teil 1: KI-gest\u00fctzte Talentanalyse im Fu\u00dfball \u2013 Vom Scouting zur Leistungsoptimierung at .\" >\n\t\t<span class=\"block-futureworks-schedule-item__time\">\n\t\t\t\t\t<\/span>\n\t\t<div class=\"block-futureworks-schedule-item__title\">Breakout Sessions Teil 1: KI-gest\u00fctzte Talentanalyse im Fu\u00dfball \u2013 Vom Scouting zur Leistungsoptimierung<\/div>\n\t<\/button>\n\t<div class=\"block-futureworks-schedule-item__content\" aria-hidden=\"true\" aria-expanded=\"false\">\n\t\t<div class=\"inner-content\">\n\n<p><em>Breakout Room C<\/em><\/p>\n\n\n\n<p><strong>Christine Thoma, Bereichsleiterin \/ Director People &amp; Corporate Culture, Eintracht Frankfurt, Bastian Quentmeier, Head of Scouting &amp; Data Analysis, Eintracht Frankfurt, Maryam Danesh Kajouri, Team Lead B2B Marketing DACH Indeed und Andreas Welling, Lead Country Marketing DACH Indeed<\/strong><\/p>\n\n\n\n<p>Vom Spielfeld ins Unternehmen \u2013 Impulse f\u00fcr datengetriebene Talentstrategien<\/p>\n\n<\/div>\n\t<\/div>\n<\/li>\n\n\n\n<li class=\"block-futureworks-schedule-item\" id=\"futureworks-schedule-item-block_8a22964b670efdaf7f5e54f4f8a0d6a4\">\n\t<button class=\"block-futureworks-schedule-item__toggle\" aria-label=\"Open details for: Erfrischungspause &#038; Raumwechsel at 14:00&nbsp;-&nbsp;14:15&nbsp;Uhr.\" >\n\t\t<span class=\"block-futureworks-schedule-item__time\">\n\t\t\t14:00\u201314:15&nbsp;Uhr\t\t<\/span>\n\t\t<div class=\"block-futureworks-schedule-item__title\">Erfrischungspause &amp; Raumwechsel<\/div>\n\t<\/button>\n\t<div class=\"block-futureworks-schedule-item__content\" aria-hidden=\"true\" aria-expanded=\"false\">\n\t\t<div class=\"inner-content\"><\/div>\n\t<\/div>\n<\/li>\n\n\n\n<li class=\"block-futureworks-schedule-item\" id=\"futureworks-schedule-item-block_d5ac1f46713eaa87a14179509cf4cddb\">\n\t<button class=\"block-futureworks-schedule-item__toggle\" aria-label=\"Open details for: FutureWorks Breakout Sessions Teil 2\r\nin vier unterschiedlichen Streams at 14:15&nbsp;-&nbsp;14:55&nbsp;Uhr.\" >\n\t\t<span class=\"block-futureworks-schedule-item__time\">\n\t\t\t14:15\u201314:55&nbsp;Uhr\t\t<\/span>\n\t\t<div class=\"block-futureworks-schedule-item__title\">FutureWorks Breakout Sessions Teil 2<br \/>\r\nin vier unterschiedlichen Streams<\/div>\n\t<\/button>\n\t<div class=\"block-futureworks-schedule-item__content\" aria-hidden=\"true\" aria-expanded=\"false\">\n\t\t<div class=\"inner-content\">\n\n<p>Im zweiten Teil der Breakout Sessions laden Sie unsere Indeed-Hosts gemeinsam mit Branchenexpert*innen zu weiteren Themen ein, die in vier unterschiedlichen R\u00e4umen vorgestellt werden.<\/p>\n\n<\/div>\n\t<\/div>\n<\/li>\n\n\n\n<li class=\"block-futureworks-schedule-item\" id=\"futureworks-schedule-item-block_2ae4365ce4d9120deee92597e249eb30\">\n\t<button class=\"block-futureworks-schedule-item__toggle\" aria-label=\"Open details for: Breakout Sessions Teil 2: Von Jobsuchenden zu F\u00fcrsprecher*innen \u2013 Die Rolle des Employer Brandings im Jahr 2025 at .\" >\n\t\t<span class=\"block-futureworks-schedule-item__time\">\n\t\t\t\t\t<\/span>\n\t\t<div class=\"block-futureworks-schedule-item__title\">Breakout Sessions Teil 2: Von Jobsuchenden zu F\u00fcrsprecher*innen \u2013 Die Rolle des Employer Brandings im Jahr 2025<\/div>\n\t<\/button>\n\t<div class=\"block-futureworks-schedule-item__content\" aria-hidden=\"true\" aria-expanded=\"false\">\n\t\t<div class=\"inner-content\">\n\n<p><strong><em>Main Stage<\/em><\/strong><\/p>\n\n\n\n<p><strong>Stefanie Wild, Global Talent Acquisition, Evonik und Tim Verhoeven, Senior Manager Talent Intelligence Indeed<\/strong><\/p>\n\n\n\n<p>Candidate Journey neu definiert \u2013 pers\u00f6nliche Ansprache, Authentizit\u00e4t und Automatisierung in Einklang<\/p>\n\n<\/div>\n\t<\/div>\n<\/li>\n\n\n\n<li class=\"block-futureworks-schedule-item\" id=\"futureworks-schedule-item-block_aef797d9850e30a76457d93f6606d9fd\">\n\t<button class=\"block-futureworks-schedule-item__toggle\" aria-label=\"Open details for: Breakout Sessions Teil 2: Gehaltstransparenz \u2013 Compliance oder Wettbewerbsvorteil? at .\" >\n\t\t<span class=\"block-futureworks-schedule-item__time\">\n\t\t\t\t\t<\/span>\n\t\t<div class=\"block-futureworks-schedule-item__title\">Breakout Sessions Teil 2: Gehaltstransparenz \u2013 Compliance oder Wettbewerbsvorteil?<\/div>\n\t<\/button>\n\t<div class=\"block-futureworks-schedule-item__content\" aria-hidden=\"true\" aria-expanded=\"false\">\n\t\t<div class=\"inner-content\">\n\n<p><em>Breakout Room A<\/em><\/p>\n\n\n\n<p><strong>Michael Eger, Partner bei Mercer und Ute Neher, Principal Talent Intelligence Indeed<\/strong><\/p>\n\n\n\n<p>Offene Verg\u00fctungsmodelle \u2013 Vertrauen st\u00e4rken, Recruiting beschleunigen<\/p>\n\n<\/div>\n\t<\/div>\n<\/li>\n\n\n\n<li class=\"block-futureworks-schedule-item\" id=\"futureworks-schedule-item-block_41473eaae0208eac26a65eb477321247\">\n\t<button class=\"block-futureworks-schedule-item__toggle\" aria-label=\"Open details for: Breakout Sessions Teil 2: Kurzfristige Unsicherheit, langfristige Transformation: Der Arbeitsmarkt zwischen Konjunktur und Zukunftstrends at .\" >\n\t\t<span class=\"block-futureworks-schedule-item__time\">\n\t\t\t\t\t<\/span>\n\t\t<div class=\"block-futureworks-schedule-item__title\">Breakout Sessions Teil 2: Kurzfristige Unsicherheit, langfristige Transformation: Der Arbeitsmarkt zwischen Konjunktur und Zukunftstrends<\/div>\n\t<\/button>\n\t<div class=\"block-futureworks-schedule-item__content\" aria-hidden=\"true\" aria-expanded=\"false\">\n\t\t<div class=\"inner-content\">\n\n<p><em>Breakout Room B<\/em><\/p>\n\n\n\n<p><strong>Dr. Virginia Sondergeld, Economist Indeed<\/strong><\/p>\n\n\n\n<p>Forschung f\u00fcr den Wandel \u2013 Hiring Lab\u2011Einblicke zu Technologie und Zukunftskompetenzen<\/p>\n\n<\/div>\n\t<\/div>\n<\/li>\n\n\n\n<li class=\"block-futureworks-schedule-item\" id=\"futureworks-schedule-item-block_a07df1c598d5fffa3c95802083d5e258\">\n\t<button class=\"block-futureworks-schedule-item__toggle\" aria-label=\"Open details for: Breakout Sessions Teil 2: Die KI-Landschaft verstehen \u2013 Technologietrends erkennen und fundierte Entscheidungen treffen at .\" >\n\t\t<span class=\"block-futureworks-schedule-item__time\">\n\t\t\t\t\t<\/span>\n\t\t<div class=\"block-futureworks-schedule-item__title\">Breakout Sessions Teil 2: Die KI-Landschaft verstehen \u2013 Technologietrends erkennen und fundierte Entscheidungen treffen<\/div>\n\t<\/button>\n\t<div class=\"block-futureworks-schedule-item__content\" aria-hidden=\"true\" aria-expanded=\"false\">\n\t\t<div class=\"inner-content\">\n\n<p><em>Breakout Room C<\/em><\/p>\n\n\n\n<p><strong>Prof. Dr. Yasmin Wei\u00df, Professorin, AI Expert, Aufsichtsr\u00e4tin, Dr. Claudia Salomon, CEO und Partner Consultant HR Tech Consulting GmbH und Maryam Danesh Kajouri, Team Lead B2B Marketing DACH Indeed<\/strong><\/p>\n\n\n\n<p>Strategische Orientierung im KI\u2011Dschungel \u2013 Trends mit echtem HR\u2011Impact erkennen<\/p>\n\n<\/div>\n\t<\/div>\n<\/li>\n\n\n\n<li class=\"block-futureworks-schedule-item\" id=\"futureworks-schedule-item-block_fdb1b8cd1648ca0d2f03517635b9b308\">\n\t<button class=\"block-futureworks-schedule-item__toggle\" aria-label=\"Open details for: Erfrischungspause &#038; Raumwechsel at 14:55&nbsp;-&nbsp;15:10&nbsp;Uhr.\" >\n\t\t<span class=\"block-futureworks-schedule-item__time\">\n\t\t\t14:55\u201315:10&nbsp;Uhr\t\t<\/span>\n\t\t<div class=\"block-futureworks-schedule-item__title\">Erfrischungspause &amp; Raumwechsel<\/div>\n\t<\/button>\n\t<div class=\"block-futureworks-schedule-item__content\" aria-hidden=\"true\" aria-expanded=\"false\">\n\t\t<div class=\"inner-content\"><\/div>\n\t<\/div>\n<\/li>\n\n\n\n<li class=\"block-futureworks-schedule-item\" id=\"futureworks-schedule-item-block_755dde6a2c20274481205421afeea028\">\n\t<button class=\"block-futureworks-schedule-item__toggle\" aria-label=\"Open details for: Panel Diskussion: Die neue KI (Arbeit) \u2013 KI in der Belegschaft at 15:10&nbsp;-&nbsp;15:40&nbsp;Uhr.\" >\n\t\t<span class=\"block-futureworks-schedule-item__time\">\n\t\t\t15:10\u201315:40&nbsp;Uhr\t\t<\/span>\n\t\t<div class=\"block-futureworks-schedule-item__title\">Panel Diskussion: Die neue KI (Arbeit) \u2013 KI in der Belegschaft<\/div>\n\t<\/button>\n\t<div class=\"block-futureworks-schedule-item__content\" aria-hidden=\"true\" aria-expanded=\"false\">\n\t\t<div class=\"inner-content\">\n\n<p><strong>Prof. Dr. Yasmin Wei\u00df, Professorin, AI Expert, Aufsichtsr\u00e4tin, Dr. Michael Drass, Chief AI Officer Deutsche Bahn AG und Frank Hensgens, Gesch\u00e4ftsf\u00fchrer DACH Indeed<br><br>Moderation: Julia Beil, Teamleiterin Management beim Handelsblatt<\/strong><\/p>\n\n\n\n<p>Einsatzmodelle und Akzeptanzstrategien: Wie KI-Tools Alltag und Unternehmenskultur pr\u00e4gen<\/p>\n\n<\/div>\n\t<\/div>\n<\/li>\n\n\n\n<li class=\"block-futureworks-schedule-item\" id=\"futureworks-schedule-item-block_2d6228b3302052825c1a5fb8b1281d27\">\n\t<button class=\"block-futureworks-schedule-item__toggle\" aria-label=\"Open details for: Keynote: Die digitale Workforce \u2013 Wie Mensch und Maschine gemeinsam erfolgreich sind at 15:40&nbsp;-&nbsp;16:10&nbsp;Uhr.\" >\n\t\t<span class=\"block-futureworks-schedule-item__time\">\n\t\t\t15:40\u201316:10&nbsp;Uhr\t\t<\/span>\n\t\t<div class=\"block-futureworks-schedule-item__title\">Keynote: Die digitale Workforce \u2013 Wie Mensch und Maschine gemeinsam erfolgreich sind<\/div>\n\t<\/button>\n\t<div class=\"block-futureworks-schedule-item__content\" aria-hidden=\"true\" aria-expanded=\"false\">\n\t\t<div class=\"inner-content\">\n\n<p><strong>Dr. Fabian Stephany, Dozent f\u00fcr KI und Arbeit Universit\u00e4t Oxford<\/strong><\/p>\n\n\n\n<p>Wie KI-Skills zum Erfolgsfaktor werden: Technologischer Wandel gelingt mit menschlicher Kompetenz<\/p>\n\n<\/div>\n\t<\/div>\n<\/li>\n\n\n\n<li class=\"block-futureworks-schedule-item\" id=\"futureworks-schedule-item-block_d846023f2d410e9c37fe00b6125d8b4d\">\n\t<button class=\"block-futureworks-schedule-item__toggle\" aria-label=\"Open details for: Wortgewandt \u2013 Lyrik f\u00fcr die Arbeitswelt at 16:10&nbsp;-&nbsp;16:30&nbsp;Uhr.\" >\n\t\t<span class=\"block-futureworks-schedule-item__time\">\n\t\t\t16:10\u201316:30&nbsp;Uhr\t\t<\/span>\n\t\t<div class=\"block-futureworks-schedule-item__title\">Wortgewandt \u2013 Lyrik f\u00fcr die Arbeitswelt<\/div>\n\t<\/button>\n\t<div class=\"block-futureworks-schedule-item__content\" aria-hidden=\"true\" aria-expanded=\"false\">\n\t\t<div class=\"inner-content\">\n\n<p><strong>Clara L\u00f6sel, Poetry Artist<\/strong><\/p>\n\n\n\n<p>Mit der Kraft der Worte l\u00e4sst Poetry Artist Clara L\u00f6sel die FutureWorks inspirierend ausklingen<\/p>\n\n<\/div>\n\t<\/div>\n<\/li>\n\n\n\n<li class=\"block-futureworks-schedule-item\" id=\"futureworks-schedule-item-block_254a2d7443ff3fa0f1f64131696a016c\">\n\t<button class=\"block-futureworks-schedule-item__toggle\" aria-label=\"Open details for: FutureWorks 2025 Finale at 16:30&nbsp;-&nbsp;16:40&nbsp;Uhr.\" >\n\t\t<span class=\"block-futureworks-schedule-item__time\">\n\t\t\t16:30\u201316:40&nbsp;Uhr\t\t<\/span>\n\t\t<div class=\"block-futureworks-schedule-item__title\">FutureWorks 2025 Finale<\/div>\n\t<\/button>\n\t<div class=\"block-futureworks-schedule-item__content\" aria-hidden=\"true\" aria-expanded=\"false\">\n\t\t<div class=\"inner-content\">\n\n<p><strong>Alissa Mensah, Global Client Strategist Indeed &amp; Daniel Wahlen, Senior Director Global Enterprise Marketing Indeed<\/strong><\/p>\n\n\n\n<p>Zum Abschluss der diesj\u00e4hrigen FutureWorks ziehen die Indeed-Hosts Alissa Mensah und Daniel Wahlen ein Fazit \u2013 und er\u00f6ffnen den Networking-Ap\u00e9ro.\u201c<\/p>\n\n<\/div>\n\t<\/div>\n<\/li>\n\n\n\n<li class=\"block-futureworks-schedule-item\" id=\"futureworks-schedule-item-block_b86d02d8c7f26cea93ebec71a8c44625\">\n\t<button class=\"block-futureworks-schedule-item__toggle\" aria-label=\"Open details for: FutureWorks Networking-Ap\u00e9ro at 16:40&nbsp;-&nbsp;19:00&nbsp;Uhr.\" >\n\t\t<span class=\"block-futureworks-schedule-item__time\">\n\t\t\t16:40\u201319:00&nbsp;Uhr\t\t<\/span>\n\t\t<div class=\"block-futureworks-schedule-item__title\">FutureWorks Networking-Ap\u00e9ro<\/div>\n\t<\/button>\n\t<div class=\"block-futureworks-schedule-item__content\" aria-hidden=\"true\" aria-expanded=\"false\">\n\t\t<div class=\"inner-content\">\n\n<p>Ein inspirierender Tag neigt sich dem Ende entgegen. Genie\u00dfen Sie die entspannte Atmosph\u00e4re und lassen die Impulse der FutureWorks bei einem erfrischenden Getr\u00e4nk mit Ihren neuen Kontakten noch einmal Revue passieren.<\/p>\n\n<\/div>\n\t<\/div>\n<\/li>\n\n\n    <\/ul>\n<\/div>\n\n\n\n<div style=\"height:50px\" aria-hidden=\"true\" class=\"wp-block-spacer is-style-desktop-only\"><\/div>\n<\/div>\n<\/div><\/div>\n\n\n\n<div class=\"wp-block-cover is-light\" id=\"speakers\"><span aria-hidden=\"true\" class=\"wp-block-cover__background has-futureworks-2025-earth-background-color has-background-dim-100 has-background-dim\"><\/span><div class=\"wp-block-cover__inner-container is-layout-flow wp-block-cover-is-layout-flow\">\n<div style=\"height:50px\" aria-hidden=\"true\" class=\"wp-block-spacer is-style-desktop-only\"><\/div>\n\n\n\n<div class=\"wp-block-group alignwide futureworks-speakers is-style-futureworks is-layout-constrained wp-block-group-is-layout-constrained\">\n<div class=\"wp-block-columns are-vertically-aligned-top is-layout-flex wp-container-core-columns-is-layout-9d6595d7 wp-block-columns-is-layout-flex\">\n<div class=\"wp-block-column is-vertically-aligned-top is-layout-flow wp-block-column-is-layout-flow\" style=\"flex-basis:33%\">\n<h2 class=\"wp-block-heading h3 mt-0 is-style-overline\">Speaker*innen<\/h2>\n<\/div>\n\n\n\n<div class=\"wp-block-column is-vertically-aligned-top is-layout-flow wp-block-column-is-layout-flow\" style=\"flex-basis:67%\"><\/div>\n<\/div>\n\n\n<div class=\"block-futureworks-speakers\" id=\"futureworks-speakers-block_96802e20059bf5c62f9b8c3d3f1d8f48\">\n    <div class=\"futureworks-speakers-grid\">\n\t\t\t\t\t\t<div class=\"futureworks-speakers-grid__item\">\n\t\t\t\t\t<button data-target=\"modal-prof-dr-yasmin-weiss\" class=\"futureworks-speakers-grid__trigger js-modal\"><span class=\"screen-reader-text\">Professorin, AI Expert, Aufsichtsr\u00e4tin<\/span><\/button>\n\t\t\t\t\t<div class=\"portrait has-futureworks-2025-blue-background-color\">\n\t\t\t\t\t\t\t\t\t\t\t\t<div class=\"portrait-inner has-futureworks-2025-aqua-background-color\" style=\"background-image: url('https:\/\/www.indeedevents.com\/de-de\/wp-content\/uploads\/sites\/26\/2025\/06\/Yasmin-Weiss-cut-shadow-600x600.png)');\"><\/div>\n\t\t\t\t\t<\/div>\n\t\t\t\t\t<div class=\"futureworks-speakers-grid__info\">\n\t\t\t\t\t\t<h4 class=\"wp-block-heading\">Prof. Dr. Yasmin Wei\u00df<\/h4>\n\t\t\t\t\t\t\t\t\t\t\t\t\t<p>Professorin, AI Expert, Aufsichtsr\u00e4tin<\/p>\n\t\t\t\t\t\t\t\t\t\t\t\t\t\t\t\t\t<\/div>\n\t\t\t\t<\/div>\n\t\t\t\t\t\t\t\t<div class=\"futureworks-speakers-grid__item\">\n\t\t\t\t\t<button data-target=\"modal-dr-michael-drass\" class=\"futureworks-speakers-grid__trigger js-modal\"><span class=\"screen-reader-text\">Chief AI Officer<\/span><\/button>\n\t\t\t\t\t<div class=\"portrait has-futureworks-2025-brand-blue-background-color\">\n\t\t\t\t\t\t\t\t\t\t\t\t<div class=\"portrait-inner has-futureworks-2025-blue-background-color\" style=\"background-image: url('https:\/\/www.indeedevents.com\/de-de\/wp-content\/uploads\/sites\/26\/2025\/06\/Michael-Drass-cut-shadow-600x600.png)');\"><\/div>\n\t\t\t\t\t<\/div>\n\t\t\t\t\t<div class=\"futureworks-speakers-grid__info\">\n\t\t\t\t\t\t<h4 class=\"wp-block-heading\">Dr. Michael Drass<\/h4>\n\t\t\t\t\t\t\t\t\t\t\t\t\t<p>Chief AI Officer<\/p>\n\t\t\t\t\t\t\t\t\t\t\t\t\t\t\t\t\t\t\t<p>Deutsche Bahn AG<\/p>\n\t\t\t\t\t\t\t\t\t\t\t<\/div>\n\t\t\t\t<\/div>\n\t\t\t\t\t\t\t\t<div class=\"futureworks-speakers-grid__item\">\n\t\t\t\t\t<button data-target=\"modal-kenza-ait-si-abbou-lyadini\" class=\"futureworks-speakers-grid__trigger js-modal\"><span class=\"screen-reader-text\">AI Expert, Founder &amp; CEO<\/span><\/button>\n\t\t\t\t\t<div class=\"portrait has-futureworks-2025-aqua-background-color\">\n\t\t\t\t\t\t\t\t\t\t\t\t<div class=\"portrait-inner has-futureworks-2025-ink-blue-background-color\" style=\"background-image: url('https:\/\/www.indeedevents.com\/de-de\/wp-content\/uploads\/sites\/26\/2025\/06\/kenza-ait-si-abbou-cut-shadow-600x600.png)');\"><\/div>\n\t\t\t\t\t<\/div>\n\t\t\t\t\t<div class=\"futureworks-speakers-grid__info\">\n\t\t\t\t\t\t<h4 class=\"wp-block-heading\">Kenza Ait Si Abbou Lyadini<\/h4>\n\t\t\t\t\t\t\t\t\t\t\t\t\t<p>AI Expert, Founder &amp; CEO<\/p>\n\t\t\t\t\t\t\t\t\t\t\t\t\t\t\t\t\t\t\t<p>Scailers GmbH<\/p>\n\t\t\t\t\t\t\t\t\t\t\t<\/div>\n\t\t\t\t<\/div>\n\t\t\t\t\t\t\t\t<div class=\"futureworks-speakers-grid__item\">\n\t\t\t\t\t<button data-target=\"modal-dr-fabian-stephany\" class=\"futureworks-speakers-grid__trigger js-modal\"><span class=\"screen-reader-text\">Dozent f\u00fcr KI und Arbeit<\/span><\/button>\n\t\t\t\t\t<div class=\"portrait has-futureworks-2025-ink-blue-background-color\">\n\t\t\t\t\t\t\t\t\t\t\t\t<div class=\"portrait-inner has-futureworks-2025-blue-background-color\" style=\"background-image: url('https:\/\/www.indeedevents.com\/de-de\/wp-content\/uploads\/sites\/26\/2025\/07\/fabian-stephany-cut-shadow-600x600.png)');\"><\/div>\n\t\t\t\t\t<\/div>\n\t\t\t\t\t<div class=\"futureworks-speakers-grid__info\">\n\t\t\t\t\t\t<h4 class=\"wp-block-heading\">Dr. Fabian Stephany<\/h4>\n\t\t\t\t\t\t\t\t\t\t\t\t\t<p>Dozent f\u00fcr KI und Arbeit<\/p>\n\t\t\t\t\t\t\t\t\t\t\t\t\t\t\t\t\t\t\t<p>Universit\u00e4t Oxford<\/p>\n\t\t\t\t\t\t\t\t\t\t\t<\/div>\n\t\t\t\t<\/div>\n\t\t\t\t\t\t\t\t<div class=\"futureworks-speakers-grid__item\">\n\t\t\t\t\t<button data-target=\"modal-dr-claudia-salomon\" class=\"futureworks-speakers-grid__trigger js-modal\"><span class=\"screen-reader-text\">CEO und Partner Consultant<\/span><\/button>\n\t\t\t\t\t<div class=\"portrait has-futureworks-2025-blue-background-color\">\n\t\t\t\t\t\t\t\t\t\t\t\t<div class=\"portrait-inner has-futureworks-2025-brand-blue-background-color\" style=\"background-image: url('https:\/\/www.indeedevents.com\/de-de\/wp-content\/uploads\/sites\/26\/2025\/06\/claudia-salomon-cut-shadow-600x600.png)');\"><\/div>\n\t\t\t\t\t<\/div>\n\t\t\t\t\t<div class=\"futureworks-speakers-grid__info\">\n\t\t\t\t\t\t<h4 class=\"wp-block-heading\">Dr. Claudia Salomon<\/h4>\n\t\t\t\t\t\t\t\t\t\t\t\t\t<p>CEO und Partner Consultant<\/p>\n\t\t\t\t\t\t\t\t\t\t\t\t\t\t\t\t\t\t\t<p>HR Tech Consulting GmbH<\/p>\n\t\t\t\t\t\t\t\t\t\t\t<\/div>\n\t\t\t\t<\/div>\n\t\t\t\t\t\t\t\t<div class=\"futureworks-speakers-grid__item\">\n\t\t\t\t\t<button data-target=\"modal-andre-lehmann\" class=\"futureworks-speakers-grid__trigger js-modal\"><span class=\"screen-reader-text\">Head of HR and Talent Acquisition<\/span><\/button>\n\t\t\t\t\t<div class=\"portrait has-futureworks-2025-brand-blue-background-color\">\n\t\t\t\t\t\t\t\t\t\t\t\t<div class=\"portrait-inner has-futureworks-2025-aqua-background-color\" style=\"background-image: url('https:\/\/www.indeedevents.com\/de-de\/wp-content\/uploads\/sites\/26\/2025\/06\/andre-lehmann-cut-shadow.png)');\"><\/div>\n\t\t\t\t\t<\/div>\n\t\t\t\t\t<div class=\"futureworks-speakers-grid__info\">\n\t\t\t\t\t\t<h4 class=\"wp-block-heading\">Andr\u00e9 Lehmann<\/h4>\n\t\t\t\t\t\t\t\t\t\t\t\t\t<p>Head of HR and Talent Acquisition<\/p>\n\t\t\t\t\t\t\t\t\t\t\t\t\t\t\t\t\t\t\t<p>Exxeta AG<\/p>\n\t\t\t\t\t\t\t\t\t\t\t<\/div>\n\t\t\t\t<\/div>\n\t\t\t\t\t\t\t\t<div class=\"futureworks-speakers-grid__item\">\n\t\t\t\t\t<button data-target=\"modal-stefanie-wild\" class=\"futureworks-speakers-grid__trigger js-modal\"><span class=\"screen-reader-text\">Global Talent Acquisition<\/span><\/button>\n\t\t\t\t\t<div class=\"portrait has-futureworks-2025-aqua-background-color\">\n\t\t\t\t\t\t\t\t\t\t\t\t<div class=\"portrait-inner has-futureworks-2025-blue-background-color\" style=\"background-image: url('https:\/\/www.indeedevents.com\/de-de\/wp-content\/uploads\/sites\/26\/2025\/06\/Stefanie-Wild-cut-shadow-600x600.png)');\"><\/div>\n\t\t\t\t\t<\/div>\n\t\t\t\t\t<div class=\"futureworks-speakers-grid__info\">\n\t\t\t\t\t\t<h4 class=\"wp-block-heading\">Stefanie Wild<\/h4>\n\t\t\t\t\t\t\t\t\t\t\t\t\t<p>Global Talent Acquisition<\/p>\n\t\t\t\t\t\t\t\t\t\t\t\t\t\t\t\t\t\t\t<p>Evonik<\/p>\n\t\t\t\t\t\t\t\t\t\t\t<\/div>\n\t\t\t\t<\/div>\n\t\t\t\t\t\t\t\t<div class=\"futureworks-speakers-grid__item\">\n\t\t\t\t\t<button data-target=\"modal-michael-eger\" class=\"futureworks-speakers-grid__trigger js-modal\"><span class=\"screen-reader-text\">Partner<\/span><\/button>\n\t\t\t\t\t<div class=\"portrait has-futureworks-2025-blue-background-color\">\n\t\t\t\t\t\t\t\t\t\t\t\t<div class=\"portrait-inner has-futureworks-2025-ink-blue-background-color\" style=\"background-image: url('https:\/\/www.indeedevents.com\/de-de\/wp-content\/uploads\/sites\/26\/2025\/06\/michael-eger-cut-shadow-600x600.png)');\"><\/div>\n\t\t\t\t\t<\/div>\n\t\t\t\t\t<div class=\"futureworks-speakers-grid__info\">\n\t\t\t\t\t\t<h4 class=\"wp-block-heading\">Michael Eger<\/h4>\n\t\t\t\t\t\t\t\t\t\t\t\t\t<p>Partner<\/p>\n\t\t\t\t\t\t\t\t\t\t\t\t\t\t\t\t\t\t\t<p>Mercer<\/p>\n\t\t\t\t\t\t\t\t\t\t\t<\/div>\n\t\t\t\t<\/div>\n\t\t\t\t\t\t\t\t<div class=\"futureworks-speakers-grid__item\">\n\t\t\t\t\t<button data-target=\"modal-stephanie-bergmann\" class=\"futureworks-speakers-grid__trigger js-modal\"><span class=\"screen-reader-text\">Senior HR Consultant<\/span><\/button>\n\t\t\t\t\t<div class=\"portrait has-futureworks-2025-ink-blue-background-color\">\n\t\t\t\t\t\t\t\t\t\t\t\t<div class=\"portrait-inner has-futureworks-2025-aqua-background-color\" style=\"background-image: url('https:\/\/www.indeedevents.com\/de-de\/wp-content\/uploads\/sites\/26\/2025\/07\/stephanie-bergmann-cut-shadow-600x600.png)');\"><\/div>\n\t\t\t\t\t<\/div>\n\t\t\t\t\t<div class=\"futureworks-speakers-grid__info\">\n\t\t\t\t\t\t<h4 class=\"wp-block-heading\">Stephanie Bergmann<\/h4>\n\t\t\t\t\t\t\t\t\t\t\t\t\t<p>Senior HR Consultant<\/p>\n\t\t\t\t\t\t\t\t\t\t\t\t\t\t\t\t\t\t\t<p>Lidl Stiftung<\/p>\n\t\t\t\t\t\t\t\t\t\t\t<\/div>\n\t\t\t\t<\/div>\n\t\t\t\t\t\t\t\t<div class=\"futureworks-speakers-grid__item\">\n\t\t\t\t\t<button data-target=\"modal-christine-thoma\" class=\"futureworks-speakers-grid__trigger js-modal\"><span class=\"screen-reader-text\">Bereichsleiterin \/ Director People &amp; Corporate Culture<\/span><\/button>\n\t\t\t\t\t<div class=\"portrait has-futureworks-2025-brand-blue-background-color\">\n\t\t\t\t\t\t\t\t\t\t\t\t<div class=\"portrait-inner has-futureworks-2025-blue-background-color\" style=\"background-image: url('https:\/\/www.indeedevents.com\/de-de\/wp-content\/uploads\/sites\/26\/2025\/07\/christine-thoma-cut-shadow-600x600.png)');\"><\/div>\n\t\t\t\t\t<\/div>\n\t\t\t\t\t<div class=\"futureworks-speakers-grid__info\">\n\t\t\t\t\t\t<h4 class=\"wp-block-heading\">Christine Thoma<\/h4>\n\t\t\t\t\t\t\t\t\t\t\t\t\t<p>Bereichsleiterin \/ Director People &amp; Corporate Culture<\/p>\n\t\t\t\t\t\t\t\t\t\t\t\t\t\t\t\t\t\t\t<p>Eintracht Frankfurt<\/p>\n\t\t\t\t\t\t\t\t\t\t\t<\/div>\n\t\t\t\t<\/div>\n\t\t\t\t\t\t\t\t<div class=\"futureworks-speakers-grid__item\">\n\t\t\t\t\t<button data-target=\"modal-bjoern-boldt\" class=\"futureworks-speakers-grid__trigger js-modal\"><span class=\"screen-reader-text\">Head of Recruiting &amp; Employer Branding<\/span><\/button>\n\t\t\t\t\t<div class=\"portrait has-futureworks-2025-blue-background-color\">\n\t\t\t\t\t\t\t\t\t\t\t\t<div class=\"portrait-inner has-futureworks-2025-aqua-background-color\" style=\"background-image: url('https:\/\/www.indeedevents.com\/de-de\/wp-content\/uploads\/sites\/26\/2025\/07\/bjoern-boldt-cut-shadow-600x600.png)');\"><\/div>\n\t\t\t\t\t<\/div>\n\t\t\t\t\t<div class=\"futureworks-speakers-grid__info\">\n\t\t\t\t\t\t<h4 class=\"wp-block-heading\">Bj\u00f6rn Boldt<\/h4>\n\t\t\t\t\t\t\t\t\t\t\t\t\t<p>Head of Recruiting &amp; Employer Branding<\/p>\n\t\t\t\t\t\t\t\t\t\t\t\t\t\t\t\t\t\t\t<p>Enertrag<\/p>\n\t\t\t\t\t\t\t\t\t\t\t<\/div>\n\t\t\t\t<\/div>\n\t\t\t\t\t\t\t\t<div class=\"futureworks-speakers-grid__item\">\n\t\t\t\t\t<button data-target=\"modal-julia-beil\" class=\"futureworks-speakers-grid__trigger js-modal\"><span class=\"screen-reader-text\">Teamleiterin Management<\/span><\/button>\n\t\t\t\t\t<div class=\"portrait has-futureworks-2025-brand-blue-background-color\">\n\t\t\t\t\t\t\t\t\t\t\t\t<div class=\"portrait-inner has-futureworks-2025-blue-background-color\" style=\"background-image: url('https:\/\/www.indeedevents.com\/de-de\/wp-content\/uploads\/sites\/26\/2025\/07\/julia-beil-cut-shadow-600x600.png)');\"><\/div>\n\t\t\t\t\t<\/div>\n\t\t\t\t\t<div class=\"futureworks-speakers-grid__info\">\n\t\t\t\t\t\t<h4 class=\"wp-block-heading\">Julia Beil<\/h4>\n\t\t\t\t\t\t\t\t\t\t\t\t\t<p>Teamleiterin Management<\/p>\n\t\t\t\t\t\t\t\t\t\t\t\t\t\t\t\t\t\t\t<p>Handelsblatt<\/p>\n\t\t\t\t\t\t\t\t\t\t\t<\/div>\n\t\t\t\t<\/div>\n\t\t\t\t\t\t\t\t<div class=\"futureworks-speakers-grid__item\">\n\t\t\t\t\t<button data-target=\"modal-marcel-ruetten\" class=\"futureworks-speakers-grid__trigger js-modal\"><span class=\"screen-reader-text\">Gr\u00fcnder &amp; Gesch\u00e4ftsf\u00fchrer<\/span><\/button>\n\t\t\t\t\t<div class=\"portrait has-futureworks-2025-aqua-background-color\">\n\t\t\t\t\t\t\t\t\t\t\t\t<div class=\"portrait-inner has-futureworks-2025-ink-blue-background-color\" style=\"background-image: url('https:\/\/www.indeedevents.com\/de-de\/wp-content\/uploads\/sites\/26\/2025\/07\/marcel-rutten-cut-shadow-600x600.png)');\"><\/div>\n\t\t\t\t\t<\/div>\n\t\t\t\t\t<div class=\"futureworks-speakers-grid__info\">\n\t\t\t\t\t\t<h4 class=\"wp-block-heading\">Marcel R\u00fctten<\/h4>\n\t\t\t\t\t\t\t\t\t\t\t\t\t<p>Gr\u00fcnder &amp; Gesch\u00e4ftsf\u00fchrer<\/p>\n\t\t\t\t\t\t\t\t\t\t\t\t\t\t\t\t\t\t\t<p>HR4Good<\/p>\n\t\t\t\t\t\t\t\t\t\t\t<\/div>\n\t\t\t\t<\/div>\n\t\t\t\t\t\t\t\t<div class=\"futureworks-speakers-grid__item\">\n\t\t\t\t\t<button data-target=\"modal-clara-loesel\" class=\"futureworks-speakers-grid__trigger js-modal\"><span class=\"screen-reader-text\">Poetry Artist<\/span><\/button>\n\t\t\t\t\t<div class=\"portrait has-futureworks-2025-ink-blue-background-color\">\n\t\t\t\t\t\t\t\t\t\t\t\t<div class=\"portrait-inner has-futureworks-2025-blue-background-color\" style=\"background-image: url('https:\/\/www.indeedevents.com\/de-de\/wp-content\/uploads\/sites\/26\/2025\/06\/clara-loesel-cut-shadow-600x600.png)');\"><\/div>\n\t\t\t\t\t<\/div>\n\t\t\t\t\t<div class=\"futureworks-speakers-grid__info\">\n\t\t\t\t\t\t<h4 class=\"wp-block-heading\">Clara L\u00f6sel<\/h4>\n\t\t\t\t\t\t\t\t\t\t\t\t\t<p>Poetry Artist<\/p>\n\t\t\t\t\t\t\t\t\t\t\t\t\t\t\t\t\t<\/div>\n\t\t\t\t<\/div>\n\t\t\t\t\t\t\t\t<div class=\"futureworks-speakers-grid__item\">\n\t\t\t\t\t<button data-target=\"modal-bastian-quentmeier\" class=\"futureworks-speakers-grid__trigger js-modal\"><span class=\"screen-reader-text\">Leiter Scouting &amp; Datenanalyse<\/span><\/button>\n\t\t\t\t\t<div class=\"portrait has-futureworks-2025-blue-background-color\">\n\t\t\t\t\t\t\t\t\t\t\t\t<div class=\"portrait-inner has-futureworks-2025-brand-blue-background-color\" style=\"background-image: url('https:\/\/www.indeedevents.com\/de-de\/wp-content\/uploads\/sites\/26\/2025\/07\/bastian-quentmeier-cut-shadow-600x600.png)');\"><\/div>\n\t\t\t\t\t<\/div>\n\t\t\t\t\t<div class=\"futureworks-speakers-grid__info\">\n\t\t\t\t\t\t<h4 class=\"wp-block-heading\">Bastian Quentmeier<\/h4>\n\t\t\t\t\t\t\t\t\t\t\t\t\t<p>Leiter Scouting &amp; Datenanalyse<\/p>\n\t\t\t\t\t\t\t\t\t\t\t\t\t\t\t\t\t\t\t<p>Eintracht Frankfurt<\/p>\n\t\t\t\t\t\t\t\t\t\t\t<\/div>\n\t\t\t\t<\/div>\n\t\t\t\t\t\t\t\t<div class=\"futureworks-speakers-grid__item\">\n\t\t\t\t\t<button data-target=\"modal-dr-annina-hering\" class=\"futureworks-speakers-grid__trigger js-modal\"><span class=\"screen-reader-text\">Senior Economist<\/span><\/button>\n\t\t\t\t\t<div class=\"portrait has-futureworks-2025-brand-blue-background-color\">\n\t\t\t\t\t\t\t\t\t\t\t\t<div class=\"portrait-inner has-futureworks-2025-aqua-background-color\" style=\"background-image: url('https:\/\/www.indeedevents.com\/de-de\/wp-content\/uploads\/sites\/26\/2025\/07\/Annina-Hering-2024-cut-shadow-600x600.png)');\"><\/div>\n\t\t\t\t\t<\/div>\n\t\t\t\t\t<div class=\"futureworks-speakers-grid__info\">\n\t\t\t\t\t\t<h4 class=\"wp-block-heading\">Dr. Annina Hering<\/h4>\n\t\t\t\t\t\t\t\t\t\t\t\t\t<p>Senior Economist<\/p>\n\t\t\t\t\t\t\t\t\t\t\t\t\t\t\t\t\t\t\t<p>Indeed<\/p>\n\t\t\t\t\t\t\t\t\t\t\t<\/div>\n\t\t\t\t<\/div>\n\t\t\t\t\t\t\t\t<div class=\"futureworks-speakers-grid__item\">\n\t\t\t\t\t<button data-target=\"modal-frank-hensgens\" class=\"futureworks-speakers-grid__trigger js-modal\"><span class=\"screen-reader-text\">Gesch\u00e4ftsf\u00fchrer DACH<\/span><\/button>\n\t\t\t\t\t<div class=\"portrait has-futureworks-2025-aqua-background-color\">\n\t\t\t\t\t\t\t\t\t\t\t\t<div class=\"portrait-inner has-futureworks-2025-blue-background-color\" style=\"background-image: url('https:\/\/www.indeedevents.com\/de-de\/wp-content\/uploads\/sites\/26\/2025\/07\/Frank-Hensgens-cut-shadow-600x600.png)');\"><\/div>\n\t\t\t\t\t<\/div>\n\t\t\t\t\t<div class=\"futureworks-speakers-grid__info\">\n\t\t\t\t\t\t<h4 class=\"wp-block-heading\">Frank Hensgens<\/h4>\n\t\t\t\t\t\t\t\t\t\t\t\t\t<p>Gesch\u00e4ftsf\u00fchrer DACH<\/p>\n\t\t\t\t\t\t\t\t\t\t\t\t\t\t\t\t\t\t\t<p>Indeed<\/p>\n\t\t\t\t\t\t\t\t\t\t\t<\/div>\n\t\t\t\t<\/div>\n\t\t\t\t\t\t\t\t<div class=\"futureworks-speakers-grid__item\">\n\t\t\t\t\t<button data-target=\"modal-ute-neher\" class=\"futureworks-speakers-grid__trigger js-modal\"><span class=\"screen-reader-text\">Principal Talent Intelligence<\/span><\/button>\n\t\t\t\t\t<div class=\"portrait has-futureworks-2025-blue-background-color\">\n\t\t\t\t\t\t\t\t\t\t\t\t<div class=\"portrait-inner has-futureworks-2025-ink-blue-background-color\" style=\"background-image: url('https:\/\/www.indeedevents.com\/de-de\/wp-content\/uploads\/sites\/26\/2025\/06\/ute-neher-cut-shadow-02-600x600.png)');\"><\/div>\n\t\t\t\t\t<\/div>\n\t\t\t\t\t<div class=\"futureworks-speakers-grid__info\">\n\t\t\t\t\t\t<h4 class=\"wp-block-heading\">Ute Neher<\/h4>\n\t\t\t\t\t\t\t\t\t\t\t\t\t<p>Principal Talent Intelligence<\/p>\n\t\t\t\t\t\t\t\t\t\t\t\t\t\t\t\t\t\t\t<p>Indeed<\/p>\n\t\t\t\t\t\t\t\t\t\t\t<\/div>\n\t\t\t\t<\/div>\n\t\t\t\t\t\t\t\t<div class=\"futureworks-speakers-grid__item\">\n\t\t\t\t\t<button data-target=\"modal-tim-verhoeven\" class=\"futureworks-speakers-grid__trigger js-modal\"><span class=\"screen-reader-text\">Senior Manager Talent Intelligence<\/span><\/button>\n\t\t\t\t\t<div class=\"portrait has-futureworks-2025-ink-blue-background-color\">\n\t\t\t\t\t\t\t\t\t\t\t\t<div class=\"portrait-inner has-futureworks-2025-aqua-background-color\" style=\"background-image: url('https:\/\/www.indeedevents.com\/de-de\/wp-content\/uploads\/sites\/26\/2025\/07\/tim-verhoeven-cut-shadow-600x600.png)');\"><\/div>\n\t\t\t\t\t<\/div>\n\t\t\t\t\t<div class=\"futureworks-speakers-grid__info\">\n\t\t\t\t\t\t<h4 class=\"wp-block-heading\">Tim Verhoeven<\/h4>\n\t\t\t\t\t\t\t\t\t\t\t\t\t<p>Senior Manager Talent Intelligence<\/p>\n\t\t\t\t\t\t\t\t\t\t\t\t\t\t\t\t\t\t\t<p>Indeed<\/p>\n\t\t\t\t\t\t\t\t\t\t\t<\/div>\n\t\t\t\t<\/div>\n\t\t\t\t\t\t\t\t<div class=\"futureworks-speakers-grid__item\">\n\t\t\t\t\t<button data-target=\"modal-dr-virginia-sondergeld\" class=\"futureworks-speakers-grid__trigger js-modal\"><span class=\"screen-reader-text\">Economist<\/span><\/button>\n\t\t\t\t\t<div class=\"portrait has-futureworks-2025-brand-blue-background-color\">\n\t\t\t\t\t\t\t\t\t\t\t\t<div class=\"portrait-inner has-futureworks-2025-blue-background-color\" style=\"background-image: url('https:\/\/www.indeedevents.com\/de-de\/wp-content\/uploads\/sites\/26\/2025\/06\/Virginia-Sondergeld-cut-shadow02-600x600.png)');\"><\/div>\n\t\t\t\t\t<\/div>\n\t\t\t\t\t<div class=\"futureworks-speakers-grid__info\">\n\t\t\t\t\t\t<h4 class=\"wp-block-heading\">Dr. Virginia Sondergeld<\/h4>\n\t\t\t\t\t\t\t\t\t\t\t\t\t<p>Economist<\/p>\n\t\t\t\t\t\t\t\t\t\t\t\t\t\t\t\t\t\t\t<p>Indeed<\/p>\n\t\t\t\t\t\t\t\t\t\t\t<\/div>\n\t\t\t\t<\/div>\n\t\t\t\t\t\t\t\t<div class=\"futureworks-speakers-grid__item\">\n\t\t\t\t\t<button data-target=\"modal-daniel-wahlen\" class=\"futureworks-speakers-grid__trigger js-modal\"><span class=\"screen-reader-text\">Senior Director Global Enterprise Marketing<\/span><\/button>\n\t\t\t\t\t<div class=\"portrait has-futureworks-2025-blue-background-color\">\n\t\t\t\t\t\t\t\t\t\t\t\t<div class=\"portrait-inner has-futureworks-2025-aqua-background-color\" style=\"background-image: url('https:\/\/www.indeedevents.com\/de-de\/wp-content\/uploads\/sites\/26\/2025\/07\/daniel-wahlen-cut-shadow-600x600.png)');\"><\/div>\n\t\t\t\t\t<\/div>\n\t\t\t\t\t<div class=\"futureworks-speakers-grid__info\">\n\t\t\t\t\t\t<h4 class=\"wp-block-heading\">Daniel Wahlen<\/h4>\n\t\t\t\t\t\t\t\t\t\t\t\t\t<p>Senior Director Global Enterprise Marketing<\/p>\n\t\t\t\t\t\t\t\t\t\t\t\t\t\t\t\t\t\t\t<p>Indeed<\/p>\n\t\t\t\t\t\t\t\t\t\t\t<\/div>\n\t\t\t\t<\/div>\n\t\t\t\t\t\t\t\t<div class=\"futureworks-speakers-grid__item\">\n\t\t\t\t\t<button data-target=\"modal-maryam-danesh-kajouri\" class=\"futureworks-speakers-grid__trigger js-modal\"><span class=\"screen-reader-text\">Team Lead B2B Marketing DACH<\/span><\/button>\n\t\t\t\t\t<div class=\"portrait has-futureworks-2025-brand-blue-background-color\">\n\t\t\t\t\t\t\t\t\t\t\t\t<div class=\"portrait-inner has-futureworks-2025-blue-background-color\" style=\"background-image: url('https:\/\/www.indeedevents.com\/de-de\/wp-content\/uploads\/sites\/26\/2025\/06\/maryam-danesh-kajouri-cut-shadow-02-600x600.png)');\"><\/div>\n\t\t\t\t\t<\/div>\n\t\t\t\t\t<div class=\"futureworks-speakers-grid__info\">\n\t\t\t\t\t\t<h4 class=\"wp-block-heading\">Maryam Danesh Kajouri<\/h4>\n\t\t\t\t\t\t\t\t\t\t\t\t\t<p>Team Lead B2B Marketing DACH<\/p>\n\t\t\t\t\t\t\t\t\t\t\t\t\t\t\t\t\t\t\t<p>Indeed<\/p>\n\t\t\t\t\t\t\t\t\t\t\t<\/div>\n\t\t\t\t<\/div>\n\t\t\t\t\t\t\t\t<div class=\"futureworks-speakers-grid__item\">\n\t\t\t\t\t<button data-target=\"modal-andreas-welling\" class=\"futureworks-speakers-grid__trigger js-modal\"><span class=\"screen-reader-text\">Lead Country Marketing DACH<\/span><\/button>\n\t\t\t\t\t<div class=\"portrait has-futureworks-2025-aqua-background-color\">\n\t\t\t\t\t\t\t\t\t\t\t\t<div class=\"portrait-inner has-futureworks-2025-ink-blue-background-color\" style=\"background-image: url('https:\/\/www.indeedevents.com\/de-de\/wp-content\/uploads\/sites\/26\/2025\/06\/andreas-welling-cut-shadow-600x600.png)');\"><\/div>\n\t\t\t\t\t<\/div>\n\t\t\t\t\t<div class=\"futureworks-speakers-grid__info\">\n\t\t\t\t\t\t<h4 class=\"wp-block-heading\">Andreas Welling<\/h4>\n\t\t\t\t\t\t\t\t\t\t\t\t\t<p>Lead Country Marketing DACH<\/p>\n\t\t\t\t\t\t\t\t\t\t\t\t\t\t\t\t\t\t\t<p>Indeed<\/p>\n\t\t\t\t\t\t\t\t\t\t\t<\/div>\n\t\t\t\t<\/div>\n\t\t\t\t\t\t\t\t<div class=\"futureworks-speakers-grid__item\">\n\t\t\t\t\t<button data-target=\"modal-alissa-mensah\" class=\"futureworks-speakers-grid__trigger js-modal\"><span class=\"screen-reader-text\">Global Client Strategist<\/span><\/button>\n\t\t\t\t\t<div class=\"portrait has-futureworks-2025-ink-blue-background-color\">\n\t\t\t\t\t\t\t\t\t\t\t\t<div class=\"portrait-inner has-futureworks-2025-blue-background-color\" style=\"background-image: url('https:\/\/www.indeedevents.com\/de-de\/wp-content\/uploads\/sites\/26\/2025\/06\/Alissa-mensah-cut-shadow-02-600x600.png)');\"><\/div>\n\t\t\t\t\t<\/div>\n\t\t\t\t\t<div class=\"futureworks-speakers-grid__info\">\n\t\t\t\t\t\t<h4 class=\"wp-block-heading\">Alissa Mensah<\/h4>\n\t\t\t\t\t\t\t\t\t\t\t\t\t<p>Global Client Strategist<\/p>\n\t\t\t\t\t\t\t\t\t\t\t\t\t\t\t\t\t\t\t<p>Indeed<\/p>\n\t\t\t\t\t\t\t\t\t\t\t<\/div>\n\t\t\t\t<\/div>\n\t\t\t\t\t\t\t\t<div class=\"futureworks-speakers-grid__item\">\n\t\t\t\t\t<button data-target=\"modal-hannes-klug\" class=\"futureworks-speakers-grid__trigger js-modal\"><span class=\"screen-reader-text\">Senior Product Marketing Manager<\/span><\/button>\n\t\t\t\t\t<div class=\"portrait has-futureworks-2025-blue-background-color\">\n\t\t\t\t\t\t\t\t\t\t\t\t<div class=\"portrait-inner has-futureworks-2025-brand-blue-background-color\" style=\"background-image: url('https:\/\/www.indeedevents.com\/de-de\/wp-content\/uploads\/sites\/26\/2025\/06\/Hannes-Klug-cut-shadow-600x600.png)');\"><\/div>\n\t\t\t\t\t<\/div>\n\t\t\t\t\t<div class=\"futureworks-speakers-grid__info\">\n\t\t\t\t\t\t<h4 class=\"wp-block-heading\">Hannes Klug<\/h4>\n\t\t\t\t\t\t\t\t\t\t\t\t\t<p>Senior Product Marketing Manager<\/p>\n\t\t\t\t\t\t\t\t\t\t\t\t\t\t\t\t\t\t\t<p>Indeed<\/p>\n\t\t\t\t\t\t\t\t\t\t\t<\/div>\n\t\t\t\t<\/div>\n\t\t\t\t\t<\/div>\n\t\t\t\t<div id=\"modal-prof-dr-yasmin-weiss\" class=\"modal\">\n\t\t\t\t<div class=\"modal-overlay\"><\/div>\n\t\t\t\t<div class=\"modal-content\">\n\t\t\t\t\t<div class=\"modal-header\">\n\t\t\t\t\t\t<a href=\"#\" class=\"js-modal-close\">\n\t\t\t\t\t\t\t<span class=\"screen-reader-text\">Close overlay.<\/span>\n\t\t\t\t\t\t\t<svg xmlns=\"http:\/\/www.w3.org\/2000\/svg\" viewBox=\"0 0 384 512\">\n\t\t\t\t\t\t\t\t<path fill=\"#ffffff\" d=\"M342.6 150.6c12.5-12.5 12.5-32.8 0-45.3s-32.8-12.5-45.3 0L192 210.7 86.6 105.4c-12.5-12.5-32.8-12.5-45.3 0s-12.5 32.8 0 45.3L146.7 256 41.4 361.4c-12.5 12.5-12.5 32.8 0 45.3s32.8 12.5 45.3 0L192 301.3 297.4 406.6c12.5 12.5 32.8 12.5 45.3 0s12.5-32.8 0-45.3L237.3 256 342.6 150.6z\"\/>\n\t\t\t\t\t\t\t<\/svg>\n\t\t\t\t\t\t<\/a>\n\t\t\t\t\t<\/div>\n\t\t\t\t\t<div class=\"modal-content__row\">\n\t\t\t\t\t\t<div class=\"modal-content__image portrait\">\n\t\t\t\t\t\t\t\t\t\t\t\t\t\t<div class=\"portrait-inner\" style=\"background-image: url('https:\/\/www.indeedevents.com\/de-de\/wp-content\/uploads\/sites\/26\/2025\/06\/Yasmin-Weiss-cut-shadow-600x600.png)');\"><\/div>\n\t\t\t\t\t\t<\/div>\n\t\t\t\t\t\t<div class=\"modal-content__bio\">\n\t\t\t\t\t\t\t<h4>Prof. Dr. Yasmin Wei\u00df<\/h4>\n\t\t\t\t\t\t\t\t\t\t\t\t\t\t\t<p class=\"speaker-title\">Professorin, AI Expert, Aufsichtsr\u00e4tin<\/p>\n\t\t\t\t\t\t\t\t\t\t\t\t\t\t\t\t\t\t\t\t\t<p>Prof. Dr. Yasmin Wei\u00df lehrt und forscht seit 2011 an der Technischen Hochschule N\u00fcrnberg und untersucht, wie k\u00fcnstliche Intelligenz die Arbeitswelt ver\u00e4ndert und was die wichtigsten Future Skills sind. Sie studierte Betriebswirtschaft an der Universit\u00e4t Eichst\u00e4tt-Ingolstadt und an der Ecole Sup\u00e9rieure de Commerce in Nizza. Nach ihrer Promotion startete sie ihre Karriere in den Unternehmen Accenture und BMW Group, heute ist sie mehrfache Aufsichts- und Beir\u00e4tin. Yasmin Wei\u00df ist Keynote-Speakerin und Autorin mehrerer B\u00fccher, darunter \u201eWeltbeste Bildung. Wie wir unsere digitale Zukunft sichern\u201c.<\/p>\n\t\t\t\t\t\t<\/div>\n\t\t\t\t\t<\/div>\n\t\t\t\t<\/div>\n\t\t\t<\/div>\n\t\t\t\t\t\t<div id=\"modal-dr-michael-drass\" class=\"modal\">\n\t\t\t\t<div class=\"modal-overlay\"><\/div>\n\t\t\t\t<div class=\"modal-content\">\n\t\t\t\t\t<div class=\"modal-header\">\n\t\t\t\t\t\t<a href=\"#\" class=\"js-modal-close\">\n\t\t\t\t\t\t\t<span class=\"screen-reader-text\">Close overlay.<\/span>\n\t\t\t\t\t\t\t<svg xmlns=\"http:\/\/www.w3.org\/2000\/svg\" viewBox=\"0 0 384 512\">\n\t\t\t\t\t\t\t\t<path fill=\"#ffffff\" d=\"M342.6 150.6c12.5-12.5 12.5-32.8 0-45.3s-32.8-12.5-45.3 0L192 210.7 86.6 105.4c-12.5-12.5-32.8-12.5-45.3 0s-12.5 32.8 0 45.3L146.7 256 41.4 361.4c-12.5 12.5-12.5 32.8 0 45.3s32.8 12.5 45.3 0L192 301.3 297.4 406.6c12.5 12.5 32.8 12.5 45.3 0s12.5-32.8 0-45.3L237.3 256 342.6 150.6z\"\/>\n\t\t\t\t\t\t\t<\/svg>\n\t\t\t\t\t\t<\/a>\n\t\t\t\t\t<\/div>\n\t\t\t\t\t<div class=\"modal-content__row\">\n\t\t\t\t\t\t<div class=\"modal-content__image portrait\">\n\t\t\t\t\t\t\t\t\t\t\t\t\t\t<div class=\"portrait-inner\" style=\"background-image: url('https:\/\/www.indeedevents.com\/de-de\/wp-content\/uploads\/sites\/26\/2025\/06\/Michael-Drass-cut-shadow-600x600.png)');\"><\/div>\n\t\t\t\t\t\t<\/div>\n\t\t\t\t\t\t<div class=\"modal-content__bio\">\n\t\t\t\t\t\t\t<h4>Dr. Michael Drass<\/h4>\n\t\t\t\t\t\t\t\t\t\t\t\t\t\t\t<p class=\"speaker-title\">Chief AI Officer<\/p>\n\t\t\t\t\t\t\t\t\t\t\t\t\t\t\t\t\t\t\t\t\t\t<p class=\"speaker-company\">Deutsche Bahn AG<\/p>\n\t\t\t\t\t\t\t\t\t\t\t\t\t\t<p>Michael Drass ist ein strategischer KI-Executive mit nachgewiesener Erfahrung in der unternehmensweiten Transformation. Als Chief AI Officer der Deutschen Bahn verantwortet er die konzernweite KI-Strategie, sorgt f\u00fcr deren Ausrichtung an den Gesch\u00e4ftszielen und etabliert skalierbare Plattforml\u00f6sungen. Mit seiner Expertise als End-to-End Delivery Leader hat er zahlreiche KI- und Datenprojekte von der Idee bis zur Einf\u00fchrung erfolgreich umgesetzt und so Innovation und Wirkung im Konzern nachhaltig vorangetrieben.<\/p>\n\t\t\t\t\t\t<\/div>\n\t\t\t\t\t<\/div>\n\t\t\t\t<\/div>\n\t\t\t<\/div>\n\t\t\t\t\t\t<div id=\"modal-kenza-ait-si-abbou-lyadini\" class=\"modal\">\n\t\t\t\t<div class=\"modal-overlay\"><\/div>\n\t\t\t\t<div class=\"modal-content\">\n\t\t\t\t\t<div class=\"modal-header\">\n\t\t\t\t\t\t<a href=\"#\" class=\"js-modal-close\">\n\t\t\t\t\t\t\t<span class=\"screen-reader-text\">Close overlay.<\/span>\n\t\t\t\t\t\t\t<svg xmlns=\"http:\/\/www.w3.org\/2000\/svg\" viewBox=\"0 0 384 512\">\n\t\t\t\t\t\t\t\t<path fill=\"#ffffff\" d=\"M342.6 150.6c12.5-12.5 12.5-32.8 0-45.3s-32.8-12.5-45.3 0L192 210.7 86.6 105.4c-12.5-12.5-32.8-12.5-45.3 0s-12.5 32.8 0 45.3L146.7 256 41.4 361.4c-12.5 12.5-12.5 32.8 0 45.3s32.8 12.5 45.3 0L192 301.3 297.4 406.6c12.5 12.5 32.8 12.5 45.3 0s12.5-32.8 0-45.3L237.3 256 342.6 150.6z\"\/>\n\t\t\t\t\t\t\t<\/svg>\n\t\t\t\t\t\t<\/a>\n\t\t\t\t\t<\/div>\n\t\t\t\t\t<div class=\"modal-content__row\">\n\t\t\t\t\t\t<div class=\"modal-content__image portrait\">\n\t\t\t\t\t\t\t\t\t\t\t\t\t\t<div class=\"portrait-inner\" style=\"background-image: url('https:\/\/www.indeedevents.com\/de-de\/wp-content\/uploads\/sites\/26\/2025\/06\/kenza-ait-si-abbou-cut-shadow-600x600.png)');\"><\/div>\n\t\t\t\t\t\t<\/div>\n\t\t\t\t\t\t<div class=\"modal-content__bio\">\n\t\t\t\t\t\t\t<h4>Kenza Ait Si Abbou Lyadini<\/h4>\n\t\t\t\t\t\t\t\t\t\t\t\t\t\t\t<p class=\"speaker-title\">AI Expert, Founder &amp; CEO<\/p>\n\t\t\t\t\t\t\t\t\t\t\t\t\t\t\t\t\t\t\t\t\t\t<p class=\"speaker-company\">Scailers GmbH<\/p>\n\t\t\t\t\t\t\t\t\t\t\t\t\t\t<p>Kenza Ait Si Abbou Lyadini ist eine mehrfach ausgezeichnete Expertin und Beraterin f\u00fcr K\u00fcnstliche Intelligenz. Sie studierte Elektrotechnik und Wirtschaftsingenieurwesen in Spanien und Berlin, sammelte u.a. in China internationale Erfahrung und war CTO bei Fiege. Ihr Fokus liegt auf der Umsetzung und Skalierung von KI in Unternehmen. 2020  wurde sie von Capital zu den Top 40 unter 40 gew\u00e4hlt und feiert auch als Buchautorin gro\u00dfen Erfolg. In ihren Vortr\u00e4gen und Workshops erl\u00e4utert sie die Bedeutung von Kulturwandel und Leadership f\u00fcr digitale Transformationsprozesse.<\/p>\n\t\t\t\t\t\t<\/div>\n\t\t\t\t\t<\/div>\n\t\t\t\t<\/div>\n\t\t\t<\/div>\n\t\t\t\t\t\t<div id=\"modal-dr-fabian-stephany\" class=\"modal\">\n\t\t\t\t<div class=\"modal-overlay\"><\/div>\n\t\t\t\t<div class=\"modal-content\">\n\t\t\t\t\t<div class=\"modal-header\">\n\t\t\t\t\t\t<a href=\"#\" class=\"js-modal-close\">\n\t\t\t\t\t\t\t<span class=\"screen-reader-text\">Close overlay.<\/span>\n\t\t\t\t\t\t\t<svg xmlns=\"http:\/\/www.w3.org\/2000\/svg\" viewBox=\"0 0 384 512\">\n\t\t\t\t\t\t\t\t<path fill=\"#ffffff\" d=\"M342.6 150.6c12.5-12.5 12.5-32.8 0-45.3s-32.8-12.5-45.3 0L192 210.7 86.6 105.4c-12.5-12.5-32.8-12.5-45.3 0s-12.5 32.8 0 45.3L146.7 256 41.4 361.4c-12.5 12.5-12.5 32.8 0 45.3s32.8 12.5 45.3 0L192 301.3 297.4 406.6c12.5 12.5 32.8 12.5 45.3 0s12.5-32.8 0-45.3L237.3 256 342.6 150.6z\"\/>\n\t\t\t\t\t\t\t<\/svg>\n\t\t\t\t\t\t<\/a>\n\t\t\t\t\t<\/div>\n\t\t\t\t\t<div class=\"modal-content__row\">\n\t\t\t\t\t\t<div class=\"modal-content__image portrait\">\n\t\t\t\t\t\t\t\t\t\t\t\t\t\t<div class=\"portrait-inner\" style=\"background-image: url('https:\/\/www.indeedevents.com\/de-de\/wp-content\/uploads\/sites\/26\/2025\/07\/fabian-stephany-cut-shadow-600x600.png)');\"><\/div>\n\t\t\t\t\t\t<\/div>\n\t\t\t\t\t\t<div class=\"modal-content__bio\">\n\t\t\t\t\t\t\t<h4>Dr. Fabian Stephany<\/h4>\n\t\t\t\t\t\t\t\t\t\t\t\t\t\t\t<p class=\"speaker-title\">Dozent f\u00fcr KI und Arbeit<\/p>\n\t\t\t\t\t\t\t\t\t\t\t\t\t\t\t\t\t\t\t\t\t\t<p class=\"speaker-company\">Universit\u00e4t Oxford<\/p>\n\t\t\t\t\t\t\t\t\t\t\t\t\t\t<p>Fabian Stephany ist Dozent f\u00fcr KI und Arbeit an der Universit\u00e4t Oxford. Au\u00dferdem ist er Senior Research Fellow am Oxford Martin School, Fellow beim Think Tank Bruegel, Microsofts AI Economy Institute, dem Humboldt Institut f\u00fcr Internet und Gesellschaft in Berlin sowie Mitglied im Global Future Council des Weltwirtschaftsforums. Fabian leitet das SkillScale-Projekt, das die Rolle von Kompetenzen im technologischen Wandel der Arbeitswelt untersucht, insbesondere den wachsenden Einfluss von KI-F\u00e4higkeiten. Seine Forschung wird in f\u00fchrenden Fachzeitschriften publiziert und international medial rezipiert.<\/p>\n\t\t\t\t\t\t<\/div>\n\t\t\t\t\t<\/div>\n\t\t\t\t<\/div>\n\t\t\t<\/div>\n\t\t\t\t\t\t<div id=\"modal-dr-claudia-salomon\" class=\"modal\">\n\t\t\t\t<div class=\"modal-overlay\"><\/div>\n\t\t\t\t<div class=\"modal-content\">\n\t\t\t\t\t<div class=\"modal-header\">\n\t\t\t\t\t\t<a href=\"#\" class=\"js-modal-close\">\n\t\t\t\t\t\t\t<span class=\"screen-reader-text\">Close overlay.<\/span>\n\t\t\t\t\t\t\t<svg xmlns=\"http:\/\/www.w3.org\/2000\/svg\" viewBox=\"0 0 384 512\">\n\t\t\t\t\t\t\t\t<path fill=\"#ffffff\" d=\"M342.6 150.6c12.5-12.5 12.5-32.8 0-45.3s-32.8-12.5-45.3 0L192 210.7 86.6 105.4c-12.5-12.5-32.8-12.5-45.3 0s-12.5 32.8 0 45.3L146.7 256 41.4 361.4c-12.5 12.5-12.5 32.8 0 45.3s32.8 12.5 45.3 0L192 301.3 297.4 406.6c12.5 12.5 32.8 12.5 45.3 0s12.5-32.8 0-45.3L237.3 256 342.6 150.6z\"\/>\n\t\t\t\t\t\t\t<\/svg>\n\t\t\t\t\t\t<\/a>\n\t\t\t\t\t<\/div>\n\t\t\t\t\t<div class=\"modal-content__row\">\n\t\t\t\t\t\t<div class=\"modal-content__image portrait\">\n\t\t\t\t\t\t\t\t\t\t\t\t\t\t<div class=\"portrait-inner\" style=\"background-image: url('https:\/\/www.indeedevents.com\/de-de\/wp-content\/uploads\/sites\/26\/2025\/06\/claudia-salomon-cut-shadow-600x600.png)');\"><\/div>\n\t\t\t\t\t\t<\/div>\n\t\t\t\t\t\t<div class=\"modal-content__bio\">\n\t\t\t\t\t\t\t<h4>Dr. Claudia Salomon<\/h4>\n\t\t\t\t\t\t\t\t\t\t\t\t\t\t\t<p class=\"speaker-title\">CEO und Partner Consultant<\/p>\n\t\t\t\t\t\t\t\t\t\t\t\t\t\t\t\t\t\t\t\t\t\t<p class=\"speaker-company\">HR Tech Consulting GmbH<\/p>\n\t\t\t\t\t\t\t\t\t\t\t\t\t\t<p>Dr. Claudia Salomon denkt HR datenbasiert, strategisch, digital. Als Gr\u00fcnderin von HR Tech Consulting und fr\u00fchere SVP HR Analytics bei T-Systems verbindet sie 20 Jahre Konzernerfahrung mit technologischem Tiefgang. Ihr Fokus: People Analytics, KI und moderne HR-Strategien. Wer HR zukunftsf\u00e4hig machen will, ist bei ihr genau richtig.<\/p>\n\t\t\t\t\t\t<\/div>\n\t\t\t\t\t<\/div>\n\t\t\t\t<\/div>\n\t\t\t<\/div>\n\t\t\t\t\t\t<div id=\"modal-andre-lehmann\" class=\"modal\">\n\t\t\t\t<div class=\"modal-overlay\"><\/div>\n\t\t\t\t<div class=\"modal-content\">\n\t\t\t\t\t<div class=\"modal-header\">\n\t\t\t\t\t\t<a href=\"#\" class=\"js-modal-close\">\n\t\t\t\t\t\t\t<span class=\"screen-reader-text\">Close overlay.<\/span>\n\t\t\t\t\t\t\t<svg xmlns=\"http:\/\/www.w3.org\/2000\/svg\" viewBox=\"0 0 384 512\">\n\t\t\t\t\t\t\t\t<path fill=\"#ffffff\" d=\"M342.6 150.6c12.5-12.5 12.5-32.8 0-45.3s-32.8-12.5-45.3 0L192 210.7 86.6 105.4c-12.5-12.5-32.8-12.5-45.3 0s-12.5 32.8 0 45.3L146.7 256 41.4 361.4c-12.5 12.5-12.5 32.8 0 45.3s32.8 12.5 45.3 0L192 301.3 297.4 406.6c12.5 12.5 32.8 12.5 45.3 0s12.5-32.8 0-45.3L237.3 256 342.6 150.6z\"\/>\n\t\t\t\t\t\t\t<\/svg>\n\t\t\t\t\t\t<\/a>\n\t\t\t\t\t<\/div>\n\t\t\t\t\t<div class=\"modal-content__row\">\n\t\t\t\t\t\t<div class=\"modal-content__image portrait\">\n\t\t\t\t\t\t\t\t\t\t\t\t\t\t<div class=\"portrait-inner\" style=\"background-image: url('https:\/\/www.indeedevents.com\/de-de\/wp-content\/uploads\/sites\/26\/2025\/06\/andre-lehmann-cut-shadow.png)');\"><\/div>\n\t\t\t\t\t\t<\/div>\n\t\t\t\t\t\t<div class=\"modal-content__bio\">\n\t\t\t\t\t\t\t<h4>Andr\u00e9 Lehmann<\/h4>\n\t\t\t\t\t\t\t\t\t\t\t\t\t\t\t<p class=\"speaker-title\">Head of HR and Talent Acquisition<\/p>\n\t\t\t\t\t\t\t\t\t\t\t\t\t\t\t\t\t\t\t\t\t\t<p class=\"speaker-company\">Exxeta AG<\/p>\n\t\t\t\t\t\t\t\t\t\t\t\t\t\t<p>Andr\u00e9 Lehmann verf\u00fcgt \u00fcber mehr als 14 Jahre Erfahrung im Talent Acquisition und Employer Branding. Seine Karriere begann in einer IT-Personalberatung, bevor er viele Jahre lang in einem Automobilkonzern die Bereiche Recruiting und Employer Branding f\u00fcr Technologiet\u00f6chter aufbaute. Derzeit leitet er den gesamten HR-Bereich eines mittelst\u00e4ndischen IT-Consulting-Unternehmens, das KI als Gesch\u00e4ftsmodell nutzt. Sein Fokus liegt auf hoher Automatisierung, besonders im Recruiting, wodurch er durch Eigenentwicklungen und effiziente Marktangebote den Recruitern mehr Raum f\u00fcr strategische Personalakquise erm\u00f6glicht.<\/p>\n\t\t\t\t\t\t<\/div>\n\t\t\t\t\t<\/div>\n\t\t\t\t<\/div>\n\t\t\t<\/div>\n\t\t\t\t\t\t<div id=\"modal-stefanie-wild\" class=\"modal\">\n\t\t\t\t<div class=\"modal-overlay\"><\/div>\n\t\t\t\t<div class=\"modal-content\">\n\t\t\t\t\t<div class=\"modal-header\">\n\t\t\t\t\t\t<a href=\"#\" class=\"js-modal-close\">\n\t\t\t\t\t\t\t<span class=\"screen-reader-text\">Close overlay.<\/span>\n\t\t\t\t\t\t\t<svg xmlns=\"http:\/\/www.w3.org\/2000\/svg\" viewBox=\"0 0 384 512\">\n\t\t\t\t\t\t\t\t<path fill=\"#ffffff\" d=\"M342.6 150.6c12.5-12.5 12.5-32.8 0-45.3s-32.8-12.5-45.3 0L192 210.7 86.6 105.4c-12.5-12.5-32.8-12.5-45.3 0s-12.5 32.8 0 45.3L146.7 256 41.4 361.4c-12.5 12.5-12.5 32.8 0 45.3s32.8 12.5 45.3 0L192 301.3 297.4 406.6c12.5 12.5 32.8 12.5 45.3 0s12.5-32.8 0-45.3L237.3 256 342.6 150.6z\"\/>\n\t\t\t\t\t\t\t<\/svg>\n\t\t\t\t\t\t<\/a>\n\t\t\t\t\t<\/div>\n\t\t\t\t\t<div class=\"modal-content__row\">\n\t\t\t\t\t\t<div class=\"modal-content__image portrait\">\n\t\t\t\t\t\t\t\t\t\t\t\t\t\t<div class=\"portrait-inner\" style=\"background-image: url('https:\/\/www.indeedevents.com\/de-de\/wp-content\/uploads\/sites\/26\/2025\/06\/Stefanie-Wild-cut-shadow-600x600.png)');\"><\/div>\n\t\t\t\t\t\t<\/div>\n\t\t\t\t\t\t<div class=\"modal-content__bio\">\n\t\t\t\t\t\t\t<h4>Stefanie Wild<\/h4>\n\t\t\t\t\t\t\t\t\t\t\t\t\t\t\t<p class=\"speaker-title\">Global Talent Acquisition<\/p>\n\t\t\t\t\t\t\t\t\t\t\t\t\t\t\t\t\t\t\t\t\t\t<p class=\"speaker-company\">Evonik<\/p>\n\t\t\t\t\t\t\t\t\t\t\t\t\t\t<p>Stefanie Wild ist eine treibende Kraft f\u00fcr innovative HR-L\u00f6sungen. Mit \u00fcber 15 Jahren Erfahrung in internationalen Konzernen setzt sie auf globale Recruiting-Strategien und die F\u00f6rderung von Talenten. Ihre Leidenschaft f\u00fcr Leadership und Innovation f\u00fchrt zu kontinuierlichen Verbesserungen im HR-Bereich. Stefanie denkt HR neu und begeistert durch strategisches, praxisnahes Handeln \u2013 inspirierend und zukunftsgerichtet. Sie nutzt moderne Technologien, um Ver\u00e4nderungen aktiv zu gestalten und L\u00f6sungen zu entwickeln, die wirklich z\u00e4hlen.<\/p>\n\t\t\t\t\t\t<\/div>\n\t\t\t\t\t<\/div>\n\t\t\t\t<\/div>\n\t\t\t<\/div>\n\t\t\t\t\t\t<div id=\"modal-michael-eger\" class=\"modal\">\n\t\t\t\t<div class=\"modal-overlay\"><\/div>\n\t\t\t\t<div class=\"modal-content\">\n\t\t\t\t\t<div class=\"modal-header\">\n\t\t\t\t\t\t<a href=\"#\" class=\"js-modal-close\">\n\t\t\t\t\t\t\t<span class=\"screen-reader-text\">Close overlay.<\/span>\n\t\t\t\t\t\t\t<svg xmlns=\"http:\/\/www.w3.org\/2000\/svg\" viewBox=\"0 0 384 512\">\n\t\t\t\t\t\t\t\t<path fill=\"#ffffff\" d=\"M342.6 150.6c12.5-12.5 12.5-32.8 0-45.3s-32.8-12.5-45.3 0L192 210.7 86.6 105.4c-12.5-12.5-32.8-12.5-45.3 0s-12.5 32.8 0 45.3L146.7 256 41.4 361.4c-12.5 12.5-12.5 32.8 0 45.3s32.8 12.5 45.3 0L192 301.3 297.4 406.6c12.5 12.5 32.8 12.5 45.3 0s12.5-32.8 0-45.3L237.3 256 342.6 150.6z\"\/>\n\t\t\t\t\t\t\t<\/svg>\n\t\t\t\t\t\t<\/a>\n\t\t\t\t\t<\/div>\n\t\t\t\t\t<div class=\"modal-content__row\">\n\t\t\t\t\t\t<div class=\"modal-content__image portrait\">\n\t\t\t\t\t\t\t\t\t\t\t\t\t\t<div class=\"portrait-inner\" style=\"background-image: url('https:\/\/www.indeedevents.com\/de-de\/wp-content\/uploads\/sites\/26\/2025\/06\/michael-eger-cut-shadow-600x600.png)');\"><\/div>\n\t\t\t\t\t\t<\/div>\n\t\t\t\t\t\t<div class=\"modal-content__bio\">\n\t\t\t\t\t\t\t<h4>Michael Eger<\/h4>\n\t\t\t\t\t\t\t\t\t\t\t\t\t\t\t<p class=\"speaker-title\">Partner<\/p>\n\t\t\t\t\t\t\t\t\t\t\t\t\t\t\t\t\t\t\t\t\t\t<p class=\"speaker-company\">Mercer<\/p>\n\t\t\t\t\t\t\t\t\t\t\t\t\t\t<p>Michael Eger ist Partner bei der globalen HR Beratung Mercer und bringt mehr als 15 Jahre Erfahrung in der Beratung und im Management strategischer HR-Projekte mit. Nach seinem Studium der Medienwirtschaft wechselte er von der Kreativ- und Digitalbranche in die Unternehmensberatung. Michael Eger spezialisiert sich auf die Gestaltung und Umsetzung umfassender HR-Transformationsstrategien, mit einem besonderen Fokus auf Talent Acquisition, Arbeitgeberattraktivit\u00e4t und die Zukunft der Arbeit. Er ber\u00e4t zudem auch zu DE&#038;I Themen und ist Executive Sponsor f\u00fcr das Thema Fair Pay \/ Pay Transparency.<\/p>\n\t\t\t\t\t\t<\/div>\n\t\t\t\t\t<\/div>\n\t\t\t\t<\/div>\n\t\t\t<\/div>\n\t\t\t\t\t\t<div id=\"modal-stephanie-bergmann\" class=\"modal\">\n\t\t\t\t<div class=\"modal-overlay\"><\/div>\n\t\t\t\t<div class=\"modal-content\">\n\t\t\t\t\t<div class=\"modal-header\">\n\t\t\t\t\t\t<a href=\"#\" class=\"js-modal-close\">\n\t\t\t\t\t\t\t<span class=\"screen-reader-text\">Close overlay.<\/span>\n\t\t\t\t\t\t\t<svg xmlns=\"http:\/\/www.w3.org\/2000\/svg\" viewBox=\"0 0 384 512\">\n\t\t\t\t\t\t\t\t<path fill=\"#ffffff\" d=\"M342.6 150.6c12.5-12.5 12.5-32.8 0-45.3s-32.8-12.5-45.3 0L192 210.7 86.6 105.4c-12.5-12.5-32.8-12.5-45.3 0s-12.5 32.8 0 45.3L146.7 256 41.4 361.4c-12.5 12.5-12.5 32.8 0 45.3s32.8 12.5 45.3 0L192 301.3 297.4 406.6c12.5 12.5 32.8 12.5 45.3 0s12.5-32.8 0-45.3L237.3 256 342.6 150.6z\"\/>\n\t\t\t\t\t\t\t<\/svg>\n\t\t\t\t\t\t<\/a>\n\t\t\t\t\t<\/div>\n\t\t\t\t\t<div class=\"modal-content__row\">\n\t\t\t\t\t\t<div class=\"modal-content__image portrait\">\n\t\t\t\t\t\t\t\t\t\t\t\t\t\t<div class=\"portrait-inner\" style=\"background-image: url('https:\/\/www.indeedevents.com\/de-de\/wp-content\/uploads\/sites\/26\/2025\/07\/stephanie-bergmann-cut-shadow-600x600.png)');\"><\/div>\n\t\t\t\t\t\t<\/div>\n\t\t\t\t\t\t<div class=\"modal-content__bio\">\n\t\t\t\t\t\t\t<h4>Stephanie Bergmann<\/h4>\n\t\t\t\t\t\t\t\t\t\t\t\t\t\t\t<p class=\"speaker-title\">Senior HR Consultant<\/p>\n\t\t\t\t\t\t\t\t\t\t\t\t\t\t\t\t\t\t\t\t\t\t<p class=\"speaker-company\">Lidl Stiftung<\/p>\n\t\t\t\t\t\t\t\t\t\t\t\t\t\t<p>Stephanie Bergmann kann auf \u00fcber 14 Jahre Berufserfahrung im Recruiting &amp; Employer Branding zur\u00fcckblicken. Mit dem Einstieg \u00fcber einen gro\u00dfen Personaldienstleister konnte sie sowohl das operative Recruiting als auch die strategische Seite dahinter kennenlernen. Die Verkn\u00fcpfung aus beidem ist heute der Hauptfokus: Die (Weiter)-Entwicklung von Recruiting und die Auswirkungen auf den Unternehmensimpact. Innovationen und Trends begeistern sie ebenso wie das Alltagsgesch\u00e4ft in der Praxis. Mit dem Background aus Kennzahlen und Prozesswissen wird f\u00fcr jede Herausforderung eine kreative L\u00f6sung gesucht.<\/p>\n\t\t\t\t\t\t<\/div>\n\t\t\t\t\t<\/div>\n\t\t\t\t<\/div>\n\t\t\t<\/div>\n\t\t\t\t\t\t<div id=\"modal-christine-thoma\" class=\"modal\">\n\t\t\t\t<div class=\"modal-overlay\"><\/div>\n\t\t\t\t<div class=\"modal-content\">\n\t\t\t\t\t<div class=\"modal-header\">\n\t\t\t\t\t\t<a href=\"#\" class=\"js-modal-close\">\n\t\t\t\t\t\t\t<span class=\"screen-reader-text\">Close overlay.<\/span>\n\t\t\t\t\t\t\t<svg xmlns=\"http:\/\/www.w3.org\/2000\/svg\" viewBox=\"0 0 384 512\">\n\t\t\t\t\t\t\t\t<path fill=\"#ffffff\" d=\"M342.6 150.6c12.5-12.5 12.5-32.8 0-45.3s-32.8-12.5-45.3 0L192 210.7 86.6 105.4c-12.5-12.5-32.8-12.5-45.3 0s-12.5 32.8 0 45.3L146.7 256 41.4 361.4c-12.5 12.5-12.5 32.8 0 45.3s32.8 12.5 45.3 0L192 301.3 297.4 406.6c12.5 12.5 32.8 12.5 45.3 0s12.5-32.8 0-45.3L237.3 256 342.6 150.6z\"\/>\n\t\t\t\t\t\t\t<\/svg>\n\t\t\t\t\t\t<\/a>\n\t\t\t\t\t<\/div>\n\t\t\t\t\t<div class=\"modal-content__row\">\n\t\t\t\t\t\t<div class=\"modal-content__image portrait\">\n\t\t\t\t\t\t\t\t\t\t\t\t\t\t<div class=\"portrait-inner\" style=\"background-image: url('https:\/\/www.indeedevents.com\/de-de\/wp-content\/uploads\/sites\/26\/2025\/07\/christine-thoma-cut-shadow-600x600.png)');\"><\/div>\n\t\t\t\t\t\t<\/div>\n\t\t\t\t\t\t<div class=\"modal-content__bio\">\n\t\t\t\t\t\t\t<h4>Christine Thoma<\/h4>\n\t\t\t\t\t\t\t\t\t\t\t\t\t\t\t<p class=\"speaker-title\">Bereichsleiterin \/ Director People &amp; Corporate Culture<\/p>\n\t\t\t\t\t\t\t\t\t\t\t\t\t\t\t\t\t\t\t\t\t\t<p class=\"speaker-company\">Eintracht Frankfurt<\/p>\n\t\t\t\t\t\t\t\t\t\t\t\t\t\t<p>Christine ist Direktorin People &amp; Corporate Culture bei der Eintracht Frankfurt Fu\u00dfball AG. In der Eintracht Frankfurt Fu\u00dfball AG sind der Profifu\u00dfball der M\u00e4nner und Frauen sowie diverse Wachstumsfelder organisiert. Zusammen mit ihrem Team verantwortet Christine den gesamten Employee Lifecycle.<\/p>\n\t\t\t\t\t\t<\/div>\n\t\t\t\t\t<\/div>\n\t\t\t\t<\/div>\n\t\t\t<\/div>\n\t\t\t\t\t\t<div id=\"modal-bjoern-boldt\" class=\"modal\">\n\t\t\t\t<div class=\"modal-overlay\"><\/div>\n\t\t\t\t<div class=\"modal-content\">\n\t\t\t\t\t<div class=\"modal-header\">\n\t\t\t\t\t\t<a href=\"#\" class=\"js-modal-close\">\n\t\t\t\t\t\t\t<span class=\"screen-reader-text\">Close overlay.<\/span>\n\t\t\t\t\t\t\t<svg xmlns=\"http:\/\/www.w3.org\/2000\/svg\" viewBox=\"0 0 384 512\">\n\t\t\t\t\t\t\t\t<path fill=\"#ffffff\" d=\"M342.6 150.6c12.5-12.5 12.5-32.8 0-45.3s-32.8-12.5-45.3 0L192 210.7 86.6 105.4c-12.5-12.5-32.8-12.5-45.3 0s-12.5 32.8 0 45.3L146.7 256 41.4 361.4c-12.5 12.5-12.5 32.8 0 45.3s32.8 12.5 45.3 0L192 301.3 297.4 406.6c12.5 12.5 32.8 12.5 45.3 0s12.5-32.8 0-45.3L237.3 256 342.6 150.6z\"\/>\n\t\t\t\t\t\t\t<\/svg>\n\t\t\t\t\t\t<\/a>\n\t\t\t\t\t<\/div>\n\t\t\t\t\t<div class=\"modal-content__row\">\n\t\t\t\t\t\t<div class=\"modal-content__image portrait\">\n\t\t\t\t\t\t\t\t\t\t\t\t\t\t<div class=\"portrait-inner\" style=\"background-image: url('https:\/\/www.indeedevents.com\/de-de\/wp-content\/uploads\/sites\/26\/2025\/07\/bjoern-boldt-cut-shadow-600x600.png)');\"><\/div>\n\t\t\t\t\t\t<\/div>\n\t\t\t\t\t\t<div class=\"modal-content__bio\">\n\t\t\t\t\t\t\t<h4>Bj\u00f6rn Boldt<\/h4>\n\t\t\t\t\t\t\t\t\t\t\t\t\t\t\t<p class=\"speaker-title\">Head of Recruiting &amp; Employer Branding<\/p>\n\t\t\t\t\t\t\t\t\t\t\t\t\t\t\t\t\t\t\t\t\t\t<p class=\"speaker-company\">Enertrag<\/p>\n\t\t\t\t\t\t\t\t\t\t\t\t\t\t<p>Bj\u00f6rn Boldt ist seit Mitte 2023 f\u00fcr die strategische Weiterentwicklung im Recruiting bei der ENERTRAG SE verantwortlich, einem f\u00fchrenden Unternehmen im Bereich erneuerbare Energien. Als HR-Innovator treibt er den Aufbau eines datengetriebenen Recruiting-Ansatzes voran, der kreative Active-Sourcing-Methoden mit starkem Employer Branding verbindet. Unter dem Motto \u201eLet\u2019s make renewables fashionable\u201c positioniert er die Energiewirtschaft als attraktiven Arbeitgeber f\u00fcr alle Karrieretypen \u2013 ganz im Sinne von \u201eAny-Collar Recruiting\u201c. Er steht f\u00fcr Performance-KPIs, kreative Ansprache und empathisches Team-Leadership.<\/p>\n\t\t\t\t\t\t<\/div>\n\t\t\t\t\t<\/div>\n\t\t\t\t<\/div>\n\t\t\t<\/div>\n\t\t\t\t\t\t<div id=\"modal-julia-beil\" class=\"modal\">\n\t\t\t\t<div class=\"modal-overlay\"><\/div>\n\t\t\t\t<div class=\"modal-content\">\n\t\t\t\t\t<div class=\"modal-header\">\n\t\t\t\t\t\t<a href=\"#\" class=\"js-modal-close\">\n\t\t\t\t\t\t\t<span class=\"screen-reader-text\">Close overlay.<\/span>\n\t\t\t\t\t\t\t<svg xmlns=\"http:\/\/www.w3.org\/2000\/svg\" viewBox=\"0 0 384 512\">\n\t\t\t\t\t\t\t\t<path fill=\"#ffffff\" d=\"M342.6 150.6c12.5-12.5 12.5-32.8 0-45.3s-32.8-12.5-45.3 0L192 210.7 86.6 105.4c-12.5-12.5-32.8-12.5-45.3 0s-12.5 32.8 0 45.3L146.7 256 41.4 361.4c-12.5 12.5-12.5 32.8 0 45.3s32.8 12.5 45.3 0L192 301.3 297.4 406.6c12.5 12.5 32.8 12.5 45.3 0s12.5-32.8 0-45.3L237.3 256 342.6 150.6z\"\/>\n\t\t\t\t\t\t\t<\/svg>\n\t\t\t\t\t\t<\/a>\n\t\t\t\t\t<\/div>\n\t\t\t\t\t<div class=\"modal-content__row\">\n\t\t\t\t\t\t<div class=\"modal-content__image portrait\">\n\t\t\t\t\t\t\t\t\t\t\t\t\t\t<div class=\"portrait-inner\" style=\"background-image: url('https:\/\/www.indeedevents.com\/de-de\/wp-content\/uploads\/sites\/26\/2025\/07\/julia-beil-cut-shadow-600x600.png)');\"><\/div>\n\t\t\t\t\t\t<\/div>\n\t\t\t\t\t\t<div class=\"modal-content__bio\">\n\t\t\t\t\t\t\t<h4>Julia Beil<\/h4>\n\t\t\t\t\t\t\t\t\t\t\t\t\t\t\t<p class=\"speaker-title\">Teamleiterin Management<\/p>\n\t\t\t\t\t\t\t\t\t\t\t\t\t\t\t\t\t\t\t\t\t\t<p class=\"speaker-company\">Handelsblatt<\/p>\n\t\t\t\t\t\t\t\t\t\t\t\t\t\t<p>Julia Beil, leitet das Managementteam des Handelsblatts. Sie besch\u00e4ftigt sich mit Themen rund um Transformation, Leadership und Organisationsentwicklung. F\u00fcr das Handelsblatt moderiert sie au\u00dferdem regelm\u00e4\u00dfig Veranstaltungen. Bevor sie ihre Rolle als Team Lead dort \u00fcbernahm, machte sie journalistische Stationen bei WELT und WELT am Sonntag, Tagesspiegel, ZEIT und der britischen Sunday Times.<\/p>\n\t\t\t\t\t\t<\/div>\n\t\t\t\t\t<\/div>\n\t\t\t\t<\/div>\n\t\t\t<\/div>\n\t\t\t\t\t\t<div id=\"modal-marcel-ruetten\" class=\"modal\">\n\t\t\t\t<div class=\"modal-overlay\"><\/div>\n\t\t\t\t<div class=\"modal-content\">\n\t\t\t\t\t<div class=\"modal-header\">\n\t\t\t\t\t\t<a href=\"#\" class=\"js-modal-close\">\n\t\t\t\t\t\t\t<span class=\"screen-reader-text\">Close overlay.<\/span>\n\t\t\t\t\t\t\t<svg xmlns=\"http:\/\/www.w3.org\/2000\/svg\" viewBox=\"0 0 384 512\">\n\t\t\t\t\t\t\t\t<path fill=\"#ffffff\" d=\"M342.6 150.6c12.5-12.5 12.5-32.8 0-45.3s-32.8-12.5-45.3 0L192 210.7 86.6 105.4c-12.5-12.5-32.8-12.5-45.3 0s-12.5 32.8 0 45.3L146.7 256 41.4 361.4c-12.5 12.5-12.5 32.8 0 45.3s32.8 12.5 45.3 0L192 301.3 297.4 406.6c12.5 12.5 32.8 12.5 45.3 0s12.5-32.8 0-45.3L237.3 256 342.6 150.6z\"\/>\n\t\t\t\t\t\t\t<\/svg>\n\t\t\t\t\t\t<\/a>\n\t\t\t\t\t<\/div>\n\t\t\t\t\t<div class=\"modal-content__row\">\n\t\t\t\t\t\t<div class=\"modal-content__image portrait\">\n\t\t\t\t\t\t\t\t\t\t\t\t\t\t<div class=\"portrait-inner\" style=\"background-image: url('https:\/\/www.indeedevents.com\/de-de\/wp-content\/uploads\/sites\/26\/2025\/07\/marcel-rutten-cut-shadow-600x600.png)');\"><\/div>\n\t\t\t\t\t\t<\/div>\n\t\t\t\t\t\t<div class=\"modal-content__bio\">\n\t\t\t\t\t\t\t<h4>Marcel R\u00fctten<\/h4>\n\t\t\t\t\t\t\t\t\t\t\t\t\t\t\t<p class=\"speaker-title\">Gr\u00fcnder &amp; Gesch\u00e4ftsf\u00fchrer<\/p>\n\t\t\t\t\t\t\t\t\t\t\t\t\t\t\t\t\t\t\t\t\t\t<p class=\"speaker-company\">HR4Good<\/p>\n\t\t\t\t\t\t\t\t\t\t\t\t\t\t<p>Marcel R\u00fctten ist seit \u00fcber 15 Jahren im Personalmanagement t\u00e4tig und als Global Talent Acquisition Lead, HR-Blogger, Podcaster und Autor ein bekannter HR- und Recruiting-Experte. Durch seine vielfach ausgezeichnete Arbeit bei verschiedenen Unternehmen hat seine Arbeit die HR-Branche in Deutschland \u00fcber viele Jahre mitgepr\u00e4gt. In seinem Blog schreibt er \u00fcber Ideen, Innovationen und Trends im Personalmanagement und ber\u00e4t Unternehmen zu strategischen und operativen Recruitingfragen. Als Initiator der \u201eSchicht im Schacht\u201c will er die weitere Professionalisierung des Berufsstands im deutschsprachigen Raum vorantreiben.<\/p>\n\t\t\t\t\t\t<\/div>\n\t\t\t\t\t<\/div>\n\t\t\t\t<\/div>\n\t\t\t<\/div>\n\t\t\t\t\t\t<div id=\"modal-clara-loesel\" class=\"modal\">\n\t\t\t\t<div class=\"modal-overlay\"><\/div>\n\t\t\t\t<div class=\"modal-content\">\n\t\t\t\t\t<div class=\"modal-header\">\n\t\t\t\t\t\t<a href=\"#\" class=\"js-modal-close\">\n\t\t\t\t\t\t\t<span class=\"screen-reader-text\">Close overlay.<\/span>\n\t\t\t\t\t\t\t<svg xmlns=\"http:\/\/www.w3.org\/2000\/svg\" viewBox=\"0 0 384 512\">\n\t\t\t\t\t\t\t\t<path fill=\"#ffffff\" d=\"M342.6 150.6c12.5-12.5 12.5-32.8 0-45.3s-32.8-12.5-45.3 0L192 210.7 86.6 105.4c-12.5-12.5-32.8-12.5-45.3 0s-12.5 32.8 0 45.3L146.7 256 41.4 361.4c-12.5 12.5-12.5 32.8 0 45.3s32.8 12.5 45.3 0L192 301.3 297.4 406.6c12.5 12.5 32.8 12.5 45.3 0s12.5-32.8 0-45.3L237.3 256 342.6 150.6z\"\/>\n\t\t\t\t\t\t\t<\/svg>\n\t\t\t\t\t\t<\/a>\n\t\t\t\t\t<\/div>\n\t\t\t\t\t<div class=\"modal-content__row\">\n\t\t\t\t\t\t<div class=\"modal-content__image portrait\">\n\t\t\t\t\t\t\t\t\t\t\t\t\t\t<div class=\"portrait-inner\" style=\"background-image: url('https:\/\/www.indeedevents.com\/de-de\/wp-content\/uploads\/sites\/26\/2025\/06\/clara-loesel-cut-shadow-600x600.png)');\"><\/div>\n\t\t\t\t\t\t<\/div>\n\t\t\t\t\t\t<div class=\"modal-content__bio\">\n\t\t\t\t\t\t\t<h4>Clara L\u00f6sel<\/h4>\n\t\t\t\t\t\t\t\t\t\t\t\t\t\t\t<p class=\"speaker-title\">Poetry Artist<\/p>\n\t\t\t\t\t\t\t\t\t\t\t\t\t\t\t\t\t\t\t\t\t<p>Clara L\u00f6sel ist eine der einflussreichsten Stimmen ihrer Generation: SPIEGEL-Bestsellerautorin, Poetry Artist und gesellschaftliche Impulsgeberin mit abgeschlossenem Lehramtsstudium. Mit poetischer Sprache baut sie Br\u00fccken zwischen den Altersgruppen, tritt bei Ministerien, Festivals und Schulen auf, geht auf eigene Tourneen und erreicht \u00fcber Social Media monatlich mehr als 20 Millionen Menschen. Ihre Texte vereinen Bildung, Haltung und k\u00fcnstlerische Ausdruckskraft.<\/p>\n\t\t\t\t\t\t<\/div>\n\t\t\t\t\t<\/div>\n\t\t\t\t<\/div>\n\t\t\t<\/div>\n\t\t\t\t\t\t<div id=\"modal-bastian-quentmeier\" class=\"modal\">\n\t\t\t\t<div class=\"modal-overlay\"><\/div>\n\t\t\t\t<div class=\"modal-content\">\n\t\t\t\t\t<div class=\"modal-header\">\n\t\t\t\t\t\t<a href=\"#\" class=\"js-modal-close\">\n\t\t\t\t\t\t\t<span class=\"screen-reader-text\">Close overlay.<\/span>\n\t\t\t\t\t\t\t<svg xmlns=\"http:\/\/www.w3.org\/2000\/svg\" viewBox=\"0 0 384 512\">\n\t\t\t\t\t\t\t\t<path fill=\"#ffffff\" d=\"M342.6 150.6c12.5-12.5 12.5-32.8 0-45.3s-32.8-12.5-45.3 0L192 210.7 86.6 105.4c-12.5-12.5-32.8-12.5-45.3 0s-12.5 32.8 0 45.3L146.7 256 41.4 361.4c-12.5 12.5-12.5 32.8 0 45.3s32.8 12.5 45.3 0L192 301.3 297.4 406.6c12.5 12.5 32.8 12.5 45.3 0s12.5-32.8 0-45.3L237.3 256 342.6 150.6z\"\/>\n\t\t\t\t\t\t\t<\/svg>\n\t\t\t\t\t\t<\/a>\n\t\t\t\t\t<\/div>\n\t\t\t\t\t<div class=\"modal-content__row\">\n\t\t\t\t\t\t<div class=\"modal-content__image portrait\">\n\t\t\t\t\t\t\t\t\t\t\t\t\t\t<div class=\"portrait-inner\" style=\"background-image: url('https:\/\/www.indeedevents.com\/de-de\/wp-content\/uploads\/sites\/26\/2025\/07\/bastian-quentmeier-cut-shadow-600x600.png)');\"><\/div>\n\t\t\t\t\t\t<\/div>\n\t\t\t\t\t\t<div class=\"modal-content__bio\">\n\t\t\t\t\t\t\t<h4>Bastian Quentmeier<\/h4>\n\t\t\t\t\t\t\t\t\t\t\t\t\t\t\t<p class=\"speaker-title\">Leiter Scouting &amp; Datenanalyse<\/p>\n\t\t\t\t\t\t\t\t\t\t\t\t\t\t\t\t\t\t\t\t\t\t<p class=\"speaker-company\">Eintracht Frankfurt<\/p>\n\t\t\t\t\t\t\t\t\t\t\t\t\t\t<p>Bastian Quentmeier war mehrere Jahre im Scouting-Bereich des Fu\u00dfballvereins RB Leipzig t\u00e4tig und baute dort das datenbasierte Scouting auf. Bei der Eintracht Frankfurt verantwortet er zentrale Aufgaben im Scouting und in der Talentidentifikation. Mit seiner langj\u00e4hrigen Erfahrung und Expertise in der datenbasierten Spiel- und Spieleranalyse unterst\u00fctzt er die strategische Ausrichtung und Zusammenstellung des Kaders.<\/p>\n\t\t\t\t\t\t<\/div>\n\t\t\t\t\t<\/div>\n\t\t\t\t<\/div>\n\t\t\t<\/div>\n\t\t\t\t\t\t<div id=\"modal-dr-annina-hering\" class=\"modal\">\n\t\t\t\t<div class=\"modal-overlay\"><\/div>\n\t\t\t\t<div class=\"modal-content\">\n\t\t\t\t\t<div class=\"modal-header\">\n\t\t\t\t\t\t<a href=\"#\" class=\"js-modal-close\">\n\t\t\t\t\t\t\t<span class=\"screen-reader-text\">Close overlay.<\/span>\n\t\t\t\t\t\t\t<svg xmlns=\"http:\/\/www.w3.org\/2000\/svg\" viewBox=\"0 0 384 512\">\n\t\t\t\t\t\t\t\t<path fill=\"#ffffff\" d=\"M342.6 150.6c12.5-12.5 12.5-32.8 0-45.3s-32.8-12.5-45.3 0L192 210.7 86.6 105.4c-12.5-12.5-32.8-12.5-45.3 0s-12.5 32.8 0 45.3L146.7 256 41.4 361.4c-12.5 12.5-12.5 32.8 0 45.3s32.8 12.5 45.3 0L192 301.3 297.4 406.6c12.5 12.5 32.8 12.5 45.3 0s12.5-32.8 0-45.3L237.3 256 342.6 150.6z\"\/>\n\t\t\t\t\t\t\t<\/svg>\n\t\t\t\t\t\t<\/a>\n\t\t\t\t\t<\/div>\n\t\t\t\t\t<div class=\"modal-content__row\">\n\t\t\t\t\t\t<div class=\"modal-content__image portrait\">\n\t\t\t\t\t\t\t\t\t\t\t\t\t\t<div class=\"portrait-inner\" style=\"background-image: url('https:\/\/www.indeedevents.com\/de-de\/wp-content\/uploads\/sites\/26\/2025\/07\/Annina-Hering-2024-cut-shadow-600x600.png)');\"><\/div>\n\t\t\t\t\t\t<\/div>\n\t\t\t\t\t\t<div class=\"modal-content__bio\">\n\t\t\t\t\t\t\t<h4>Dr. Annina Hering<\/h4>\n\t\t\t\t\t\t\t\t\t\t\t\t\t\t\t<p class=\"speaker-title\">Senior Economist<\/p>\n\t\t\t\t\t\t\t\t\t\t\t\t\t\t\t\t\t\t\t\t\t\t<p class=\"speaker-company\">Indeed<\/p>\n\t\t\t\t\t\t\t\t\t\t\t\t\t\t<p>F\u00fcr das Indeed Hiring Lab erforscht Dr. Annina Hering Arbeitsmarkttrends an der Schnittstelle von Wirtschaftsforschung, Data Science und Data Engineering. Ein Schwerpunkt ihrer Arbeit liegt auf dem Einfluss von K\u00fcnstlicher Intelligenz auf Besch\u00e4ftigung und Arbeitswelt \u2013 etwa in der viel beachteten \u201eAI at Work\u201c-Studienreihe von Indeed. Mit Echtzeitdaten und datengetriebenem Storytelling macht sie komplexe Trends greifbar und zeigt auf, wie sich die Zukunft der Arbeit gestaltet.<\/p>\n\t\t\t\t\t\t<\/div>\n\t\t\t\t\t<\/div>\n\t\t\t\t<\/div>\n\t\t\t<\/div>\n\t\t\t\t\t\t<div id=\"modal-frank-hensgens\" class=\"modal\">\n\t\t\t\t<div class=\"modal-overlay\"><\/div>\n\t\t\t\t<div class=\"modal-content\">\n\t\t\t\t\t<div class=\"modal-header\">\n\t\t\t\t\t\t<a href=\"#\" class=\"js-modal-close\">\n\t\t\t\t\t\t\t<span class=\"screen-reader-text\">Close overlay.<\/span>\n\t\t\t\t\t\t\t<svg xmlns=\"http:\/\/www.w3.org\/2000\/svg\" viewBox=\"0 0 384 512\">\n\t\t\t\t\t\t\t\t<path fill=\"#ffffff\" d=\"M342.6 150.6c12.5-12.5 12.5-32.8 0-45.3s-32.8-12.5-45.3 0L192 210.7 86.6 105.4c-12.5-12.5-32.8-12.5-45.3 0s-12.5 32.8 0 45.3L146.7 256 41.4 361.4c-12.5 12.5-12.5 32.8 0 45.3s32.8 12.5 45.3 0L192 301.3 297.4 406.6c12.5 12.5 32.8 12.5 45.3 0s12.5-32.8 0-45.3L237.3 256 342.6 150.6z\"\/>\n\t\t\t\t\t\t\t<\/svg>\n\t\t\t\t\t\t<\/a>\n\t\t\t\t\t<\/div>\n\t\t\t\t\t<div class=\"modal-content__row\">\n\t\t\t\t\t\t<div class=\"modal-content__image portrait\">\n\t\t\t\t\t\t\t\t\t\t\t\t\t\t<div class=\"portrait-inner\" style=\"background-image: url('https:\/\/www.indeedevents.com\/de-de\/wp-content\/uploads\/sites\/26\/2025\/07\/Frank-Hensgens-cut-shadow-600x600.png)');\"><\/div>\n\t\t\t\t\t\t<\/div>\n\t\t\t\t\t\t<div class=\"modal-content__bio\">\n\t\t\t\t\t\t\t<h4>Frank Hensgens<\/h4>\n\t\t\t\t\t\t\t\t\t\t\t\t\t\t\t<p class=\"speaker-title\">Gesch\u00e4ftsf\u00fchrer DACH<\/p>\n\t\t\t\t\t\t\t\t\t\t\t\t\t\t\t\t\t\t\t\t\t\t<p class=\"speaker-company\">Indeed<\/p>\n\t\t\t\t\t\t\t\t\t\t\t\t\t\t<p>Frank Hensgens, Dipl.-Kaufmann und seit 2013 Gesch\u00e4ftsf\u00fchrer DACH von Indeed, hat die Entwicklung des Unternehmens ma\u00dfgeblich gepr\u00e4gt. Unter seiner F\u00fchrung etablierte sich Indeed vor dem Hintergrund des demografischen Wandels und des wachsenden Arbeitskr\u00e4ftemangels als unerl\u00e4sslicher Recruiting-Partner von deutschen Unternehmen. Mit \u00fcber 25 Jahren Senior Management-Erfahrung, u.a. im Vorstand bei Stepstone, ist Hensgens ein profilierter Experte f\u00fcr digitale Recruiting-L\u00f6sungen und ein wichtiger Impulsgeber der Branche. Leidenschaftlich besch\u00e4ftigt er sich mit innovativen Strategien zur Gewinnung von Talenten in Zeiten von zunehmender Personalknappheit.<\/p>\n\t\t\t\t\t\t<\/div>\n\t\t\t\t\t<\/div>\n\t\t\t\t<\/div>\n\t\t\t<\/div>\n\t\t\t\t\t\t<div id=\"modal-ute-neher\" class=\"modal\">\n\t\t\t\t<div class=\"modal-overlay\"><\/div>\n\t\t\t\t<div class=\"modal-content\">\n\t\t\t\t\t<div class=\"modal-header\">\n\t\t\t\t\t\t<a href=\"#\" class=\"js-modal-close\">\n\t\t\t\t\t\t\t<span class=\"screen-reader-text\">Close overlay.<\/span>\n\t\t\t\t\t\t\t<svg xmlns=\"http:\/\/www.w3.org\/2000\/svg\" viewBox=\"0 0 384 512\">\n\t\t\t\t\t\t\t\t<path fill=\"#ffffff\" d=\"M342.6 150.6c12.5-12.5 12.5-32.8 0-45.3s-32.8-12.5-45.3 0L192 210.7 86.6 105.4c-12.5-12.5-32.8-12.5-45.3 0s-12.5 32.8 0 45.3L146.7 256 41.4 361.4c-12.5 12.5-12.5 32.8 0 45.3s32.8 12.5 45.3 0L192 301.3 297.4 406.6c12.5 12.5 32.8 12.5 45.3 0s12.5-32.8 0-45.3L237.3 256 342.6 150.6z\"\/>\n\t\t\t\t\t\t\t<\/svg>\n\t\t\t\t\t\t<\/a>\n\t\t\t\t\t<\/div>\n\t\t\t\t\t<div class=\"modal-content__row\">\n\t\t\t\t\t\t<div class=\"modal-content__image portrait\">\n\t\t\t\t\t\t\t\t\t\t\t\t\t\t<div class=\"portrait-inner\" style=\"background-image: url('https:\/\/www.indeedevents.com\/de-de\/wp-content\/uploads\/sites\/26\/2025\/06\/ute-neher-cut-shadow-02-600x600.png)');\"><\/div>\n\t\t\t\t\t\t<\/div>\n\t\t\t\t\t\t<div class=\"modal-content__bio\">\n\t\t\t\t\t\t\t<h4>Ute Neher<\/h4>\n\t\t\t\t\t\t\t\t\t\t\t\t\t\t\t<p class=\"speaker-title\">Principal Talent Intelligence<\/p>\n\t\t\t\t\t\t\t\t\t\t\t\t\t\t\t\t\t\t\t\t\t\t<p class=\"speaker-company\">Indeed<\/p>\n\t\t\t\t\t\t\t\t\t\t\t\t\t\t<p>Ute Neher ist erfahrene HR-Strategin und aktuell Principal Talent Intelligence bei Indeed. Sie entwickelt globale als auch lokale Programme und begleitet Unternehmen durch Transformationen. Zuvor verantwortete sie das Global Idea Center Programm von Indeed und war in leitenden HR-Rollen bei der Telekom AG t\u00e4tig. Als Beiratsmitglied im Queb Bundesverband bringt sie ihre Expertise in Employer Branding und Recruiting gezielt ein. Ihr Fokus liegt auf HR-Tech und Digitalisierung \u2013 stets mit dem Menschen im Mittelpunkt.<\/p>\n\t\t\t\t\t\t<\/div>\n\t\t\t\t\t<\/div>\n\t\t\t\t<\/div>\n\t\t\t<\/div>\n\t\t\t\t\t\t<div id=\"modal-tim-verhoeven\" class=\"modal\">\n\t\t\t\t<div class=\"modal-overlay\"><\/div>\n\t\t\t\t<div class=\"modal-content\">\n\t\t\t\t\t<div class=\"modal-header\">\n\t\t\t\t\t\t<a href=\"#\" class=\"js-modal-close\">\n\t\t\t\t\t\t\t<span class=\"screen-reader-text\">Close overlay.<\/span>\n\t\t\t\t\t\t\t<svg xmlns=\"http:\/\/www.w3.org\/2000\/svg\" viewBox=\"0 0 384 512\">\n\t\t\t\t\t\t\t\t<path fill=\"#ffffff\" d=\"M342.6 150.6c12.5-12.5 12.5-32.8 0-45.3s-32.8-12.5-45.3 0L192 210.7 86.6 105.4c-12.5-12.5-32.8-12.5-45.3 0s-12.5 32.8 0 45.3L146.7 256 41.4 361.4c-12.5 12.5-12.5 32.8 0 45.3s32.8 12.5 45.3 0L192 301.3 297.4 406.6c12.5 12.5 32.8 12.5 45.3 0s12.5-32.8 0-45.3L237.3 256 342.6 150.6z\"\/>\n\t\t\t\t\t\t\t<\/svg>\n\t\t\t\t\t\t<\/a>\n\t\t\t\t\t<\/div>\n\t\t\t\t\t<div class=\"modal-content__row\">\n\t\t\t\t\t\t<div class=\"modal-content__image portrait\">\n\t\t\t\t\t\t\t\t\t\t\t\t\t\t<div class=\"portrait-inner\" style=\"background-image: url('https:\/\/www.indeedevents.com\/de-de\/wp-content\/uploads\/sites\/26\/2025\/07\/tim-verhoeven-cut-shadow-600x600.png)');\"><\/div>\n\t\t\t\t\t\t<\/div>\n\t\t\t\t\t\t<div class=\"modal-content__bio\">\n\t\t\t\t\t\t\t<h4>Tim Verhoeven<\/h4>\n\t\t\t\t\t\t\t\t\t\t\t\t\t\t\t<p class=\"speaker-title\">Senior Manager Talent Intelligence<\/p>\n\t\t\t\t\t\t\t\t\t\t\t\t\t\t\t\t\t\t\t\t\t\t<p class=\"speaker-company\">Indeed<\/p>\n\t\t\t\t\t\t\t\t\t\t\t\t\t\t<p>Tim Verhoeven leitet das Talent Intelligence Team bei Indeed in der DACH-Region und war zuvor im Recruiting und Personalmarketing einer internationalen Unternehmensberatung t\u00e4tig. Mit langj\u00e4hriger Erfahrung im Recruiting in Konzernen und mittelst\u00e4ndischen Unternehmen ist er ein Vorreiter in Deutschland f\u00fcr Themen wie Candidate Experience und Recruiting Analytics \u2013 als Berater, Blogger, Podcaster, Autor und Redner.<\/p>\n\t\t\t\t\t\t<\/div>\n\t\t\t\t\t<\/div>\n\t\t\t\t<\/div>\n\t\t\t<\/div>\n\t\t\t\t\t\t<div id=\"modal-dr-virginia-sondergeld\" class=\"modal\">\n\t\t\t\t<div class=\"modal-overlay\"><\/div>\n\t\t\t\t<div class=\"modal-content\">\n\t\t\t\t\t<div class=\"modal-header\">\n\t\t\t\t\t\t<a href=\"#\" class=\"js-modal-close\">\n\t\t\t\t\t\t\t<span class=\"screen-reader-text\">Close overlay.<\/span>\n\t\t\t\t\t\t\t<svg xmlns=\"http:\/\/www.w3.org\/2000\/svg\" viewBox=\"0 0 384 512\">\n\t\t\t\t\t\t\t\t<path fill=\"#ffffff\" d=\"M342.6 150.6c12.5-12.5 12.5-32.8 0-45.3s-32.8-12.5-45.3 0L192 210.7 86.6 105.4c-12.5-12.5-32.8-12.5-45.3 0s-12.5 32.8 0 45.3L146.7 256 41.4 361.4c-12.5 12.5-12.5 32.8 0 45.3s32.8 12.5 45.3 0L192 301.3 297.4 406.6c12.5 12.5 32.8 12.5 45.3 0s12.5-32.8 0-45.3L237.3 256 342.6 150.6z\"\/>\n\t\t\t\t\t\t\t<\/svg>\n\t\t\t\t\t\t<\/a>\n\t\t\t\t\t<\/div>\n\t\t\t\t\t<div class=\"modal-content__row\">\n\t\t\t\t\t\t<div class=\"modal-content__image portrait\">\n\t\t\t\t\t\t\t\t\t\t\t\t\t\t<div class=\"portrait-inner\" style=\"background-image: url('https:\/\/www.indeedevents.com\/de-de\/wp-content\/uploads\/sites\/26\/2025\/06\/Virginia-Sondergeld-cut-shadow02-600x600.png)');\"><\/div>\n\t\t\t\t\t\t<\/div>\n\t\t\t\t\t\t<div class=\"modal-content__bio\">\n\t\t\t\t\t\t\t<h4>Dr. Virginia Sondergeld<\/h4>\n\t\t\t\t\t\t\t\t\t\t\t\t\t\t\t<p class=\"speaker-title\">Economist<\/p>\n\t\t\t\t\t\t\t\t\t\t\t\t\t\t\t\t\t\t\t\t\t\t<p class=\"speaker-company\">Indeed<\/p>\n\t\t\t\t\t\t\t\t\t\t\t\t\t\t<p>Virginia Sondergeld ist \u00d6konomin im Indeed Hiring Lab, wo sie mithilfe von Indeed-Daten und amtlichen Statistiken Trends auf deutschen und globalen Arbeitsm\u00e4rkten erforscht. Zuvor promovierte Virginia am Deutschen Institut f\u00fcr Wirtschaftsforschung (DIW Berlin) \u00fcber die Auswirkungen von Frauen in F\u00fchrungspositionen auf Arbeitsm\u00e4rkte und Unternehmen.<\/p>\n\t\t\t\t\t\t<\/div>\n\t\t\t\t\t<\/div>\n\t\t\t\t<\/div>\n\t\t\t<\/div>\n\t\t\t\t\t\t<div id=\"modal-daniel-wahlen\" class=\"modal\">\n\t\t\t\t<div class=\"modal-overlay\"><\/div>\n\t\t\t\t<div class=\"modal-content\">\n\t\t\t\t\t<div class=\"modal-header\">\n\t\t\t\t\t\t<a href=\"#\" class=\"js-modal-close\">\n\t\t\t\t\t\t\t<span class=\"screen-reader-text\">Close overlay.<\/span>\n\t\t\t\t\t\t\t<svg xmlns=\"http:\/\/www.w3.org\/2000\/svg\" viewBox=\"0 0 384 512\">\n\t\t\t\t\t\t\t\t<path fill=\"#ffffff\" d=\"M342.6 150.6c12.5-12.5 12.5-32.8 0-45.3s-32.8-12.5-45.3 0L192 210.7 86.6 105.4c-12.5-12.5-32.8-12.5-45.3 0s-12.5 32.8 0 45.3L146.7 256 41.4 361.4c-12.5 12.5-12.5 32.8 0 45.3s32.8 12.5 45.3 0L192 301.3 297.4 406.6c12.5 12.5 32.8 12.5 45.3 0s12.5-32.8 0-45.3L237.3 256 342.6 150.6z\"\/>\n\t\t\t\t\t\t\t<\/svg>\n\t\t\t\t\t\t<\/a>\n\t\t\t\t\t<\/div>\n\t\t\t\t\t<div class=\"modal-content__row\">\n\t\t\t\t\t\t<div class=\"modal-content__image portrait\">\n\t\t\t\t\t\t\t\t\t\t\t\t\t\t<div class=\"portrait-inner\" style=\"background-image: url('https:\/\/www.indeedevents.com\/de-de\/wp-content\/uploads\/sites\/26\/2025\/07\/daniel-wahlen-cut-shadow-600x600.png)');\"><\/div>\n\t\t\t\t\t\t<\/div>\n\t\t\t\t\t\t<div class=\"modal-content__bio\">\n\t\t\t\t\t\t\t<h4>Daniel Wahlen<\/h4>\n\t\t\t\t\t\t\t\t\t\t\t\t\t\t\t<p class=\"speaker-title\">Senior Director Global Enterprise Marketing<\/p>\n\t\t\t\t\t\t\t\t\t\t\t\t\t\t\t\t\t\t\t\t\t\t<p class=\"speaker-company\">Indeed<\/p>\n\t\t\t\t\t\t\t\t\t\t\t\t\t\t<p>Daniel Wahlen leitet als Senior Director bei Indeed f\u00fcr das Globale Enterprise Marketing. Im Fokus seiner Teams steht die Vermittlung von Erkenntnissen und Thought-Leadership durch ma\u00dfgeschneiderte Inhalte, Programme und Kampagnen. Dazu z\u00e4hlen u.a. Indeeds Idea Center, Veranstaltungen wie die FutureWorks, und Programme wie Leadership Connect oder Work Wellbeing. Zuvor war er sechs Jahre bei Google in den USA und Europa t\u00e4tig. Daniel hat einen Master of Science Abschluss in International Business der Universit\u00e4t Maastricht.<\/p>\n\t\t\t\t\t\t<\/div>\n\t\t\t\t\t<\/div>\n\t\t\t\t<\/div>\n\t\t\t<\/div>\n\t\t\t\t\t\t<div id=\"modal-maryam-danesh-kajouri\" class=\"modal\">\n\t\t\t\t<div class=\"modal-overlay\"><\/div>\n\t\t\t\t<div class=\"modal-content\">\n\t\t\t\t\t<div class=\"modal-header\">\n\t\t\t\t\t\t<a href=\"#\" class=\"js-modal-close\">\n\t\t\t\t\t\t\t<span class=\"screen-reader-text\">Close overlay.<\/span>\n\t\t\t\t\t\t\t<svg xmlns=\"http:\/\/www.w3.org\/2000\/svg\" viewBox=\"0 0 384 512\">\n\t\t\t\t\t\t\t\t<path fill=\"#ffffff\" d=\"M342.6 150.6c12.5-12.5 12.5-32.8 0-45.3s-32.8-12.5-45.3 0L192 210.7 86.6 105.4c-12.5-12.5-32.8-12.5-45.3 0s-12.5 32.8 0 45.3L146.7 256 41.4 361.4c-12.5 12.5-12.5 32.8 0 45.3s32.8 12.5 45.3 0L192 301.3 297.4 406.6c12.5 12.5 32.8 12.5 45.3 0s12.5-32.8 0-45.3L237.3 256 342.6 150.6z\"\/>\n\t\t\t\t\t\t\t<\/svg>\n\t\t\t\t\t\t<\/a>\n\t\t\t\t\t<\/div>\n\t\t\t\t\t<div class=\"modal-content__row\">\n\t\t\t\t\t\t<div class=\"modal-content__image portrait\">\n\t\t\t\t\t\t\t\t\t\t\t\t\t\t<div class=\"portrait-inner\" style=\"background-image: url('https:\/\/www.indeedevents.com\/de-de\/wp-content\/uploads\/sites\/26\/2025\/06\/maryam-danesh-kajouri-cut-shadow-02-600x600.png)');\"><\/div>\n\t\t\t\t\t\t<\/div>\n\t\t\t\t\t\t<div class=\"modal-content__bio\">\n\t\t\t\t\t\t\t<h4>Maryam Danesh Kajouri<\/h4>\n\t\t\t\t\t\t\t\t\t\t\t\t\t\t\t<p class=\"speaker-title\">Team Lead B2B Marketing DACH<\/p>\n\t\t\t\t\t\t\t\t\t\t\t\t\t\t\t\t\t\t\t\t\t\t<p class=\"speaker-company\">Indeed<\/p>\n\t\t\t\t\t\t\t\t\t\t\t\t\t\t<p>Maryam Danesh Kajouri treibt zukunftsorientierte Marketing-Konzepte an der Schnittstelle von HR, Tech und KI voran. Mit einem MBA in Digital Management &amp; Marketing verbindet sie datengetriebene Strategien, Produktpositionierung und agile F\u00fchrung. Ihr Fokus liegt auf KI in HR, messbarer Markenwirkung und innovativen Kampagnen \u2013 stets mit dem Ziel, Technologie und menschliche Bed\u00fcrfnisse synergetisch zu vereinen.<\/p>\n\t\t\t\t\t\t<\/div>\n\t\t\t\t\t<\/div>\n\t\t\t\t<\/div>\n\t\t\t<\/div>\n\t\t\t\t\t\t<div id=\"modal-andreas-welling\" class=\"modal\">\n\t\t\t\t<div class=\"modal-overlay\"><\/div>\n\t\t\t\t<div class=\"modal-content\">\n\t\t\t\t\t<div class=\"modal-header\">\n\t\t\t\t\t\t<a href=\"#\" class=\"js-modal-close\">\n\t\t\t\t\t\t\t<span class=\"screen-reader-text\">Close overlay.<\/span>\n\t\t\t\t\t\t\t<svg xmlns=\"http:\/\/www.w3.org\/2000\/svg\" viewBox=\"0 0 384 512\">\n\t\t\t\t\t\t\t\t<path fill=\"#ffffff\" d=\"M342.6 150.6c12.5-12.5 12.5-32.8 0-45.3s-32.8-12.5-45.3 0L192 210.7 86.6 105.4c-12.5-12.5-32.8-12.5-45.3 0s-12.5 32.8 0 45.3L146.7 256 41.4 361.4c-12.5 12.5-12.5 32.8 0 45.3s32.8 12.5 45.3 0L192 301.3 297.4 406.6c12.5 12.5 32.8 12.5 45.3 0s12.5-32.8 0-45.3L237.3 256 342.6 150.6z\"\/>\n\t\t\t\t\t\t\t<\/svg>\n\t\t\t\t\t\t<\/a>\n\t\t\t\t\t<\/div>\n\t\t\t\t\t<div class=\"modal-content__row\">\n\t\t\t\t\t\t<div class=\"modal-content__image portrait\">\n\t\t\t\t\t\t\t\t\t\t\t\t\t\t<div class=\"portrait-inner\" style=\"background-image: url('https:\/\/www.indeedevents.com\/de-de\/wp-content\/uploads\/sites\/26\/2025\/06\/andreas-welling-cut-shadow-600x600.png)');\"><\/div>\n\t\t\t\t\t\t<\/div>\n\t\t\t\t\t\t<div class=\"modal-content__bio\">\n\t\t\t\t\t\t\t<h4>Andreas Welling<\/h4>\n\t\t\t\t\t\t\t\t\t\t\t\t\t\t\t<p class=\"speaker-title\">Lead Country Marketing DACH<\/p>\n\t\t\t\t\t\t\t\t\t\t\t\t\t\t\t\t\t\t\t\t\t\t<p class=\"speaker-company\">Indeed<\/p>\n\t\t\t\t\t\t\t\t\t\t\t\t\t\t<p>Andreas Welling ist Country Marketing Lead DACH bei Indeed und verantwortet die B2B- und B2C-Marketingstrategie. Mit emotionalen, daten- und KI-basierten Kampagnen macht er mit seinem Team die Jobsuche f\u00fcr Millionen erlebbar und st\u00e4rkt die Marke Indeed im Alltag der Menschen. Hierf\u00fcr nutzt er unter anderem die Eintracht-Partnerschaft, um Reichweite und Interaktion mit Indeed zu f\u00f6rdern.<\/p>\n\t\t\t\t\t\t<\/div>\n\t\t\t\t\t<\/div>\n\t\t\t\t<\/div>\n\t\t\t<\/div>\n\t\t\t\t\t\t<div id=\"modal-alissa-mensah\" class=\"modal\">\n\t\t\t\t<div class=\"modal-overlay\"><\/div>\n\t\t\t\t<div class=\"modal-content\">\n\t\t\t\t\t<div class=\"modal-header\">\n\t\t\t\t\t\t<a href=\"#\" class=\"js-modal-close\">\n\t\t\t\t\t\t\t<span class=\"screen-reader-text\">Close overlay.<\/span>\n\t\t\t\t\t\t\t<svg xmlns=\"http:\/\/www.w3.org\/2000\/svg\" viewBox=\"0 0 384 512\">\n\t\t\t\t\t\t\t\t<path fill=\"#ffffff\" d=\"M342.6 150.6c12.5-12.5 12.5-32.8 0-45.3s-32.8-12.5-45.3 0L192 210.7 86.6 105.4c-12.5-12.5-32.8-12.5-45.3 0s-12.5 32.8 0 45.3L146.7 256 41.4 361.4c-12.5 12.5-12.5 32.8 0 45.3s32.8 12.5 45.3 0L192 301.3 297.4 406.6c12.5 12.5 32.8 12.5 45.3 0s12.5-32.8 0-45.3L237.3 256 342.6 150.6z\"\/>\n\t\t\t\t\t\t\t<\/svg>\n\t\t\t\t\t\t<\/a>\n\t\t\t\t\t<\/div>\n\t\t\t\t\t<div class=\"modal-content__row\">\n\t\t\t\t\t\t<div class=\"modal-content__image portrait\">\n\t\t\t\t\t\t\t\t\t\t\t\t\t\t<div class=\"portrait-inner\" style=\"background-image: url('https:\/\/www.indeedevents.com\/de-de\/wp-content\/uploads\/sites\/26\/2025\/06\/Alissa-mensah-cut-shadow-02-600x600.png)');\"><\/div>\n\t\t\t\t\t\t<\/div>\n\t\t\t\t\t\t<div class=\"modal-content__bio\">\n\t\t\t\t\t\t\t<h4>Alissa Mensah<\/h4>\n\t\t\t\t\t\t\t\t\t\t\t\t\t\t\t<p class=\"speaker-title\">Global Client Strategist<\/p>\n\t\t\t\t\t\t\t\t\t\t\t\t\t\t\t\t\t\t\t\t\t\t<p class=\"speaker-company\">Indeed<\/p>\n\t\t\t\t\t\t\t\t\t\t\t\t\t\t<p>Alissa Mensah ist seit knapp sieben Jahren bei Indeed. Als Global Client Strategist unterst\u00fctzt sie Kunden und Vertrieb im Enterprise Segment mit Insights, Analysen und der Entwicklung strategischer, multiproduktbasierter L\u00f6sungen. Zuvor war sie acht Jahre in verschiedenen Marketing- und Sales-Positionen t\u00e4tig, eine lange Zeit davon in Ghana \/ Afrika. Alissa hat einen Masterabschluss in International Business mit Schwerpunkt Strategic Marketing der Universit\u00e4t Maastricht.<\/p>\n\t\t\t\t\t\t<\/div>\n\t\t\t\t\t<\/div>\n\t\t\t\t<\/div>\n\t\t\t<\/div>\n\t\t\t\t\t\t<div id=\"modal-hannes-klug\" class=\"modal\">\n\t\t\t\t<div class=\"modal-overlay\"><\/div>\n\t\t\t\t<div class=\"modal-content\">\n\t\t\t\t\t<div class=\"modal-header\">\n\t\t\t\t\t\t<a href=\"#\" class=\"js-modal-close\">\n\t\t\t\t\t\t\t<span class=\"screen-reader-text\">Close overlay.<\/span>\n\t\t\t\t\t\t\t<svg xmlns=\"http:\/\/www.w3.org\/2000\/svg\" viewBox=\"0 0 384 512\">\n\t\t\t\t\t\t\t\t<path fill=\"#ffffff\" d=\"M342.6 150.6c12.5-12.5 12.5-32.8 0-45.3s-32.8-12.5-45.3 0L192 210.7 86.6 105.4c-12.5-12.5-32.8-12.5-45.3 0s-12.5 32.8 0 45.3L146.7 256 41.4 361.4c-12.5 12.5-12.5 32.8 0 45.3s32.8 12.5 45.3 0L192 301.3 297.4 406.6c12.5 12.5 32.8 12.5 45.3 0s12.5-32.8 0-45.3L237.3 256 342.6 150.6z\"\/>\n\t\t\t\t\t\t\t<\/svg>\n\t\t\t\t\t\t<\/a>\n\t\t\t\t\t<\/div>\n\t\t\t\t\t<div class=\"modal-content__row\">\n\t\t\t\t\t\t<div class=\"modal-content__image portrait\">\n\t\t\t\t\t\t\t\t\t\t\t\t\t\t<div class=\"portrait-inner\" style=\"background-image: url('https:\/\/www.indeedevents.com\/de-de\/wp-content\/uploads\/sites\/26\/2025\/06\/Hannes-Klug-cut-shadow-600x600.png)');\"><\/div>\n\t\t\t\t\t\t<\/div>\n\t\t\t\t\t\t<div class=\"modal-content__bio\">\n\t\t\t\t\t\t\t<h4>Hannes Klug<\/h4>\n\t\t\t\t\t\t\t\t\t\t\t\t\t\t\t<p class=\"speaker-title\">Senior Product Marketing Manager<\/p>\n\t\t\t\t\t\t\t\t\t\t\t\t\t\t\t\t\t\t\t\t\t\t<p class=\"speaker-company\">Indeed<\/p>\n\t\t\t\t\t\t\t\t\t\t\t\t\t\t<p>Als Senior Product Marketing Manager bei Indeed bringt Hannes \u00fcber zehn Jahre Tech-Erfahrung ein, um Produkte an den Markt zu bringen. Er verantwortet den DACH-Markt und arbeitet eng mit den US-Teams an Produktstrategie, Vermarktung und Markteinf\u00fchrung. Sein Motto beschreibt perfekt seinen Ansatz: Bringing the product to the market; and the market to the product. Dabei begeistert ihn besonders, wie Technologie Arbeitssuchende und Unternehmen weltweit zusammenbringt.<\/p>\n\t\t\t\t\t\t<\/div>\n\t\t\t\t\t<\/div>\n\t\t\t\t<\/div>\n\t\t\t<\/div>\n\t\t\t<\/div>\n\n\n\n<div style=\"height:10px\" aria-hidden=\"true\" class=\"wp-block-spacer is-style-desktop-only\"><\/div>\n<\/div>\n<\/div><\/div>\n\n\n\n<div class=\"wp-block-cover is-light\" id=\"video\"><span aria-hidden=\"true\" class=\"wp-block-cover__background has-background-dim-0 has-background-dim\"><\/span><div class=\"wp-block-cover__inner-container is-layout-flow wp-block-cover-is-layout-flow\">\n<div style=\"height:10px\" aria-hidden=\"true\" class=\"wp-block-spacer is-style-desktop-only\"><\/div>\n\n\n\n<div class=\"wp-block-group alignfull is-style-futureworks futureworks-video is-layout-constrained wp-block-group-is-layout-constrained\">\n<div class=\"wp-block-columns are-vertically-aligned-top is-layout-flex wp-container-core-columns-is-layout-9d6595d7 wp-block-columns-is-layout-flex\">\n<div class=\"wp-block-column is-vertically-aligned-top is-layout-flow wp-block-column-is-layout-flow\" style=\"flex-basis:32%\">\n<h2 class=\"wp-block-heading h3 mt-0 is-style-overline\">Video<\/h2>\n<\/div>\n\n\n\n<div class=\"wp-block-column is-vertically-aligned-top is-layout-flow wp-block-column-is-layout-flow\" style=\"flex-basis:68.5%\">\n<p class=\"mt-20px\">Das war die Indeed FutureWorks 2024 in M\u00fcnchen!<\/p>\n<\/div>\n<\/div>\n\n\n\n<div style=\"height:10px\" aria-hidden=\"true\" class=\"wp-block-spacer\"><\/div>\n\n\n\t<section class=\"event-presentations event-presentations--light\">\n\t\t<div class=\"event-presentations__list \">\n\t\t\t\t\t\t\t<div>\n\t\t\t\t\t\t\t\t\t\t\t\t\t\t\t\t\t<div class=\"wistia-container wistia-lazyload\" style=\"\">\n\t\t\t\t\t\t\t<div data-video-id=\"zuau8hbm73\"><\/div>\n\t\t\t\t\t\t<\/div>\n\t\t\t\t\t\t\t\t\t\t<div class=\"presentation-meta\">\n\t\t\t\t\t\t\t\t\t\t\t\t\t\t\t\t\t\t\t\t\t\t\t<\/div>\n\t\t\t\t<\/div>\n\t\t\t\t\t<\/div>\n\t<\/section>\n\n\n\n<div style=\"height:50px\" aria-hidden=\"true\" class=\"wp-block-spacer is-style-desktop-only\"><\/div>\n<\/div>\n<\/div><\/div>\n\n\n\n<div class=\"wp-block-cover is-light\" id=\"location\"><span aria-hidden=\"true\" class=\"wp-block-cover__background has-futureworks-2025-earth-background-color has-background-dim-100 has-background-dim\"><\/span><div class=\"wp-block-cover__inner-container is-layout-flow wp-block-cover-is-layout-flow\">\n<div style=\"height:50px\" aria-hidden=\"true\" class=\"wp-block-spacer is-style-desktop-only\"><\/div>\n\n\n\n<div class=\"wp-block-group futureworks-location is-layout-constrained wp-block-group-is-layout-constrained\">\n<h2 class=\"wp-block-heading has-text-align-left h3 is-style-overline\">Veranstaltungsort<\/h2>\n\n\n\n<p class=\"has-text-align-left\">The Frame<br>Reisholzer Werftstra\u00dfe 29-43, 40589 D\u00fcsseldorf<\/p>\n\n\n\n<h3 class=\"wp-block-heading is-style-h3\"><strong>Anfahrt &amp; Parken<\/strong><\/h3>\n\n\n\n<p>F\u00fcr die <strong>Anreise mit dem eigenen PKW<\/strong> parken Sie bitte am <a href=\"https:\/\/maps.app.goo.gl\/FT8AhPt2FqJuLqzk6\" target=\"_blank\" rel=\"noreferrer noopener\">Parkplatz Henkel P5<\/a> und nehmen von dort aus unseren Indeed FutureWorks Shuttle, welcher Sie innerhalb von sieben Minuten zur Location bringt.<\/p>\n\n\n\n<p>F\u00fcr die <strong>Anreise mit der Deutschen Bahn<\/strong> nehmen Sie vom Hauptbahnhof D\u00fcsseldorf bitte die U-Bahnlinie U76 Richtung Holthausen und steigen an der Endstation <a href=\"https:\/\/maps.app.goo.gl\/NiiVAptah1uM6APT8\" target=\"_blank\" rel=\"noreferrer noopener\">Holthausen<\/a> aus (zehn Haltestellen). Von hier aus bringt Sie der Indeed FutureWorks Shuttle innerhalb von vier Minuten zur Location.<\/p>\n\n\n\n<h3 class=\"wp-block-heading is-style-h3\"><strong>Shuttle Fahrtzeiten<\/strong><\/h3>\n\n\n\n<p>Parkplatz Henkel P5 \u2013 U-Bahnstation Holthausen \u2013 The Frame \u2013 U-Bahnstation Holthausen \u2013 Parkplatz Henkel P5<br>Zwischen 09:15 und 11:00 Uhr \u2013 Abfahrt alle 15 Minuten<br>Zwischen 11:00 und 16:30 Uhr \u2013 Abfahrt alle 30 Minuten<br>Zwischen 16:30 und 19:15 Uhr \u2013 Abfahrt alle 15 Minuten<\/p>\n\n\n\n<p>Service-Mitarbeiter*innen weisen Ihnen am Parkplatz Henkel P5 und dem U-Bahnhof Holthausen den Weg zu den Bussen.<\/p>\n\n\n\t<div class=\"block-futureworks-map\" id=\"futureworks-map-block_0609bcde5af9b7f19a11169c301133a4\">\n\t\t<div id=\"indeed-event-map\"><\/div>\n\t\t<script>\n\t\t\tconst gmap = {\"address\":\"The Frame Reisholzer Werftstra\\u00dfe 29-43, 40589 D\\u00fcsseldorf\",\"lat\":51.1661662,\"lng\":6.8395343,\"zoom\":14,\"place_id\":\"ChIJC2MDpV_LuEcR4lt6nqCHNtY\",\"street_number\":\"29-43\",\"street_name\":\"Reisholzer Werftstra\\u00dfe\",\"city\":\"D\\u00fcsseldorf\",\"state\":\"Nordrhein-Westfalen\",\"state_short\":\"NRW\",\"post_code\":\"40589\",\"country\":\"Germany\",\"country_short\":\"DE\"};\n\t\t<\/script>\n\t<\/div>\n\t<\/div>\n<\/div><\/div>\n\n\n\n<div class=\"wp-block-cover is-light\" id=\"register\"><span aria-hidden=\"true\" class=\"wp-block-cover__background has-futureworks-2025-earth-background-color has-background-dim-100 has-background-dim\"><\/span><div class=\"wp-block-cover__inner-container is-layout-flow wp-block-cover-is-layout-flow\">\n<div class=\"wp-block-group is-style-futureworks futureworks-faq is-layout-constrained wp-block-group-is-layout-constrained\">\n<div class=\"wp-block-columns are-vertically-aligned-top is-layout-flex wp-container-core-columns-is-layout-9d6595d7 wp-block-columns-is-layout-flex\">\n<div class=\"wp-block-column is-vertically-aligned-top is-layout-flow wp-block-column-is-layout-flow\" style=\"flex-basis:33%\">\n<h2 class=\"wp-block-heading h3 mt-0 is-style-overline\">Anmeldung<\/h2>\n<\/div>\n\n\n\n<div class=\"wp-block-column is-vertically-aligned-top is-layout-flow wp-block-column-is-layout-flow\" style=\"flex-basis:66%\">\n<p>Diese Veranstaltung ist ausgebucht. Bitte wenden Sie sich an Ihren Kundenberater, um sich auf unsere Warteliste setzen zu lassen.<\/p>\n<\/div>\n<\/div>\n<\/div>\n<\/div><\/div>\n\n\n\n<div class=\"wp-block-cover\" id=\"faq\"><span aria-hidden=\"true\" class=\"wp-block-cover__background has-futureworks-2025-ink-blue-background-color has-background-dim-100 has-background-dim\"><\/span><div class=\"wp-block-cover__inner-container is-layout-flow wp-block-cover-is-layout-flow\">\n<div style=\"height:50px\" aria-hidden=\"true\" class=\"wp-block-spacer is-style-desktop-only\"><\/div>\n\n\n\n<div class=\"wp-block-group is-style-futureworks futureworks-faq is-layout-constrained wp-block-group-is-layout-constrained\">\n<div class=\"wp-block-columns are-vertically-aligned-top is-layout-flex wp-container-core-columns-is-layout-9d6595d7 wp-block-columns-is-layout-flex\">\n<div class=\"wp-block-column is-vertically-aligned-top is-layout-flow wp-block-column-is-layout-flow\" style=\"flex-basis:33%\">\n<h2 class=\"wp-block-heading h3 mt-0 is-style-overline\">FAQ<\/h2>\n<\/div>\n\n\n\n<div class=\"wp-block-column is-vertically-aligned-top is-layout-flow wp-block-column-is-layout-flow\" style=\"flex-basis:66%\"><\/div>\n<\/div>\n\n\n\n<section class=\"event-faq\">\n\n\n\n\t\t\t<div class=\"event-faq-content block-accordion column-count-1 desktop-accordions\">\n\t\t\t\t\t<ul class=\"event-faq-column block-accordion__content\">\n\t\t\t\t\t\t\t\t\t\t\t\t\t\t\t\t\t\t\t<li aria-expanded=false class=\"block-accordion-item\">\n\t\t\t\t\t\t\t\t\t\t\t\t\t<button class=\"block-accordion-item__toggle\">\n\t\t\t\t\t\t\t\t<span class=\"block-accordion-item__title\">Was ist die Indeed FutureWorks D\u00fcsseldorf?<\/span>\n\t\t\t\t\t\t\t<\/button>\n\t\t\t\t\t\t\t\t\t\t\t\t\t\t\t\t\t\t\t<div class=\"block-accordion-item__content\">\n\t\t\t\t\t\t\t\t<div class=\"block-accordion-item__content-inner\">\n\t\t\t\t\t\t\t\t\t<p>Die Indeed FutureWorks D\u00fcsseldorf ist eine Veranstaltung f\u00fcr alle, die die Zukunft der Arbeit gemeinsam mit uns gestalten wollen. Treffen Sie Branchenexpert*innen und erfahren Sie mehr \u00fcber die neuesten Trends und Entwicklungen in den Bereichen Recruiting und Personalmanagement.<\/p>\n\t\t\t\t\t\t\t\t<\/div>\n\t\t\t\t\t\t\t<\/div>\n\t\t\t\t\t\t\t\t\t\t\t<\/li>\n\t\t\t\t\t\t\t\t\t\t\t\t\t\t\t\t\t\t\t<li aria-expanded=false class=\"block-accordion-item\">\n\t\t\t\t\t\t\t\t\t\t\t\t\t<button class=\"block-accordion-item__toggle\">\n\t\t\t\t\t\t\t\t<span class=\"block-accordion-item__title\">Wer sollte teilnehmen?<\/span>\n\t\t\t\t\t\t\t<\/button>\n\t\t\t\t\t\t\t\t\t\t\t\t\t\t\t\t\t\t\t<div class=\"block-accordion-item__content\">\n\t\t\t\t\t\t\t\t<div class=\"block-accordion-item__content-inner\">\n\t\t\t\t\t\t\t\t\t<p>F\u00fchrungskr\u00e4fte aus den Bereichen Human Resources, Talent Acquisition und Personalmanagement, die ihre zuk\u00fcnftige Rekrutierungsstrategie st\u00e4rken m\u00f6chten.<\/p>\n\t\t\t\t\t\t\t\t<\/div>\n\t\t\t\t\t\t\t<\/div>\n\t\t\t\t\t\t\t\t\t\t\t<\/li>\n\t\t\t\t\t\t\t\t\t\t\t\t\t\t\t\t\t\t\t<li aria-expanded=false class=\"block-accordion-item\">\n\t\t\t\t\t\t\t\t\t\t\t\t\t<button class=\"block-accordion-item__toggle\">\n\t\t\t\t\t\t\t\t<span class=\"block-accordion-item__title\">Welche Informationen werden vermittelt?<\/span>\n\t\t\t\t\t\t\t<\/button>\n\t\t\t\t\t\t\t\t\t\t\t\t\t\t\t\t\t\t\t<div class=\"block-accordion-item__content\">\n\t\t\t\t\t\t\t\t<div class=\"block-accordion-item__content-inner\">\n\t\t\t\t\t\t\t\t\t<p>Expert*innen und Vordenker*innen geben spannende Einblicke in die Talentgewinnung und -strategie auf der Grundlage aktueller wirtschaftlicher Trends und datenbasierter Insights von Indeed. Damit Sie \u00fcber die Werkzeuge und das Wissen verf\u00fcgen, um Ihr Unternehmen zukunftssicher zu machen.<\/p>\n\t\t\t\t\t\t\t\t<\/div>\n\t\t\t\t\t\t\t<\/div>\n\t\t\t\t\t\t\t\t\t\t\t<\/li>\n\t\t\t\t\t\t\t\t\t\t\t\t\t\t\t\t\t\t\t<li aria-expanded=false class=\"block-accordion-item\">\n\t\t\t\t\t\t\t\t\t\t\t\t\t<button class=\"block-accordion-item__toggle\">\n\t\t\t\t\t\t\t\t<span class=\"block-accordion-item__title\">Ist die Veranstaltung kostenpflichtig?<\/span>\n\t\t\t\t\t\t\t<\/button>\n\t\t\t\t\t\t\t\t\t\t\t\t\t\t\t\t\t\t\t<div class=\"block-accordion-item__content\">\n\t\t\t\t\t\t\t\t<div class=\"block-accordion-item__content-inner\">\n\t\t\t\t\t\t\t\t\t<p>Nein, die Teilnahme an der Indeed FutureWorks D\u00fcsseldorf ist kostenfrei.<\/p>\n\t\t\t\t\t\t\t\t<\/div>\n\t\t\t\t\t\t\t<\/div>\n\t\t\t\t\t\t\t\t\t\t\t<\/li>\n\t\t\t\t\t\t\t\t\t\t\t\t\t\t\t\t\t\t\t<li aria-expanded=false class=\"block-accordion-item\">\n\t\t\t\t\t\t\t\t\t\t\t\t\t<button class=\"block-accordion-item__toggle\">\n\t\t\t\t\t\t\t\t<span class=\"block-accordion-item__title\">Wann und wo erhalte ich meinen Teilnehmerausweis?<\/span>\n\t\t\t\t\t\t\t<\/button>\n\t\t\t\t\t\t\t\t\t\t\t\t\t\t\t\t\t\t\t<div class=\"block-accordion-item__content\">\n\t\t\t\t\t\t\t\t<div class=\"block-accordion-item__content-inner\">\n\t\t\t\t\t\t\t\t\t<p>Nach vorheriger Anmeldung erhalten Sie Ihren Ausweis direkt bei der Veranstaltung. Bitte bringen Sie Ihre Anmeldebest\u00e4tigung mit.<\/p>\n\t\t\t\t\t\t\t\t<\/div>\n\t\t\t\t\t\t\t<\/div>\n\t\t\t\t\t\t\t\t\t\t\t<\/li>\n\t\t\t\t\t\t\t\t\t\t\t\t\t\t\t\t\t\t\t<li aria-expanded=false class=\"block-accordion-item\">\n\t\t\t\t\t\t\t\t\t\t\t\t\t<button class=\"block-accordion-item__toggle\">\n\t\t\t\t\t\t\t\t<span class=\"block-accordion-item__title\">Gibt es einen Dress Code?<\/span>\n\t\t\t\t\t\t\t<\/button>\n\t\t\t\t\t\t\t\t\t\t\t\t\t\t\t\t\t\t\t<div class=\"block-accordion-item__content\">\n\t\t\t\t\t\t\t\t<div class=\"block-accordion-item__content-inner\">\n\t\t\t\t\t\t\t\t\t<p>Smart Casual.<\/p>\n\t\t\t\t\t\t\t\t<\/div>\n\t\t\t\t\t\t\t<\/div>\n\t\t\t\t\t\t\t\t\t\t\t<\/li>\n\t\t\t\t\t\t\t\t\t\t\t\t\t\t\t\t\t\t\t<li aria-expanded=false class=\"block-accordion-item\">\n\t\t\t\t\t\t\t\t\t\t\t\t\t<button class=\"block-accordion-item__toggle\">\n\t\t\t\t\t\t\t\t<span class=\"block-accordion-item__title\">Werden Mahlzeiten oder Erfrischungen angeboten?<\/span>\n\t\t\t\t\t\t\t<\/button>\n\t\t\t\t\t\t\t\t\t\t\t\t\t\t\t\t\t\t\t<div class=\"block-accordion-item__content\">\n\t\t\t\t\t\t\t\t<div class=\"block-accordion-item__content-inner\">\n\t\t\t\t\t\t\t\t\t<p>Ja, es werden Snacks, ein Mittagessen sowie Erfrischungen angeboten.<\/p>\n\t\t\t\t\t\t\t\t<\/div>\n\t\t\t\t\t\t\t<\/div>\n\t\t\t\t\t\t\t\t\t\t\t<\/li>\n\t\t\t\t\t\t\t\t\t\t\t\t\t\t\t\t\t\t\t<li aria-expanded=false class=\"block-accordion-item\">\n\t\t\t\t\t\t\t\t\t\t\t\t\t<button class=\"block-accordion-item__toggle\">\n\t\t\t\t\t\t\t\t<span class=\"block-accordion-item__title\">Gibt es einen Hashtag f\u00fcr die Veranstaltung?<\/span>\n\t\t\t\t\t\t\t<\/button>\n\t\t\t\t\t\t\t\t\t\t\t\t\t\t\t\t\t\t\t<div class=\"block-accordion-item__content\">\n\t\t\t\t\t\t\t\t<div class=\"block-accordion-item__content-inner\">\n\t\t\t\t\t\t\t\t\t<p>Ja, der Hashtag lautet #IndeedFutureWorksDuesseldorf.<\/p>\n\t\t\t\t\t\t\t\t<\/div>\n\t\t\t\t\t\t\t<\/div>\n\t\t\t\t\t\t\t\t\t\t\t<\/li>\n\t\t\t\t\t\t\t\t\t\t\t\t\t\t\t\t\t\t\t<li aria-expanded=false class=\"block-accordion-item\">\n\t\t\t\t\t\t\t\t\t\t\t\t\t<button class=\"block-accordion-item__toggle\">\n\t\t\t\t\t\t\t\t<span class=\"block-accordion-item__title\">Werden die Inhalte der Veranstaltung im Nachgang zur Verf\u00fcgung gestellt?<\/span>\n\t\t\t\t\t\t\t<\/button>\n\t\t\t\t\t\t\t\t\t\t\t\t\t\t\t\t\t\t\t<div class=\"block-accordion-item__content\">\n\t\t\t\t\t\t\t\t<div class=\"block-accordion-item__content-inner\">\n\t\t\t\t\t\t\t\t\t<p>Ja, ein Teil der Vortr\u00e4ge wird aufgezeichnet. Die Teilnehmenden erhalten die Aufzeichnungen etwa eine Woche nach der Veranstaltung.<\/p>\n\t\t\t\t\t\t\t\t<\/div>\n\t\t\t\t\t\t\t<\/div>\n\t\t\t\t\t\t\t\t\t\t\t<\/li>\n\t\t\t\t\t\t\t\t\t\t\t\t\t\t\t\t\t\t\t<li aria-expanded=false class=\"block-accordion-item\">\n\t\t\t\t\t\t\t\t\t\t\t\t\t<button class=\"block-accordion-item__toggle\">\n\t\t\t\t\t\t\t\t<span class=\"block-accordion-item__title\">Ist der Veranstaltungsort barrierefrei?<\/span>\n\t\t\t\t\t\t\t<\/button>\n\t\t\t\t\t\t\t\t\t\t\t\t\t\t\t\t\t\t\t<div class=\"block-accordion-item__content\">\n\t\t\t\t\t\t\t\t<div class=\"block-accordion-item__content-inner\">\n\t\t\t\t\t\t\t\t\t<p>Ja, das The Frame ist f\u00fcr Rollstuhlfahrer zug\u00e4nglich. Rollstuhlgerechte Toiletten sind vorhanden.<\/p>\n\t\t\t\t\t\t\t\t<\/div>\n\t\t\t\t\t\t\t<\/div>\n\t\t\t\t\t\t\t\t\t\t\t<\/li>\n\t\t\t\t\t\t\t<\/ul><!-- .event-faq-column -->\n\t\t\t\t<\/div><!-- .event-faq-content -->\n\t<\/section><!-- .event-faq -->\n<\/div>\n\n\n\n<div style=\"height:50px\" aria-hidden=\"true\" class=\"wp-block-spacer is-style-desktop-only\"><\/div>\n<\/div><\/div>\n","protected":false},"featured_media":89111,"template":"page-templates\/indeed-futureworks-2025.php","event-section":[],"event-format":[178],"event-type":[204],"event-topic":[],"event-location":[200],"class_list":["post-89094","events","type-events","status-publish","has-post-thumbnail","hentry","event_format-in-person","event_type-indeed-futureworks","event_location-europe"],"acf":[],"yoast_head":"<!-- This site is optimized with the Yoast SEO plugin v27.4 - https:\/\/yoast.com\/product\/yoast-seo-wordpress\/ -->\n<title>Indeed FutureWorks D\u00fcsseldorf I 20. November 2025 I D\u00fcsseldorf<\/title>\n<meta name=\"description\" content=\"Erhalten Sie Insights von Top Human Resources- und Talent Acquisition-F\u00fchrungskr\u00e4ften sowie prominenten Expert*innen auf Indeeds wichtigster Konferenz zur Zukunft der Arbeit.\" \/>\n<meta name=\"robots\" content=\"noindex, nofollow\" \/>\n<meta property=\"og:locale\" content=\"de_DE\" \/>\n<meta property=\"og:type\" content=\"article\" \/>\n<meta property=\"og:title\" content=\"Indeed FutureWorks D\u00fcsseldorf I 20. November 2025 I D\u00fcsseldorf\" \/>\n<meta property=\"og:description\" content=\"Erhalten Sie Insights von Top Human Resources- und Talent Acquisition-F\u00fchrungskr\u00e4ften sowie prominenten Expert*innen auf Indeeds wichtigster Konferenz zur Zukunft der Arbeit.\" \/>\n<meta property=\"og:url\" content=\"https:\/\/www.indeedevents.com\/de-de\/events\/registration-ifw-dusseldorf-112025\/\" \/>\n<meta property=\"og:site_name\" content=\"Indeed Events\" \/>\n<meta property=\"article:modified_time\" content=\"2025-11-24T14:32:51+00:00\" \/>\n<meta property=\"og:image\" content=\"https:\/\/www.indeedevents.com\/de-de\/wp-content\/uploads\/sites\/26\/2025\/06\/WEB-First-Agency-Event-Indeed-Future-Works-Paris-2024-109-opt.jpg\" \/>\n\t<meta property=\"og:image:width\" content=\"800\" \/>\n\t<meta property=\"og:image:height\" content=\"533\" \/>\n\t<meta property=\"og:image:type\" content=\"image\/jpeg\" \/>\n<meta name=\"twitter:card\" content=\"summary_large_image\" \/>\n<meta name=\"twitter:label1\" content=\"Gesch\u00e4tzte Lesezeit\" \/>\n\t<meta name=\"twitter:data1\" content=\"6\u00a0Minuten\" \/>\n<script type=\"application\/ld+json\" class=\"yoast-schema-graph\">{\"@context\":\"https:\\\/\\\/schema.org\",\"@graph\":[{\"@type\":\"WebPage\",\"@id\":\"https:\\\/\\\/www.indeedevents.com\\\/de-de\\\/events\\\/registration-ifw-dusseldorf-112025\\\/\",\"url\":\"https:\\\/\\\/www.indeedevents.com\\\/de-de\\\/events\\\/registration-ifw-dusseldorf-112025\\\/\",\"name\":\"Indeed FutureWorks D\u00fcsseldorf I 20. November 2025 I D\u00fcsseldorf\",\"isPartOf\":{\"@id\":\"https:\\\/\\\/www.indeedevents.com\\\/de-de\\\/#website\"},\"primaryImageOfPage\":{\"@id\":\"https:\\\/\\\/www.indeedevents.com\\\/de-de\\\/events\\\/registration-ifw-dusseldorf-112025\\\/#primaryimage\"},\"image\":{\"@id\":\"https:\\\/\\\/www.indeedevents.com\\\/de-de\\\/events\\\/registration-ifw-dusseldorf-112025\\\/#primaryimage\"},\"thumbnailUrl\":\"https:\\\/\\\/www.indeedevents.com\\\/de-de\\\/wp-content\\\/uploads\\\/sites\\\/26\\\/2025\\\/06\\\/WEB-First-Agency-Event-Indeed-Future-Works-Paris-2024-109-opt.jpg\",\"datePublished\":\"2025-06-03T15:54:43+00:00\",\"dateModified\":\"2025-11-24T14:32:51+00:00\",\"description\":\"Erhalten Sie Insights von Top Human Resources- und Talent Acquisition-F\u00fchrungskr\u00e4ften sowie prominenten Expert*innen auf Indeeds wichtigster Konferenz zur Zukunft der Arbeit.\",\"breadcrumb\":{\"@id\":\"https:\\\/\\\/www.indeedevents.com\\\/de-de\\\/events\\\/registration-ifw-dusseldorf-112025\\\/#breadcrumb\"},\"inLanguage\":\"de\",\"potentialAction\":[{\"@type\":\"ReadAction\",\"target\":[\"https:\\\/\\\/www.indeedevents.com\\\/de-de\\\/events\\\/registration-ifw-dusseldorf-112025\\\/\"]}]},{\"@type\":\"ImageObject\",\"inLanguage\":\"de\",\"@id\":\"https:\\\/\\\/www.indeedevents.com\\\/de-de\\\/events\\\/registration-ifw-dusseldorf-112025\\\/#primaryimage\",\"url\":\"https:\\\/\\\/www.indeedevents.com\\\/de-de\\\/wp-content\\\/uploads\\\/sites\\\/26\\\/2025\\\/06\\\/WEB-First-Agency-Event-Indeed-Future-Works-Paris-2024-109-opt.jpg\",\"contentUrl\":\"https:\\\/\\\/www.indeedevents.com\\\/de-de\\\/wp-content\\\/uploads\\\/sites\\\/26\\\/2025\\\/06\\\/WEB-First-Agency-Event-Indeed-Future-Works-Paris-2024-109-opt.jpg\",\"width\":800,\"height\":533,\"caption\":\"Ein gro\u00dfes Publikum h\u00f6rt einem Redner bei einer Veranstaltung aufmerksam zu\"},{\"@type\":\"BreadcrumbList\",\"@id\":\"https:\\\/\\\/www.indeedevents.com\\\/de-de\\\/events\\\/registration-ifw-dusseldorf-112025\\\/#breadcrumb\",\"itemListElement\":[{\"@type\":\"ListItem\",\"position\":1,\"name\":\"Home\",\"item\":\"https:\\\/\\\/www.indeedevents.com\\\/de-de\\\/\"},{\"@type\":\"ListItem\",\"position\":2,\"name\":\"Events\",\"item\":\"https:\\\/\\\/www.indeedevents.com\\\/de-de\\\/past-events\\\/\"},{\"@type\":\"ListItem\",\"position\":3,\"name\":\"Indeed FutureWorks D\u00fcsseldorf 2025 &#8211; Registration\"}]},{\"@type\":\"WebSite\",\"@id\":\"https:\\\/\\\/www.indeedevents.com\\\/de-de\\\/#website\",\"url\":\"https:\\\/\\\/www.indeedevents.com\\\/de-de\\\/\",\"name\":\"Deutschland (deutsch)\",\"description\":\"Deutsch\",\"potentialAction\":[{\"@type\":\"SearchAction\",\"target\":{\"@type\":\"EntryPoint\",\"urlTemplate\":\"https:\\\/\\\/www.indeedevents.com\\\/de-de\\\/?s={search_term_string}\"},\"query-input\":{\"@type\":\"PropertyValueSpecification\",\"valueRequired\":true,\"valueName\":\"search_term_string\"}}],\"inLanguage\":\"de\"}]}<\/script>\n<!-- \/ Yoast SEO plugin. -->","yoast_head_json":{"title":"Indeed FutureWorks D\u00fcsseldorf I 20. November 2025 I D\u00fcsseldorf","description":"Erhalten Sie Insights von Top Human Resources- und Talent Acquisition-F\u00fchrungskr\u00e4ften sowie prominenten Expert*innen auf Indeeds wichtigster Konferenz zur Zukunft der Arbeit.","robots":{"index":"noindex","follow":"nofollow"},"og_locale":"de_DE","og_type":"article","og_title":"Indeed FutureWorks D\u00fcsseldorf I 20. November 2025 I D\u00fcsseldorf","og_description":"Erhalten Sie Insights von Top Human Resources- und Talent Acquisition-F\u00fchrungskr\u00e4ften sowie prominenten Expert*innen auf Indeeds wichtigster Konferenz zur Zukunft der Arbeit.","og_url":"https:\/\/www.indeedevents.com\/de-de\/events\/registration-ifw-dusseldorf-112025\/","og_site_name":"Indeed Events","article_modified_time":"2025-11-24T14:32:51+00:00","og_image":[{"width":800,"height":533,"url":"https:\/\/www.indeedevents.com\/de-de\/wp-content\/uploads\/sites\/26\/2025\/06\/WEB-First-Agency-Event-Indeed-Future-Works-Paris-2024-109-opt.jpg","type":"image\/jpeg"}],"twitter_card":"summary_large_image","twitter_misc":{"Gesch\u00e4tzte Lesezeit":"6\u00a0Minuten"},"schema":{"@context":"https:\/\/schema.org","@graph":[{"@type":"WebPage","@id":"https:\/\/www.indeedevents.com\/de-de\/events\/registration-ifw-dusseldorf-112025\/","url":"https:\/\/www.indeedevents.com\/de-de\/events\/registration-ifw-dusseldorf-112025\/","name":"Indeed FutureWorks D\u00fcsseldorf I 20. November 2025 I D\u00fcsseldorf","isPartOf":{"@id":"https:\/\/www.indeedevents.com\/de-de\/#website"},"primaryImageOfPage":{"@id":"https:\/\/www.indeedevents.com\/de-de\/events\/registration-ifw-dusseldorf-112025\/#primaryimage"},"image":{"@id":"https:\/\/www.indeedevents.com\/de-de\/events\/registration-ifw-dusseldorf-112025\/#primaryimage"},"thumbnailUrl":"https:\/\/www.indeedevents.com\/de-de\/wp-content\/uploads\/sites\/26\/2025\/06\/WEB-First-Agency-Event-Indeed-Future-Works-Paris-2024-109-opt.jpg","datePublished":"2025-06-03T15:54:43+00:00","dateModified":"2025-11-24T14:32:51+00:00","description":"Erhalten Sie Insights von Top Human Resources- und Talent Acquisition-F\u00fchrungskr\u00e4ften sowie prominenten Expert*innen auf Indeeds wichtigster Konferenz zur Zukunft der Arbeit.","breadcrumb":{"@id":"https:\/\/www.indeedevents.com\/de-de\/events\/registration-ifw-dusseldorf-112025\/#breadcrumb"},"inLanguage":"de","potentialAction":[{"@type":"ReadAction","target":["https:\/\/www.indeedevents.com\/de-de\/events\/registration-ifw-dusseldorf-112025\/"]}]},{"@type":"ImageObject","inLanguage":"de","@id":"https:\/\/www.indeedevents.com\/de-de\/events\/registration-ifw-dusseldorf-112025\/#primaryimage","url":"https:\/\/www.indeedevents.com\/de-de\/wp-content\/uploads\/sites\/26\/2025\/06\/WEB-First-Agency-Event-Indeed-Future-Works-Paris-2024-109-opt.jpg","contentUrl":"https:\/\/www.indeedevents.com\/de-de\/wp-content\/uploads\/sites\/26\/2025\/06\/WEB-First-Agency-Event-Indeed-Future-Works-Paris-2024-109-opt.jpg","width":800,"height":533,"caption":"Ein gro\u00dfes Publikum h\u00f6rt einem Redner bei einer Veranstaltung aufmerksam zu"},{"@type":"BreadcrumbList","@id":"https:\/\/www.indeedevents.com\/de-de\/events\/registration-ifw-dusseldorf-112025\/#breadcrumb","itemListElement":[{"@type":"ListItem","position":1,"name":"Home","item":"https:\/\/www.indeedevents.com\/de-de\/"},{"@type":"ListItem","position":2,"name":"Events","item":"https:\/\/www.indeedevents.com\/de-de\/past-events\/"},{"@type":"ListItem","position":3,"name":"Indeed FutureWorks D\u00fcsseldorf 2025 &#8211; Registration"}]},{"@type":"WebSite","@id":"https:\/\/www.indeedevents.com\/de-de\/#website","url":"https:\/\/www.indeedevents.com\/de-de\/","name":"Deutschland (deutsch)","description":"Deutsch","potentialAction":[{"@type":"SearchAction","target":{"@type":"EntryPoint","urlTemplate":"https:\/\/www.indeedevents.com\/de-de\/?s={search_term_string}"},"query-input":{"@type":"PropertyValueSpecification","valueRequired":true,"valueName":"search_term_string"}}],"inLanguage":"de"}]}},"_links":{"self":[{"href":"https:\/\/www.indeedevents.com\/de-de\/wp-json\/wp\/v2\/events\/89094","targetHints":{"allow":["GET"]}}],"collection":[{"href":"https:\/\/www.indeedevents.com\/de-de\/wp-json\/wp\/v2\/events"}],"about":[{"href":"https:\/\/www.indeedevents.com\/de-de\/wp-json\/wp\/v2\/types\/events"}],"version-history":[{"count":0,"href":"https:\/\/www.indeedevents.com\/de-de\/wp-json\/wp\/v2\/events\/89094\/revisions"}],"wp:featuredmedia":[{"embeddable":true,"href":"https:\/\/www.indeedevents.com\/de-de\/wp-json\/wp\/v2\/media\/89111"}],"wp:attachment":[{"href":"https:\/\/www.indeedevents.com\/de-de\/wp-json\/wp\/v2\/media?parent=89094"}],"wp:term":[{"taxonomy":"event_section","embeddable":true,"href":"https:\/\/www.indeedevents.com\/de-de\/wp-json\/wp\/v2\/event-section?post=89094"},{"taxonomy":"event_format","embeddable":true,"href":"https:\/\/www.indeedevents.com\/de-de\/wp-json\/wp\/v2\/event-format?post=89094"},{"taxonomy":"event_type","embeddable":true,"href":"https:\/\/www.indeedevents.com\/de-de\/wp-json\/wp\/v2\/event-type?post=89094"},{"taxonomy":"event_topic","embeddable":true,"href":"https:\/\/www.indeedevents.com\/de-de\/wp-json\/wp\/v2\/event-topic?post=89094"},{"taxonomy":"event_location","embeddable":true,"href":"https:\/\/www.indeedevents.com\/de-de\/wp-json\/wp\/v2\/event-location?post=89094"}],"curies":[{"name":"wp","href":"https:\/\/api.w.org\/{rel}","templated":true}]}}