{"id":88096,"date":"2020-04-24T15:37:43","date_gmt":"2020-04-24T15:37:43","guid":{"rendered":"https:\/\/www.indeedevents.com\/es-es\/?post_type=job_seeker&#038;p=88096"},"modified":"2025-05-05T21:08:44","modified_gmt":"2025-05-05T21:08:44","slug":"job-seeker","status":"publish","type":"page","link":"https:\/\/www.indeedevents.com\/es-es\/job-seeker\/","title":{"rendered":"Job seekers events"},"content":{"rendered":"\n<div\n    class=\"block-hero\"\n    id=\"hero-block_0b3e879df13d065e43079f76b060bae3\"\n    style=\"min-height: 350px; --bg-color: #001c40; --bg-image: url('https:\/\/www.indeedevents.com\/es-es\/wp-content\/uploads\/sites\/13\/2025\/05\/Banner-Desktop-2.0.0.png')\"\n>\n    <div class=\"block-hero__inner\">\n        <div class=\"block-hero__mobile-image\">\n            <div>\n                <img fetchpriority=\"high\" width=\"800\" height=\"532\" src=\"https:\/\/www.indeedevents.com\/es-es\/wp-content\/uploads\/sites\/13\/2025\/02\/jobseeker-hero-mobile-2023.webp\" class=\"attachment-full size-full skip-lazy\" alt=\"\" loading=\"eager\" decoding=\"async\" srcset=\"https:\/\/www.indeedevents.com\/es-es\/wp-content\/uploads\/sites\/13\/2025\/02\/jobseeker-hero-mobile-2023.webp 800w, https:\/\/www.indeedevents.com\/es-es\/wp-content\/uploads\/sites\/13\/2025\/02\/jobseeker-hero-mobile-2023-300x200.webp 300w, https:\/\/www.indeedevents.com\/es-es\/wp-content\/uploads\/sites\/13\/2025\/02\/jobseeker-hero-mobile-2023-768x511.webp 768w\" sizes=\"(max-width: 800px) 100vw, 800px\" \/>            <\/div>\n        <\/div>\n\n\t\t<div class=\"block-hero__content\">\n            <div class=\"normal-content\">\n                \n\n<h1 class=\"wp-block-heading\">Consid\u00e9ranos tu socio en la b\u00fasqueda de empleo<\/h1>\n\n\n\n<p>Nunca est\u00e1 de m\u00e1s contar con un gu\u00eda para explorar el mercado laboral o forjarse una carrera. Echa un vistazo a estos eventos que incluyen temas que te ser\u00e1n de gran ayuda: asesoramiento en la trayectoria profesional, redacci\u00f3n de CV, b\u00fasqueda de empleo y mucho m\u00e1s.<\/p>\n\n\n            <\/div>\n\t\t<\/div>\n\n        <div class=\"block-hero__desktop-image\">\n            <div>\n                <img width=\"800\" height=\"468\" src=\"https:\/\/www.indeedevents.com\/es-es\/wp-content\/uploads\/sites\/13\/2025\/02\/jobseeker-hero-desktop-2023.webp\" class=\"attachment-full size-full skip-lazy\" alt=\"\" loading=\"eager\" decoding=\"async\" srcset=\"https:\/\/www.indeedevents.com\/es-es\/wp-content\/uploads\/sites\/13\/2025\/02\/jobseeker-hero-desktop-2023.webp 800w, https:\/\/www.indeedevents.com\/es-es\/wp-content\/uploads\/sites\/13\/2025\/02\/jobseeker-hero-desktop-2023-300x176.webp 300w, https:\/\/www.indeedevents.com\/es-es\/wp-content\/uploads\/sites\/13\/2025\/02\/jobseeker-hero-desktop-2023-768x449.webp 768w\" sizes=\"(max-width: 800px) 100vw, 800px\" \/>            <\/div>\n        <\/div>\n\t<\/div>\n<\/div>\n\n\n\n<div class=\"wp-block-cover is-light alignwide\"><span aria-hidden=\"true\" class=\"wp-block-cover__background has-background-dim-100 has-background-dim\" style=\"background-color:#f6f6f6\"><\/span><div class=\"wp-block-cover__inner-container is-layout-flow wp-block-cover-is-layout-flow\">\n<div style=\"height:20px\" aria-hidden=\"true\" class=\"wp-block-spacer\"><\/div>\n\n\n<div class=\"event-grid\">\n\t<h2 class=\"event-grid--title\">Featured events<\/h2>\n\t<div class=\"event-grid--items\">\n\t\t\t<a id=\"post-92575\"\n\t\tclass=\"event-tile job-search-academy\"\n\t\thref=\"https:\/\/www.indeedevents.com\/events\/jsa-ask-a-career-strategist-23\/\"\n\t\ttarget=\"_blank\"\n\t\tdata-event-year=\"2026\"\n\t\tdata-event-type=\"job-search-academy\"\n\t\tdata-event-location=\"\"\n\t\tdata-event-format=\"virtual\"\n\t\t>\n\t\t<div class=\"event-tile--header\">\n\t\t\t<div class=\"event--meta\">\n\t\t\t\t<span class=\"event-tile--type\">Job Search Academy<\/span>\n\t\t\t\t\t\t\t\t\t<div>\n\t\t\t\t\t\t<ul class=\"event-tile--format\">\n\t\t\t\t\t\t\t\t\t\t\t\t\t\t\t<li class=\"event-format\">VIRTUAL<\/span>\n\t\t\t\t\t\t\t\t\t\t\t\t\t<\/ul>\n\t\t\t\t\t<\/div>\n\t\t\t\t\t\t\t<\/div>\n\t\t\t<svg xmlns=\"http:\/\/www.w3.org\/2000\/svg\" viewBox=\"0 0 448 512\" class=\"fa-arrow-right\">\n\t\t\t\t<path d=\"M438.6 278.6c12.5-12.5 12.5-32.8 0-45.3l-160-160c-12.5-12.5-32.8-12.5-45.3 0s-12.5 32.8 0 45.3L338.8 224 32 224c-17.7 0-32 14.3-32 32s14.3 32 32 32l306.7 0L233.4 393.4c-12.5 12.5-12.5 32.8 0 45.3s32.8 12.5 45.3 0l160-160z\"\/>\n\t\t\t<\/svg>\n\t\t<\/div>\n\t\t<h3 class=\"event-tile--title\">Ask a Career Strategist: How to Navigate the 2026 Job Market<\/h3>\n\t\t\t\t\t\t<div class=\"event-tile--details\">\n\t\t\t<span class=\"event--date event--locale\"><span>29 de abril de 2026<\/span><span><img decoding=\"async\" alt=\"\" src=\"https:\/\/www.indeedevents.com\/es-es\/wp-content\/themes\/indeed-events\/img\/GlobeVector.svg\" class=\"tileglobe\"> English<\/span><\/span>\n\t\t<\/div>\n\t<\/a><!-- #post-92575 -->\n\t<a id=\"post-92580\"\n\t\tclass=\"event-tile job-search-academy\"\n\t\thref=\"https:\/\/www.indeedevents.com\/events\/jsa-building-and-activating-your-network\/\"\n\t\ttarget=\"_blank\"\n\t\tdata-event-year=\"2026\"\n\t\tdata-event-type=\"job-search-academy\"\n\t\tdata-event-location=\"\"\n\t\tdata-event-format=\"virtual\"\n\t\t>\n\t\t<div class=\"event-tile--header\">\n\t\t\t<div class=\"event--meta\">\n\t\t\t\t<span class=\"event-tile--type\">Job Search Academy<\/span>\n\t\t\t\t\t\t\t\t\t<div>\n\t\t\t\t\t\t<ul class=\"event-tile--format\">\n\t\t\t\t\t\t\t\t\t\t\t\t\t\t\t<li class=\"event-format\">VIRTUAL<\/span>\n\t\t\t\t\t\t\t\t\t\t\t\t\t<\/ul>\n\t\t\t\t\t<\/div>\n\t\t\t\t\t\t\t<\/div>\n\t\t\t<svg xmlns=\"http:\/\/www.w3.org\/2000\/svg\" viewBox=\"0 0 448 512\" class=\"fa-arrow-right\">\n\t\t\t\t<path d=\"M438.6 278.6c12.5-12.5 12.5-32.8 0-45.3l-160-160c-12.5-12.5-32.8-12.5-45.3 0s-12.5 32.8 0 45.3L338.8 224 32 224c-17.7 0-32 14.3-32 32s14.3 32 32 32l306.7 0L233.4 393.4c-12.5 12.5-12.5 32.8 0 45.3s32.8 12.5 45.3 0l160-160z\"\/>\n\t\t\t<\/svg>\n\t\t<\/div>\n\t\t<h3 class=\"event-tile--title\">Building and Activating your Network: The Career Skill No One Taught Us<\/h3>\n\t\t\t\t\t\t<div class=\"event-tile--details\">\n\t\t\t<span class=\"event--date event--locale\"><span>14 de mayo de 2026<\/span><span><img decoding=\"async\" alt=\"\" src=\"https:\/\/www.indeedevents.com\/es-es\/wp-content\/themes\/indeed-events\/img\/GlobeVector.svg\" class=\"tileglobe\"> English<\/span><\/span>\n\t\t<\/div>\n\t<\/a><!-- #post-92580 -->\n\t<a id=\"post-92594\"\n\t\tclass=\"event-tile job-search-academy\"\n\t\thref=\"https:\/\/www.indeedevents.com\/events\/jsa-the-negotiation-playbook\/\"\n\t\ttarget=\"_blank\"\n\t\tdata-event-year=\"2026\"\n\t\tdata-event-type=\"job-search-academy\"\n\t\tdata-event-location=\"\"\n\t\tdata-event-format=\"virtual\"\n\t\t>\n\t\t<div class=\"event-tile--header\">\n\t\t\t<div class=\"event--meta\">\n\t\t\t\t<span class=\"event-tile--type\">Job Search Academy<\/span>\n\t\t\t\t\t\t\t\t\t<div>\n\t\t\t\t\t\t<ul class=\"event-tile--format\">\n\t\t\t\t\t\t\t\t\t\t\t\t\t\t\t<li class=\"event-format\">VIRTUAL<\/span>\n\t\t\t\t\t\t\t\t\t\t\t\t\t<\/ul>\n\t\t\t\t\t<\/div>\n\t\t\t\t\t\t\t<\/div>\n\t\t\t<svg xmlns=\"http:\/\/www.w3.org\/2000\/svg\" viewBox=\"0 0 448 512\" class=\"fa-arrow-right\">\n\t\t\t\t<path d=\"M438.6 278.6c12.5-12.5 12.5-32.8 0-45.3l-160-160c-12.5-12.5-32.8-12.5-45.3 0s-12.5 32.8 0 45.3L338.8 224 32 224c-17.7 0-32 14.3-32 32s14.3 32 32 32l306.7 0L233.4 393.4c-12.5 12.5-12.5 32.8 0 45.3s32.8 12.5 45.3 0l160-160z\"\/>\n\t\t\t<\/svg>\n\t\t<\/div>\n\t\t<h3 class=\"event-tile--title\">The Negotiation Playbook: Real Talk on What You Weren\u2019t Taught<\/h3>\n\t\t\t\t\t\t<div class=\"event-tile--details\">\n\t\t\t<span class=\"event--date event--locale\"><span>3 de junio de 2026<\/span><span><img decoding=\"async\" alt=\"\" src=\"https:\/\/www.indeedevents.com\/es-es\/wp-content\/themes\/indeed-events\/img\/GlobeVector.svg\" class=\"tileglobe\"> English<\/span><\/span>\n\t\t<\/div>\n\t<\/a><!-- #post-92594 -->\n\t<\/div>\n<\/div>\n\n\n\n\n<div style=\"height:20px\" aria-hidden=\"true\" class=\"wp-block-spacer\"><\/div>\n<\/div><\/div>\n\n\n\n<div class=\"wp-block-cover alignwide\" style=\"min-height:360px;aspect-ratio:unset;\"><span aria-hidden=\"true\" class=\"wp-block-cover__background has-background-dim-100 has-background-dim\" style=\"background-color:#001c40\"><\/span><div class=\"wp-block-cover__inner-container is-layout-flow wp-block-cover-is-layout-flow\">\n<h2 class=\"wp-block-heading has-text-align-left has-large-font-size\">\u00bfNecesitas ayuda adicional con la b\u00fasqueda de empleo?<\/h2>\n\n\n\n<div style=\"height:10px\" aria-hidden=\"true\" class=\"wp-block-spacer\"><\/div>\n\n\n\n<p class=\"has-medium-font-size\">Obt\u00e9n consejos \u00fatiles y de expertos para cada paso del proceso<\/p>\n\n\n\n<div style=\"height:10px\" aria-hidden=\"true\" class=\"wp-block-spacer\"><\/div>\n\n\n\n<div class=\"wp-block-buttons is-layout-flex wp-block-buttons-is-layout-flex\">\n<div class=\"wp-block-button is-style-outline is-style-outline--1\"><a class=\"wp-block-button__link wp-element-button\" href=\"https:\/\/es.indeed.com\/orientacion-laboral?utm_source=website&amp;utm_medium=banner&amp;utm_campaign=indeed_events\" target=\"_blank\" rel=\"noreferrer noopener\"><strong>Orientaci\u00f3n laboral<\/strong><\/a><\/div>\n<\/div>\n<\/div><\/div>\n\n\n\n<div style=\"height:80px\" aria-hidden=\"true\" class=\"wp-block-spacer\"><\/div>\n\n\n\n<h2 class=\"wp-block-heading\">Nuestros mejores momentos<\/h2>\n\n\n\n<p class=\"has-medium-font-size\">Mira estas fotos de nuestros eventos.<\/p>\n\n\n\n<figure class=\"wp-block-gallery has-nested-images columns-5 is-cropped wp-block-gallery-2 is-layout-flex wp-block-gallery-is-layout-flex\">\n<figure class=\"wp-block-image size-large\"><a href=\"https:\/\/d341ezm4iqaae0.cloudfront.net\/assets\/2020\/03\/04213231\/gallery208.jpg\"><img decoding=\"async\" width=\"426\" height=\"423\" data-id=\"85399\" src=\"https:\/\/d341ezm4iqaae0.cloudfront.net\/assets\/2020\/03\/04213231\/gallery208.jpg\" alt=\"Asistentes que disfrutan de un evento de una feria de empleol\" class=\"wp-image-85399\" srcset=\"https:\/\/d341ezm4iqaae0.cloudfront.net\/assets\/2020\/03\/04213231\/gallery208.jpg 426w, https:\/\/d341ezm4iqaae0.cloudfront.net\/assets\/2020\/03\/04213231\/gallery208.jpg 300w, https:\/\/d341ezm4iqaae0.cloudfront.net\/assets\/2020\/03\/04213231\/gallery208.jpg 150w\" sizes=\"(max-width: 426px) 100vw, 426px\" \/><\/a><figcaption class=\"wp-element-caption\">Asistentes que disfrutan de un evento de una feria de empleol<\/figcaption><\/figure>\n\n\n\n<figure class=\"wp-block-image size-medium\"><a href=\"https:\/\/www.indeedevents.com\/es-es\/wp-content\/uploads\/sites\/13\/2023\/08\/indeedevents-image-gallery-01.jpg\"><img decoding=\"async\" width=\"300\" height=\"200\" data-id=\"88350\" src=\"https:\/\/www.indeedevents.com\/es-es\/wp-content\/uploads\/sites\/13\/2023\/08\/indeedevents-image-gallery-01-300x200.jpg\" alt=\"Una mujer realiza el registro de entrada a Indeed FutureWorks desde una tablet mientras charla con una empleada de Indeed.\" class=\"wp-image-88350\" srcset=\"https:\/\/www.indeedevents.com\/es-es\/wp-content\/uploads\/sites\/13\/2023\/08\/indeedevents-image-gallery-01-300x200.jpg 300w, https:\/\/www.indeedevents.com\/es-es\/wp-content\/uploads\/sites\/13\/2023\/08\/indeedevents-image-gallery-01-1024x683.jpg 1024w, https:\/\/www.indeedevents.com\/es-es\/wp-content\/uploads\/sites\/13\/2023\/08\/indeedevents-image-gallery-01-768x512.jpg 768w, https:\/\/www.indeedevents.com\/es-es\/wp-content\/uploads\/sites\/13\/2023\/08\/indeedevents-image-gallery-01.jpg 1200w\" sizes=\"(max-width: 300px) 100vw, 300px\" \/><\/a><figcaption class=\"wp-element-caption\"><br><br>Una mujer realiza el registro de entrada a Indeed FutureWorks desde una tablet mientras charla con una empleada de Indeed.<\/figcaption><\/figure>\n\n\n\n<figure class=\"wp-block-image size-large\"><a href=\"https:\/\/d341ezm4iqaae0.cloudfront.net\/assets\/2020\/03\/04213227\/gallery206.jpg\"><img decoding=\"async\" width=\"426\" height=\"423\" data-id=\"85397\" src=\"https:\/\/d341ezm4iqaae0.cloudfront.net\/assets\/2020\/03\/04213227\/gallery206.jpg\" alt=\"Presentadores en el escenario de un evento de Indeed\" class=\"wp-image-85397\" srcset=\"https:\/\/d341ezm4iqaae0.cloudfront.net\/assets\/2020\/03\/04213227\/gallery206.jpg 426w, https:\/\/d341ezm4iqaae0.cloudfront.net\/assets\/2020\/03\/04213227\/gallery206.jpg 300w, https:\/\/d341ezm4iqaae0.cloudfront.net\/assets\/2020\/03\/04213227\/gallery206.jpg 150w\" sizes=\"(max-width: 426px) 100vw, 426px\" \/><\/a><figcaption class=\"wp-element-caption\">Presentadores en el escenario de un evento de Indeed<\/figcaption><\/figure>\n\n\n\n<figure class=\"wp-block-image size-large\"><a href=\"https:\/\/d341ezm4iqaae0.cloudfront.net\/assets\/2020\/03\/04213225\/gallery205.jpg\"><img decoding=\"async\" width=\"426\" height=\"423\" data-id=\"85396\" src=\"https:\/\/d341ezm4iqaae0.cloudfront.net\/assets\/2020\/03\/04213225\/gallery205.jpg\" alt=\"Empleados de Indeed que posan en un evento de feria de empleo\" class=\"wp-image-85396\" srcset=\"https:\/\/d341ezm4iqaae0.cloudfront.net\/assets\/2020\/03\/04213225\/gallery205.jpg 426w, https:\/\/d341ezm4iqaae0.cloudfront.net\/assets\/2020\/03\/04213225\/gallery205.jpg 300w, https:\/\/d341ezm4iqaae0.cloudfront.net\/assets\/2020\/03\/04213225\/gallery205.jpg 150w\" sizes=\"(max-width: 426px) 100vw, 426px\" \/><\/a><figcaption class=\"wp-element-caption\">Empleados de Indeed que posan en un evento de feria de empleo<\/figcaption><\/figure>\n\n\n\n<figure class=\"wp-block-image size-large\"><a href=\"https:\/\/d341ezm4iqaae0.cloudfront.net\/assets\/2020\/03\/04213222\/gallery204.jpg\"><img decoding=\"async\" width=\"426\" height=\"423\" data-id=\"85395\" src=\"https:\/\/d341ezm4iqaae0.cloudfront.net\/assets\/2020\/03\/04213222\/gallery204.jpg\" alt=\"Asistentes que ampl\u00edan su red de contactos en un evento de feria de empleo\" class=\"wp-image-85395\" srcset=\"https:\/\/d341ezm4iqaae0.cloudfront.net\/assets\/2020\/03\/04213222\/gallery204.jpg 426w, https:\/\/d341ezm4iqaae0.cloudfront.net\/assets\/2020\/03\/04213222\/gallery204.jpg 300w, https:\/\/d341ezm4iqaae0.cloudfront.net\/assets\/2020\/03\/04213222\/gallery204.jpg 150w\" sizes=\"(max-width: 426px) 100vw, 426px\" \/><\/a><figcaption class=\"wp-element-caption\">Asistentes que ampl\u00edan su red de contactos en un evento de feria de empleo<\/figcaption><\/figure>\n\n\n\n<figure class=\"wp-block-image size-medium\"><a href=\"https:\/\/www.indeedevents.com\/es-es\/wp-content\/uploads\/sites\/13\/2023\/06\/indeedevents-image-gallery-02-optimized.jpg\"><img decoding=\"async\" width=\"300\" height=\"200\" data-id=\"88370\" src=\"https:\/\/www.indeedevents.com\/es-es\/wp-content\/uploads\/sites\/13\/2023\/06\/indeedevents-image-gallery-02-optimized-300x200.jpg\" alt=\"Asistentes establecen contactos y disfrutan del estand al aire libre de Indeed en RecFest UK.\" class=\"wp-image-88370\" srcset=\"https:\/\/www.indeedevents.com\/es-es\/wp-content\/uploads\/sites\/13\/2023\/06\/indeedevents-image-gallery-02-optimized-300x200.jpg 300w, https:\/\/www.indeedevents.com\/es-es\/wp-content\/uploads\/sites\/13\/2023\/06\/indeedevents-image-gallery-02-optimized-768x513.jpg 768w, https:\/\/www.indeedevents.com\/es-es\/wp-content\/uploads\/sites\/13\/2023\/06\/indeedevents-image-gallery-02-optimized.jpg 800w\" sizes=\"(max-width: 300px) 100vw, 300px\" \/><\/a><figcaption class=\"wp-element-caption\"><br><br>Asistentes establecen contactos y disfrutan del estand al aire libre de Indeed en RecFest UK.<\/figcaption><\/figure>\n\n\n\n<figure class=\"wp-block-image size-thumbnail\"><a href=\"https:\/\/www.indeedevents.com\/es-es\/wp-content\/uploads\/sites\/13\/2023\/06\/indeedevents-image-gallery-03-optimized.jpg\"><img decoding=\"async\" width=\"210\" height=\"210\" data-id=\"88372\" src=\"https:\/\/www.indeedevents.com\/es-es\/wp-content\/uploads\/sites\/13\/2023\/06\/indeedevents-image-gallery-03-optimized-210x210.jpg\" alt=\"Una mujer sonr\u00ede mientras hace una foto a unos estantes que exhiben palabras clave sobre el bienestar en el trabajo.\" class=\"wp-image-88372\" srcset=\"https:\/\/www.indeedevents.com\/es-es\/wp-content\/uploads\/sites\/13\/2023\/06\/indeedevents-image-gallery-03-optimized-210x210.jpg 210w, https:\/\/www.indeedevents.com\/es-es\/wp-content\/uploads\/sites\/13\/2023\/06\/indeedevents-image-gallery-03-optimized-300x300.jpg 300w, https:\/\/www.indeedevents.com\/es-es\/wp-content\/uploads\/sites\/13\/2023\/06\/indeedevents-image-gallery-03-optimized-600x600.jpg 600w\" sizes=\"(max-width: 210px) 100vw, 210px\" \/><\/a><figcaption class=\"wp-element-caption\"><br><br>Una mujer sonr\u00ede mientras hace una foto a unos estantes que exhiben palabras clave sobre el bienestar en el trabajo.<\/figcaption><\/figure>\n\n\n\n<figure class=\"wp-block-image size-medium\"><a href=\"https:\/\/www.indeedevents.com\/es-es\/wp-content\/uploads\/sites\/13\/2023\/06\/indeedevents-image-gallery-04-optimized.jpg\"><img decoding=\"async\" width=\"300\" height=\"225\" data-id=\"88371\" src=\"https:\/\/www.indeedevents.com\/es-es\/wp-content\/uploads\/sites\/13\/2023\/06\/indeedevents-image-gallery-04-optimized-300x225.jpg\" alt=\"Directivos s\u00e9nior de Indeed celebran el estreno de la pel\u00edcula Rising Voices en el Festival de Cine de Tribeca.\" class=\"wp-image-88371\" srcset=\"https:\/\/www.indeedevents.com\/es-es\/wp-content\/uploads\/sites\/13\/2023\/06\/indeedevents-image-gallery-04-optimized-300x225.jpg 300w, https:\/\/www.indeedevents.com\/es-es\/wp-content\/uploads\/sites\/13\/2023\/06\/indeedevents-image-gallery-04-optimized-768x576.jpg 768w, https:\/\/www.indeedevents.com\/es-es\/wp-content\/uploads\/sites\/13\/2023\/06\/indeedevents-image-gallery-04-optimized-562x420.jpg 562w, https:\/\/www.indeedevents.com\/es-es\/wp-content\/uploads\/sites\/13\/2023\/06\/indeedevents-image-gallery-04-optimized.jpg 800w\" sizes=\"(max-width: 300px) 100vw, 300px\" \/><\/a><figcaption class=\"wp-element-caption\"><br><br>Directivos s\u00e9nior de Indeed celebran el estreno de la pel\u00edcula Rising Voices en el Festival de Cine de Tribeca.<\/figcaption><\/figure>\n\n\n\n<figure class=\"wp-block-image size-medium\"><a href=\"https:\/\/www.indeedevents.com\/es-es\/wp-content\/uploads\/sites\/13\/2023\/06\/JHO_60491.jpg\"><img decoding=\"async\" width=\"300\" height=\"212\" data-id=\"88369\" src=\"https:\/\/www.indeedevents.com\/es-es\/wp-content\/uploads\/sites\/13\/2023\/06\/JHO_60491-300x212.jpg\" alt=\"Asistentes que visitan un estand de feria comercial de Indeed\" class=\"wp-image-88369\" srcset=\"https:\/\/www.indeedevents.com\/es-es\/wp-content\/uploads\/sites\/13\/2023\/06\/JHO_60491-300x212.jpg 300w, https:\/\/www.indeedevents.com\/es-es\/wp-content\/uploads\/sites\/13\/2023\/06\/JHO_60491-768x542.jpg 768w, https:\/\/www.indeedevents.com\/es-es\/wp-content\/uploads\/sites\/13\/2023\/06\/JHO_60491.jpg 800w\" sizes=\"(max-width: 300px) 100vw, 300px\" \/><\/a><figcaption class=\"wp-element-caption\">Asistentes que visitan un estand de feria comercial de Indeed<\/figcaption><\/figure>\n\n\n\n<figure class=\"wp-block-image size-medium\"><a href=\"https:\/\/www.indeedevents.com\/es-es\/wp-content\/uploads\/sites\/13\/2023\/08\/indeedevents-image-gallery-05.jpg\"><img decoding=\"async\" width=\"300\" height=\"200\" data-id=\"88354\" src=\"https:\/\/www.indeedevents.com\/es-es\/wp-content\/uploads\/sites\/13\/2023\/08\/indeedevents-image-gallery-05-300x200.jpg\" alt=\"Una conversaci\u00f3n sincera y abierta en Indeed FutureWorks London entre Kirsty Gallacher y Nicola Adams en junio de 2023.\" class=\"wp-image-88354\" srcset=\"https:\/\/www.indeedevents.com\/es-es\/wp-content\/uploads\/sites\/13\/2023\/08\/indeedevents-image-gallery-05-300x200.jpg 300w, https:\/\/www.indeedevents.com\/es-es\/wp-content\/uploads\/sites\/13\/2023\/08\/indeedevents-image-gallery-05-1024x683.jpg 1024w, https:\/\/www.indeedevents.com\/es-es\/wp-content\/uploads\/sites\/13\/2023\/08\/indeedevents-image-gallery-05-768x512.jpg 768w, https:\/\/www.indeedevents.com\/es-es\/wp-content\/uploads\/sites\/13\/2023\/08\/indeedevents-image-gallery-05.jpg 1200w\" sizes=\"(max-width: 300px) 100vw, 300px\" \/><\/a><figcaption class=\"wp-element-caption\"><br><br>Una conversaci\u00f3n sincera y abierta en Indeed FutureWorks London entre Kirsty Gallacher y Nicola Adams en junio de 2023.<\/figcaption><\/figure>\n\n\n\n<figure class=\"wp-block-image size-full\"><a href=\"https:\/\/www.indeedevents.com\/es-es\/wp-content\/uploads\/sites\/13\/2024\/12\/new-01-best-job-portals.jpg\"><img decoding=\"async\" width=\"1000\" height=\"667\" data-id=\"88383\" src=\"https:\/\/www.indeedevents.com\/es-es\/wp-content\/uploads\/sites\/13\/2024\/12\/new-01-best-job-portals.jpg\" alt=\"Cinco personas, incluidos cuatro representantes de Indeed con camiseta azul, posan con los certificados otorgados a Indeed por ser uno de los mejores portales de empleo de Alemania en 2024. Est\u00e1n en una convenci\u00f3n muy concurrida, sonr\u00eden y celebran el logro.\" class=\"wp-image-88383\" srcset=\"https:\/\/www.indeedevents.com\/es-es\/wp-content\/uploads\/sites\/13\/2024\/12\/new-01-best-job-portals.jpg 1000w, https:\/\/www.indeedevents.com\/es-es\/wp-content\/uploads\/sites\/13\/2024\/12\/new-01-best-job-portals-300x200.jpg 300w, https:\/\/www.indeedevents.com\/es-es\/wp-content\/uploads\/sites\/13\/2024\/12\/new-01-best-job-portals-768x512.jpg 768w\" sizes=\"(max-width: 1000px) 100vw, 1000px\" \/><\/a><figcaption class=\"wp-element-caption\">El equipo de Indeed celebra haber ganado el premio a uno de los mejores portales de empleo de Alemania en 2024 entre sonrisas y certificados, lo que demuestra su compromiso con la excelencia en las plataformas de b\u00fasqueda de empleo.<\/figcaption><\/figure>\n\n\n\n<figure class=\"wp-block-image size-full\"><a href=\"https:\/\/www.indeedevents.com\/es-es\/wp-content\/uploads\/sites\/13\/2024\/12\/new-02-indeed-futureworks.jpg\"><img decoding=\"async\" width=\"1000\" height=\"667\" data-id=\"88384\" src=\"https:\/\/www.indeedevents.com\/es-es\/wp-content\/uploads\/sites\/13\/2024\/12\/new-02-indeed-futureworks.jpg\" alt=\"Dos asistentes al evento Indeed FutureWorks escriben en tarjetas sobre una mesa. El hombre de la izquierda, que lleva un polo verde y una mochila, y la mujer de la derecha, que lleva una camiseta negra y gafas de sol en la cabeza, tienen un aspecto concentrado y alegre. Sobre la mesa hay tarjetas con frases como &quot;Manifesting Better Work&quot; y &quot;Let's circle back&quot;. Al fondo hay carteles e iluminaci\u00f3n modernos que contribuyen a crear un ambiente profesional.\" class=\"wp-image-88384\" srcset=\"https:\/\/www.indeedevents.com\/es-es\/wp-content\/uploads\/sites\/13\/2024\/12\/new-02-indeed-futureworks.jpg 1000w, https:\/\/www.indeedevents.com\/es-es\/wp-content\/uploads\/sites\/13\/2024\/12\/new-02-indeed-futureworks-300x200.jpg 300w, https:\/\/www.indeedevents.com\/es-es\/wp-content\/uploads\/sites\/13\/2024\/12\/new-02-indeed-futureworks-768x512.jpg 768w\" sizes=\"(max-width: 1000px) 100vw, 1000px\" \/><\/a><figcaption class=\"wp-element-caption\">Los asistentes a Indeed FutureWorks escriben en tarjetas sus pensamientos sobre \u00abManifesting Better Work\u00bb. El ambiente es de lo m\u00e1s animado, y los participantes hacen contactos y comparten ideas.<\/figcaption><\/figure>\n\n\n\n<figure class=\"wp-block-image size-full\"><a href=\"https:\/\/www.indeedevents.com\/es-es\/wp-content\/uploads\/sites\/13\/2024\/12\/new-03-futureworks-kickoff.jpg\"><img decoding=\"async\" width=\"1000\" height=\"667\" data-id=\"88385\" src=\"https:\/\/www.indeedevents.com\/es-es\/wp-content\/uploads\/sites\/13\/2024\/12\/new-03-futureworks-kickoff.jpg\" alt=\"Dos presentadores de pie en el escenario de la conferencia Indeed FutureWorks 2024. El hombre de la izquierda viste una camisa clara y pantalones caqui, mientras que la mujer de la derecha lleva un conjunto rosa brillante. Ambos interact\u00faan con el p\u00fablico y, detr\u00e1s de ellos, se muestra el logotipo del evento y el a\u00f1o en una gran pantalla. Las siluetas del p\u00fablico se ven en primer plano.\" class=\"wp-image-88385\" srcset=\"https:\/\/www.indeedevents.com\/es-es\/wp-content\/uploads\/sites\/13\/2024\/12\/new-03-futureworks-kickoff.jpg 1000w, https:\/\/www.indeedevents.com\/es-es\/wp-content\/uploads\/sites\/13\/2024\/12\/new-03-futureworks-kickoff-300x200.jpg 300w, https:\/\/www.indeedevents.com\/es-es\/wp-content\/uploads\/sites\/13\/2024\/12\/new-03-futureworks-kickoff-768x512.jpg 768w\" sizes=\"(max-width: 1000px) 100vw, 1000px\" \/><\/a><figcaption class=\"wp-element-caption\">Los presentadores inauguran la conferencia Indeed FutureWorks de 2024 e inspiran a los asistentes con una visi\u00f3n del futuro del mercado laboral. La energ\u00eda que desprenden imprime un tono optimista al evento.<\/figcaption><\/figure>\n\n\n\n<figure class=\"wp-block-image size-full\"><a href=\"https:\/\/www.indeedevents.com\/es-es\/wp-content\/uploads\/sites\/13\/2024\/12\/new-04-futureworks-paris.jpg\"><img decoding=\"async\" width=\"1000\" height=\"667\" data-id=\"88386\" src=\"https:\/\/www.indeedevents.com\/es-es\/wp-content\/uploads\/sites\/13\/2024\/12\/new-04-futureworks-paris.jpg\" alt=\"Tres personas se re\u00fanen alrededor de un fotomat\u00f3n digital futurista con bordes azules brillantes en el evento Indeed FutureWorks 2024. Una persona que lleva una camiseta con la marca sonr\u00ede mientras explica las caracter\u00edsticas del fotomat\u00f3n. La pantalla muestra instrucciones y un c\u00f3digo QR para compartir las fotos. En el fondo se ve a los asistentes al evento en un espacio moderno y bien iluminado.\" class=\"wp-image-88386\" srcset=\"https:\/\/www.indeedevents.com\/es-es\/wp-content\/uploads\/sites\/13\/2024\/12\/new-04-futureworks-paris.jpg 1000w, https:\/\/www.indeedevents.com\/es-es\/wp-content\/uploads\/sites\/13\/2024\/12\/new-04-futureworks-paris-300x200.jpg 300w, https:\/\/www.indeedevents.com\/es-es\/wp-content\/uploads\/sites\/13\/2024\/12\/new-04-futureworks-paris-768x512.jpg 768w\" sizes=\"(max-width: 1000px) 100vw, 1000px\" \/><\/a><figcaption class=\"wp-element-caption\">Los asistentes interact\u00faan con un fotomat\u00f3n digital en el evento Indeed FutureWorks de Par\u00eds 2024, que cuenta con una elegante iluminaci\u00f3n de ne\u00f3n y una interfaz f\u00e1cil de usar para compartir momentos para el recuerdo.<\/figcaption><\/figure>\n\n\n\n<figure class=\"wp-block-image size-full\"><a href=\"https:\/\/www.indeedevents.com\/es-es\/wp-content\/uploads\/sites\/13\/2024\/12\/new-05-hiring-lab.jpg\"><img decoding=\"async\" width=\"1000\" height=\"667\" data-id=\"88387\" src=\"https:\/\/www.indeedevents.com\/es-es\/wp-content\/uploads\/sites\/13\/2024\/12\/new-05-hiring-lab.jpg\" alt=\"Una mujer con una blusa rosa y un collar de colores sonr\u00ede y habla con los asistentes en el estand de Indeed Hiring Lab. En la parte superior de una pantalla digital se muestra &quot;Indeed Hiring Lab&quot; e informaci\u00f3n sobre el evento. Una miembro del personal y otra asistente escuchan desde cerca.\" class=\"wp-image-88387\" srcset=\"https:\/\/www.indeedevents.com\/es-es\/wp-content\/uploads\/sites\/13\/2024\/12\/new-05-hiring-lab.jpg 1000w, https:\/\/www.indeedevents.com\/es-es\/wp-content\/uploads\/sites\/13\/2024\/12\/new-05-hiring-lab-300x200.jpg 300w, https:\/\/www.indeedevents.com\/es-es\/wp-content\/uploads\/sites\/13\/2024\/12\/new-05-hiring-lab-768x512.jpg 768w\" sizes=\"(max-width: 1000px) 100vw, 1000px\" \/><\/a><figcaption class=\"wp-element-caption\">Una amable representante en el estand de Indeed Hiring Lab interact\u00faa con los asistentes, proporciona informaci\u00f3n y responde preguntas sobre tendencias y datos de contrataci\u00f3n.<\/figcaption><\/figure>\n<\/figure>\n\n\n\n<div style=\"height:100px\" aria-hidden=\"true\" class=\"wp-block-spacer\"><\/div>\n","protected":false},"excerpt":{"rendered":"","protected":false},"author":6,"featured_media":0,"parent":0,"menu_order":0,"comment_status":"closed","ping_status":"closed","template":"","meta":{"_acf_changed":true,"inline_featured_image":false,"footnotes":""},"class_list":["post-88096","page","type-page","status-publish","hentry"],"acf":[],"yoast_head":"<!-- This site is optimized with the Yoast SEO plugin v27.4 - https:\/\/yoast.com\/product\/yoast-seo-wordpress\/ -->\n<title>Eventos Indeed para candidatos | Espa\u00f1a<\/title>\n<meta name=\"description\" content=\"Indeed ofrece eventos online y presenciales gratis para solicitantes de empleo: redactar curr\u00edculum, orientaci\u00f3n laboral y consejos para entrevistas de trabajo.\" \/>\n<meta name=\"robots\" content=\"index, follow, max-snippet:-1, max-image-preview:large, max-video-preview:-1\" \/>\n<link rel=\"canonical\" href=\"https:\/\/www.indeedevents.com\/es-es\/job-seeker\/\" \/>\n<meta property=\"og:locale\" content=\"es_ES\" \/>\n<meta property=\"og:type\" content=\"article\" \/>\n<meta property=\"og:title\" content=\"Eventos Indeed para candidatos | Espa\u00f1a\" \/>\n<meta property=\"og:description\" content=\"Indeed ofrece eventos online y presenciales gratis para solicitantes de empleo: redactar curr\u00edculum, orientaci\u00f3n laboral y consejos para entrevistas de trabajo.\" \/>\n<meta property=\"og:url\" content=\"https:\/\/www.indeedevents.com\/es-es\/job-seeker\/\" \/>\n<meta property=\"og:site_name\" content=\"Indeed Events\" \/>\n<meta property=\"article:modified_time\" content=\"2025-05-05T21:08:44+00:00\" \/>\n<meta name=\"twitter:card\" content=\"summary_large_image\" \/>\n<meta name=\"twitter:label1\" content=\"Tiempo de lectura\" \/>\n\t<meta name=\"twitter:data1\" content=\"1 minuto\" \/>\n<script type=\"application\/ld+json\" class=\"yoast-schema-graph\">{\"@context\":\"https:\\\/\\\/schema.org\",\"@graph\":[{\"@type\":\"WebPage\",\"@id\":\"https:\\\/\\\/www.indeedevents.com\\\/es-es\\\/job-seeker\\\/\",\"url\":\"https:\\\/\\\/www.indeedevents.com\\\/es-es\\\/job-seeker\\\/\",\"name\":\"Eventos Indeed para candidatos | Espa\u00f1a\",\"isPartOf\":{\"@id\":\"https:\\\/\\\/www.indeedevents.com\\\/es-es\\\/#website\"},\"datePublished\":\"2020-04-24T15:37:43+00:00\",\"dateModified\":\"2025-05-05T21:08:44+00:00\",\"description\":\"Indeed ofrece eventos online y presenciales gratis para solicitantes de empleo: redactar curr\u00edculum, orientaci\u00f3n laboral y consejos para entrevistas de trabajo.\",\"breadcrumb\":{\"@id\":\"https:\\\/\\\/www.indeedevents.com\\\/es-es\\\/job-seeker\\\/#breadcrumb\"},\"inLanguage\":\"es\",\"potentialAction\":[{\"@type\":\"ReadAction\",\"target\":[\"https:\\\/\\\/www.indeedevents.com\\\/es-es\\\/job-seeker\\\/\"]}]},{\"@type\":\"BreadcrumbList\",\"@id\":\"https:\\\/\\\/www.indeedevents.com\\\/es-es\\\/job-seeker\\\/#breadcrumb\",\"itemListElement\":[{\"@type\":\"ListItem\",\"position\":1,\"name\":\"Home\",\"item\":\"https:\\\/\\\/www.indeedevents.com\\\/es-es\\\/\"},{\"@type\":\"ListItem\",\"position\":2,\"name\":\"Job seekers events\"}]},{\"@type\":\"WebSite\",\"@id\":\"https:\\\/\\\/www.indeedevents.com\\\/es-es\\\/#website\",\"url\":\"https:\\\/\\\/www.indeedevents.com\\\/es-es\\\/\",\"name\":\"Espa\u00f1a (espa\u00f1ol)\",\"description\":\"Espa\u00f1ol\",\"potentialAction\":[{\"@type\":\"SearchAction\",\"target\":{\"@type\":\"EntryPoint\",\"urlTemplate\":\"https:\\\/\\\/www.indeedevents.com\\\/es-es\\\/?s={search_term_string}\"},\"query-input\":{\"@type\":\"PropertyValueSpecification\",\"valueRequired\":true,\"valueName\":\"search_term_string\"}}],\"inLanguage\":\"es\"}]}<\/script>\n<!-- \/ Yoast SEO plugin. -->","yoast_head_json":{"title":"Eventos Indeed para candidatos | Espa\u00f1a","description":"Indeed ofrece eventos online y presenciales gratis para solicitantes de empleo: redactar curr\u00edculum, orientaci\u00f3n laboral y consejos para entrevistas de trabajo.","robots":{"index":"index","follow":"follow","max-snippet":"max-snippet:-1","max-image-preview":"max-image-preview:large","max-video-preview":"max-video-preview:-1"},"canonical":"https:\/\/www.indeedevents.com\/es-es\/job-seeker\/","og_locale":"es_ES","og_type":"article","og_title":"Eventos Indeed para candidatos | Espa\u00f1a","og_description":"Indeed ofrece eventos online y presenciales gratis para solicitantes de empleo: redactar curr\u00edculum, orientaci\u00f3n laboral y consejos para entrevistas de trabajo.","og_url":"https:\/\/www.indeedevents.com\/es-es\/job-seeker\/","og_site_name":"Indeed Events","article_modified_time":"2025-05-05T21:08:44+00:00","twitter_card":"summary_large_image","twitter_misc":{"Tiempo de lectura":"1 minuto"},"schema":{"@context":"https:\/\/schema.org","@graph":[{"@type":"WebPage","@id":"https:\/\/www.indeedevents.com\/es-es\/job-seeker\/","url":"https:\/\/www.indeedevents.com\/es-es\/job-seeker\/","name":"Eventos Indeed para candidatos | Espa\u00f1a","isPartOf":{"@id":"https:\/\/www.indeedevents.com\/es-es\/#website"},"datePublished":"2020-04-24T15:37:43+00:00","dateModified":"2025-05-05T21:08:44+00:00","description":"Indeed ofrece eventos online y presenciales gratis para solicitantes de empleo: redactar curr\u00edculum, orientaci\u00f3n laboral y consejos para entrevistas de trabajo.","breadcrumb":{"@id":"https:\/\/www.indeedevents.com\/es-es\/job-seeker\/#breadcrumb"},"inLanguage":"es","potentialAction":[{"@type":"ReadAction","target":["https:\/\/www.indeedevents.com\/es-es\/job-seeker\/"]}]},{"@type":"BreadcrumbList","@id":"https:\/\/www.indeedevents.com\/es-es\/job-seeker\/#breadcrumb","itemListElement":[{"@type":"ListItem","position":1,"name":"Home","item":"https:\/\/www.indeedevents.com\/es-es\/"},{"@type":"ListItem","position":2,"name":"Job seekers events"}]},{"@type":"WebSite","@id":"https:\/\/www.indeedevents.com\/es-es\/#website","url":"https:\/\/www.indeedevents.com\/es-es\/","name":"Espa\u00f1a (espa\u00f1ol)","description":"Espa\u00f1ol","potentialAction":[{"@type":"SearchAction","target":{"@type":"EntryPoint","urlTemplate":"https:\/\/www.indeedevents.com\/es-es\/?s={search_term_string}"},"query-input":{"@type":"PropertyValueSpecification","valueRequired":true,"valueName":"search_term_string"}}],"inLanguage":"es"}]}},"_links":{"self":[{"href":"https:\/\/www.indeedevents.com\/es-es\/wp-json\/wp\/v2\/pages\/88096","targetHints":{"allow":["GET"]}}],"collection":[{"href":"https:\/\/www.indeedevents.com\/es-es\/wp-json\/wp\/v2\/pages"}],"about":[{"href":"https:\/\/www.indeedevents.com\/es-es\/wp-json\/wp\/v2\/types\/page"}],"author":[{"embeddable":true,"href":"https:\/\/www.indeedevents.com\/es-es\/wp-json\/wp\/v2\/users\/6"}],"replies":[{"embeddable":true,"href":"https:\/\/www.indeedevents.com\/es-es\/wp-json\/wp\/v2\/comments?post=88096"}],"version-history":[{"count":0,"href":"https:\/\/www.indeedevents.com\/es-es\/wp-json\/wp\/v2\/pages\/88096\/revisions"}],"wp:attachment":[{"href":"https:\/\/www.indeedevents.com\/es-es\/wp-json\/wp\/v2\/media?parent=88096"}],"curies":[{"name":"wp","href":"https:\/\/api.w.org\/{rel}","templated":true}]}}