{"id":88406,"date":"2025-09-15T17:45:50","date_gmt":"2025-09-15T17:45:50","guid":{"rendered":"https:\/\/www.indeedevents.com\/es-mx\/?post_type=events&#038;p=88406"},"modified":"2025-11-03T19:07:31","modified_gmt":"2025-11-03T19:07:31","slug":"registration-ifw-mexico-112025","status":"publish","type":"events","link":"https:\/\/www.indeedevents.com\/es-mx\/events\/registration-ifw-mexico-112025\/","title":{"rendered":"Indeed FutureWorks Mexico 2025 &#8211; Registration"},"content":{"rendered":"\n<section class=\"event-header\">\n\t<div class=\"event-header-inner\">\n\t\t<div class=\"event-info\">\n\t\t\t\n\t\t\t<div class=\"event-title\">\n\t\t\t\t<img decoding=\"async\" width=\"1980\" height=\"524\" src=\"https:\/\/www.indeedevents.com\/es-mx\/wp-content\/uploads\/sites\/37\/2025\/09\/IC-989-FW-Lockup-Mexico-Horizontal-Ink-trim.png\" class=\"image-event-title\" alt=\"Indeed FutureWorks M\u00e9xico\" srcset=\"https:\/\/www.indeedevents.com\/es-mx\/wp-content\/uploads\/sites\/37\/2025\/09\/IC-989-FW-Lockup-Mexico-Horizontal-Ink-trim.png 1980w, https:\/\/www.indeedevents.com\/es-mx\/wp-content\/uploads\/sites\/37\/2025\/09\/IC-989-FW-Lockup-Mexico-Horizontal-Ink-trim-300x79.png 300w, https:\/\/www.indeedevents.com\/es-mx\/wp-content\/uploads\/sites\/37\/2025\/09\/IC-989-FW-Lockup-Mexico-Horizontal-Ink-trim-1024x271.png 1024w, https:\/\/www.indeedevents.com\/es-mx\/wp-content\/uploads\/sites\/37\/2025\/09\/IC-989-FW-Lockup-Mexico-Horizontal-Ink-trim-768x203.png 768w, https:\/\/www.indeedevents.com\/es-mx\/wp-content\/uploads\/sites\/37\/2025\/09\/IC-989-FW-Lockup-Mexico-Horizontal-Ink-trim-1536x406.png 1536w\" sizes=\"(max-width: 1980px) 100vw, 1980px\" \/>\t\t\t\t<h1 class=\"screen-reader-text\">Indeed FutureWorks Mexico 2025 &#8211; Registration<\/h1>\n\t\t\t<\/div>\n\n\t\t\t\t\t\t\t<div class=\"event-date\">\n\t\t\t\t\t<img decoding=\"async\" class=\"image-event-date\" src=\"\/wp-content\/themes\/indeed-events\/img\/futureworks-2025\/futureworks-2025-icon-date.svg\" class=\"skip-lazy\" loading=\"eager\" alt=\"\" width=\"21\" height=\"20\">\n\t\t\t\t\t4 de Noviembre 2025\t\t\t\t<\/div>\n\t\t\t\n\t\t\t\t\t\t\t<div class=\"event-time\">\n\t\t\t\t\t<img decoding=\"async\" class=\"image-event-time\" src=\"\/wp-content\/themes\/indeed-events\/img\/futureworks-2025\/futureworks-2025-icon-time.svg\" class=\"skip-lazy\" loading=\"eager\" alt=\"\" width=\"21\" height=\"20\">\n\t\t\t\t\t8:00&nbsp;\u2013&nbsp;16:00\t\t\t\t<\/div>\n\t\t\t\n\t\t\t\t\t\t\t<div class=\"event-venue\">\n\t\t\t\t\t<img decoding=\"async\" class=\"image-event-venue\" src=\"\/wp-content\/themes\/indeed-events\/img\/futureworks-2025\/futureworks-2025-icon-venue.svg\" class=\"skip-lazy\" loading=\"eager\" alt=\"\" width=\"21\" height=\"20\">\n\t\t\t\t\tHotel St. Regis Reforma, CDMX\t\t\t\t<\/div>\n\t\t\t\n\t\t\t<div class=\"event-content\">\n\t\t\t\t\n\n<p>Indeed FutureWorks es el lugar para encontrar perspectivas y soluciones \u00fanicas que ayudan a que tu proceso de contrataci\u00f3n sea m\u00e1s simple, r\u00e1pido y humano.<\/p>\n\n\n\t\t\t<\/div>\n\n\t\t\t\t\t<\/div>\n\n\t\t\t\t\t<div class=\"event-image\">\n\t\t\t\t<img fetchpriority=\"high\" decoding=\"async\" width=\"970\" height=\"670\" src=\"https:\/\/www.indeedevents.com\/es-mx\/wp-content\/uploads\/sites\/37\/2025\/09\/6879_IndeedEventsBanners_550x266_05-970x670-jpg.webp\" class=\"attachment-event-featured-image-large size-event-featured-image-large wp-post-image skip-lazy wp-post-image\" alt=\"Dos personas sonriendo y tomando caf\u00e9 mientras charlan en un evento.\" loading=\"eager\" srcset=\"https:\/\/www.indeedevents.com\/es-mx\/wp-content\/uploads\/sites\/37\/2025\/09\/6879_IndeedEventsBanners_550x266_05-970x670-jpg.webp 970w, https:\/\/www.indeedevents.com\/es-mx\/wp-content\/uploads\/sites\/37\/2025\/09\/6879_IndeedEventsBanners_550x266_05-485x335-jpg.webp 485w\" sizes=\"(max-width: 970px) 100vw, 970px\" \/>\t\t\t<\/div>\n\t\t\t<\/div>\n<\/section>\n\n\n\n<div class=\"wp-block-cover\" style=\"min-height:508px;aspect-ratio:unset;\" id=\"about\"><span aria-hidden=\"true\" class=\"wp-block-cover__background has-futureworks-2025-brand-blue-background-color has-background-dim-100 has-background-dim\"><\/span><div class=\"wp-block-cover__inner-container is-layout-flow wp-block-cover-is-layout-flow\">\n<div style=\"height:30px\" aria-hidden=\"true\" class=\"wp-block-spacer is-style-default\"><\/div>\n\n\n\n<div class=\"wp-block-group is-style-futureworks futureworks-about is-layout-constrained wp-block-group-is-layout-constrained\">\n<div class=\"wp-block-columns are-vertically-aligned-top is-layout-flex wp-container-core-columns-is-layout-9d6595d7 wp-block-columns-is-layout-flex\">\n<div class=\"wp-block-column is-vertically-aligned-top is-layout-flow wp-block-column-is-layout-flow\" style=\"flex-basis:33%\">\n<h2 class=\"wp-block-heading h3 mt-0 is-style-overline\">A cerca del evento<\/h2>\n<\/div>\n\n\n\n<div class=\"wp-block-column is-vertically-aligned-top is-layout-flow wp-block-column-is-layout-flow\" style=\"flex-basis:67%\">\n<p class=\"mt-20px\">El futuro se acerca y no hay mejor momento para prepararse que ahora mismo. En comparaci\u00f3n con hace s\u00f3lo cinco a\u00f1os, la fuerza laboral y el trabajo en general han cambiado dr\u00e1sticamente. \u00danete a tus colegas de recursos humanos y atracci\u00f3n de talento para un d\u00eda lleno de actividades, prepar\u00e1ndonos para un futuro complejo, pero potencialmente gratificante.<\/p>\n\n\n\n<p class=\"mt-20px\">Hacer que el mundo del ma\u00f1ana sea mejor requiere que las empresas y los l\u00edderes planifiquen con mayor certeza y escalabilidad. Indeed FutureWorks M\u00e9xico est\u00e1 aqu\u00ed para ayudarte a mantenerte a la vanguardia. Acomp\u00e1\u00f1anos mientras exploramos el lugar de trabajo del futuro, analizamos la evoluci\u00f3n continua de una fuerza laboral multigeneracional, profundizamos en los datos econ\u00f3micos m\u00e1s recientes, la inteligencia artificial en el mundo de recursos humanos y mucho m\u00e1s.<\/p>\n\n\n\n<p class=\"mt-20px\">Esta es la primera vez que traemos este evento a Latinoam\u00e9rica. \u00a1Reserva tu lugar hoy!<\/p>\n\n\n\n<p class=\"mt-20px\">Razones para asistir:<\/p>\n\n\n\n<ul class=\"wp-block-list mt-20px\">\n<li>Encuentra inspiraci\u00f3n y perspectivas estrat\u00e9gicas a trav\u00e9s de una variedad de sesiones de Indeed FutureWorks<\/li>\n\n\n\n<li>Descubre e investiga nuevas innovaciones dise\u00f1adas para ayudarte a resolver los principales desaf\u00edos del reclutamiento<\/li>\n\n\n\n<li>Con\u00e9ctate, interact\u00faa y haz networking con colegas y l\u00edderes de la industria<\/li>\n<\/ul>\n<\/div>\n<\/div>\n\n\n\n<div style=\"height:50px\" aria-hidden=\"true\" class=\"wp-block-spacer is-style-desktop-only\"><\/div>\n<\/div>\n<\/div><\/div>\n\n\n\n<div class=\"wp-block-cover is-light\" id=\"speakers\"><span aria-hidden=\"true\" class=\"wp-block-cover__background has-futureworks-2025-earth-background-color has-background-dim-100 has-background-dim\"><\/span><div class=\"wp-block-cover__inner-container is-layout-flow wp-block-cover-is-layout-flow\">\n<div style=\"height:30px\" aria-hidden=\"true\" class=\"wp-block-spacer is-style-default\"><\/div>\n\n\n\n<div class=\"wp-block-group alignwide futureworks-speakers is-style-futureworks is-layout-constrained wp-block-group-is-layout-constrained\">\n<div class=\"wp-block-columns are-vertically-aligned-top is-layout-flex wp-container-core-columns-is-layout-9d6595d7 wp-block-columns-is-layout-flex\">\n<div class=\"wp-block-column is-vertically-aligned-top is-layout-flow wp-block-column-is-layout-flow\" style=\"flex-basis:33%\">\n<h2 class=\"wp-block-heading h3 mt-0 is-style-overline\">Speakers<\/h2>\n<\/div>\n\n\n\n<div class=\"wp-block-column is-vertically-aligned-top is-layout-flow wp-block-column-is-layout-flow\" style=\"flex-basis:67%\"><\/div>\n<\/div>\n\n\n<div class=\"block-futureworks-speakers\" id=\"futureworks-speakers-block_712cfcc915c621a23c8771349cd955f5\">\n    <div class=\"futureworks-speakers-slider\">\n\t\t\t\t\t\t<div class=\"futureworks-speakers-slider__item\">\n\t\t\t\t\t<button data-target=\"modal-renan-gonzalez-nieto\" class=\"futureworks-speakers-slider__trigger js-modal\"><span class=\"screen-reader-text\">CEO Regional de Great Place To Work\u00ae M\u00e9xico, Caribe y Centroam\u00e9rica<\/span><\/button>\n\t\t\t\t\t<div class=\"portrait has-futureworks-2025-blue-background-color\">\n\t\t\t\t\t\t\t\t\t\t\t\t<div class=\"portrait-inner has-futureworks-2025-aqua-background-color\" style=\"background-image: url('https:\/\/www.indeedevents.com\/es-mx\/wp-content\/uploads\/sites\/37\/2025\/09\/Renan-Gonzalez-Nieto-cut-shadow-600x600.png)');\"><\/div>\n\t\t\t\t\t<\/div>\n\t\t\t\t\t<div class=\"futureworks-speakers-slider__info\">\n\t\t\t\t\t\t<h4 class=\"wp-block-heading\">Ren\u00e1n Gonz\u00e1lez Nieto<\/h4>\n\t\t\t\t\t\t\t\t\t\t\t\t\t<p>CEO Regional de Great Place To Work\u00ae M\u00e9xico, Caribe y Centroam\u00e9rica<\/p>\n\t\t\t\t\t\t\t\t\t\t\t\t\t\t\t\t\t\t\t<p>Great Place to Work<\/p>\n\t\t\t\t\t\t\t\t\t\t\t<\/div>\n\t\t\t\t<\/div>\n\t\t\t\t\t\t\t\t<div class=\"futureworks-speakers-slider__item\">\n\t\t\t\t\t<button data-target=\"modal-pawel-adrjan\" class=\"futureworks-speakers-slider__trigger js-modal\"><span class=\"screen-reader-text\">Director de Investigaci\u00f3n Econ\u00f3mica (EMEA y APAC), Indeed Hiring Lab; Investigador Asociado, Regent\u2019s Park College, Universidad de Oxford<\/span><\/button>\n\t\t\t\t\t<div class=\"portrait has-futureworks-2025-brand-blue-background-color\">\n\t\t\t\t\t\t\t\t\t\t\t\t<div class=\"portrait-inner has-futureworks-2025-blue-background-color\" style=\"background-image: url('https:\/\/www.indeedevents.com\/es-mx\/wp-content\/uploads\/sites\/37\/2025\/09\/Pawel-Adrjan-cutout-shadow-600x600.png)');\"><\/div>\n\t\t\t\t\t<\/div>\n\t\t\t\t\t<div class=\"futureworks-speakers-slider__info\">\n\t\t\t\t\t\t<h4 class=\"wp-block-heading\">Pawel Adrjan<\/h4>\n\t\t\t\t\t\t\t\t\t\t\t\t\t<p>Director de Investigaci\u00f3n Econ\u00f3mica (EMEA y APAC), Indeed Hiring Lab; Investigador Asociado, Regent\u2019s Park College, Universidad de Oxford<\/p>\n\t\t\t\t\t\t\t\t\t\t\t\t\t\t\t\t\t\t\t<p>Indeed<\/p>\n\t\t\t\t\t\t\t\t\t\t\t<\/div>\n\t\t\t\t<\/div>\n\t\t\t\t\t\t\t\t<div class=\"futureworks-speakers-slider__item\">\n\t\t\t\t\t<button data-target=\"modal-mauricio-plaschinski\" class=\"futureworks-speakers-slider__trigger js-modal\"><span class=\"screen-reader-text\">Vicepresidente Go to Market<\/span><\/button>\n\t\t\t\t\t<div class=\"portrait has-futureworks-2025-aqua-background-color\">\n\t\t\t\t\t\t\t\t\t\t\t\t<div class=\"portrait-inner has-futureworks-2025-ink-blue-background-color\" style=\"background-image: url('https:\/\/www.indeedevents.com\/es-mx\/wp-content\/uploads\/sites\/37\/2025\/09\/MauricioPlaschinski4_2017-cut-shadow-600x600.png)');\"><\/div>\n\t\t\t\t\t<\/div>\n\t\t\t\t\t<div class=\"futureworks-speakers-slider__info\">\n\t\t\t\t\t\t<h4 class=\"wp-block-heading\">Mauricio Plaschinski<\/h4>\n\t\t\t\t\t\t\t\t\t\t\t\t\t<p>Vicepresidente Go to Market<\/p>\n\t\t\t\t\t\t\t\t\t\t\t\t\t\t\t\t\t\t\t<p>Indeed<\/p>\n\t\t\t\t\t\t\t\t\t\t\t<\/div>\n\t\t\t\t<\/div>\n\t\t\t\t\t\t\t\t<div class=\"futureworks-speakers-slider__item\">\n\t\t\t\t\t<button data-target=\"modal-nelson-gomez\" class=\"futureworks-speakers-slider__trigger js-modal\"><span class=\"screen-reader-text\">Director Indeed M\u00e9xico<\/span><\/button>\n\t\t\t\t\t<div class=\"portrait has-futureworks-2025-ink-blue-background-color\">\n\t\t\t\t\t\t\t\t\t\t\t\t<div class=\"portrait-inner has-futureworks-2025-blue-background-color\" style=\"background-image: url('https:\/\/www.indeedevents.com\/es-mx\/wp-content\/uploads\/sites\/37\/2025\/09\/Nelson-gomez-cut-shadow.png)');\"><\/div>\n\t\t\t\t\t<\/div>\n\t\t\t\t\t<div class=\"futureworks-speakers-slider__info\">\n\t\t\t\t\t\t<h4 class=\"wp-block-heading\">Nelson G\u00f3mez<\/h4>\n\t\t\t\t\t\t\t\t\t\t\t\t\t<p>Director Indeed M\u00e9xico<\/p>\n\t\t\t\t\t\t\t\t\t\t\t\t\t\t\t\t\t\t\t<p>Indeed<\/p>\n\t\t\t\t\t\t\t\t\t\t\t<\/div>\n\t\t\t\t<\/div>\n\t\t\t\t\t<\/div>\n\t\t\t\t<div id=\"modal-renan-gonzalez-nieto\" class=\"modal\">\n\t\t\t\t<div class=\"modal-overlay\"><\/div>\n\t\t\t\t<div class=\"modal-content\">\n\t\t\t\t\t<div class=\"modal-header\">\n\t\t\t\t\t\t<a href=\"#\" class=\"js-modal-close\">\n\t\t\t\t\t\t\t<span class=\"screen-reader-text\">Close overlay.<\/span>\n\t\t\t\t\t\t\t<svg xmlns=\"http:\/\/www.w3.org\/2000\/svg\" viewBox=\"0 0 384 512\">\n\t\t\t\t\t\t\t\t<path fill=\"#ffffff\" d=\"M342.6 150.6c12.5-12.5 12.5-32.8 0-45.3s-32.8-12.5-45.3 0L192 210.7 86.6 105.4c-12.5-12.5-32.8-12.5-45.3 0s-12.5 32.8 0 45.3L146.7 256 41.4 361.4c-12.5 12.5-12.5 32.8 0 45.3s32.8 12.5 45.3 0L192 301.3 297.4 406.6c12.5 12.5 32.8 12.5 45.3 0s12.5-32.8 0-45.3L237.3 256 342.6 150.6z\"\/>\n\t\t\t\t\t\t\t<\/svg>\n\t\t\t\t\t\t<\/a>\n\t\t\t\t\t<\/div>\n\t\t\t\t\t<div class=\"modal-content__row\">\n\t\t\t\t\t\t<div class=\"modal-content__image portrait\">\n\t\t\t\t\t\t\t\t\t\t\t\t\t\t<div class=\"portrait-inner\" style=\"background-image: url('https:\/\/www.indeedevents.com\/es-mx\/wp-content\/uploads\/sites\/37\/2025\/09\/Renan-Gonzalez-Nieto-cut-shadow-600x600.png)');\"><\/div>\n\t\t\t\t\t\t<\/div>\n\t\t\t\t\t\t<div class=\"modal-content__bio\">\n\t\t\t\t\t\t\t<h4>Ren\u00e1n Gonz\u00e1lez Nieto<\/h4>\n\t\t\t\t\t\t\t\t\t\t\t\t\t\t\t<p class=\"speaker-title\">CEO Regional de Great Place To Work\u00ae M\u00e9xico, Caribe y Centroam\u00e9rica<\/p>\n\t\t\t\t\t\t\t\t\t\t\t\t\t\t\t\t\t\t\t\t\t\t<p class=\"speaker-company\">Great Place to Work<\/p>\n\t\t\t\t\t\t\t\t\t\t\t\t\t\t<p>Ren\u00e1n Gonz\u00e1lez Nieto es un l\u00edder visionario con 25 a\u00f1os de experiencia en liderazgo, planeaci\u00f3n estrat\u00e9gica y gesti\u00f3n de peque\u00f1as y medianas empresas (PyMEs). Como CEO Regional de Great Place To Work\u00ae M\u00e9xico, Caribe y Centroam\u00e9rica desde diciembre de 2023, ha impulsado culturas laborales de alto desempe\u00f1o y estrategias de crecimiento sostenible en sectores como retail, alimentos y bebidas, petr\u00f3leo, tecnolog\u00eda y servicios financieros. Socio Fundador de PV Group, ha liderado proyectos de alto impacto en M\u00e9xico y Centroam\u00e9rica, optimizando modelos de negocio y promoviendo fusiones y adquisiciones. Reconocido como experto conferencista, Ren\u00e1n comparte su experiencia en liderazgo y planeaci\u00f3n estrat\u00e9gica en foros internacionales y en su programa de radio en Guatemala, enfocado en principios y valores empresariales. Con formaci\u00f3n en Ingenier\u00eda de Sistemas (Universidad Francisco Marroqu\u00edn), un posgrado en Ingenier\u00eda Financiera (Universidad de Las Am\u00e9ricas) y estudios en Kellogg y Harvard Business School, combina una s\u00f3lida base acad\u00e9mica con experiencia pr\u00e1ctica como propietario de una PyMe en Guatemala desde 2006, consolid\u00e1ndose como un referente en la transformaci\u00f3n organizacional y el desarrollo de negocios en la regi\u00f3n.<\/p>\n\t\t\t\t\t\t<\/div>\n\t\t\t\t\t<\/div>\n\t\t\t\t<\/div>\n\t\t\t<\/div>\n\t\t\t\t\t\t<div id=\"modal-pawel-adrjan\" class=\"modal\">\n\t\t\t\t<div class=\"modal-overlay\"><\/div>\n\t\t\t\t<div class=\"modal-content\">\n\t\t\t\t\t<div class=\"modal-header\">\n\t\t\t\t\t\t<a href=\"#\" class=\"js-modal-close\">\n\t\t\t\t\t\t\t<span class=\"screen-reader-text\">Close overlay.<\/span>\n\t\t\t\t\t\t\t<svg xmlns=\"http:\/\/www.w3.org\/2000\/svg\" viewBox=\"0 0 384 512\">\n\t\t\t\t\t\t\t\t<path fill=\"#ffffff\" d=\"M342.6 150.6c12.5-12.5 12.5-32.8 0-45.3s-32.8-12.5-45.3 0L192 210.7 86.6 105.4c-12.5-12.5-32.8-12.5-45.3 0s-12.5 32.8 0 45.3L146.7 256 41.4 361.4c-12.5 12.5-12.5 32.8 0 45.3s32.8 12.5 45.3 0L192 301.3 297.4 406.6c12.5 12.5 32.8 12.5 45.3 0s12.5-32.8 0-45.3L237.3 256 342.6 150.6z\"\/>\n\t\t\t\t\t\t\t<\/svg>\n\t\t\t\t\t\t<\/a>\n\t\t\t\t\t<\/div>\n\t\t\t\t\t<div class=\"modal-content__row\">\n\t\t\t\t\t\t<div class=\"modal-content__image portrait\">\n\t\t\t\t\t\t\t\t\t\t\t\t\t\t<div class=\"portrait-inner\" style=\"background-image: url('https:\/\/www.indeedevents.com\/es-mx\/wp-content\/uploads\/sites\/37\/2025\/09\/Pawel-Adrjan-cutout-shadow-600x600.png)');\"><\/div>\n\t\t\t\t\t\t<\/div>\n\t\t\t\t\t\t<div class=\"modal-content__bio\">\n\t\t\t\t\t\t\t<h4>Pawel Adrjan<\/h4>\n\t\t\t\t\t\t\t\t\t\t\t\t\t\t\t<p class=\"speaker-title\">Director de Investigaci\u00f3n Econ\u00f3mica (EMEA y APAC), Indeed Hiring Lab; Investigador Asociado, Regent\u2019s Park College, Universidad de Oxford<\/p>\n\t\t\t\t\t\t\t\t\t\t\t\t\t\t\t\t\t\t\t\t\t\t<p class=\"speaker-company\">Indeed<\/p>\n\t\t\t\t\t\t\t\t\t\t\t\t\t\t<p>Economista y Director de Investigaci\u00f3n Econ\u00f3mica para EMEA y APAC en Indeed, el sitio de empleo m\u00e1s grande del mundo. Research Fellow en Regent\u2019s Park College de la Universidad de Oxford y miembro del Consejo Asesor de Investigaci\u00f3n en  Open for Business. Cuenta con un doctorado en econom\u00eda por la Universidad de Oxford. Su investigaci\u00f3n utiliza datos propios de Indeed y fuentes p\u00fablicas para analizar tendencias del mercado laboral, el papel del g\u00e9nero y la pol\u00edtica en el entorno laboral, as\u00ed como el impacto de la tecnolog\u00eda en el futuro del trabajo. Su trabajo ha sido ampliamente difundido en los medios. Anteriormente, pas\u00f3 una d\u00e9cada en la banca de inversi\u00f3n, desempe\u00f1\u00e1ndose en \u00e1reas de gesti\u00f3n de riesgos, asesor\u00eda en calificaciones crediticias, tesorer\u00eda y funciones regulatorias en Londres y Nueva York.<\/p>\n\t\t\t\t\t\t<\/div>\n\t\t\t\t\t<\/div>\n\t\t\t\t<\/div>\n\t\t\t<\/div>\n\t\t\t\t\t\t<div id=\"modal-mauricio-plaschinski\" class=\"modal\">\n\t\t\t\t<div class=\"modal-overlay\"><\/div>\n\t\t\t\t<div class=\"modal-content\">\n\t\t\t\t\t<div class=\"modal-header\">\n\t\t\t\t\t\t<a href=\"#\" class=\"js-modal-close\">\n\t\t\t\t\t\t\t<span class=\"screen-reader-text\">Close overlay.<\/span>\n\t\t\t\t\t\t\t<svg xmlns=\"http:\/\/www.w3.org\/2000\/svg\" viewBox=\"0 0 384 512\">\n\t\t\t\t\t\t\t\t<path fill=\"#ffffff\" d=\"M342.6 150.6c12.5-12.5 12.5-32.8 0-45.3s-32.8-12.5-45.3 0L192 210.7 86.6 105.4c-12.5-12.5-32.8-12.5-45.3 0s-12.5 32.8 0 45.3L146.7 256 41.4 361.4c-12.5 12.5-12.5 32.8 0 45.3s32.8 12.5 45.3 0L192 301.3 297.4 406.6c12.5 12.5 32.8 12.5 45.3 0s12.5-32.8 0-45.3L237.3 256 342.6 150.6z\"\/>\n\t\t\t\t\t\t\t<\/svg>\n\t\t\t\t\t\t<\/a>\n\t\t\t\t\t<\/div>\n\t\t\t\t\t<div class=\"modal-content__row\">\n\t\t\t\t\t\t<div class=\"modal-content__image portrait\">\n\t\t\t\t\t\t\t\t\t\t\t\t\t\t<div class=\"portrait-inner\" style=\"background-image: url('https:\/\/www.indeedevents.com\/es-mx\/wp-content\/uploads\/sites\/37\/2025\/09\/MauricioPlaschinski4_2017-cut-shadow-600x600.png)');\"><\/div>\n\t\t\t\t\t\t<\/div>\n\t\t\t\t\t\t<div class=\"modal-content__bio\">\n\t\t\t\t\t\t\t<h4>Mauricio Plaschinski<\/h4>\n\t\t\t\t\t\t\t\t\t\t\t\t\t\t\t<p class=\"speaker-title\">Vicepresidente Go to Market<\/p>\n\t\t\t\t\t\t\t\t\t\t\t\t\t\t\t\t\t\t\t\t\t\t<p class=\"speaker-company\">Indeed<\/p>\n\t\t\t\t\t\t\t\t\t\t\t\t\t\t<p>Mauricio Plaschinski es un ejecutivo global con m\u00e1s de 20 a\u00f1os de experiencia en estrategia de ventas, ejecuci\u00f3n go-to-market y transformaci\u00f3n empresarial en las Am\u00e9ricas, EMEA y APAC. Ex-ejecutivo de Microsoft y actual Vicepresidente en Indeed, ha liderado organizaciones a trav\u00e9s de procesos de transformaci\u00f3n a gran escala y expansi\u00f3n global, logrando la alineaci\u00f3n transversal de equipos de Ventas, Marketing, Producto, Finanzas e I+D.<\/p>\n<p>Mauricio es reconocido como un l\u00edder centrado en las personas, que simplifica operaciones complejas, aprovecha la inteligencia artificial y los datos para impulsar decisiones m\u00e1s inteligentes, y forma equipos de alto rendimiento. Es egresado de la maestr\u00eda en Administraci\u00f3n de Empresas (MBA) por la Universidad de Stanford y licenciado por el Tecnol\u00f3gico de Monterrey. Adem\u00e1s, es conferencista frecuente en temas de transformaci\u00f3n de ventas, operaciones de ingresos y liderazgo global.<\/p>\n\t\t\t\t\t\t<\/div>\n\t\t\t\t\t<\/div>\n\t\t\t\t<\/div>\n\t\t\t<\/div>\n\t\t\t\t\t\t<div id=\"modal-nelson-gomez\" class=\"modal\">\n\t\t\t\t<div class=\"modal-overlay\"><\/div>\n\t\t\t\t<div class=\"modal-content\">\n\t\t\t\t\t<div class=\"modal-header\">\n\t\t\t\t\t\t<a href=\"#\" class=\"js-modal-close\">\n\t\t\t\t\t\t\t<span class=\"screen-reader-text\">Close overlay.<\/span>\n\t\t\t\t\t\t\t<svg xmlns=\"http:\/\/www.w3.org\/2000\/svg\" viewBox=\"0 0 384 512\">\n\t\t\t\t\t\t\t\t<path fill=\"#ffffff\" d=\"M342.6 150.6c12.5-12.5 12.5-32.8 0-45.3s-32.8-12.5-45.3 0L192 210.7 86.6 105.4c-12.5-12.5-32.8-12.5-45.3 0s-12.5 32.8 0 45.3L146.7 256 41.4 361.4c-12.5 12.5-12.5 32.8 0 45.3s32.8 12.5 45.3 0L192 301.3 297.4 406.6c12.5 12.5 32.8 12.5 45.3 0s12.5-32.8 0-45.3L237.3 256 342.6 150.6z\"\/>\n\t\t\t\t\t\t\t<\/svg>\n\t\t\t\t\t\t<\/a>\n\t\t\t\t\t<\/div>\n\t\t\t\t\t<div class=\"modal-content__row\">\n\t\t\t\t\t\t<div class=\"modal-content__image portrait\">\n\t\t\t\t\t\t\t\t\t\t\t\t\t\t<div class=\"portrait-inner\" style=\"background-image: url('https:\/\/www.indeedevents.com\/es-mx\/wp-content\/uploads\/sites\/37\/2025\/09\/Nelson-gomez-cut-shadow.png)');\"><\/div>\n\t\t\t\t\t\t<\/div>\n\t\t\t\t\t\t<div class=\"modal-content__bio\">\n\t\t\t\t\t\t\t<h4>Nelson G\u00f3mez<\/h4>\n\t\t\t\t\t\t\t\t\t\t\t\t\t\t\t<p class=\"speaker-title\">Director Indeed M\u00e9xico<\/p>\n\t\t\t\t\t\t\t\t\t\t\t\t\t\t\t\t\t\t\t\t\t\t<p class=\"speaker-company\">Indeed<\/p>\n\t\t\t\t\t\t\t\t\t\t\t\t\t\t<p>Lo que actualmente me ocupa y me quita el sue\u00f1o es c\u00f3mo ayudar a la gente a encontrar empleo.<\/p>\n<p>Nelson G\u00f3mez es Director de Indeed M\u00e9xico, con sede en la Ciudad de M\u00e9xico desde junio de 2022. Lidera un equipo de ocho National Account Managers y tres Customer Success Managers, incluyendo perfiles senior con presencia en distintas regiones del pa\u00eds. En su rol, Nelson es responsable de la estrategia y ejecuci\u00f3n de ventas externas, as\u00ed como del desarrollo y liderazgo de su equipo para impulsar el crecimiento de Indeed en el mercado mexicano.<\/p>\n<p>Su enfoque est\u00e1 orientado a la gesti\u00f3n de cuentas nacionales y al fortalecimiento de relaciones comerciales clave dentro del sector de reclutamiento y recursos humanos. A lo largo de su carrera, Nelson ha construido una trayectoria impecable en empresas l\u00edderes como Oracle, SAP, SuccessFactors y Medallia, donde ha demostrado consistentemente su capacidad para liderar equipos de alto desempe\u00f1o y generar resultados sobresalientes en el \u00e1mbito de ventas y tecnolog\u00eda.<\/p>\n<p>Adem\u00e1s, su experiencia profesional abarca toda Latinoam\u00e9rica, incluyendo Brasil, as\u00ed como Estados Unidos, lo que le ha permitido desarrollar una visi\u00f3n integral y multicultural para enfrentar los retos del mercado laboral en diferentes contextos y regiones.<\/p>\n\t\t\t\t\t\t<\/div>\n\t\t\t\t\t<\/div>\n\t\t\t\t<\/div>\n\t\t\t<\/div>\n\t\t\t<\/div>\n<\/div>\n<\/div><\/div>\n\n\n\n<div class=\"wp-block-cover is-light\" id=\"agenda\"><span aria-hidden=\"true\" class=\"wp-block-cover__background has-background-dim-0 has-background-dim\"><\/span><div class=\"wp-block-cover__inner-container is-layout-flow wp-block-cover-is-layout-flow\">\n<div class=\"wp-block-group is-style-futureworks futureworks-schedule is-layout-constrained wp-block-group-is-layout-constrained\">\n<div style=\"height:30px\" aria-hidden=\"true\" class=\"wp-block-spacer is-style-default\"><\/div>\n\n\n\n<div class=\"wp-block-columns are-vertically-aligned-top is-layout-flex wp-container-core-columns-is-layout-9d6595d7 wp-block-columns-is-layout-flex\">\n<div class=\"wp-block-column is-vertically-aligned-top is-layout-flow wp-block-column-is-layout-flow\" style=\"flex-basis:33%\">\n<h2 class=\"wp-block-heading h3 mt-0 is-style-overline\">Agenda<\/h2>\n<\/div>\n\n\n\n<div class=\"wp-block-column is-vertically-aligned-top is-layout-flow wp-block-column-is-layout-flow\" style=\"flex-basis:67%\">\n<p>*Agenda sujeta a cambios.<\/p>\n<\/div>\n<\/div>\n\n\n\n<div class=\"block-futureworks-schedule\" id=\"futureworks-schedule-block_856de91f5328f0eb4b46201149e5fc5d\">\n            <p class=\"block-futureworks-schedule__date has-text-color\">Martes 4 de Noviembre<\/p>\n        <ul class=\"block-futureworks-schedule__content\">\n        \n\n<li class=\"block-futureworks-schedule-item\" id=\"futureworks-schedule-item-block_a8c2403789c2fc92e96b5863305b5ab2\">\n\t<button class=\"block-futureworks-schedule-item__toggle\" aria-label=\"Open details for: Llegadas &#038; coffee at 8:00&nbsp;-&nbsp;9:00.\" >\n\t\t<span class=\"block-futureworks-schedule-item__time\">\n\t\t\t8:00&nbsp;\u2013&nbsp;9:00\t\t<\/span>\n\t\t<div class=\"block-futureworks-schedule-item__title\">Llegadas &amp; coffee<\/div>\n\t<\/button>\n\t<div class=\"block-futureworks-schedule-item__content\" aria-hidden=\"true\" aria-expanded=\"false\">\n\t\t<div class=\"inner-content\"><\/div>\n\t<\/div>\n<\/li>\n\n\n\n<li class=\"block-futureworks-schedule-item\" id=\"futureworks-schedule-item-block_2624818bb497521767e1767caf54e974\">\n\t<button class=\"block-futureworks-schedule-item__toggle\" aria-label=\"Open details for: Bienvenida - SLT at 9:15&nbsp;-&nbsp;9:30.\" >\n\t\t<span class=\"block-futureworks-schedule-item__time\">\n\t\t\t9:15&nbsp;\u2013&nbsp;9:30\t\t<\/span>\n\t\t<div class=\"block-futureworks-schedule-item__title\">Bienvenida &#8211; SLT<\/div>\n\t<\/button>\n\t<div class=\"block-futureworks-schedule-item__content\" aria-hidden=\"true\" aria-expanded=\"false\">\n\t\t<div class=\"inner-content\"><\/div>\n\t<\/div>\n<\/li>\n\n\n\n<li class=\"block-futureworks-schedule-item\" id=\"futureworks-schedule-item-block_68b9cfe95b3cae70c98e7e658fd187a6\">\n\t<button class=\"block-futureworks-schedule-item__toggle\" aria-label=\"Open details for: Pawel Adrjan - El futuro del trabajo: Empleo, econom\u00eda y desaf\u00edos demogr\u00e1ficos en M\u00e9xico at 9:30&nbsp;-&nbsp;10:00.\" >\n\t\t<span class=\"block-futureworks-schedule-item__time\">\n\t\t\t9:30&nbsp;\u2013&nbsp;10:00\t\t<\/span>\n\t\t<div class=\"block-futureworks-schedule-item__title\">Pawel Adrjan &#8211; El futuro del trabajo: Empleo, econom\u00eda y desaf\u00edos demogr\u00e1ficos en M\u00e9xico<\/div>\n\t<\/button>\n\t<div class=\"block-futureworks-schedule-item__content\" aria-hidden=\"true\" aria-expanded=\"false\">\n\t\t<div class=\"inner-content\"><\/div>\n\t<\/div>\n<\/li>\n\n\n\n<li class=\"block-futureworks-schedule-item\" id=\"futureworks-schedule-item-block_de842f24d02b7dde52b7e311ed64d6ed\">\n\t<button class=\"block-futureworks-schedule-item__toggle\" aria-label=\"Open details for: Mauricio Plaschinski - Transformando el Empleo en M\u00e9xico: La nueva ola de innovaci\u00f3n at 10:00&nbsp;-&nbsp;10:30.\" >\n\t\t<span class=\"block-futureworks-schedule-item__time\">\n\t\t\t10:00&nbsp;\u2013&nbsp;10:30\t\t<\/span>\n\t\t<div class=\"block-futureworks-schedule-item__title\">Mauricio Plaschinski &#8211; Transformando el Empleo en M\u00e9xico: La nueva ola de innovaci\u00f3n<\/div>\n\t<\/button>\n\t<div class=\"block-futureworks-schedule-item__content\" aria-hidden=\"true\" aria-expanded=\"false\">\n\t\t<div class=\"inner-content\"><\/div>\n\t<\/div>\n<\/li>\n\n\n\n<li class=\"block-futureworks-schedule-item\" id=\"futureworks-schedule-item-block_1650c1222824c3b16a8745605c91e016\">\n\t<button class=\"block-futureworks-schedule-item__toggle\" aria-label=\"Open details for: Networking break &#038; demo at 10:30&nbsp;-&nbsp;11:00.\" >\n\t\t<span class=\"block-futureworks-schedule-item__time\">\n\t\t\t10:30&nbsp;\u2013&nbsp;11:00\t\t<\/span>\n\t\t<div class=\"block-futureworks-schedule-item__title\">Networking break &amp; demo<\/div>\n\t<\/button>\n\t<div class=\"block-futureworks-schedule-item__content\" aria-hidden=\"true\" aria-expanded=\"false\">\n\t\t<div class=\"inner-content\"><\/div>\n\t<\/div>\n<\/li>\n\n\n\n<li class=\"block-futureworks-schedule-item\" id=\"futureworks-schedule-item-block_bf3df394e44eaa806bd1ef1358a324cf\">\n\t<button class=\"block-futureworks-schedule-item__toggle\" aria-label=\"Open details for: Panel con 3 clientes: \"Atracci\u00f3n de Talento en Evoluci\u00f3n: C\u00f3mo lo Hacen las Empresas que Marcan Tendencia\" at 11:00&nbsp;-&nbsp;11:45.\" >\n\t\t<span class=\"block-futureworks-schedule-item__time\">\n\t\t\t11:00&nbsp;\u2013&nbsp;11:45\t\t<\/span>\n\t\t<div class=\"block-futureworks-schedule-item__title\">Panel con 3 clientes: &#8220;Atracci\u00f3n de Talento en Evoluci\u00f3n: C\u00f3mo lo Hacen las Empresas que Marcan Tendencia&#8221;<\/div>\n\t<\/button>\n\t<div class=\"block-futureworks-schedule-item__content\" aria-hidden=\"true\" aria-expanded=\"false\">\n\t\t<div class=\"inner-content\"><\/div>\n\t<\/div>\n<\/li>\n\n\n\n<li class=\"block-futureworks-schedule-item\" id=\"futureworks-schedule-item-block_6c14d7e4697cc0d0f4f61815244a8bb9\">\n\t<button class=\"block-futureworks-schedule-item__toggle\" aria-label=\"Open details for: Roundtable y Q&#038;A at 11:45&nbsp;-&nbsp;12:15.\" >\n\t\t<span class=\"block-futureworks-schedule-item__time\">\n\t\t\t11:45&nbsp;\u2013&nbsp;12:15\t\t<\/span>\n\t\t<div class=\"block-futureworks-schedule-item__title\">Roundtable y Q&amp;A<\/div>\n\t<\/button>\n\t<div class=\"block-futureworks-schedule-item__content\" aria-hidden=\"true\" aria-expanded=\"false\">\n\t\t<div class=\"inner-content\"><\/div>\n\t<\/div>\n<\/li>\n\n\n\n<li class=\"block-futureworks-schedule-item\" id=\"futureworks-schedule-item-block_562da7f409a9c97f393ae8d3b2385251\">\n\t<button class=\"block-futureworks-schedule-item__toggle\" aria-label=\"Open details for: Networking break &#038; demo at 12:15&nbsp;-&nbsp;13:00.\" >\n\t\t<span class=\"block-futureworks-schedule-item__time\">\n\t\t\t12:15&nbsp;\u2013&nbsp;13:00\t\t<\/span>\n\t\t<div class=\"block-futureworks-schedule-item__title\">Networking break &amp; demo<\/div>\n\t<\/button>\n\t<div class=\"block-futureworks-schedule-item__content\" aria-hidden=\"true\" aria-expanded=\"false\">\n\t\t<div class=\"inner-content\"><\/div>\n\t<\/div>\n<\/li>\n\n\n\n<li class=\"block-futureworks-schedule-item\" id=\"futureworks-schedule-item-block_23500300202b419d64bb615d23e51749\">\n\t<button class=\"block-futureworks-schedule-item__toggle\" aria-label=\"Open details for: Ren\u00e1n Gonz\u00e1lez Nieto, CEO Regional de Great Place To Work\u00ae\ufe0f - Del Desaf\u00edo de Retener al Poder de Reinventar: La cultura como ventaja competitiva at 13:00&nbsp;-&nbsp;13:40.\" >\n\t\t<span class=\"block-futureworks-schedule-item__time\">\n\t\t\t13:00&nbsp;\u2013&nbsp;13:40\t\t<\/span>\n\t\t<div class=\"block-futureworks-schedule-item__title\">Ren\u00e1n Gonz\u00e1lez Nieto, CEO Regional de Great Place To Work\u00ae\ufe0f &#8211; Del Desaf\u00edo de Retener al Poder de Reinventar: La cultura como ventaja competitiva<\/div>\n\t<\/button>\n\t<div class=\"block-futureworks-schedule-item__content\" aria-hidden=\"true\" aria-expanded=\"false\">\n\t\t<div class=\"inner-content\"><\/div>\n\t<\/div>\n<\/li>\n\n\n\n<li class=\"block-futureworks-schedule-item\" id=\"futureworks-schedule-item-block_b2ed9ac007e79b22081afe327e34f71e\">\n\t<button class=\"block-futureworks-schedule-item__toggle\" aria-label=\"Open details for: Nelson G\u00f3mez - Impulsa tu Talento sin Fronteras: Estrategias Inteligentes de Contrataci\u00f3n Global con Indeed at 13:40&nbsp;-&nbsp;14:00.\" >\n\t\t<span class=\"block-futureworks-schedule-item__time\">\n\t\t\t13:40&nbsp;\u2013&nbsp;14:00\t\t<\/span>\n\t\t<div class=\"block-futureworks-schedule-item__title\">Nelson G\u00f3mez &#8211; Impulsa tu Talento sin Fronteras: Estrategias Inteligentes de Contrataci\u00f3n Global con Indeed<\/div>\n\t<\/button>\n\t<div class=\"block-futureworks-schedule-item__content\" aria-hidden=\"true\" aria-expanded=\"false\">\n\t\t<div class=\"inner-content\"><\/div>\n\t<\/div>\n<\/li>\n\n\n\n<li class=\"block-futureworks-schedule-item\" id=\"futureworks-schedule-item-block_7b5d59d54858d4c59a8c6e2ed89486c4\">\n\t<button class=\"block-futureworks-schedule-item__toggle\" aria-label=\"Open details for: Comida &#038; networking at 14:00&nbsp;-&nbsp;16:00.\" >\n\t\t<span class=\"block-futureworks-schedule-item__time\">\n\t\t\t14:00&nbsp;\u2013&nbsp;16:00\t\t<\/span>\n\t\t<div class=\"block-futureworks-schedule-item__title\">Comida &amp; networking<\/div>\n\t<\/button>\n\t<div class=\"block-futureworks-schedule-item__content\" aria-hidden=\"true\" aria-expanded=\"false\">\n\t\t<div class=\"inner-content\"><\/div>\n\t<\/div>\n<\/li>\n\n\n    <\/ul>\n<\/div>\n\n\n\n<div style=\"height:50px\" aria-hidden=\"true\" class=\"wp-block-spacer is-style-desktop-only\"><\/div>\n<\/div>\n<\/div><\/div>\n\n\n\n<div class=\"wp-block-cover is-light\" id=\"location\"><span aria-hidden=\"true\" class=\"wp-block-cover__background has-futureworks-2025-earth-background-color has-background-dim-100 has-background-dim\"><\/span><div class=\"wp-block-cover__inner-container is-layout-flow wp-block-cover-is-layout-flow\">\n<div style=\"height:30px\" aria-hidden=\"true\" class=\"wp-block-spacer is-style-default\"><\/div>\n\n\n\n<div class=\"wp-block-group futureworks-location is-layout-constrained wp-block-group-is-layout-constrained\">\n<h2 class=\"wp-block-heading has-text-align-left h3 is-style-overline\">Lugar<\/h2>\n\n\n\n<p class=\"has-text-align-left\">Hotel St. Regis, Av. P.\u00ba de la Reforma 439, Cuauht\u00e9moc, 06500 Ciudad de M\u00e9xico, CDMX, M\u00e9xico<\/p>\n\n\n\t<div class=\"block-futureworks-map\" id=\"futureworks-map-block_298f3215302c596ea2d00d89b8234e47\">\n\t\t<div id=\"indeed-event-map\"><\/div>\n\t\t<script>\n\t\t\tconst gmap = {\"address\":\"Hotel St. Regis, Av. P.\\u00ba de la Reforma 439, Cuauht\\u00e9moc, 06500 Ciudad de M\\u00e9xico, CDMX, Mexico\",\"lat\":19.4256338,\"lng\":-99.1720892,\"zoom\":14,\"place_id\":\"ChIJrR704kv_0YURl2pvM1WTF-c\",\"street_number\":\"439\",\"street_name\":\"Avenida Paseo de la Reforma\",\"street_name_short\":\"Av. P.\\u00ba de la Reforma\",\"city\":\"Ciudad de M\\u00e9xico\",\"city_short\":\"M\\u00e9xico D.F.\",\"state\":\"Ciudad de M\\u00e9xico\",\"state_short\":\"CDMX\",\"post_code\":\"06500\",\"country\":\"Mexico\",\"country_short\":\"MX\"};\n\t\t<\/script>\n\t<\/div>\n\t<\/div>\n<\/div><\/div>\n\n\n\n<div class=\"wp-block-cover is-light\" id=\"register\"><span aria-hidden=\"true\" class=\"wp-block-cover__background has-futureworks-2025-earth-background-color has-background-dim-100 has-background-dim\"><\/span><div class=\"wp-block-cover__inner-container is-layout-flow wp-block-cover-is-layout-flow\">\n<div class=\"wp-block-group is-style-futureworks futureworks-faq is-layout-constrained wp-block-group-is-layout-constrained\">\n<div class=\"wp-block-columns are-vertically-aligned-top is-layout-flex wp-container-core-columns-is-layout-9d6595d7 wp-block-columns-is-layout-flex\">\n<div class=\"wp-block-column is-vertically-aligned-top is-layout-flow wp-block-column-is-layout-flow\" style=\"flex-basis:33%\">\n<h2 class=\"wp-block-heading h3 mt-0 is-style-overline\">Registro<\/h2>\n<\/div>\n\n\n\n<div class=\"wp-block-column is-vertically-aligned-top is-layout-flow wp-block-column-is-layout-flow\" style=\"flex-basis:66%\">\n<p>Los accesos para este evento se han agotado y el registro ya est\u00e1 cerrado. Para m\u00e1s informaci\u00f3n, contacta con tu representante de Indeed.<\/p>\n<\/div>\n<\/div>\n<\/div>\n<\/div><\/div>\n\n\n\n<div class=\"wp-block-cover is-light\" id=\"faq\"><span aria-hidden=\"true\" class=\"wp-block-cover__background has-futureworks-2025-earth-background-color has-background-dim-100 has-background-dim\"><\/span><div class=\"wp-block-cover__inner-container is-layout-flow wp-block-cover-is-layout-flow\">\n<div class=\"wp-block-group is-style-futureworks futureworks-faq is-layout-constrained wp-block-group-is-layout-constrained\">\n<div class=\"wp-block-columns are-vertically-aligned-top is-layout-flex wp-container-core-columns-is-layout-9d6595d7 wp-block-columns-is-layout-flex\">\n<div class=\"wp-block-column is-vertically-aligned-top is-layout-flow wp-block-column-is-layout-flow\" style=\"flex-basis:33%\">\n<h2 class=\"wp-block-heading h3 mt-0 is-style-overline\">Preguntas frecuentes<\/h2>\n<\/div>\n\n\n\n<div class=\"wp-block-column is-vertically-aligned-top is-layout-flow wp-block-column-is-layout-flow\" style=\"flex-basis:66%\"><\/div>\n<\/div>\n\n\n\n<div style=\"height:20px\" aria-hidden=\"true\" class=\"wp-block-spacer is-style-desktop-only\"><\/div>\n\n\n\n<section class=\"event-faq\">\n\n\n\n\t\t\t<div class=\"event-faq-content block-accordion column-count-1 desktop-accordions\">\n\t\t\t\t\t<ul class=\"event-faq-column block-accordion__content\">\n\t\t\t\t\t\t\t\t\t\t\t\t\t\t\t\t\t\t\t<li aria-expanded=false class=\"block-accordion-item\">\n\t\t\t\t\t\t\t\t\t\t\t\t\t<button class=\"block-accordion-item__toggle\">\n\t\t\t\t\t\t\t\t<span class=\"block-accordion-item__title\">\u00bfA qui\u00e9n est\u00e1 dirigido el evento?<\/span>\n\t\t\t\t\t\t\t<\/button>\n\t\t\t\t\t\t\t\t\t\t\t\t\t\t\t\t\t\t\t<div class=\"block-accordion-item__content\">\n\t\t\t\t\t\t\t\t<div class=\"block-accordion-item__content-inner\">\n\t\t\t\t\t\t\t\t\t<p>Dirigido a l\u00edderes de adquisici\u00f3n de talento que buscan fortalecer su estrategia de reclutamiento para el futuro.<\/p>\n\t\t\t\t\t\t\t\t<\/div>\n\t\t\t\t\t\t\t<\/div>\n\t\t\t\t\t\t\t\t\t\t\t<\/li>\n\t\t\t\t\t\t\t\t\t\t\t\t\t\t\t\t\t\t\t<li aria-expanded=false class=\"block-accordion-item\">\n\t\t\t\t\t\t\t\t\t\t\t\t\t<button class=\"block-accordion-item__toggle\">\n\t\t\t\t\t\t\t\t<span class=\"block-accordion-item__title\">\u00bfQu\u00e9 informaci\u00f3n ser\u00e1 compartida durante el evento?<\/span>\n\t\t\t\t\t\t\t<\/button>\n\t\t\t\t\t\t\t\t\t\t\t\t\t\t\t\t\t\t\t<div class=\"block-accordion-item__content\">\n\t\t\t\t\t\t\t\t<div class=\"block-accordion-item__content-inner\">\n\t\t\t\t\t\t\t\t\t<p>Expertos en reclutamiento compartir\u00e1n perspectivas sobre atracci\u00f3n de talento y estrategias basadas en las tendencias econ\u00f3micas actuales y en informaci\u00f3n original de Indeed, para asegurarse de que cuentes con las herramientas y el conocimiento necesarios para tener \u00e9xito.<\/p>\n\t\t\t\t\t\t\t\t<\/div>\n\t\t\t\t\t\t\t<\/div>\n\t\t\t\t\t\t\t\t\t\t\t<\/li>\n\t\t\t\t\t\t\t\t\t\t\t\t\t\t\t\t\t\t\t<li aria-expanded=false class=\"block-accordion-item\">\n\t\t\t\t\t\t\t\t\t\t\t\t\t<button class=\"block-accordion-item__toggle\">\n\t\t\t\t\t\t\t\t<span class=\"block-accordion-item__title\">\u00bfIncluye alimentos y bebidas?<\/span>\n\t\t\t\t\t\t\t<\/button>\n\t\t\t\t\t\t\t\t\t\t\t\t\t\t\t\t\t\t\t<div class=\"block-accordion-item__content\">\n\t\t\t\t\t\t\t\t<div class=\"block-accordion-item__content-inner\">\n\t\t\t\t\t\t\t\t\t<p>Todos los alimentos y bebidas dentro de las actividades publicadas en la agenda del evento, est\u00e1n incluidas.<\/p>\n\t\t\t\t\t\t\t\t<\/div>\n\t\t\t\t\t\t\t<\/div>\n\t\t\t\t\t\t\t\t\t\t\t<\/li>\n\t\t\t\t\t\t\t\t\t\t\t\t\t\t\t\t\t\t\t<li aria-expanded=false class=\"block-accordion-item\">\n\t\t\t\t\t\t\t\t\t\t\t\t\t<button class=\"block-accordion-item__toggle\">\n\t\t\t\t\t\t\t\t<span class=\"block-accordion-item__title\">\u00bfTiene alg\u00fan costo asistir al evento?<\/span>\n\t\t\t\t\t\t\t<\/button>\n\t\t\t\t\t\t\t\t\t\t\t\t\t\t\t\t\t\t\t<div class=\"block-accordion-item__content\">\n\t\t\t\t\t\t\t\t<div class=\"block-accordion-item__content-inner\">\n\t\t\t\t\t\t\t\t\t<p>No, el evento es sin costo para todos nuestros invitados. Sin embargo, no incluye el estacionamiento.<\/p>\n\t\t\t\t\t\t\t\t<\/div>\n\t\t\t\t\t\t\t<\/div>\n\t\t\t\t\t\t\t\t\t\t\t<\/li>\n\t\t\t\t\t\t\t\t\t\t\t\t\t\t\t\t\t\t\t<li aria-expanded=false class=\"block-accordion-item\">\n\t\t\t\t\t\t\t\t\t\t\t\t\t<button class=\"block-accordion-item__toggle\">\n\t\t\t\t\t\t\t\t<span class=\"block-accordion-item__title\">\u00bfSi a\u00fan no soy cliente de Indeed M\u00e9xico puedo asistir al evento?<\/span>\n\t\t\t\t\t\t\t<\/button>\n\t\t\t\t\t\t\t\t\t\t\t\t\t\t\t\t\t\t\t<div class=\"block-accordion-item__content\">\n\t\t\t\t\t\t\t\t<div class=\"block-accordion-item__content-inner\">\n\t\t\t\t\t\t\t\t\t<p>Por supuesto, bienvenidas sean todas aquellas empresas que quieran transformar el mundo del reclutamiento en M\u00e9xico y Latinoam\u00e9rica.<\/p>\n\t\t\t\t\t\t\t\t<\/div>\n\t\t\t\t\t\t\t<\/div>\n\t\t\t\t\t\t\t\t\t\t\t<\/li>\n\t\t\t\t\t\t\t\t\t\t\t\t\t\t\t\t\t\t\t<li aria-expanded=false class=\"block-accordion-item\">\n\t\t\t\t\t\t\t\t\t\t\t\t\t<button class=\"block-accordion-item__toggle\">\n\t\t\t\t\t\t\t\t<span class=\"block-accordion-item__title\">\u00bfCu\u00e1l es el c\u00f3digo de vestimenta?<\/span>\n\t\t\t\t\t\t\t<\/button>\n\t\t\t\t\t\t\t\t\t\t\t\t\t\t\t\t\t\t\t<div class=\"block-accordion-item__content\">\n\t\t\t\t\t\t\t\t<div class=\"block-accordion-item__content-inner\">\n\t\t\t\t\t\t\t\t\t<p>Business casual.<\/p>\n\t\t\t\t\t\t\t\t<\/div>\n\t\t\t\t\t\t\t<\/div>\n\t\t\t\t\t\t\t\t\t\t\t<\/li>\n\t\t\t\t\t\t\t\t\t\t\t\t\t\t\t\t\t\t\t<li aria-expanded=false class=\"block-accordion-item\">\n\t\t\t\t\t\t\t\t\t\t\t\t\t<button class=\"block-accordion-item__toggle\">\n\t\t\t\t\t\t\t\t<span class=\"block-accordion-item__title\">\u00bfDurante el evento tendr\u00e1 oportunidad de relacionarme con ejecutivos de Indeed?<\/span>\n\t\t\t\t\t\t\t<\/button>\n\t\t\t\t\t\t\t\t\t\t\t\t\t\t\t\t\t\t\t<div class=\"block-accordion-item__content\">\n\t\t\t\t\t\t\t\t<div class=\"block-accordion-item__content-inner\">\n\t\t\t\t\t\t\t\t\t<p>Totalmente. Todos nuestros representantes y equipo de ventas estar\u00e1n presentes durante el evento.<\/p>\n\t\t\t\t\t\t\t\t<\/div>\n\t\t\t\t\t\t\t<\/div>\n\t\t\t\t\t\t\t\t\t\t\t<\/li>\n\t\t\t\t\t\t\t<\/ul><!-- .event-faq-column -->\n\t\t\t\t<\/div><!-- .event-faq-content -->\n\t<\/section><!-- .event-faq -->\n<\/div>\n\n\n\n<div style=\"height:50px\" aria-hidden=\"true\" class=\"wp-block-spacer is-style-desktop-only\"><\/div>\n<\/div><\/div>\n","protected":false},"featured_media":88408,"template":"page-templates\/indeed-futureworks-2025.php","event-section":[],"event-format":[156],"event-type":[182],"event-topic":[],"event-location":[192],"class_list":["post-88406","events","type-events","status-publish","has-post-thumbnail","hentry","event_format-in-person","event_type-indeed-futureworks","event_location-americas"],"acf":[],"yoast_head":"<!-- This site is optimized with the Yoast SEO plugin v27.4 - https:\/\/yoast.com\/product\/yoast-seo-wordpress\/ -->\n<title>Indeed FutureWorks M\u00e9xico 2025 | Nov 4 | CDMX<\/title>\n<meta name=\"description\" content=\"Indeed FutureWorks Mx es el lugar para encontrar perspectivas y soluciones \u00fanicas que ayudan a que tu proceso de contrataci\u00f3n sea m\u00e1s simple, r\u00e1pido y humano.\" \/>\n<meta name=\"robots\" content=\"noindex, nofollow\" \/>\n<meta property=\"og:locale\" content=\"es_MX\" \/>\n<meta property=\"og:type\" content=\"article\" \/>\n<meta property=\"og:title\" content=\"Indeed FutureWorks M\u00e9xico 2025 | Nov 4 | CDMX\" \/>\n<meta property=\"og:description\" content=\"Indeed FutureWorks Mx es el lugar para encontrar perspectivas y soluciones \u00fanicas que ayudan a que tu proceso de contrataci\u00f3n sea m\u00e1s simple, r\u00e1pido y humano.\" \/>\n<meta property=\"og:url\" content=\"https:\/\/www.indeedevents.com\/es-mx\/events\/registration-ifw-mexico-112025\/\" \/>\n<meta property=\"og:site_name\" content=\"Indeed Events\" \/>\n<meta property=\"article:modified_time\" content=\"2025-11-03T19:07:31+00:00\" \/>\n<meta property=\"og:image\" content=\"https:\/\/www.indeedevents.com\/es-mx\/wp-content\/uploads\/sites\/37\/2025\/09\/6879_IndeedEventsBanners_550x266_05.jpg\" \/>\n\t<meta property=\"og:image:width\" content=\"1100\" \/>\n\t<meta property=\"og:image:height\" content=\"732\" \/>\n\t<meta property=\"og:image:type\" content=\"image\/jpeg\" \/>\n<meta name=\"twitter:card\" content=\"summary_large_image\" \/>\n<meta name=\"twitter:label1\" content=\"Tiempo de lectura\" \/>\n\t<meta name=\"twitter:data1\" content=\"1 minuto\" \/>\n<script type=\"application\/ld+json\" class=\"yoast-schema-graph\">{\"@context\":\"https:\\\/\\\/schema.org\",\"@graph\":[{\"@type\":\"WebPage\",\"@id\":\"https:\\\/\\\/www.indeedevents.com\\\/es-mx\\\/events\\\/registration-ifw-mexico-112025\\\/\",\"url\":\"https:\\\/\\\/www.indeedevents.com\\\/es-mx\\\/events\\\/registration-ifw-mexico-112025\\\/\",\"name\":\"Indeed FutureWorks M\u00e9xico 2025 | Nov 4 | CDMX\",\"isPartOf\":{\"@id\":\"https:\\\/\\\/www.indeedevents.com\\\/es-mx\\\/#website\"},\"primaryImageOfPage\":{\"@id\":\"https:\\\/\\\/www.indeedevents.com\\\/es-mx\\\/events\\\/registration-ifw-mexico-112025\\\/#primaryimage\"},\"image\":{\"@id\":\"https:\\\/\\\/www.indeedevents.com\\\/es-mx\\\/events\\\/registration-ifw-mexico-112025\\\/#primaryimage\"},\"thumbnailUrl\":\"https:\\\/\\\/www.indeedevents.com\\\/es-mx\\\/wp-content\\\/uploads\\\/sites\\\/37\\\/2025\\\/09\\\/6879_IndeedEventsBanners_550x266_05.jpg\",\"datePublished\":\"2025-09-15T17:45:50+00:00\",\"dateModified\":\"2025-11-03T19:07:31+00:00\",\"description\":\"Indeed FutureWorks Mx es el lugar para encontrar perspectivas y soluciones \u00fanicas que ayudan a que tu proceso de contrataci\u00f3n sea m\u00e1s simple, r\u00e1pido y humano.\",\"breadcrumb\":{\"@id\":\"https:\\\/\\\/www.indeedevents.com\\\/es-mx\\\/events\\\/registration-ifw-mexico-112025\\\/#breadcrumb\"},\"inLanguage\":\"es\",\"potentialAction\":[{\"@type\":\"ReadAction\",\"target\":[\"https:\\\/\\\/www.indeedevents.com\\\/es-mx\\\/events\\\/registration-ifw-mexico-112025\\\/\"]}]},{\"@type\":\"ImageObject\",\"inLanguage\":\"es\",\"@id\":\"https:\\\/\\\/www.indeedevents.com\\\/es-mx\\\/events\\\/registration-ifw-mexico-112025\\\/#primaryimage\",\"url\":\"https:\\\/\\\/www.indeedevents.com\\\/es-mx\\\/wp-content\\\/uploads\\\/sites\\\/37\\\/2025\\\/09\\\/6879_IndeedEventsBanners_550x266_05.jpg\",\"contentUrl\":\"https:\\\/\\\/www.indeedevents.com\\\/es-mx\\\/wp-content\\\/uploads\\\/sites\\\/37\\\/2025\\\/09\\\/6879_IndeedEventsBanners_550x266_05.jpg\",\"width\":1100,\"height\":732,\"caption\":\"Dos personas sonriendo y tomando caf\u00e9 mientras charlan en un evento.\"},{\"@type\":\"BreadcrumbList\",\"@id\":\"https:\\\/\\\/www.indeedevents.com\\\/es-mx\\\/events\\\/registration-ifw-mexico-112025\\\/#breadcrumb\",\"itemListElement\":[{\"@type\":\"ListItem\",\"position\":1,\"name\":\"Home\",\"item\":\"https:\\\/\\\/www.indeedevents.com\\\/es-mx\\\/\"},{\"@type\":\"ListItem\",\"position\":2,\"name\":\"Events\",\"item\":\"https:\\\/\\\/www.indeedevents.com\\\/es-mx\\\/past-events\\\/\"},{\"@type\":\"ListItem\",\"position\":3,\"name\":\"Indeed FutureWorks Mexico 2025 &#8211; Registration\"}]},{\"@type\":\"WebSite\",\"@id\":\"https:\\\/\\\/www.indeedevents.com\\\/es-mx\\\/#website\",\"url\":\"https:\\\/\\\/www.indeedevents.com\\\/es-mx\\\/\",\"name\":\"M\u00e9xico (espa\u00f1ol)\",\"description\":\"Espa\u00f1ol de M\u00e9xico\",\"potentialAction\":[{\"@type\":\"SearchAction\",\"target\":{\"@type\":\"EntryPoint\",\"urlTemplate\":\"https:\\\/\\\/www.indeedevents.com\\\/es-mx\\\/?s={search_term_string}\"},\"query-input\":{\"@type\":\"PropertyValueSpecification\",\"valueRequired\":true,\"valueName\":\"search_term_string\"}}],\"inLanguage\":\"es\"}]}<\/script>\n<!-- \/ Yoast SEO plugin. -->","yoast_head_json":{"title":"Indeed FutureWorks M\u00e9xico 2025 | Nov 4 | CDMX","description":"Indeed FutureWorks Mx es el lugar para encontrar perspectivas y soluciones \u00fanicas que ayudan a que tu proceso de contrataci\u00f3n sea m\u00e1s simple, r\u00e1pido y humano.","robots":{"index":"noindex","follow":"nofollow"},"og_locale":"es_MX","og_type":"article","og_title":"Indeed FutureWorks M\u00e9xico 2025 | Nov 4 | CDMX","og_description":"Indeed FutureWorks Mx es el lugar para encontrar perspectivas y soluciones \u00fanicas que ayudan a que tu proceso de contrataci\u00f3n sea m\u00e1s simple, r\u00e1pido y humano.","og_url":"https:\/\/www.indeedevents.com\/es-mx\/events\/registration-ifw-mexico-112025\/","og_site_name":"Indeed Events","article_modified_time":"2025-11-03T19:07:31+00:00","og_image":[{"width":1100,"height":732,"url":"https:\/\/www.indeedevents.com\/es-mx\/wp-content\/uploads\/sites\/37\/2025\/09\/6879_IndeedEventsBanners_550x266_05.jpg","type":"image\/jpeg"}],"twitter_card":"summary_large_image","twitter_misc":{"Tiempo de lectura":"1 minuto"},"schema":{"@context":"https:\/\/schema.org","@graph":[{"@type":"WebPage","@id":"https:\/\/www.indeedevents.com\/es-mx\/events\/registration-ifw-mexico-112025\/","url":"https:\/\/www.indeedevents.com\/es-mx\/events\/registration-ifw-mexico-112025\/","name":"Indeed FutureWorks M\u00e9xico 2025 | Nov 4 | CDMX","isPartOf":{"@id":"https:\/\/www.indeedevents.com\/es-mx\/#website"},"primaryImageOfPage":{"@id":"https:\/\/www.indeedevents.com\/es-mx\/events\/registration-ifw-mexico-112025\/#primaryimage"},"image":{"@id":"https:\/\/www.indeedevents.com\/es-mx\/events\/registration-ifw-mexico-112025\/#primaryimage"},"thumbnailUrl":"https:\/\/www.indeedevents.com\/es-mx\/wp-content\/uploads\/sites\/37\/2025\/09\/6879_IndeedEventsBanners_550x266_05.jpg","datePublished":"2025-09-15T17:45:50+00:00","dateModified":"2025-11-03T19:07:31+00:00","description":"Indeed FutureWorks Mx es el lugar para encontrar perspectivas y soluciones \u00fanicas que ayudan a que tu proceso de contrataci\u00f3n sea m\u00e1s simple, r\u00e1pido y humano.","breadcrumb":{"@id":"https:\/\/www.indeedevents.com\/es-mx\/events\/registration-ifw-mexico-112025\/#breadcrumb"},"inLanguage":"es","potentialAction":[{"@type":"ReadAction","target":["https:\/\/www.indeedevents.com\/es-mx\/events\/registration-ifw-mexico-112025\/"]}]},{"@type":"ImageObject","inLanguage":"es","@id":"https:\/\/www.indeedevents.com\/es-mx\/events\/registration-ifw-mexico-112025\/#primaryimage","url":"https:\/\/www.indeedevents.com\/es-mx\/wp-content\/uploads\/sites\/37\/2025\/09\/6879_IndeedEventsBanners_550x266_05.jpg","contentUrl":"https:\/\/www.indeedevents.com\/es-mx\/wp-content\/uploads\/sites\/37\/2025\/09\/6879_IndeedEventsBanners_550x266_05.jpg","width":1100,"height":732,"caption":"Dos personas sonriendo y tomando caf\u00e9 mientras charlan en un evento."},{"@type":"BreadcrumbList","@id":"https:\/\/www.indeedevents.com\/es-mx\/events\/registration-ifw-mexico-112025\/#breadcrumb","itemListElement":[{"@type":"ListItem","position":1,"name":"Home","item":"https:\/\/www.indeedevents.com\/es-mx\/"},{"@type":"ListItem","position":2,"name":"Events","item":"https:\/\/www.indeedevents.com\/es-mx\/past-events\/"},{"@type":"ListItem","position":3,"name":"Indeed FutureWorks Mexico 2025 &#8211; Registration"}]},{"@type":"WebSite","@id":"https:\/\/www.indeedevents.com\/es-mx\/#website","url":"https:\/\/www.indeedevents.com\/es-mx\/","name":"M\u00e9xico (espa\u00f1ol)","description":"Espa\u00f1ol de M\u00e9xico","potentialAction":[{"@type":"SearchAction","target":{"@type":"EntryPoint","urlTemplate":"https:\/\/www.indeedevents.com\/es-mx\/?s={search_term_string}"},"query-input":{"@type":"PropertyValueSpecification","valueRequired":true,"valueName":"search_term_string"}}],"inLanguage":"es"}]}},"_links":{"self":[{"href":"https:\/\/www.indeedevents.com\/es-mx\/wp-json\/wp\/v2\/events\/88406","targetHints":{"allow":["GET"]}}],"collection":[{"href":"https:\/\/www.indeedevents.com\/es-mx\/wp-json\/wp\/v2\/events"}],"about":[{"href":"https:\/\/www.indeedevents.com\/es-mx\/wp-json\/wp\/v2\/types\/events"}],"version-history":[{"count":0,"href":"https:\/\/www.indeedevents.com\/es-mx\/wp-json\/wp\/v2\/events\/88406\/revisions"}],"wp:featuredmedia":[{"embeddable":true,"href":"https:\/\/www.indeedevents.com\/es-mx\/wp-json\/wp\/v2\/media\/88408"}],"wp:attachment":[{"href":"https:\/\/www.indeedevents.com\/es-mx\/wp-json\/wp\/v2\/media?parent=88406"}],"wp:term":[{"taxonomy":"event_section","embeddable":true,"href":"https:\/\/www.indeedevents.com\/es-mx\/wp-json\/wp\/v2\/event-section?post=88406"},{"taxonomy":"event_format","embeddable":true,"href":"https:\/\/www.indeedevents.com\/es-mx\/wp-json\/wp\/v2\/event-format?post=88406"},{"taxonomy":"event_type","embeddable":true,"href":"https:\/\/www.indeedevents.com\/es-mx\/wp-json\/wp\/v2\/event-type?post=88406"},{"taxonomy":"event_topic","embeddable":true,"href":"https:\/\/www.indeedevents.com\/es-mx\/wp-json\/wp\/v2\/event-topic?post=88406"},{"taxonomy":"event_location","embeddable":true,"href":"https:\/\/www.indeedevents.com\/es-mx\/wp-json\/wp\/v2\/event-location?post=88406"}],"curies":[{"name":"wp","href":"https:\/\/api.w.org\/{rel}","templated":true}]}}