{"id":88095,"date":"2020-04-25T19:11:05","date_gmt":"2020-04-25T19:11:05","guid":{"rendered":"https:\/\/www.indeedevents.com\/es-mx\/?post_type=job_seeker&#038;p=88095"},"modified":"2025-05-06T12:41:50","modified_gmt":"2025-05-06T12:41:50","slug":"job-seeker","status":"publish","type":"page","link":"https:\/\/www.indeedevents.com\/es-mx\/job-seeker\/","title":{"rendered":"Job seeker events"},"content":{"rendered":"\n<div\n    class=\"block-hero\"\n    id=\"hero-block_5d4b851fb535c6cc99877a3127a0009e\"\n    style=\"min-height: 350px; --bg-color: #001c40; --bg-image: url('https:\/\/www.indeedevents.com\/es-mx\/wp-content\/uploads\/sites\/37\/2025\/05\/Banner-Desktop-2.0.0.png')\"\n>\n    <div class=\"block-hero__inner\">\n        <div class=\"block-hero__mobile-image\">\n            <div>\n                <img fetchpriority=\"high\" width=\"800\" height=\"532\" src=\"https:\/\/www.indeedevents.com\/es-mx\/wp-content\/uploads\/sites\/37\/2025\/02\/jobseeker-hero-mobile-2023.webp\" class=\"attachment-full size-full skip-lazy\" alt=\"\" loading=\"eager\" decoding=\"async\" srcset=\"https:\/\/www.indeedevents.com\/es-mx\/wp-content\/uploads\/sites\/37\/2025\/02\/jobseeker-hero-mobile-2023.webp 800w, https:\/\/www.indeedevents.com\/es-mx\/wp-content\/uploads\/sites\/37\/2025\/02\/jobseeker-hero-mobile-2023-300x200.webp 300w, https:\/\/www.indeedevents.com\/es-mx\/wp-content\/uploads\/sites\/37\/2025\/02\/jobseeker-hero-mobile-2023-768x511.webp 768w\" sizes=\"(max-width: 800px) 100vw, 800px\" \/>            <\/div>\n        <\/div>\n\n\t\t<div class=\"block-hero__content\">\n            <div class=\"normal-content\">\n                \n\n<h1 class=\"wp-block-heading\">Consid\u00e9ranos tu socio en la b\u00fasqueda de empleo<\/h1>\n\n\n\n<p>Es mejor abrirse paso en el mercado de empleo o desarrollar tu trayectoria profesional con una gu\u00eda. Consulta los eventos que ofrecen una variedad de ayuda: asesor\u00eda profesional, redacci\u00f3n de CV, b\u00fasqueda de empleo y m\u00e1s.<\/p>\n\n\n            <\/div>\n\t\t<\/div>\n\n        <div class=\"block-hero__desktop-image\">\n            <div>\n                <img width=\"800\" height=\"468\" src=\"https:\/\/www.indeedevents.com\/es-mx\/wp-content\/uploads\/sites\/37\/2025\/02\/jobseeker-hero-desktop-2023.webp\" class=\"attachment-full size-full skip-lazy\" alt=\"\" loading=\"eager\" decoding=\"async\" srcset=\"https:\/\/www.indeedevents.com\/es-mx\/wp-content\/uploads\/sites\/37\/2025\/02\/jobseeker-hero-desktop-2023.webp 800w, https:\/\/www.indeedevents.com\/es-mx\/wp-content\/uploads\/sites\/37\/2025\/02\/jobseeker-hero-desktop-2023-300x176.webp 300w, https:\/\/www.indeedevents.com\/es-mx\/wp-content\/uploads\/sites\/37\/2025\/02\/jobseeker-hero-desktop-2023-768x449.webp 768w\" sizes=\"(max-width: 800px) 100vw, 800px\" \/>            <\/div>\n        <\/div>\n\t<\/div>\n<\/div>\n\n\n\n<div class=\"wp-block-cover is-light alignwide\"><span aria-hidden=\"true\" class=\"wp-block-cover__background has-background-dim-100 has-background-dim\" style=\"background-color:#f6f6f6\"><\/span><div class=\"wp-block-cover__inner-container is-layout-flow wp-block-cover-is-layout-flow\">\n<div style=\"height:20px\" aria-hidden=\"true\" class=\"wp-block-spacer\"><\/div>\n\n\n<div class=\"event-grid\">\n\t<h2 class=\"event-grid--title\">Featured events<\/h2>\n\t<div class=\"event-grid--items\">\n\t\t\t<a id=\"post-92580\"\n\t\tclass=\"event-tile job-search-academy\"\n\t\thref=\"https:\/\/www.indeedevents.com\/events\/jsa-building-and-activating-your-network\/\"\n\t\ttarget=\"_blank\"\n\t\tdata-event-year=\"2026\"\n\t\tdata-event-type=\"job-search-academy\"\n\t\tdata-event-location=\"\"\n\t\tdata-event-format=\"virtual\"\n\t\t>\n\t\t<div class=\"event-tile--header\">\n\t\t\t<div class=\"event--meta\">\n\t\t\t\t<span class=\"event-tile--type\">Job Search Academy<\/span>\n\t\t\t\t\t\t\t\t\t<div>\n\t\t\t\t\t\t<ul class=\"event-tile--format\">\n\t\t\t\t\t\t\t\t\t\t\t\t\t\t\t<li class=\"event-format\">VIRTUAL<\/span>\n\t\t\t\t\t\t\t\t\t\t\t\t\t<\/ul>\n\t\t\t\t\t<\/div>\n\t\t\t\t\t\t\t<\/div>\n\t\t\t<svg xmlns=\"http:\/\/www.w3.org\/2000\/svg\" viewBox=\"0 0 448 512\" class=\"fa-arrow-right\">\n\t\t\t\t<path d=\"M438.6 278.6c12.5-12.5 12.5-32.8 0-45.3l-160-160c-12.5-12.5-32.8-12.5-45.3 0s-12.5 32.8 0 45.3L338.8 224 32 224c-17.7 0-32 14.3-32 32s14.3 32 32 32l306.7 0L233.4 393.4c-12.5 12.5-12.5 32.8 0 45.3s32.8 12.5 45.3 0l160-160z\"\/>\n\t\t\t<\/svg>\n\t\t<\/div>\n\t\t<h3 class=\"event-tile--title\">Building and Activating your Network: The Career Skill No One Taught Us<\/h3>\n\t\t\t\t\t\t<div class=\"event-tile--details\">\n\t\t\t<span class=\"event--date event--locale\"><span>14 de Mayo 2026<\/span><span><img decoding=\"async\" alt=\"\" src=\"https:\/\/www.indeedevents.com\/es-mx\/wp-content\/themes\/indeed-events\/img\/GlobeVector.svg\" class=\"tileglobe\"> English<\/span><\/span>\n\t\t<\/div>\n\t<\/a><!-- #post-92580 -->\n\t<a id=\"post-92610\"\n\t\tclass=\"event-tile job-search-academy\"\n\t\thref=\"https:\/\/www.indeedevents.com\/events\/jsa-indeed-bootcamp-11\/\"\n\t\ttarget=\"_blank\"\n\t\tdata-event-year=\"2026\"\n\t\tdata-event-type=\"job-search-academy\"\n\t\tdata-event-location=\"\"\n\t\tdata-event-format=\"virtual\"\n\t\t>\n\t\t<div class=\"event-tile--header\">\n\t\t\t<div class=\"event--meta\">\n\t\t\t\t<span class=\"event-tile--type\">Job Search Academy<\/span>\n\t\t\t\t\t\t\t\t\t<div>\n\t\t\t\t\t\t<ul class=\"event-tile--format\">\n\t\t\t\t\t\t\t\t\t\t\t\t\t\t\t<li class=\"event-format\">VIRTUAL<\/span>\n\t\t\t\t\t\t\t\t\t\t\t\t\t<\/ul>\n\t\t\t\t\t<\/div>\n\t\t\t\t\t\t\t<\/div>\n\t\t\t<svg xmlns=\"http:\/\/www.w3.org\/2000\/svg\" viewBox=\"0 0 448 512\" class=\"fa-arrow-right\">\n\t\t\t\t<path d=\"M438.6 278.6c12.5-12.5 12.5-32.8 0-45.3l-160-160c-12.5-12.5-32.8-12.5-45.3 0s-12.5 32.8 0 45.3L338.8 224 32 224c-17.7 0-32 14.3-32 32s14.3 32 32 32l306.7 0L233.4 393.4c-12.5 12.5-12.5 32.8 0 45.3s32.8 12.5 45.3 0l160-160z\"\/>\n\t\t\t<\/svg>\n\t\t<\/div>\n\t\t<h3 class=\"event-tile--title\">Indeed Bootcamp: New Features in Career Scout<\/h3>\n\t\t\t\t\t\t<div class=\"event-tile--details\">\n\t\t\t<span class=\"event--date event--locale\"><span>21 de Mayo 2026<\/span><span><img decoding=\"async\" alt=\"\" src=\"https:\/\/www.indeedevents.com\/es-mx\/wp-content\/themes\/indeed-events\/img\/GlobeVector.svg\" class=\"tileglobe\"> English<\/span><\/span>\n\t\t<\/div>\n\t<\/a><!-- #post-92610 -->\n\t<a id=\"post-92594\"\n\t\tclass=\"event-tile job-search-academy\"\n\t\thref=\"https:\/\/www.indeedevents.com\/events\/jsa-the-negotiation-playbook\/\"\n\t\ttarget=\"_blank\"\n\t\tdata-event-year=\"2026\"\n\t\tdata-event-type=\"job-search-academy\"\n\t\tdata-event-location=\"\"\n\t\tdata-event-format=\"virtual\"\n\t\t>\n\t\t<div class=\"event-tile--header\">\n\t\t\t<div class=\"event--meta\">\n\t\t\t\t<span class=\"event-tile--type\">Job Search Academy<\/span>\n\t\t\t\t\t\t\t\t\t<div>\n\t\t\t\t\t\t<ul class=\"event-tile--format\">\n\t\t\t\t\t\t\t\t\t\t\t\t\t\t\t<li class=\"event-format\">VIRTUAL<\/span>\n\t\t\t\t\t\t\t\t\t\t\t\t\t<\/ul>\n\t\t\t\t\t<\/div>\n\t\t\t\t\t\t\t<\/div>\n\t\t\t<svg xmlns=\"http:\/\/www.w3.org\/2000\/svg\" viewBox=\"0 0 448 512\" class=\"fa-arrow-right\">\n\t\t\t\t<path d=\"M438.6 278.6c12.5-12.5 12.5-32.8 0-45.3l-160-160c-12.5-12.5-32.8-12.5-45.3 0s-12.5 32.8 0 45.3L338.8 224 32 224c-17.7 0-32 14.3-32 32s14.3 32 32 32l306.7 0L233.4 393.4c-12.5 12.5-12.5 32.8 0 45.3s32.8 12.5 45.3 0l160-160z\"\/>\n\t\t\t<\/svg>\n\t\t<\/div>\n\t\t<h3 class=\"event-tile--title\">The Negotiation Playbook: Real Talk on What You Weren\u2019t Taught<\/h3>\n\t\t\t\t\t\t<div class=\"event-tile--details\">\n\t\t\t<span class=\"event--date event--locale\"><span>3 de Junio 2026<\/span><span><img decoding=\"async\" alt=\"\" src=\"https:\/\/www.indeedevents.com\/es-mx\/wp-content\/themes\/indeed-events\/img\/GlobeVector.svg\" class=\"tileglobe\"> English<\/span><\/span>\n\t\t<\/div>\n\t<\/a><!-- #post-92594 -->\n\t<\/div>\n<\/div>\n\n\n\n\n<div style=\"height:20px\" aria-hidden=\"true\" class=\"wp-block-spacer\"><\/div>\n<\/div><\/div>\n\n\n\n<div class=\"wp-block-cover alignwide\" style=\"min-height:360px;aspect-ratio:unset;\"><span aria-hidden=\"true\" class=\"wp-block-cover__background has-background-dim-100 has-background-dim\" style=\"background-color:#001c40\"><\/span><div class=\"wp-block-cover__inner-container is-layout-flow wp-block-cover-is-layout-flow\">\n<h2 class=\"wp-block-heading has-text-align-left has-large-font-size\">\u00bfNecesitas ayuda adicional con tu b\u00fasqueda de empleo?<\/h2>\n\n\n\n<div style=\"height:10px\" aria-hidden=\"true\" class=\"wp-block-spacer\"><\/div>\n\n\n\n<p class=\"has-medium-font-size\">Obt\u00e9n consejos \u00fatiles y de expertos para cada paso de tu proceso<\/p>\n\n\n\n<div style=\"height:10px\" aria-hidden=\"true\" class=\"wp-block-spacer\"><\/div>\n\n\n\n<div class=\"wp-block-buttons is-layout-flex wp-block-buttons-is-layout-flex\">\n<div class=\"wp-block-button is-style-outline is-style-outline--1\"><a class=\"wp-block-button__link wp-element-button\" href=\"https:\/\/mx.indeed.com\/orientacion-profesional?utm_source=website&amp;utm_medium=banner&amp;utm_campaign=indeed_events\" target=\"_blank\" rel=\"noreferrer noopener\"><strong>Orientaci\u00f3n profesional<\/strong><\/a><\/div>\n<\/div>\n<\/div><\/div>\n\n\n\n<div style=\"height:80px\" aria-hidden=\"true\" class=\"wp-block-spacer\"><\/div>\n\n\n\n<h2 class=\"wp-block-heading\">Nuestros mejores momentos<\/h2>\n\n\n\n<p class=\"has-medium-font-size\">Ve estas fotos de nuestros eventos en acci\u00f3n.<\/p>\n\n\n\n<figure class=\"wp-block-gallery has-nested-images columns-5 is-cropped wp-block-gallery-2 is-layout-flex wp-block-gallery-is-layout-flex\">\n<figure class=\"wp-block-image size-large\"><a href=\"https:\/\/d341ezm4iqaae0.cloudfront.net\/assets\/2020\/03\/04213231\/gallery208.jpg\"><img decoding=\"async\" width=\"426\" height=\"423\" data-id=\"85399\" src=\"https:\/\/d341ezm4iqaae0.cloudfront.net\/assets\/2020\/03\/04213231\/gallery208.jpg\" alt=\"Asistentes que disfrutan de un evento de Mercado de empleo\" class=\"wp-image-85399\" srcset=\"https:\/\/d341ezm4iqaae0.cloudfront.net\/assets\/2020\/03\/04213231\/gallery208.jpg 426w, https:\/\/d341ezm4iqaae0.cloudfront.net\/assets\/2020\/03\/04213231\/gallery208.jpg 300w, https:\/\/d341ezm4iqaae0.cloudfront.net\/assets\/2020\/03\/04213231\/gallery208.jpg 150w\" sizes=\"(max-width: 426px) 100vw, 426px\" \/><\/a><figcaption class=\"wp-element-caption\">Asistentes que disfrutan de un evento de Mercado de empleo<\/figcaption><\/figure>\n\n\n\n<figure class=\"wp-block-image size-medium\"><a href=\"https:\/\/www.indeedevents.com\/es-mx\/wp-content\/uploads\/sites\/37\/2023\/08\/indeedevents-image-gallery-01.jpg\"><img decoding=\"async\" width=\"300\" height=\"200\" data-id=\"88353\" src=\"https:\/\/www.indeedevents.com\/es-mx\/wp-content\/uploads\/sites\/37\/2023\/08\/indeedevents-image-gallery-01-300x200.jpg\" alt=\"Una mujer se registra mediante una tableta en Indeed FutureWorks mientras conversa con un empleado de Indeed\" class=\"wp-image-88353\" srcset=\"https:\/\/www.indeedevents.com\/es-mx\/wp-content\/uploads\/sites\/37\/2023\/08\/indeedevents-image-gallery-01-300x200.jpg 300w, https:\/\/www.indeedevents.com\/es-mx\/wp-content\/uploads\/sites\/37\/2023\/08\/indeedevents-image-gallery-01-1024x683.jpg 1024w, https:\/\/www.indeedevents.com\/es-mx\/wp-content\/uploads\/sites\/37\/2023\/08\/indeedevents-image-gallery-01-768x512.jpg 768w, https:\/\/www.indeedevents.com\/es-mx\/wp-content\/uploads\/sites\/37\/2023\/08\/indeedevents-image-gallery-01.jpg 1200w\" sizes=\"(max-width: 300px) 100vw, 300px\" \/><\/a><figcaption class=\"wp-element-caption\"><br><br>Una mujer se registra mediante una tableta en Indeed FutureWorks mientras conversa con un empleado de Indeed<\/figcaption><\/figure>\n\n\n\n<figure class=\"wp-block-image size-large\"><a href=\"https:\/\/d341ezm4iqaae0.cloudfront.net\/assets\/2020\/03\/04213227\/gallery206.jpg\"><img decoding=\"async\" width=\"426\" height=\"423\" data-id=\"85397\" src=\"https:\/\/d341ezm4iqaae0.cloudfront.net\/assets\/2020\/03\/04213227\/gallery206.jpg\" alt=\"Presentadores en el escenario de un evento de Indeed\" class=\"wp-image-85397\" srcset=\"https:\/\/d341ezm4iqaae0.cloudfront.net\/assets\/2020\/03\/04213227\/gallery206.jpg 426w, https:\/\/d341ezm4iqaae0.cloudfront.net\/assets\/2020\/03\/04213227\/gallery206.jpg 300w, https:\/\/d341ezm4iqaae0.cloudfront.net\/assets\/2020\/03\/04213227\/gallery206.jpg 150w\" sizes=\"(max-width: 426px) 100vw, 426px\" \/><\/a><figcaption class=\"wp-element-caption\">Presentadores en el escenario de un evento de Indeed<\/figcaption><\/figure>\n\n\n\n<figure class=\"wp-block-image size-large\"><a href=\"https:\/\/d341ezm4iqaae0.cloudfront.net\/assets\/2020\/03\/04213225\/gallery205.jpg\"><img decoding=\"async\" width=\"426\" height=\"423\" data-id=\"85396\" src=\"https:\/\/d341ezm4iqaae0.cloudfront.net\/assets\/2020\/03\/04213225\/gallery205.jpg\" alt=\"Empleados de Indeed que posan en un evento de Mercado de empleo\" class=\"wp-image-85396\" srcset=\"https:\/\/d341ezm4iqaae0.cloudfront.net\/assets\/2020\/03\/04213225\/gallery205.jpg 426w, https:\/\/d341ezm4iqaae0.cloudfront.net\/assets\/2020\/03\/04213225\/gallery205.jpg 300w, https:\/\/d341ezm4iqaae0.cloudfront.net\/assets\/2020\/03\/04213225\/gallery205.jpg 150w\" sizes=\"(max-width: 426px) 100vw, 426px\" \/><\/a><figcaption class=\"wp-element-caption\">Empleados de Indeed que posan en un evento de Mercado de empleo<\/figcaption><\/figure>\n\n\n\n<figure class=\"wp-block-image size-large\"><a href=\"https:\/\/d341ezm4iqaae0.cloudfront.net\/assets\/2020\/03\/04213222\/gallery204.jpg\"><img decoding=\"async\" width=\"426\" height=\"423\" data-id=\"85395\" src=\"https:\/\/d341ezm4iqaae0.cloudfront.net\/assets\/2020\/03\/04213222\/gallery204.jpg\" alt=\"Asistentes que ampl\u00edan su red de contactos en un evento de Mercado de empleo\" class=\"wp-image-85395\" srcset=\"https:\/\/d341ezm4iqaae0.cloudfront.net\/assets\/2020\/03\/04213222\/gallery204.jpg 426w, https:\/\/d341ezm4iqaae0.cloudfront.net\/assets\/2020\/03\/04213222\/gallery204.jpg 300w, https:\/\/d341ezm4iqaae0.cloudfront.net\/assets\/2020\/03\/04213222\/gallery204.jpg 150w\" sizes=\"(max-width: 426px) 100vw, 426px\" \/><\/a><figcaption class=\"wp-element-caption\">Asistentes que ampl\u00edan su red de contactos en un evento de Mercado de empleo<\/figcaption><\/figure>\n\n\n\n<figure class=\"wp-block-image size-medium\"><a href=\"https:\/\/www.indeedevents.com\/es-mx\/wp-content\/uploads\/sites\/37\/2023\/06\/indeedevents-image-gallery-02-optimized.jpg\"><img decoding=\"async\" width=\"300\" height=\"200\" data-id=\"88368\" src=\"https:\/\/www.indeedevents.com\/es-mx\/wp-content\/uploads\/sites\/37\/2023\/06\/indeedevents-image-gallery-02-optimized-300x200.jpg\" alt=\"Los asistentes establecen contactos y disfrutan del estand al aire libre de Indeed en RecFest UK.\" class=\"wp-image-88368\" srcset=\"https:\/\/www.indeedevents.com\/es-mx\/wp-content\/uploads\/sites\/37\/2023\/06\/indeedevents-image-gallery-02-optimized-300x200.jpg 300w, https:\/\/www.indeedevents.com\/es-mx\/wp-content\/uploads\/sites\/37\/2023\/06\/indeedevents-image-gallery-02-optimized-768x513.jpg 768w, https:\/\/www.indeedevents.com\/es-mx\/wp-content\/uploads\/sites\/37\/2023\/06\/indeedevents-image-gallery-02-optimized.jpg 800w\" sizes=\"(max-width: 300px) 100vw, 300px\" \/><\/a><figcaption class=\"wp-element-caption\"><br><br>Los asistentes establecen contactos y disfrutan del estand al aire libre de Indeed en RecFest UK.<\/figcaption><\/figure>\n\n\n\n<figure class=\"wp-block-image size-thumbnail\"><a href=\"https:\/\/www.indeedevents.com\/es-mx\/wp-content\/uploads\/sites\/37\/2023\/06\/indeedevents-image-gallery-03-optimized.jpg\"><img decoding=\"async\" width=\"210\" height=\"210\" data-id=\"88370\" src=\"https:\/\/www.indeedevents.com\/es-mx\/wp-content\/uploads\/sites\/37\/2023\/06\/indeedevents-image-gallery-03-optimized-210x210.jpg\" alt=\"Una mujer sonr\u00ede mientras toma una foto de los estantes que muestran palabras clave de bienestar laboral\" class=\"wp-image-88370\" srcset=\"https:\/\/www.indeedevents.com\/es-mx\/wp-content\/uploads\/sites\/37\/2023\/06\/indeedevents-image-gallery-03-optimized-210x210.jpg 210w, https:\/\/www.indeedevents.com\/es-mx\/wp-content\/uploads\/sites\/37\/2023\/06\/indeedevents-image-gallery-03-optimized-300x300.jpg 300w, https:\/\/www.indeedevents.com\/es-mx\/wp-content\/uploads\/sites\/37\/2023\/06\/indeedevents-image-gallery-03-optimized-600x600.jpg 600w\" sizes=\"(max-width: 210px) 100vw, 210px\" \/><\/a><figcaption class=\"wp-element-caption\"><br><br>Una mujer sonr\u00ede mientras toma una foto de los estantes que muestran palabras clave de bienestar laboral<\/figcaption><\/figure>\n\n\n\n<figure class=\"wp-block-image size-medium\"><a href=\"https:\/\/www.indeedevents.com\/es-mx\/wp-content\/uploads\/sites\/37\/2023\/06\/indeedevents-image-gallery-04-optimized.jpg\"><img decoding=\"async\" width=\"300\" height=\"225\" data-id=\"88369\" src=\"https:\/\/www.indeedevents.com\/es-mx\/wp-content\/uploads\/sites\/37\/2023\/06\/indeedevents-image-gallery-04-optimized-300x225.jpg\" alt=\"Los altos directivos de Indeed celebran el estreno de Rising Voices en el Festival de Cine de Tribeca.\" class=\"wp-image-88369\" srcset=\"https:\/\/www.indeedevents.com\/es-mx\/wp-content\/uploads\/sites\/37\/2023\/06\/indeedevents-image-gallery-04-optimized-300x225.jpg 300w, https:\/\/www.indeedevents.com\/es-mx\/wp-content\/uploads\/sites\/37\/2023\/06\/indeedevents-image-gallery-04-optimized-768x576.jpg 768w, https:\/\/www.indeedevents.com\/es-mx\/wp-content\/uploads\/sites\/37\/2023\/06\/indeedevents-image-gallery-04-optimized-562x420.jpg 562w, https:\/\/www.indeedevents.com\/es-mx\/wp-content\/uploads\/sites\/37\/2023\/06\/indeedevents-image-gallery-04-optimized.jpg 800w\" sizes=\"(max-width: 300px) 100vw, 300px\" \/><\/a><figcaption class=\"wp-element-caption\"><br><br>Los altos directivos de Indeed celebran el estreno de Rising Voices en el Festival de Cine de Tribeca.<\/figcaption><\/figure>\n\n\n\n<figure class=\"wp-block-image size-medium\"><a href=\"https:\/\/www.indeedevents.com\/es-mx\/wp-content\/uploads\/sites\/37\/2023\/06\/JHO_60491.jpg\"><img decoding=\"async\" width=\"300\" height=\"212\" data-id=\"88367\" src=\"https:\/\/www.indeedevents.com\/es-mx\/wp-content\/uploads\/sites\/37\/2023\/06\/JHO_60491-300x212.jpg\" alt=\"Asistentes que visitan un stand de feria comercial de Indeed\" class=\"wp-image-88367\" srcset=\"https:\/\/www.indeedevents.com\/es-mx\/wp-content\/uploads\/sites\/37\/2023\/06\/JHO_60491-300x212.jpg 300w, https:\/\/www.indeedevents.com\/es-mx\/wp-content\/uploads\/sites\/37\/2023\/06\/JHO_60491-768x542.jpg 768w, https:\/\/www.indeedevents.com\/es-mx\/wp-content\/uploads\/sites\/37\/2023\/06\/JHO_60491.jpg 800w\" sizes=\"(max-width: 300px) 100vw, 300px\" \/><\/a><figcaption class=\"wp-element-caption\">Asistentes que visitan un stand de feria comercial de Indeed<\/figcaption><\/figure>\n\n\n\n<figure class=\"wp-block-image size-medium\"><a href=\"https:\/\/www.indeedevents.com\/es-mx\/wp-content\/uploads\/sites\/37\/2023\/08\/indeedevents-image-gallery-05.jpg\"><img decoding=\"async\" width=\"300\" height=\"200\" data-id=\"88357\" src=\"https:\/\/www.indeedevents.com\/es-mx\/wp-content\/uploads\/sites\/37\/2023\/08\/indeedevents-image-gallery-05-300x200.jpg\" alt=\"Una conversaci\u00f3n abierta en Indeed FutureWorks en Londres entre Kirsty Gallacher y Nicola Adams en junio de 2023.\" class=\"wp-image-88357\" srcset=\"https:\/\/www.indeedevents.com\/es-mx\/wp-content\/uploads\/sites\/37\/2023\/08\/indeedevents-image-gallery-05-300x200.jpg 300w, https:\/\/www.indeedevents.com\/es-mx\/wp-content\/uploads\/sites\/37\/2023\/08\/indeedevents-image-gallery-05-1024x683.jpg 1024w, https:\/\/www.indeedevents.com\/es-mx\/wp-content\/uploads\/sites\/37\/2023\/08\/indeedevents-image-gallery-05-768x512.jpg 768w, https:\/\/www.indeedevents.com\/es-mx\/wp-content\/uploads\/sites\/37\/2023\/08\/indeedevents-image-gallery-05.jpg 1200w\" sizes=\"(max-width: 300px) 100vw, 300px\" \/><\/a><figcaption class=\"wp-element-caption\"><br><br>Una conversaci\u00f3n abierta en Indeed FutureWorks en Londres entre Kirsty Gallacher y Nicola Adams en junio de 2023.<\/figcaption><\/figure>\n\n\n\n<figure class=\"wp-block-image size-full\"><a href=\"https:\/\/www.indeedevents.com\/es-mx\/wp-content\/uploads\/sites\/37\/2024\/12\/new-01-best-job-portals.jpg\"><img decoding=\"async\" width=\"1000\" height=\"667\" data-id=\"88379\" src=\"https:\/\/www.indeedevents.com\/es-mx\/wp-content\/uploads\/sites\/37\/2024\/12\/new-01-best-job-portals.jpg\" alt=\"Cinco personas, incluidos cuatro representantes de Indeed con playeras azules, posan con los certificados otorgados a Indeed por ser uno de los \u201cMejores portales de empleo en Alemania 2024\u201d. Est\u00e1n de pie en una convenci\u00f3n concurrida, sonriendo y celebrando el logro.\" class=\"wp-image-88379\" srcset=\"https:\/\/www.indeedevents.com\/es-mx\/wp-content\/uploads\/sites\/37\/2024\/12\/new-01-best-job-portals.jpg 1000w, https:\/\/www.indeedevents.com\/es-mx\/wp-content\/uploads\/sites\/37\/2024\/12\/new-01-best-job-portals-300x200.jpg 300w, https:\/\/www.indeedevents.com\/es-mx\/wp-content\/uploads\/sites\/37\/2024\/12\/new-01-best-job-portals-768x512.jpg 768w\" sizes=\"(max-width: 1000px) 100vw, 1000px\" \/><\/a><figcaption class=\"wp-element-caption\">El equipo de Indeed celebra haber ganado el premio \u201cMejores portales de empleo en Alemania 2024\u201d con sonrisas y mostrando sus certificados, lo que demuestra su compromiso con la excelencia en las plataformas de b\u00fasqueda de empleo.<\/figcaption><\/figure>\n\n\n\n<figure class=\"wp-block-image size-full\"><a href=\"https:\/\/www.indeedevents.com\/es-mx\/wp-content\/uploads\/sites\/37\/2024\/12\/new-02-indeed-futureworks.jpg\"><img decoding=\"async\" width=\"1000\" height=\"667\" data-id=\"88380\" src=\"https:\/\/www.indeedevents.com\/es-mx\/wp-content\/uploads\/sites\/37\/2024\/12\/new-02-indeed-futureworks.jpg\" alt=\"Dos asistentes al evento Indeed FutureWorks escriben en tarjetas en una mesa. El hombre de la izquierda, que lleva una playera verde y una mochila, y la mujer de la derecha, que lleva una playera negra y lentes de sol en la cabeza, se ven concentrados y alegres. Sobre la mesa hay tarjetas con frases de \u201cC\u00f3mo manifestar un mejor trabajo\u201d y \u201cRetomemos la conversaci\u00f3n\u201d. El fondo cuenta con se\u00f1alizaci\u00f3n e iluminaci\u00f3n modernas para eventos, lo que contribuye a la atm\u00f3sfera profesional.\" class=\"wp-image-88380\" srcset=\"https:\/\/www.indeedevents.com\/es-mx\/wp-content\/uploads\/sites\/37\/2024\/12\/new-02-indeed-futureworks.jpg 1000w, https:\/\/www.indeedevents.com\/es-mx\/wp-content\/uploads\/sites\/37\/2024\/12\/new-02-indeed-futureworks-300x200.jpg 300w, https:\/\/www.indeedevents.com\/es-mx\/wp-content\/uploads\/sites\/37\/2024\/12\/new-02-indeed-futureworks-768x512.jpg 768w\" sizes=\"(max-width: 1000px) 100vw, 1000px\" \/><\/a><figcaption class=\"wp-element-caption\">Los asistentes a Indeed FutureWorks interact\u00faan en el evento escribiendo en tarjetas de mensajes y compartiendo sus pensamientos sobre \u201cC\u00f3mo manifestar un mejor trabajo\u201d. El ambiente es animado y los participantes interact\u00faan y comparten ideas.<\/figcaption><\/figure>\n\n\n\n<figure class=\"wp-block-image size-full\"><a href=\"https:\/\/www.indeedevents.com\/es-mx\/wp-content\/uploads\/sites\/37\/2024\/12\/new-03-futureworks-kickoff.jpg\"><img decoding=\"async\" width=\"1000\" height=\"667\" data-id=\"88381\" src=\"https:\/\/www.indeedevents.com\/es-mx\/wp-content\/uploads\/sites\/37\/2024\/12\/new-03-futureworks-kickoff.jpg\" alt=\"Dos anfitriones en el escenario de la conferencia Indeed FutureWorks 2024. El hombre de la izquierda lleva una camisa clara y pantalones caqui, mientras que la mujer de la derecha lleva un conjunto rosa brillante. Ambos interact\u00faan con la audiencia. El logotipo del evento y el a\u00f1o se muestran en una pantalla grande detr\u00e1s de ellos. Las siluetas del p\u00fablico son visibles en primer plano.\" class=\"wp-image-88381\" srcset=\"https:\/\/www.indeedevents.com\/es-mx\/wp-content\/uploads\/sites\/37\/2024\/12\/new-03-futureworks-kickoff.jpg 1000w, https:\/\/www.indeedevents.com\/es-mx\/wp-content\/uploads\/sites\/37\/2024\/12\/new-03-futureworks-kickoff-300x200.jpg 300w, https:\/\/www.indeedevents.com\/es-mx\/wp-content\/uploads\/sites\/37\/2024\/12\/new-03-futureworks-kickoff-768x512.jpg 768w\" sizes=\"(max-width: 1000px) 100vw, 1000px\" \/><\/a><figcaption class=\"wp-element-caption\">Los anfitriones dan inicio a la conferencia Indeed FutureWorks 2024 motivando a la audiencia con una visi\u00f3n para el futuro del trabajo. La energ\u00eda animada brinda una atm\u00f3sfera optimista al evento.<\/figcaption><\/figure>\n\n\n\n<figure class=\"wp-block-image size-full\"><a href=\"https:\/\/www.indeedevents.com\/es-mx\/wp-content\/uploads\/sites\/37\/2024\/12\/new-04-futureworks-paris.jpg\"><img decoding=\"async\" width=\"1000\" height=\"667\" data-id=\"88382\" src=\"https:\/\/www.indeedevents.com\/es-mx\/wp-content\/uploads\/sites\/37\/2024\/12\/new-04-futureworks-paris.jpg\" alt=\"Tres personas se encuentran alrededor de una cabina fotogr\u00e1fica digital y futurista con bordes azules brillantes en el evento Indeed Future Works 2024. Una persona con una playera de la marca sonr\u00ede mientras explica las caracter\u00edsticas de la cabina fotogr\u00e1fica. La pantalla muestra instrucciones y un c\u00f3digo QR para compartir fotos. El fondo muestra a los asistentes al evento en un espacio moderno y bien iluminado.\" class=\"wp-image-88382\" srcset=\"https:\/\/www.indeedevents.com\/es-mx\/wp-content\/uploads\/sites\/37\/2024\/12\/new-04-futureworks-paris.jpg 1000w, https:\/\/www.indeedevents.com\/es-mx\/wp-content\/uploads\/sites\/37\/2024\/12\/new-04-futureworks-paris-300x200.jpg 300w, https:\/\/www.indeedevents.com\/es-mx\/wp-content\/uploads\/sites\/37\/2024\/12\/new-04-futureworks-paris-768x512.jpg 768w\" sizes=\"(max-width: 1000px) 100vw, 1000px\" \/><\/a><figcaption class=\"wp-element-caption\">Asistentes interact\u00faan con una cabina fotogr\u00e1fica digital en el evento Indeed FutureWorks Par\u00eds 2024, que cuenta con una elegante iluminaci\u00f3n de ne\u00f3n y una interfaz f\u00e1cil de usar para compartir momentos memorables.<\/figcaption><\/figure>\n\n\n\n<figure class=\"wp-block-image size-full\"><a href=\"https:\/\/www.indeedevents.com\/es-mx\/wp-content\/uploads\/sites\/37\/2024\/12\/new-05-hiring-lab.jpg\"><img decoding=\"async\" width=\"1000\" height=\"667\" data-id=\"88383\" src=\"https:\/\/www.indeedevents.com\/es-mx\/wp-content\/uploads\/sites\/37\/2024\/12\/new-05-hiring-lab.jpg\" alt=\"Una mujer con una blusa rosa y un collar colorido sonr\u00ede y habla con asistentes en el estand del Laboratorio de contrataci\u00f3n de Indeed. Hay una pantalla digital en la parte superior que dice \u201cLaboratorio de contrataci\u00f3n de Indeed\u201d y que muestra informaci\u00f3n del evento, mientras un miembro del personal y otro asistente escuchan de cerca.\" class=\"wp-image-88383\" srcset=\"https:\/\/www.indeedevents.com\/es-mx\/wp-content\/uploads\/sites\/37\/2024\/12\/new-05-hiring-lab.jpg 1000w, https:\/\/www.indeedevents.com\/es-mx\/wp-content\/uploads\/sites\/37\/2024\/12\/new-05-hiring-lab-300x200.jpg 300w, https:\/\/www.indeedevents.com\/es-mx\/wp-content\/uploads\/sites\/37\/2024\/12\/new-05-hiring-lab-768x512.jpg 768w\" sizes=\"(max-width: 1000px) 100vw, 1000px\" \/><\/a><figcaption class=\"wp-element-caption\">Un anfitri\u00f3n del estand del Laboratorio de contrataci\u00f3n Indeed habla con los asistentes, est\u00e1 listo para proporcionar informaci\u00f3n y responder preguntas sobre tendencias y datos de contrataci\u00f3n.<\/figcaption><\/figure>\n<\/figure>\n\n\n\n<div style=\"height:100px\" aria-hidden=\"true\" class=\"wp-block-spacer\"><\/div>\n","protected":false},"excerpt":{"rendered":"","protected":false},"author":6,"featured_media":0,"parent":0,"menu_order":0,"comment_status":"closed","ping_status":"closed","template":"","meta":{"_acf_changed":true,"inline_featured_image":false,"footnotes":""},"class_list":["post-88095","page","type-page","status-publish","hentry"],"acf":[],"yoast_head":"<!-- This site is optimized with the Yoast SEO plugin v27.4 - https:\/\/yoast.com\/product\/yoast-seo-wordpress\/ -->\n<title>Eventos Indeed para candidatos | M\u00e9xico<\/title>\n<meta name=\"description\" content=\"Los eventos gratuitos de Indeed facilitan a los solicitantes de empleo recursos como orientaci\u00f3n profesional, tips para entrevista de trabajo y feria de empleo.\" \/>\n<meta name=\"robots\" content=\"index, follow, max-snippet:-1, max-image-preview:large, max-video-preview:-1\" \/>\n<link rel=\"canonical\" href=\"https:\/\/www.indeedevents.com\/es-mx\/job-seeker\/\" \/>\n<meta property=\"og:locale\" content=\"es_MX\" \/>\n<meta property=\"og:type\" content=\"article\" \/>\n<meta property=\"og:title\" content=\"Eventos Indeed para candidatos | M\u00e9xico\" \/>\n<meta property=\"og:description\" content=\"Los eventos gratuitos de Indeed facilitan a los solicitantes de empleo recursos como orientaci\u00f3n profesional, tips para entrevista de trabajo y feria de empleo.\" \/>\n<meta property=\"og:url\" content=\"https:\/\/www.indeedevents.com\/es-mx\/job-seeker\/\" \/>\n<meta property=\"og:site_name\" content=\"Indeed Events\" \/>\n<meta property=\"article:modified_time\" content=\"2025-05-06T12:41:50+00:00\" \/>\n<meta name=\"twitter:card\" content=\"summary_large_image\" \/>\n<meta name=\"twitter:label1\" content=\"Tiempo de lectura\" \/>\n\t<meta name=\"twitter:data1\" content=\"2 minutos\" \/>\n<script type=\"application\/ld+json\" class=\"yoast-schema-graph\">{\"@context\":\"https:\\\/\\\/schema.org\",\"@graph\":[{\"@type\":\"WebPage\",\"@id\":\"https:\\\/\\\/www.indeedevents.com\\\/es-mx\\\/job-seeker\\\/\",\"url\":\"https:\\\/\\\/www.indeedevents.com\\\/es-mx\\\/job-seeker\\\/\",\"name\":\"Eventos Indeed para candidatos | M\u00e9xico\",\"isPartOf\":{\"@id\":\"https:\\\/\\\/www.indeedevents.com\\\/es-mx\\\/#website\"},\"datePublished\":\"2020-04-25T19:11:05+00:00\",\"dateModified\":\"2025-05-06T12:41:50+00:00\",\"description\":\"Los eventos gratuitos de Indeed facilitan a los solicitantes de empleo recursos como orientaci\u00f3n profesional, tips para entrevista de trabajo y feria de empleo.\",\"breadcrumb\":{\"@id\":\"https:\\\/\\\/www.indeedevents.com\\\/es-mx\\\/job-seeker\\\/#breadcrumb\"},\"inLanguage\":\"es\",\"potentialAction\":[{\"@type\":\"ReadAction\",\"target\":[\"https:\\\/\\\/www.indeedevents.com\\\/es-mx\\\/job-seeker\\\/\"]}]},{\"@type\":\"BreadcrumbList\",\"@id\":\"https:\\\/\\\/www.indeedevents.com\\\/es-mx\\\/job-seeker\\\/#breadcrumb\",\"itemListElement\":[{\"@type\":\"ListItem\",\"position\":1,\"name\":\"Home\",\"item\":\"https:\\\/\\\/www.indeedevents.com\\\/es-mx\\\/\"},{\"@type\":\"ListItem\",\"position\":2,\"name\":\"Job seeker events\"}]},{\"@type\":\"WebSite\",\"@id\":\"https:\\\/\\\/www.indeedevents.com\\\/es-mx\\\/#website\",\"url\":\"https:\\\/\\\/www.indeedevents.com\\\/es-mx\\\/\",\"name\":\"M\u00e9xico (espa\u00f1ol)\",\"description\":\"Espa\u00f1ol de M\u00e9xico\",\"potentialAction\":[{\"@type\":\"SearchAction\",\"target\":{\"@type\":\"EntryPoint\",\"urlTemplate\":\"https:\\\/\\\/www.indeedevents.com\\\/es-mx\\\/?s={search_term_string}\"},\"query-input\":{\"@type\":\"PropertyValueSpecification\",\"valueRequired\":true,\"valueName\":\"search_term_string\"}}],\"inLanguage\":\"es\"}]}<\/script>\n<!-- \/ Yoast SEO plugin. -->","yoast_head_json":{"title":"Eventos Indeed para candidatos | M\u00e9xico","description":"Los eventos gratuitos de Indeed facilitan a los solicitantes de empleo recursos como orientaci\u00f3n profesional, tips para entrevista de trabajo y feria de empleo.","robots":{"index":"index","follow":"follow","max-snippet":"max-snippet:-1","max-image-preview":"max-image-preview:large","max-video-preview":"max-video-preview:-1"},"canonical":"https:\/\/www.indeedevents.com\/es-mx\/job-seeker\/","og_locale":"es_MX","og_type":"article","og_title":"Eventos Indeed para candidatos | M\u00e9xico","og_description":"Los eventos gratuitos de Indeed facilitan a los solicitantes de empleo recursos como orientaci\u00f3n profesional, tips para entrevista de trabajo y feria de empleo.","og_url":"https:\/\/www.indeedevents.com\/es-mx\/job-seeker\/","og_site_name":"Indeed Events","article_modified_time":"2025-05-06T12:41:50+00:00","twitter_card":"summary_large_image","twitter_misc":{"Tiempo de lectura":"2 minutos"},"schema":{"@context":"https:\/\/schema.org","@graph":[{"@type":"WebPage","@id":"https:\/\/www.indeedevents.com\/es-mx\/job-seeker\/","url":"https:\/\/www.indeedevents.com\/es-mx\/job-seeker\/","name":"Eventos Indeed para candidatos | M\u00e9xico","isPartOf":{"@id":"https:\/\/www.indeedevents.com\/es-mx\/#website"},"datePublished":"2020-04-25T19:11:05+00:00","dateModified":"2025-05-06T12:41:50+00:00","description":"Los eventos gratuitos de Indeed facilitan a los solicitantes de empleo recursos como orientaci\u00f3n profesional, tips para entrevista de trabajo y feria de empleo.","breadcrumb":{"@id":"https:\/\/www.indeedevents.com\/es-mx\/job-seeker\/#breadcrumb"},"inLanguage":"es","potentialAction":[{"@type":"ReadAction","target":["https:\/\/www.indeedevents.com\/es-mx\/job-seeker\/"]}]},{"@type":"BreadcrumbList","@id":"https:\/\/www.indeedevents.com\/es-mx\/job-seeker\/#breadcrumb","itemListElement":[{"@type":"ListItem","position":1,"name":"Home","item":"https:\/\/www.indeedevents.com\/es-mx\/"},{"@type":"ListItem","position":2,"name":"Job seeker events"}]},{"@type":"WebSite","@id":"https:\/\/www.indeedevents.com\/es-mx\/#website","url":"https:\/\/www.indeedevents.com\/es-mx\/","name":"M\u00e9xico (espa\u00f1ol)","description":"Espa\u00f1ol de M\u00e9xico","potentialAction":[{"@type":"SearchAction","target":{"@type":"EntryPoint","urlTemplate":"https:\/\/www.indeedevents.com\/es-mx\/?s={search_term_string}"},"query-input":{"@type":"PropertyValueSpecification","valueRequired":true,"valueName":"search_term_string"}}],"inLanguage":"es"}]}},"_links":{"self":[{"href":"https:\/\/www.indeedevents.com\/es-mx\/wp-json\/wp\/v2\/pages\/88095","targetHints":{"allow":["GET"]}}],"collection":[{"href":"https:\/\/www.indeedevents.com\/es-mx\/wp-json\/wp\/v2\/pages"}],"about":[{"href":"https:\/\/www.indeedevents.com\/es-mx\/wp-json\/wp\/v2\/types\/page"}],"author":[{"embeddable":true,"href":"https:\/\/www.indeedevents.com\/es-mx\/wp-json\/wp\/v2\/users\/6"}],"replies":[{"embeddable":true,"href":"https:\/\/www.indeedevents.com\/es-mx\/wp-json\/wp\/v2\/comments?post=88095"}],"version-history":[{"count":0,"href":"https:\/\/www.indeedevents.com\/es-mx\/wp-json\/wp\/v2\/pages\/88095\/revisions"}],"wp:attachment":[{"href":"https:\/\/www.indeedevents.com\/es-mx\/wp-json\/wp\/v2\/media?parent=88095"}],"curies":[{"name":"wp","href":"https:\/\/api.w.org\/{rel}","templated":true}]}}