{"id":88811,"date":"2024-07-11T15:19:48","date_gmt":"2024-07-11T15:19:48","guid":{"rendered":"https:\/\/www.indeedevents.com\/fr-fr\/?post_type=events&#038;p=88811"},"modified":"2025-09-03T19:27:38","modified_gmt":"2025-09-03T19:27:38","slug":"public-ifw-fr-112024","status":"publish","type":"events","link":"https:\/\/www.indeedevents.com\/fr-fr\/events\/public-ifw-fr-112024\/","title":{"rendered":"Indeed FutureWorks Paris 2024"},"content":{"rendered":"\n<section class=\"event-header\">\n\t<div class=\"event-header-inner\">\n\t\t<div class=\"event-info\">\n\t\t\t\n\t\t\t<div class=\"event-title\">\n\t\t\t\t<img decoding=\"async\" width=\"1207\" height=\"362\" src=\"https:\/\/www.indeedevents.com\/fr-fr\/wp-content\/uploads\/sites\/5\/2024\/06\/14486-FW-Paris-lock-up-2024-light-horizontal.svg\" class=\"image-event-title\" alt=\"Indeed FutureWorks Paris logo lockup with globe icon\" \/>\t\t\t\t<h1 class=\"screen-reader-text\">Indeed FutureWorks Paris 2024<\/h1>\n\t\t\t<\/div>\n\n\t\t\t\t\t\t\t<div class=\"event-date\">\n\t\t\t\t\t<img decoding=\"async\" class=\"image-event-date\" src=\"\/wp-content\/themes\/indeed-events\/img\/futureworks-2024\/futureworks-2024-icon-date.svg\" class=\"skip-lazy\" loading=\"eager\" alt=\"\" width=\"21\" height=\"20\">\n\t\t\t\t\t7 novembre 2024\t\t\t\t<\/div>\n\t\t\t\n\t\t\t\t\t\t\t<div class=\"event-time\">\n\t\t\t\t\t<img decoding=\"async\" class=\"image-event-time\" src=\"\/wp-content\/themes\/indeed-events\/img\/futureworks-2024\/futureworks-2024-icon-time.svg\" class=\"skip-lazy\" loading=\"eager\" alt=\"\" width=\"21\" height=\"20\">\n\t\t\t\t\t18 h&nbsp;&#8211;&nbsp;22 h 30\t\t\t\t<\/div>\n\t\t\t\n\t\t\t\t\t\t\t<div class=\"event-venue\">\n\t\t\t\t\t<img decoding=\"async\" class=\"image-event-venue\" src=\"\/wp-content\/themes\/indeed-events\/img\/futureworks-2024\/futureworks-2024-icon-venue.svg\" class=\"skip-lazy\" loading=\"eager\" alt=\"\" width=\"21\" height=\"20\">\n\t\t\t\t\tLa Ga\u00eet\u00e9 Lyrique\t\t\t\t<\/div>\n\t\t\t\n\t\t\t<div class=\"event-content\">\n\t\t\t\t\n\n<p><\/p>\n\n\n\t\t\t<\/div>\n\n\t\t\t\t\t<\/div>\n\n\t\t\t\t\t<div class=\"event-image\">\n\t\t\t\t<img fetchpriority=\"high\" decoding=\"async\" width=\"560\" height=\"387\" src=\"https:\/\/www.indeedevents.com\/fr-fr\/wp-content\/uploads\/sites\/5\/2024\/06\/14795-FW-Paris-Webpage-banner-image-3-optimized.jpg\" class=\"attachment-event-featured-image-large size-event-featured-image-large wp-post-image skip-lazy wp-post-image\" alt=\"Three speakers presenting on a stage at an event\" loading=\"eager\" srcset=\"https:\/\/www.indeedevents.com\/fr-fr\/wp-content\/uploads\/sites\/5\/2024\/06\/14795-FW-Paris-Webpage-banner-image-3-optimized.jpg 560w, https:\/\/www.indeedevents.com\/fr-fr\/wp-content\/uploads\/sites\/5\/2024\/06\/14795-FW-Paris-Webpage-banner-image-3-optimized-300x207.jpg 300w, https:\/\/www.indeedevents.com\/fr-fr\/wp-content\/uploads\/sites\/5\/2024\/06\/14795-FW-Paris-Webpage-banner-image-3-optimized-485x335.jpg 485w\" sizes=\"(max-width: 560px) 100vw, 560px\" \/>\t\t\t<\/div>\n\t\t\t<\/div>\n<\/section>\n\n\n\n<div style=\"height:50px\" aria-hidden=\"true\" class=\"wp-block-spacer\"><\/div>\n\n\n\n<div id=\"about\" class=\"wp-block-group is-style-futureworks futureworks-about is-layout-constrained wp-block-group-is-layout-constrained\">\n<div class=\"wp-block-columns are-vertically-aligned-top is-layout-flex wp-container-core-columns-is-layout-9d6595d7 wp-block-columns-is-layout-flex\">\n<div class=\"wp-block-column is-vertically-aligned-top is-layout-flow wp-block-column-is-layout-flow\" style=\"flex-basis:33%\">\n<h3 class=\"wp-block-heading\">A propos de l\u2019\u00e9v\u00e9nement<\/h3>\n<\/div>\n\n\n\n<div class=\"wp-block-column is-vertically-aligned-top is-layout-flow wp-block-column-is-layout-flow\" style=\"flex-basis:66%\">\n<p>Indeed FutureWorks est de retour pour sa troisi\u00e8me ann\u00e9e cons\u00e9cutive, et rassemble les DRH et d\u00e9cideurs des plus grandes entreprises fran\u00e7aises. Au programme : interventions inspirantes pour r\u00e9fl\u00e9chir au futur du recrutement et du march\u00e9 du travail, et \u00e0 l\u2019impact des innovations et technologies sur nos m\u00e9tiers.<\/p>\n\n\n\n<h3 class=\"wp-block-heading\">Retour sur l\u2019\u00e9dition 2023 d\u2019Indeed FutureWorks Paris<\/h3>\n\n\n\n<p>D\u00e9couvrez en image la soir\u00e9e d\u2019Indeed FutureWorks Paris 2023, qui s\u2019est tenue au Th\u00e9\u00e2tre Marigny.<\/p>\n<\/div>\n<\/div>\n\n\n\n<div style=\"height:40px\" aria-hidden=\"true\" class=\"wp-block-spacer\"><\/div>\n<\/div>\n\n\n<div class=\"block-futureworks-divider block-futureworks-divider--4\" id=\"futureworks-divider-block_f754f0c08a6508fbabf7f24f0fa06f91\"><\/div>\n\n\n\n<div class=\"wp-block-group alignfull is-style-futureworks futureworks-video is-layout-constrained wp-block-group-is-layout-constrained\" id=\"video\">\t<section class=\"event-presentations event-presentations--light\">\n\t\t<div class=\"event-presentations__list \">\n\t\t\t\t\t\t\t<div>\n\t\t\t\t\t\t\t\t\t\t\t\t\t\t\t\t\t<div class=\"wistia-container wistia-lazyload\" style=\"\">\n\t\t\t\t\t\t\t<div data-video-id=\"1nw5rimqg4\"><\/div>\n\t\t\t\t\t\t<\/div>\n\t\t\t\t\t\t\t\t\t\t<div class=\"presentation-meta\">\n\t\t\t\t\t\t\t\t\t\t\t\t\t\t\t\t\t\t\t\t\t\t\t<\/div>\n\t\t\t\t<\/div>\n\t\t\t\t\t<\/div>\n\t<\/section>\n\n\n\n<div style=\"height:100px\" aria-hidden=\"true\" class=\"wp-block-spacer\"><\/div>\n<\/div>\n\n\n\n<div id=\"location\" class=\"wp-block-group futureworks-location is-layout-constrained wp-block-group-is-layout-constrained\">\n<h2 class=\"wp-block-heading has-text-align-center h3\">La Ga\u00eet\u00e9 Lyrique<\/h2>\n\n\n\n<p class=\"has-text-align-center\">3bis Rue Papin, 75003 Paris<\/p>\n\n\n\t<div class=\"block-futureworks-map\" id=\"futureworks-map-block_a9562243b4d2aff9f31ae45438a7566d\">\n\t\t<div class=\"block-futureworks-map__overlay js-map-overlay\"><\/div>\n\t\t<div id=\"indeed-event-map\"><\/div>\n\t\t<script>\n\t\t\tconst gmap = {\"address\":\"3bis Rue Papin, 75003, Paris\",\"lat\":48.8665593,\"lng\":2.3533941,\"zoom\":14,\"place_id\":\"ChIJ_3URYxBu5kcRFa-E1hlqWyc\",\"street_number\":\"3bis\",\"street_name\":\"Rue Papin\",\"city\":\"Paris\",\"state\":\"\\u00cele-de-France\",\"state_short\":\"IDF\",\"post_code\":\"75003\",\"country\":\"France\",\"country_short\":\"FR\"};\n\t\t<\/script>\n\t<\/div>\n\t<\/div>\n\n\n<div class=\"block-futureworks-divider\" id=\"futureworks-divider-block_a2afae7d49b1970d7d6428aea2484f2d\"><\/div>\n\n\n\n<div class=\"wp-block-group alignwide is-style-futureworks futureworks-speakers is-layout-constrained wp-block-group-is-layout-constrained\" id=\"speakers\">\n<div class=\"wp-block-columns are-vertically-aligned-top is-layout-flex wp-container-core-columns-is-layout-9d6595d7 wp-block-columns-is-layout-flex\">\n<div class=\"wp-block-column is-vertically-aligned-top is-layout-flow wp-block-column-is-layout-flow\" style=\"flex-basis:33%\">\n<h2 class=\"wp-block-heading h3 mt-0\">Les intervenants<\/h2>\n<\/div>\n\n\n\n<div class=\"wp-block-column is-vertically-aligned-top is-layout-flow wp-block-column-is-layout-flow\" style=\"flex-basis:66%\">\n<p class=\"mt-0 is-style-default\">Le programme de la soir\u00e9e<\/p>\n<\/div>\n<\/div>\n\n\n<div class=\"block-futureworks-speakers\" id=\"futureworks-speakers-block_1c66a6348dbffb280bca3b1d5b4a6ecd\">\n    <div class=\"futureworks-speakers-slider\">\n\t\t\t\t\t\t<div class=\"futureworks-speakers-slider__item\">\n\t\t\t\t\t<button data-target=\"modal-matthieu-eloy\" class=\"futureworks-speakers-slider__trigger js-modal\"><span class=\"screen-reader-text\">Managing Director<\/span><\/button>\n\t\t\t\t\t<img decoding=\"async\" width=\"634\" height=\"634\" src=\"https:\/\/www.indeedevents.com\/fr-fr\/wp-content\/uploads\/sites\/5\/2024\/06\/Matthieu-Eloy_Indeed_4.png\" class=\"attachment-full size-full\" alt=\"Matthieu Eloy Headshot\" srcset=\"https:\/\/www.indeedevents.com\/fr-fr\/wp-content\/uploads\/sites\/5\/2024\/06\/Matthieu-Eloy_Indeed_4.png 634w, https:\/\/www.indeedevents.com\/fr-fr\/wp-content\/uploads\/sites\/5\/2024\/06\/Matthieu-Eloy_Indeed_4-300x300.png 300w, https:\/\/www.indeedevents.com\/fr-fr\/wp-content\/uploads\/sites\/5\/2024\/06\/Matthieu-Eloy_Indeed_4-210x210.png 210w, https:\/\/www.indeedevents.com\/fr-fr\/wp-content\/uploads\/sites\/5\/2024\/06\/Matthieu-Eloy_Indeed_4-600x600.png 600w\" sizes=\"(max-width: 634px) 100vw, 634px\" \/>\t\t\t\t\t<div class=\"futureworks-speakers-slider__info\">\n\t\t\t\t\t\t<h4>Matthieu Eloy<\/h4>\n\t\t\t\t\t\t\t\t\t\t\t\t\t<p>Managing Director<\/p>\n\t\t\t\t\t\t\t\t\t\t\t\t\t\t\t\t\t\t\t<p>Indeed France<\/p>\n\t\t\t\t\t\t\t\t\t\t\t<\/div>\n\t\t\t\t<\/div>\n\t\t\t\t\t\t\t\t<div class=\"futureworks-speakers-slider__item\">\n\t\t\t\t\t<button data-target=\"modal-eric-gras\" class=\"futureworks-speakers-slider__trigger js-modal\"><span class=\"screen-reader-text\">Sp\u00e9cialiste du march\u00e9 de l\u2019emploi<\/span><\/button>\n\t\t\t\t\t<img decoding=\"async\" width=\"838\" height=\"839\" src=\"https:\/\/www.indeedevents.com\/fr-fr\/wp-content\/uploads\/sites\/5\/2024\/06\/Eric-GRAS.png\" class=\"attachment-full size-full\" alt=\"Eric Gras headshot\" srcset=\"https:\/\/www.indeedevents.com\/fr-fr\/wp-content\/uploads\/sites\/5\/2024\/06\/Eric-GRAS.png 838w, https:\/\/www.indeedevents.com\/fr-fr\/wp-content\/uploads\/sites\/5\/2024\/06\/Eric-GRAS-300x300.png 300w, https:\/\/www.indeedevents.com\/fr-fr\/wp-content\/uploads\/sites\/5\/2024\/06\/Eric-GRAS-210x210.png 210w, https:\/\/www.indeedevents.com\/fr-fr\/wp-content\/uploads\/sites\/5\/2024\/06\/Eric-GRAS-768x769.png 768w, https:\/\/www.indeedevents.com\/fr-fr\/wp-content\/uploads\/sites\/5\/2024\/06\/Eric-GRAS-600x600.png 600w\" sizes=\"(max-width: 838px) 100vw, 838px\" \/>\t\t\t\t\t<div class=\"futureworks-speakers-slider__info\">\n\t\t\t\t\t\t<h4>Eric Gras<\/h4>\n\t\t\t\t\t\t\t\t\t\t\t\t\t<p>Sp\u00e9cialiste du march\u00e9 de l\u2019emploi<\/p>\n\t\t\t\t\t\t\t\t\t\t\t\t\t\t\t\t\t\t\t<p>Indeed France<\/p>\n\t\t\t\t\t\t\t\t\t\t\t<\/div>\n\t\t\t\t<\/div>\n\t\t\t\t\t\t\t\t<div class=\"futureworks-speakers-slider__item\">\n\t\t\t\t\t<button data-target=\"modal-christophe-catoir\" class=\"futureworks-speakers-slider__trigger js-modal\"><span class=\"screen-reader-text\">Pr\u00e9sident<\/span><\/button>\n\t\t\t\t\t<img decoding=\"async\" width=\"1000\" height=\"1000\" src=\"https:\/\/www.indeedevents.com\/fr-fr\/wp-content\/uploads\/sites\/5\/2024\/06\/Christophe-Catoir-Headshot.png\" class=\"attachment-full size-full\" alt=\"Christophe Catoir headshot\" srcset=\"https:\/\/www.indeedevents.com\/fr-fr\/wp-content\/uploads\/sites\/5\/2024\/06\/Christophe-Catoir-Headshot.png 1000w, https:\/\/www.indeedevents.com\/fr-fr\/wp-content\/uploads\/sites\/5\/2024\/06\/Christophe-Catoir-Headshot-300x300.png 300w, https:\/\/www.indeedevents.com\/fr-fr\/wp-content\/uploads\/sites\/5\/2024\/06\/Christophe-Catoir-Headshot-210x210.png 210w, https:\/\/www.indeedevents.com\/fr-fr\/wp-content\/uploads\/sites\/5\/2024\/06\/Christophe-Catoir-Headshot-768x768.png 768w, https:\/\/www.indeedevents.com\/fr-fr\/wp-content\/uploads\/sites\/5\/2024\/06\/Christophe-Catoir-Headshot-600x600.png 600w\" sizes=\"(max-width: 1000px) 100vw, 1000px\" \/>\t\t\t\t\t<div class=\"futureworks-speakers-slider__info\">\n\t\t\t\t\t\t<h4>Christophe Catoir<\/h4>\n\t\t\t\t\t\t\t\t\t\t\t\t\t<p>Pr\u00e9sident<\/p>\n\t\t\t\t\t\t\t\t\t\t\t\t\t\t\t\t\t\t\t<p>Adecco Group<\/p>\n\t\t\t\t\t\t\t\t\t\t\t<\/div>\n\t\t\t\t<\/div>\n\t\t\t\t\t\t\t\t<div class=\"futureworks-speakers-slider__item\">\n\t\t\t\t\t<button data-target=\"modal-laurence-devillairs\" class=\"futureworks-speakers-slider__trigger js-modal\"><span class=\"screen-reader-text\">Philosophe <\/span><\/button>\n\t\t\t\t\t<img decoding=\"async\" width=\"648\" height=\"648\" src=\"https:\/\/www.indeedevents.com\/fr-fr\/wp-content\/uploads\/sites\/5\/2024\/06\/web-laurence-devillairs.png\" class=\"attachment-full size-full\" alt=\"Laurence Devillairs headshot\" srcset=\"https:\/\/www.indeedevents.com\/fr-fr\/wp-content\/uploads\/sites\/5\/2024\/06\/web-laurence-devillairs.png 648w, https:\/\/www.indeedevents.com\/fr-fr\/wp-content\/uploads\/sites\/5\/2024\/06\/web-laurence-devillairs-300x300.png 300w, https:\/\/www.indeedevents.com\/fr-fr\/wp-content\/uploads\/sites\/5\/2024\/06\/web-laurence-devillairs-210x210.png 210w, https:\/\/www.indeedevents.com\/fr-fr\/wp-content\/uploads\/sites\/5\/2024\/06\/web-laurence-devillairs-600x600.png 600w\" sizes=\"(max-width: 648px) 100vw, 648px\" \/>\t\t\t\t\t<div class=\"futureworks-speakers-slider__info\">\n\t\t\t\t\t\t<h4>Laurence Devillairs<\/h4>\n\t\t\t\t\t\t\t\t\t\t\t\t\t<p>Philosophe <\/p>\n\t\t\t\t\t\t\t\t\t\t\t\t\t\t\t\t\t<\/div>\n\t\t\t\t<\/div>\n\t\t\t\t\t\t\t\t<div class=\"futureworks-speakers-slider__item\">\n\t\t\t\t\t<button data-target=\"modal-iain-hamilton\" class=\"futureworks-speakers-slider__trigger js-modal\"><span class=\"screen-reader-text\">VP, Product<\/span><\/button>\n\t\t\t\t\t<img decoding=\"async\" width=\"1000\" height=\"1000\" src=\"https:\/\/www.indeedevents.com\/fr-fr\/wp-content\/uploads\/sites\/5\/2024\/06\/Iain-Hamilton.png\" class=\"attachment-full size-full\" alt=\"Iain Hamilton Headshot\" srcset=\"https:\/\/www.indeedevents.com\/fr-fr\/wp-content\/uploads\/sites\/5\/2024\/06\/Iain-Hamilton.png 1000w, https:\/\/www.indeedevents.com\/fr-fr\/wp-content\/uploads\/sites\/5\/2024\/06\/Iain-Hamilton-300x300.png 300w, https:\/\/www.indeedevents.com\/fr-fr\/wp-content\/uploads\/sites\/5\/2024\/06\/Iain-Hamilton-210x210.png 210w, https:\/\/www.indeedevents.com\/fr-fr\/wp-content\/uploads\/sites\/5\/2024\/06\/Iain-Hamilton-768x768.png 768w, https:\/\/www.indeedevents.com\/fr-fr\/wp-content\/uploads\/sites\/5\/2024\/06\/Iain-Hamilton-600x600.png 600w\" sizes=\"(max-width: 1000px) 100vw, 1000px\" \/>\t\t\t\t\t<div class=\"futureworks-speakers-slider__info\">\n\t\t\t\t\t\t<h4>Iain Hamilton<\/h4>\n\t\t\t\t\t\t\t\t\t\t\t\t\t<p>VP, Product<\/p>\n\t\t\t\t\t\t\t\t\t\t\t\t\t\t\t\t\t\t\t<p>Indeed<\/p>\n\t\t\t\t\t\t\t\t\t\t\t<\/div>\n\t\t\t\t<\/div>\n\t\t\t\t\t\t\t\t<div class=\"futureworks-speakers-slider__item\">\n\t\t\t\t\t<button data-target=\"modal-claudie-haignere\" class=\"futureworks-speakers-slider__trigger js-modal\"><span class=\"screen-reader-text\">Spationaute &amp; Femme politique<\/span><\/button>\n\t\t\t\t\t<img decoding=\"async\" width=\"512\" height=\"512\" src=\"https:\/\/www.indeedevents.com\/fr-fr\/wp-content\/uploads\/sites\/5\/2024\/07\/Claudie-Haignere.png\" class=\"attachment-full size-full\" alt=\"Headshot photo of Claudie Haigner\u00e9 looking at the camera\" srcset=\"https:\/\/www.indeedevents.com\/fr-fr\/wp-content\/uploads\/sites\/5\/2024\/07\/Claudie-Haignere.png 512w, https:\/\/www.indeedevents.com\/fr-fr\/wp-content\/uploads\/sites\/5\/2024\/07\/Claudie-Haignere-300x300.png 300w, https:\/\/www.indeedevents.com\/fr-fr\/wp-content\/uploads\/sites\/5\/2024\/07\/Claudie-Haignere-210x210.png 210w\" sizes=\"(max-width: 512px) 100vw, 512px\" \/>\t\t\t\t\t<div class=\"futureworks-speakers-slider__info\">\n\t\t\t\t\t\t<h4>Claudie Haigner\u00e9<\/h4>\n\t\t\t\t\t\t\t\t\t\t\t\t\t<p>Spationaute &amp; Femme politique<\/p>\n\t\t\t\t\t\t\t\t\t\t\t\t\t\t\t\t\t<\/div>\n\t\t\t\t<\/div>\n\t\t\t\t\t<\/div>\n\t\t\t\t<div id=\"modal-matthieu-eloy\" class=\"modal\">\n\t\t\t\t<div class=\"modal-overlay\"><\/div>\n\t\t\t\t<div class=\"modal-content\">\n\t\t\t\t\t<div class=\"modal-header\">\n\t\t\t\t\t\t<h4>Matthieu Eloy<\/h4>\n\t\t\t\t\t\t<a href=\"#\" class=\"js-modal-close\">\n\t\t\t\t\t\t\t<span class=\"screen-reader-text\">Close overlay.<\/span>\n\t\t\t\t\t\t\t<svg xmlns=\"http:\/\/www.w3.org\/2000\/svg\" viewBox=\"0 0 384 512\">\n\t\t\t\t\t\t\t\t<path fill=\"#ffffff\" d=\"M342.6 150.6c12.5-12.5 12.5-32.8 0-45.3s-32.8-12.5-45.3 0L192 210.7 86.6 105.4c-12.5-12.5-32.8-12.5-45.3 0s-12.5 32.8 0 45.3L146.7 256 41.4 361.4c-12.5 12.5-12.5 32.8 0 45.3s32.8 12.5 45.3 0L192 301.3 297.4 406.6c12.5 12.5 32.8 12.5 45.3 0s12.5-32.8 0-45.3L237.3 256 342.6 150.6z\"\/>\n\t\t\t\t\t\t\t<\/svg>\n\t\t\t\t\t\t<\/a>\n\t\t\t\t\t<\/div>\n\t\t\t\t\t<div class=\"modal-content__row\">\n\t\t\t\t\t\t<div class=\"modal-content__image\">\n\t\t\t\t\t\t\t<img decoding=\"async\" width=\"634\" height=\"634\" src=\"https:\/\/www.indeedevents.com\/fr-fr\/wp-content\/uploads\/sites\/5\/2024\/06\/Matthieu-Eloy_Indeed_4.png\" class=\"attachment-large size-large\" alt=\"Matthieu Eloy Headshot\" srcset=\"https:\/\/www.indeedevents.com\/fr-fr\/wp-content\/uploads\/sites\/5\/2024\/06\/Matthieu-Eloy_Indeed_4.png 634w, https:\/\/www.indeedevents.com\/fr-fr\/wp-content\/uploads\/sites\/5\/2024\/06\/Matthieu-Eloy_Indeed_4-300x300.png 300w, https:\/\/www.indeedevents.com\/fr-fr\/wp-content\/uploads\/sites\/5\/2024\/06\/Matthieu-Eloy_Indeed_4-210x210.png 210w, https:\/\/www.indeedevents.com\/fr-fr\/wp-content\/uploads\/sites\/5\/2024\/06\/Matthieu-Eloy_Indeed_4-600x600.png 600w\" sizes=\"(max-width: 634px) 100vw, 634px\" \/>\t\t\t\t\t\t<\/div>\n\t\t\t\t\t\t<div class=\"modal-content__bio\">\n\t\t\t\t\t\t\t\t\t\t\t\t\t\t\t<p>Managing Director<\/p>\n\t\t\t\t\t\t\t\t\t\t\t\t\t\t\t\t\t\t\t\t\t\t<p>Indeed France<\/p>\n\t\t\t\t\t\t\t\t\t\t\t\t\t\t\t\t\t\t\t\t<\/div>\n\t\t\t\t\t<\/div>\n\t\t\t\t<\/div>\n\t\t\t<\/div>\n\t\t\t\t\t\t<div id=\"modal-eric-gras\" class=\"modal\">\n\t\t\t\t<div class=\"modal-overlay\"><\/div>\n\t\t\t\t<div class=\"modal-content\">\n\t\t\t\t\t<div class=\"modal-header\">\n\t\t\t\t\t\t<h4>Eric Gras<\/h4>\n\t\t\t\t\t\t<a href=\"#\" class=\"js-modal-close\">\n\t\t\t\t\t\t\t<span class=\"screen-reader-text\">Close overlay.<\/span>\n\t\t\t\t\t\t\t<svg xmlns=\"http:\/\/www.w3.org\/2000\/svg\" viewBox=\"0 0 384 512\">\n\t\t\t\t\t\t\t\t<path fill=\"#ffffff\" d=\"M342.6 150.6c12.5-12.5 12.5-32.8 0-45.3s-32.8-12.5-45.3 0L192 210.7 86.6 105.4c-12.5-12.5-32.8-12.5-45.3 0s-12.5 32.8 0 45.3L146.7 256 41.4 361.4c-12.5 12.5-12.5 32.8 0 45.3s32.8 12.5 45.3 0L192 301.3 297.4 406.6c12.5 12.5 32.8 12.5 45.3 0s12.5-32.8 0-45.3L237.3 256 342.6 150.6z\"\/>\n\t\t\t\t\t\t\t<\/svg>\n\t\t\t\t\t\t<\/a>\n\t\t\t\t\t<\/div>\n\t\t\t\t\t<div class=\"modal-content__row\">\n\t\t\t\t\t\t<div class=\"modal-content__image\">\n\t\t\t\t\t\t\t<img decoding=\"async\" width=\"838\" height=\"839\" src=\"https:\/\/www.indeedevents.com\/fr-fr\/wp-content\/uploads\/sites\/5\/2024\/06\/Eric-GRAS.png\" class=\"attachment-large size-large\" alt=\"Eric Gras headshot\" srcset=\"https:\/\/www.indeedevents.com\/fr-fr\/wp-content\/uploads\/sites\/5\/2024\/06\/Eric-GRAS.png 838w, https:\/\/www.indeedevents.com\/fr-fr\/wp-content\/uploads\/sites\/5\/2024\/06\/Eric-GRAS-300x300.png 300w, https:\/\/www.indeedevents.com\/fr-fr\/wp-content\/uploads\/sites\/5\/2024\/06\/Eric-GRAS-210x210.png 210w, https:\/\/www.indeedevents.com\/fr-fr\/wp-content\/uploads\/sites\/5\/2024\/06\/Eric-GRAS-768x769.png 768w, https:\/\/www.indeedevents.com\/fr-fr\/wp-content\/uploads\/sites\/5\/2024\/06\/Eric-GRAS-600x600.png 600w\" sizes=\"(max-width: 838px) 100vw, 838px\" \/>\t\t\t\t\t\t<\/div>\n\t\t\t\t\t\t<div class=\"modal-content__bio\">\n\t\t\t\t\t\t\t\t\t\t\t\t\t\t\t<p>Sp\u00e9cialiste du march\u00e9 de l\u2019emploi<\/p>\n\t\t\t\t\t\t\t\t\t\t\t\t\t\t\t\t\t\t\t\t\t\t<p>Indeed France<\/p>\n\t\t\t\t\t\t\t\t\t\t\t\t\t\t\t\t\t\t\t\t<\/div>\n\t\t\t\t\t<\/div>\n\t\t\t\t<\/div>\n\t\t\t<\/div>\n\t\t\t\t\t\t<div id=\"modal-christophe-catoir\" class=\"modal\">\n\t\t\t\t<div class=\"modal-overlay\"><\/div>\n\t\t\t\t<div class=\"modal-content\">\n\t\t\t\t\t<div class=\"modal-header\">\n\t\t\t\t\t\t<h4>Christophe Catoir<\/h4>\n\t\t\t\t\t\t<a href=\"#\" class=\"js-modal-close\">\n\t\t\t\t\t\t\t<span class=\"screen-reader-text\">Close overlay.<\/span>\n\t\t\t\t\t\t\t<svg xmlns=\"http:\/\/www.w3.org\/2000\/svg\" viewBox=\"0 0 384 512\">\n\t\t\t\t\t\t\t\t<path fill=\"#ffffff\" d=\"M342.6 150.6c12.5-12.5 12.5-32.8 0-45.3s-32.8-12.5-45.3 0L192 210.7 86.6 105.4c-12.5-12.5-32.8-12.5-45.3 0s-12.5 32.8 0 45.3L146.7 256 41.4 361.4c-12.5 12.5-12.5 32.8 0 45.3s32.8 12.5 45.3 0L192 301.3 297.4 406.6c12.5 12.5 32.8 12.5 45.3 0s12.5-32.8 0-45.3L237.3 256 342.6 150.6z\"\/>\n\t\t\t\t\t\t\t<\/svg>\n\t\t\t\t\t\t<\/a>\n\t\t\t\t\t<\/div>\n\t\t\t\t\t<div class=\"modal-content__row\">\n\t\t\t\t\t\t<div class=\"modal-content__image\">\n\t\t\t\t\t\t\t<img decoding=\"async\" width=\"1000\" height=\"1000\" src=\"https:\/\/www.indeedevents.com\/fr-fr\/wp-content\/uploads\/sites\/5\/2024\/06\/Christophe-Catoir-Headshot.png\" class=\"attachment-large size-large\" alt=\"Christophe Catoir headshot\" srcset=\"https:\/\/www.indeedevents.com\/fr-fr\/wp-content\/uploads\/sites\/5\/2024\/06\/Christophe-Catoir-Headshot.png 1000w, https:\/\/www.indeedevents.com\/fr-fr\/wp-content\/uploads\/sites\/5\/2024\/06\/Christophe-Catoir-Headshot-300x300.png 300w, https:\/\/www.indeedevents.com\/fr-fr\/wp-content\/uploads\/sites\/5\/2024\/06\/Christophe-Catoir-Headshot-210x210.png 210w, https:\/\/www.indeedevents.com\/fr-fr\/wp-content\/uploads\/sites\/5\/2024\/06\/Christophe-Catoir-Headshot-768x768.png 768w, https:\/\/www.indeedevents.com\/fr-fr\/wp-content\/uploads\/sites\/5\/2024\/06\/Christophe-Catoir-Headshot-600x600.png 600w\" sizes=\"(max-width: 1000px) 100vw, 1000px\" \/>\t\t\t\t\t\t<\/div>\n\t\t\t\t\t\t<div class=\"modal-content__bio\">\n\t\t\t\t\t\t\t\t\t\t\t\t\t\t\t<p>Pr\u00e9sident<\/p>\n\t\t\t\t\t\t\t\t\t\t\t\t\t\t\t\t\t\t\t\t\t\t<p>Adecco Group<\/p>\n\t\t\t\t\t\t\t\t\t\t\t\t\t\t\t\t\t\t\t\t<\/div>\n\t\t\t\t\t<\/div>\n\t\t\t\t<\/div>\n\t\t\t<\/div>\n\t\t\t\t\t\t<div id=\"modal-laurence-devillairs\" class=\"modal\">\n\t\t\t\t<div class=\"modal-overlay\"><\/div>\n\t\t\t\t<div class=\"modal-content\">\n\t\t\t\t\t<div class=\"modal-header\">\n\t\t\t\t\t\t<h4>Laurence Devillairs<\/h4>\n\t\t\t\t\t\t<a href=\"#\" class=\"js-modal-close\">\n\t\t\t\t\t\t\t<span class=\"screen-reader-text\">Close overlay.<\/span>\n\t\t\t\t\t\t\t<svg xmlns=\"http:\/\/www.w3.org\/2000\/svg\" viewBox=\"0 0 384 512\">\n\t\t\t\t\t\t\t\t<path fill=\"#ffffff\" d=\"M342.6 150.6c12.5-12.5 12.5-32.8 0-45.3s-32.8-12.5-45.3 0L192 210.7 86.6 105.4c-12.5-12.5-32.8-12.5-45.3 0s-12.5 32.8 0 45.3L146.7 256 41.4 361.4c-12.5 12.5-12.5 32.8 0 45.3s32.8 12.5 45.3 0L192 301.3 297.4 406.6c12.5 12.5 32.8 12.5 45.3 0s12.5-32.8 0-45.3L237.3 256 342.6 150.6z\"\/>\n\t\t\t\t\t\t\t<\/svg>\n\t\t\t\t\t\t<\/a>\n\t\t\t\t\t<\/div>\n\t\t\t\t\t<div class=\"modal-content__row\">\n\t\t\t\t\t\t<div class=\"modal-content__image\">\n\t\t\t\t\t\t\t<img decoding=\"async\" width=\"648\" height=\"648\" src=\"https:\/\/www.indeedevents.com\/fr-fr\/wp-content\/uploads\/sites\/5\/2024\/06\/web-laurence-devillairs.png\" class=\"attachment-large size-large\" alt=\"Laurence Devillairs headshot\" srcset=\"https:\/\/www.indeedevents.com\/fr-fr\/wp-content\/uploads\/sites\/5\/2024\/06\/web-laurence-devillairs.png 648w, https:\/\/www.indeedevents.com\/fr-fr\/wp-content\/uploads\/sites\/5\/2024\/06\/web-laurence-devillairs-300x300.png 300w, https:\/\/www.indeedevents.com\/fr-fr\/wp-content\/uploads\/sites\/5\/2024\/06\/web-laurence-devillairs-210x210.png 210w, https:\/\/www.indeedevents.com\/fr-fr\/wp-content\/uploads\/sites\/5\/2024\/06\/web-laurence-devillairs-600x600.png 600w\" sizes=\"(max-width: 648px) 100vw, 648px\" \/>\t\t\t\t\t\t<\/div>\n\t\t\t\t\t\t<div class=\"modal-content__bio\">\n\t\t\t\t\t\t\t\t\t\t\t\t\t\t\t<p>Philosophe <\/p>\n\t\t\t\t\t\t\t\t\t\t\t\t\t\t\t\t\t\t\t\t\t\t\t\t\t\t\t<\/div>\n\t\t\t\t\t<\/div>\n\t\t\t\t<\/div>\n\t\t\t<\/div>\n\t\t\t\t\t\t<div id=\"modal-iain-hamilton\" class=\"modal\">\n\t\t\t\t<div class=\"modal-overlay\"><\/div>\n\t\t\t\t<div class=\"modal-content\">\n\t\t\t\t\t<div class=\"modal-header\">\n\t\t\t\t\t\t<h4>Iain Hamilton<\/h4>\n\t\t\t\t\t\t<a href=\"#\" class=\"js-modal-close\">\n\t\t\t\t\t\t\t<span class=\"screen-reader-text\">Close overlay.<\/span>\n\t\t\t\t\t\t\t<svg xmlns=\"http:\/\/www.w3.org\/2000\/svg\" viewBox=\"0 0 384 512\">\n\t\t\t\t\t\t\t\t<path fill=\"#ffffff\" d=\"M342.6 150.6c12.5-12.5 12.5-32.8 0-45.3s-32.8-12.5-45.3 0L192 210.7 86.6 105.4c-12.5-12.5-32.8-12.5-45.3 0s-12.5 32.8 0 45.3L146.7 256 41.4 361.4c-12.5 12.5-12.5 32.8 0 45.3s32.8 12.5 45.3 0L192 301.3 297.4 406.6c12.5 12.5 32.8 12.5 45.3 0s12.5-32.8 0-45.3L237.3 256 342.6 150.6z\"\/>\n\t\t\t\t\t\t\t<\/svg>\n\t\t\t\t\t\t<\/a>\n\t\t\t\t\t<\/div>\n\t\t\t\t\t<div class=\"modal-content__row\">\n\t\t\t\t\t\t<div class=\"modal-content__image\">\n\t\t\t\t\t\t\t<img decoding=\"async\" width=\"1000\" height=\"1000\" src=\"https:\/\/www.indeedevents.com\/fr-fr\/wp-content\/uploads\/sites\/5\/2024\/06\/Iain-Hamilton.png\" class=\"attachment-large size-large\" alt=\"Iain Hamilton Headshot\" srcset=\"https:\/\/www.indeedevents.com\/fr-fr\/wp-content\/uploads\/sites\/5\/2024\/06\/Iain-Hamilton.png 1000w, https:\/\/www.indeedevents.com\/fr-fr\/wp-content\/uploads\/sites\/5\/2024\/06\/Iain-Hamilton-300x300.png 300w, https:\/\/www.indeedevents.com\/fr-fr\/wp-content\/uploads\/sites\/5\/2024\/06\/Iain-Hamilton-210x210.png 210w, https:\/\/www.indeedevents.com\/fr-fr\/wp-content\/uploads\/sites\/5\/2024\/06\/Iain-Hamilton-768x768.png 768w, https:\/\/www.indeedevents.com\/fr-fr\/wp-content\/uploads\/sites\/5\/2024\/06\/Iain-Hamilton-600x600.png 600w\" sizes=\"(max-width: 1000px) 100vw, 1000px\" \/>\t\t\t\t\t\t<\/div>\n\t\t\t\t\t\t<div class=\"modal-content__bio\">\n\t\t\t\t\t\t\t\t\t\t\t\t\t\t\t<p>VP, Product<\/p>\n\t\t\t\t\t\t\t\t\t\t\t\t\t\t\t\t\t\t\t\t\t\t<p>Indeed<\/p>\n\t\t\t\t\t\t\t\t\t\t\t\t\t\t\t\t\t\t\t\t<\/div>\n\t\t\t\t\t<\/div>\n\t\t\t\t<\/div>\n\t\t\t<\/div>\n\t\t\t\t\t\t<div id=\"modal-claudie-haignere\" class=\"modal\">\n\t\t\t\t<div class=\"modal-overlay\"><\/div>\n\t\t\t\t<div class=\"modal-content\">\n\t\t\t\t\t<div class=\"modal-header\">\n\t\t\t\t\t\t<h4>Claudie Haigner\u00e9<\/h4>\n\t\t\t\t\t\t<a href=\"#\" class=\"js-modal-close\">\n\t\t\t\t\t\t\t<span class=\"screen-reader-text\">Close overlay.<\/span>\n\t\t\t\t\t\t\t<svg xmlns=\"http:\/\/www.w3.org\/2000\/svg\" viewBox=\"0 0 384 512\">\n\t\t\t\t\t\t\t\t<path fill=\"#ffffff\" d=\"M342.6 150.6c12.5-12.5 12.5-32.8 0-45.3s-32.8-12.5-45.3 0L192 210.7 86.6 105.4c-12.5-12.5-32.8-12.5-45.3 0s-12.5 32.8 0 45.3L146.7 256 41.4 361.4c-12.5 12.5-12.5 32.8 0 45.3s32.8 12.5 45.3 0L192 301.3 297.4 406.6c12.5 12.5 32.8 12.5 45.3 0s12.5-32.8 0-45.3L237.3 256 342.6 150.6z\"\/>\n\t\t\t\t\t\t\t<\/svg>\n\t\t\t\t\t\t<\/a>\n\t\t\t\t\t<\/div>\n\t\t\t\t\t<div class=\"modal-content__row\">\n\t\t\t\t\t\t<div class=\"modal-content__image\">\n\t\t\t\t\t\t\t<img decoding=\"async\" width=\"512\" height=\"512\" src=\"https:\/\/www.indeedevents.com\/fr-fr\/wp-content\/uploads\/sites\/5\/2024\/07\/Claudie-Haignere.png\" class=\"attachment-large size-large\" alt=\"Headshot photo of Claudie Haigner\u00e9 looking at the camera\" srcset=\"https:\/\/www.indeedevents.com\/fr-fr\/wp-content\/uploads\/sites\/5\/2024\/07\/Claudie-Haignere.png 512w, https:\/\/www.indeedevents.com\/fr-fr\/wp-content\/uploads\/sites\/5\/2024\/07\/Claudie-Haignere-300x300.png 300w, https:\/\/www.indeedevents.com\/fr-fr\/wp-content\/uploads\/sites\/5\/2024\/07\/Claudie-Haignere-210x210.png 210w\" sizes=\"(max-width: 512px) 100vw, 512px\" \/>\t\t\t\t\t\t<\/div>\n\t\t\t\t\t\t<div class=\"modal-content__bio\">\n\t\t\t\t\t\t\t\t\t\t\t\t\t\t\t<p>Spationaute &amp; Femme politique<\/p>\n\t\t\t\t\t\t\t\t\t\t\t\t\t\t\t\t\t\t\t\t\t\t\t\t\t\t\t<\/div>\n\t\t\t\t\t<\/div>\n\t\t\t\t<\/div>\n\t\t\t<\/div>\n\t\t\t<\/div>\n\n\n\n<div style=\"height:100px\" aria-hidden=\"true\" class=\"wp-block-spacer\"><\/div>\n<\/div>\n\n\n\n<div id=\"faq\" class=\"wp-block-group is-style-futureworks futureworks-faq is-layout-constrained wp-block-group-is-layout-constrained\">\n<div style=\"height:100px\" aria-hidden=\"true\" class=\"wp-block-spacer\"><\/div>\n\n\n\n<div class=\"wp-block-columns are-vertically-aligned-top is-layout-flex wp-container-core-columns-is-layout-9d6595d7 wp-block-columns-is-layout-flex\">\n<div class=\"wp-block-column is-vertically-aligned-top is-layout-flow wp-block-column-is-layout-flow\" style=\"flex-basis:100%\">\n<h2 class=\"wp-block-heading has-text-align-center h3 mt-0\">En savoir plus sur Indeed FutureWorks <mark style=\"background-color:rgba(0, 0, 0, 0)\" class=\"has-inline-color has-futureworks-pink-color\">Paris<\/mark><\/h2>\n<\/div>\n<\/div>\n\n\n\n<section class=\"event-faq\">\n\n\n\n\t\t\t<div class=\"event-faq-content block-accordion column-count-1 desktop-accordions\">\n\t\t\t\t\t<ul class=\"event-faq-column block-accordion__content\">\n\t\t\t\t\t\t\t\t\t\t\t\t\t\t\t\t\t\t\t<li aria-expanded=false class=\"block-accordion-item\">\n\t\t\t\t\t\t\t\t\t\t\t\t\t<button class=\"block-accordion-item__toggle\">\n\t\t\t\t\t\t\t\t<span class=\"block-accordion-item__title\">Quels sujets ont \u00e9t\u00e9 abord\u00e9s lors d\u2019Indeed FutureWorks 2023 ?<\/span>\n\t\t\t\t\t\t\t<\/button>\n\t\t\t\t\t\t\t\t\t\t\t\t\t\t\t\t\t\t\t<div class=\"block-accordion-item__content\">\n\t\t\t\t\t\t\t\t<div class=\"block-accordion-item__content-inner\">\n\t\t\t\t\t\t\t\t\t<p>Guerre des talents et march\u00e9 en tension, attentes in\u00e9dites de la part des candidats, nouvelles pratiques du c\u00f4t\u00e9 des entreprises, irruption massive de l&rsquo;IA et autres technologies qui bouleversent les habitudes des professions RH\u2026. Autant de raisons de faire le point et d&rsquo;explorer l&rsquo;innovation dans les Ressources Humaines.<\/p>\n<p><a href=\"https:\/\/fr.indeed.com\/lead\/retour-sur-indeed-future-works-paris-2023\" rel=\"noopener\" target=\"_blank\">Retour en d\u00e9tail sur des interventions inspirantes.<\/a><\/p>\n\t\t\t\t\t\t\t\t<\/div>\n\t\t\t\t\t\t\t<\/div>\n\t\t\t\t\t\t\t\t\t\t\t<\/li>\n\t\t\t\t\t\t\t\t\t\t\t\t\t\t\t\t\t\t\t<li aria-expanded=false class=\"block-accordion-item\">\n\t\t\t\t\t\t\t\t\t\t\t\t\t<button class=\"block-accordion-item__toggle\">\n\t\t\t\t\t\t\t\t<span class=\"block-accordion-item__title\">Quels sujets ont \u00e9t\u00e9 abord\u00e9s lors d\u2019Indeed FutureWorks 2022 ?<\/span>\n\t\t\t\t\t\t\t<\/button>\n\t\t\t\t\t\t\t\t\t\t\t\t\t\t\t\t\t\t\t<div class=\"block-accordion-item__content\">\n\t\t\t\t\t\t\t\t<div class=\"block-accordion-item__content-inner\">\n\t\t\t\t\t\t\t\t\t<p>Engagement des entreprises, transformation des organisations, d\u00e9mographie en chute, inclusion et diversit\u00e9 en entreprise : l\u2019ann\u00e9e 2022 a \u00e9t\u00e9 celle de nombreux challenges pour les professionnels des ressources humaines. \u201cTalents sous haute tension, la nouvelle \u00e9quation\u201d, c\u2019\u00e9tait le grand rendez-vous d\u2019Indeed \u00e0 la Bourse du Commerce de Paris.<\/p>\n<p><a href=\"https:\/\/fr.indeed.com\/lead\/talents-sous-haute-tension-la-nouvelle-equation\" rel=\"noopener\" target=\"_blank\">Retour en d\u00e9tail sur ces interventions inspirantes.<\/a><\/p>\n\t\t\t\t\t\t\t\t<\/div>\n\t\t\t\t\t\t\t<\/div>\n\t\t\t\t\t\t\t\t\t\t\t<\/li>\n\t\t\t\t\t\t\t<\/ul><!-- .event-faq-column -->\n\t\t\t\t<\/div><!-- .event-faq-content -->\n\t<\/section><!-- .event-faq -->\n<\/div>\n\n\n\n<div id=\"register\" class=\"wp-block-group is-style-futureworks futureworks-register is-layout-constrained wp-block-group-is-layout-constrained\">\n<div style=\"height:100px\" aria-hidden=\"true\" class=\"wp-block-spacer\"><\/div>\n\n\n\n<div class=\"wp-block-columns are-vertically-aligned-top is-layout-flex wp-container-core-columns-is-layout-9d6595d7 wp-block-columns-is-layout-flex\">\n<div class=\"wp-block-column is-vertically-aligned-top is-layout-flow wp-block-column-is-layout-flow\" style=\"flex-basis:50%\">\n<h2 class=\"wp-block-heading h3 mt-0\">Vous souhaitez participer ?<\/h2>\n<\/div>\n\n\n\n<div class=\"wp-block-column is-vertically-aligned-top is-layout-flow wp-block-column-is-layout-flow\" style=\"flex-basis:50%\">\n<p class=\"mt-0\">Les clients d\u2019Indeed peuvent contacter leur repr\u00e9sentant commercial pour obtenir plus de d\u00e9tails sur l\u2019\u00e9v\u00e9nement.<\/p>\n<\/div>\n<\/div>\n<\/div>\n\n\n\n<div style=\"height:50px\" aria-hidden=\"true\" class=\"wp-block-spacer\"><\/div>\n","protected":false},"featured_media":88810,"template":"page-templates\/indeed-futureworks.php","event-section":[423],"event-format":[425],"event-type":[451],"event-topic":[435,439,441,443],"event-location":[447],"class_list":["post-88811","events","type-events","status-publish","has-post-thumbnail","hentry","event_section-employer","event_format-in-person","event_type-indeed-futureworks","event_topic-diversity-inclusion","event_topic-market-insights","event_topic-recruiting-and-hiring","event_topic-thought-leadership","event_location-europe"],"acf":[],"yoast_head":"<!-- This site is optimized with the Yoast SEO plugin v27.4 - https:\/\/yoast.com\/product\/yoast-seo-wordpress\/ -->\n<title>Indeed FutureWorks Paris | 7 novembre<\/title>\n<meta name=\"description\" content=\"Participez \u00e0 la soir\u00e9e annuelle Indeed, d\u00e9di\u00e9e aux Directions des Ressources Humaines en qu\u00eate de perspectives sur l&#039;avenir du travail !\" \/>\n<meta name=\"robots\" content=\"noindex, nofollow\" \/>\n<meta property=\"og:locale\" content=\"fr_FR\" \/>\n<meta property=\"og:type\" content=\"article\" \/>\n<meta property=\"og:title\" content=\"Indeed FutureWorks Paris | 7 novembre\" \/>\n<meta property=\"og:description\" content=\"Participez \u00e0 la soir\u00e9e annuelle Indeed, d\u00e9di\u00e9e aux Directions des Ressources Humaines en qu\u00eate de perspectives sur l&#039;avenir du travail !\" \/>\n<meta property=\"og:url\" content=\"https:\/\/www.indeedevents.com\/fr-fr\/events\/public-ifw-fr-112024\/\" \/>\n<meta property=\"og:site_name\" content=\"Indeed Events\" \/>\n<meta property=\"article:modified_time\" content=\"2025-09-03T19:27:38+00:00\" \/>\n<meta property=\"og:image\" content=\"https:\/\/www.indeedevents.com\/fr-fr\/wp-content\/uploads\/sites\/5\/2024\/06\/14795-FW-Paris-Webpage-banner-image-3-optimized.jpg\" \/>\n\t<meta property=\"og:image:width\" content=\"560\" \/>\n\t<meta property=\"og:image:height\" content=\"387\" \/>\n\t<meta property=\"og:image:type\" content=\"image\/jpeg\" \/>\n<meta name=\"twitter:card\" content=\"summary_large_image\" \/>\n<meta name=\"twitter:label1\" content=\"Dur\u00e9e de lecture estim\u00e9e\" \/>\n\t<meta name=\"twitter:data1\" content=\"1 minute\" \/>\n<script type=\"application\/ld+json\" class=\"yoast-schema-graph\">{\"@context\":\"https:\\\/\\\/schema.org\",\"@graph\":[{\"@type\":\"WebPage\",\"@id\":\"https:\\\/\\\/www.indeedevents.com\\\/fr-fr\\\/events\\\/public-ifw-fr-112024\\\/\",\"url\":\"https:\\\/\\\/www.indeedevents.com\\\/fr-fr\\\/events\\\/public-ifw-fr-112024\\\/\",\"name\":\"Indeed FutureWorks Paris | 7 novembre\",\"isPartOf\":{\"@id\":\"https:\\\/\\\/www.indeedevents.com\\\/fr-fr\\\/#website\"},\"primaryImageOfPage\":{\"@id\":\"https:\\\/\\\/www.indeedevents.com\\\/fr-fr\\\/events\\\/public-ifw-fr-112024\\\/#primaryimage\"},\"image\":{\"@id\":\"https:\\\/\\\/www.indeedevents.com\\\/fr-fr\\\/events\\\/public-ifw-fr-112024\\\/#primaryimage\"},\"thumbnailUrl\":\"https:\\\/\\\/www.indeedevents.com\\\/fr-fr\\\/wp-content\\\/uploads\\\/sites\\\/5\\\/2024\\\/06\\\/14795-FW-Paris-Webpage-banner-image-3-optimized.jpg\",\"datePublished\":\"2024-07-11T15:19:48+00:00\",\"dateModified\":\"2025-09-03T19:27:38+00:00\",\"description\":\"Participez \u00e0 la soir\u00e9e annuelle Indeed, d\u00e9di\u00e9e aux Directions des Ressources Humaines en qu\u00eate de perspectives sur l'avenir du travail !\",\"breadcrumb\":{\"@id\":\"https:\\\/\\\/www.indeedevents.com\\\/fr-fr\\\/events\\\/public-ifw-fr-112024\\\/#breadcrumb\"},\"inLanguage\":\"fr-FR\",\"potentialAction\":[{\"@type\":\"ReadAction\",\"target\":[\"https:\\\/\\\/www.indeedevents.com\\\/fr-fr\\\/events\\\/public-ifw-fr-112024\\\/\"]}]},{\"@type\":\"ImageObject\",\"inLanguage\":\"fr-FR\",\"@id\":\"https:\\\/\\\/www.indeedevents.com\\\/fr-fr\\\/events\\\/public-ifw-fr-112024\\\/#primaryimage\",\"url\":\"https:\\\/\\\/www.indeedevents.com\\\/fr-fr\\\/wp-content\\\/uploads\\\/sites\\\/5\\\/2024\\\/06\\\/14795-FW-Paris-Webpage-banner-image-3-optimized.jpg\",\"contentUrl\":\"https:\\\/\\\/www.indeedevents.com\\\/fr-fr\\\/wp-content\\\/uploads\\\/sites\\\/5\\\/2024\\\/06\\\/14795-FW-Paris-Webpage-banner-image-3-optimized.jpg\",\"width\":560,\"height\":387,\"caption\":\"Three speakers presenting on a stage at an event\"},{\"@type\":\"BreadcrumbList\",\"@id\":\"https:\\\/\\\/www.indeedevents.com\\\/fr-fr\\\/events\\\/public-ifw-fr-112024\\\/#breadcrumb\",\"itemListElement\":[{\"@type\":\"ListItem\",\"position\":1,\"name\":\"Home\",\"item\":\"https:\\\/\\\/www.indeedevents.com\\\/fr-fr\\\/\"},{\"@type\":\"ListItem\",\"position\":2,\"name\":\"Events\",\"item\":\"https:\\\/\\\/www.indeedevents.com\\\/fr-fr\\\/past-events\\\/\"},{\"@type\":\"ListItem\",\"position\":3,\"name\":\"Indeed FutureWorks Paris 2024\"}]},{\"@type\":\"WebSite\",\"@id\":\"https:\\\/\\\/www.indeedevents.com\\\/fr-fr\\\/#website\",\"url\":\"https:\\\/\\\/www.indeedevents.com\\\/fr-fr\\\/\",\"name\":\"France (fran\u00e7ais)\",\"description\":\"Fran\u00e7ais\",\"publisher\":{\"@id\":\"https:\\\/\\\/www.indeedevents.com\\\/fr-fr\\\/#organization\"},\"potentialAction\":[{\"@type\":\"SearchAction\",\"target\":{\"@type\":\"EntryPoint\",\"urlTemplate\":\"https:\\\/\\\/www.indeedevents.com\\\/fr-fr\\\/?s={search_term_string}\"},\"query-input\":{\"@type\":\"PropertyValueSpecification\",\"valueRequired\":true,\"valueName\":\"search_term_string\"}}],\"inLanguage\":\"fr-FR\"},{\"@type\":\"Organization\",\"@id\":\"https:\\\/\\\/www.indeedevents.com\\\/fr-fr\\\/#organization\",\"name\":\"Indeed Events\",\"url\":\"https:\\\/\\\/www.indeedevents.com\\\/fr-fr\\\/\",\"logo\":{\"@type\":\"ImageObject\",\"inLanguage\":\"fr-FR\",\"@id\":\"https:\\\/\\\/www.indeedevents.com\\\/fr-fr\\\/#\\\/schema\\\/logo\\\/image\\\/\",\"url\":\"https:\\\/\\\/www.indeedevents.com\\\/fr-fr\\\/wp-content\\\/uploads\\\/sites\\\/5\\\/2020\\\/04\\\/events-logo-header.png\",\"contentUrl\":\"https:\\\/\\\/www.indeedevents.com\\\/fr-fr\\\/wp-content\\\/uploads\\\/sites\\\/5\\\/2020\\\/04\\\/events-logo-header.png\",\"width\":1200,\"height\":207,\"caption\":\"Indeed Events\"},\"image\":{\"@id\":\"https:\\\/\\\/www.indeedevents.com\\\/fr-fr\\\/#\\\/schema\\\/logo\\\/image\\\/\"}}]}<\/script>\n<!-- \/ Yoast SEO plugin. -->","yoast_head_json":{"title":"Indeed FutureWorks Paris | 7 novembre","description":"Participez \u00e0 la soir\u00e9e annuelle Indeed, d\u00e9di\u00e9e aux Directions des Ressources Humaines en qu\u00eate de perspectives sur l'avenir du travail !","robots":{"index":"noindex","follow":"nofollow"},"og_locale":"fr_FR","og_type":"article","og_title":"Indeed FutureWorks Paris | 7 novembre","og_description":"Participez \u00e0 la soir\u00e9e annuelle Indeed, d\u00e9di\u00e9e aux Directions des Ressources Humaines en qu\u00eate de perspectives sur l'avenir du travail !","og_url":"https:\/\/www.indeedevents.com\/fr-fr\/events\/public-ifw-fr-112024\/","og_site_name":"Indeed Events","article_modified_time":"2025-09-03T19:27:38+00:00","og_image":[{"width":560,"height":387,"url":"https:\/\/www.indeedevents.com\/fr-fr\/wp-content\/uploads\/sites\/5\/2024\/06\/14795-FW-Paris-Webpage-banner-image-3-optimized.jpg","type":"image\/jpeg"}],"twitter_card":"summary_large_image","twitter_misc":{"Dur\u00e9e de lecture estim\u00e9e":"1 minute"},"schema":{"@context":"https:\/\/schema.org","@graph":[{"@type":"WebPage","@id":"https:\/\/www.indeedevents.com\/fr-fr\/events\/public-ifw-fr-112024\/","url":"https:\/\/www.indeedevents.com\/fr-fr\/events\/public-ifw-fr-112024\/","name":"Indeed FutureWorks Paris | 7 novembre","isPartOf":{"@id":"https:\/\/www.indeedevents.com\/fr-fr\/#website"},"primaryImageOfPage":{"@id":"https:\/\/www.indeedevents.com\/fr-fr\/events\/public-ifw-fr-112024\/#primaryimage"},"image":{"@id":"https:\/\/www.indeedevents.com\/fr-fr\/events\/public-ifw-fr-112024\/#primaryimage"},"thumbnailUrl":"https:\/\/www.indeedevents.com\/fr-fr\/wp-content\/uploads\/sites\/5\/2024\/06\/14795-FW-Paris-Webpage-banner-image-3-optimized.jpg","datePublished":"2024-07-11T15:19:48+00:00","dateModified":"2025-09-03T19:27:38+00:00","description":"Participez \u00e0 la soir\u00e9e annuelle Indeed, d\u00e9di\u00e9e aux Directions des Ressources Humaines en qu\u00eate de perspectives sur l'avenir du travail !","breadcrumb":{"@id":"https:\/\/www.indeedevents.com\/fr-fr\/events\/public-ifw-fr-112024\/#breadcrumb"},"inLanguage":"fr-FR","potentialAction":[{"@type":"ReadAction","target":["https:\/\/www.indeedevents.com\/fr-fr\/events\/public-ifw-fr-112024\/"]}]},{"@type":"ImageObject","inLanguage":"fr-FR","@id":"https:\/\/www.indeedevents.com\/fr-fr\/events\/public-ifw-fr-112024\/#primaryimage","url":"https:\/\/www.indeedevents.com\/fr-fr\/wp-content\/uploads\/sites\/5\/2024\/06\/14795-FW-Paris-Webpage-banner-image-3-optimized.jpg","contentUrl":"https:\/\/www.indeedevents.com\/fr-fr\/wp-content\/uploads\/sites\/5\/2024\/06\/14795-FW-Paris-Webpage-banner-image-3-optimized.jpg","width":560,"height":387,"caption":"Three speakers presenting on a stage at an event"},{"@type":"BreadcrumbList","@id":"https:\/\/www.indeedevents.com\/fr-fr\/events\/public-ifw-fr-112024\/#breadcrumb","itemListElement":[{"@type":"ListItem","position":1,"name":"Home","item":"https:\/\/www.indeedevents.com\/fr-fr\/"},{"@type":"ListItem","position":2,"name":"Events","item":"https:\/\/www.indeedevents.com\/fr-fr\/past-events\/"},{"@type":"ListItem","position":3,"name":"Indeed FutureWorks Paris 2024"}]},{"@type":"WebSite","@id":"https:\/\/www.indeedevents.com\/fr-fr\/#website","url":"https:\/\/www.indeedevents.com\/fr-fr\/","name":"France (fran\u00e7ais)","description":"Fran\u00e7ais","publisher":{"@id":"https:\/\/www.indeedevents.com\/fr-fr\/#organization"},"potentialAction":[{"@type":"SearchAction","target":{"@type":"EntryPoint","urlTemplate":"https:\/\/www.indeedevents.com\/fr-fr\/?s={search_term_string}"},"query-input":{"@type":"PropertyValueSpecification","valueRequired":true,"valueName":"search_term_string"}}],"inLanguage":"fr-FR"},{"@type":"Organization","@id":"https:\/\/www.indeedevents.com\/fr-fr\/#organization","name":"Indeed Events","url":"https:\/\/www.indeedevents.com\/fr-fr\/","logo":{"@type":"ImageObject","inLanguage":"fr-FR","@id":"https:\/\/www.indeedevents.com\/fr-fr\/#\/schema\/logo\/image\/","url":"https:\/\/www.indeedevents.com\/fr-fr\/wp-content\/uploads\/sites\/5\/2020\/04\/events-logo-header.png","contentUrl":"https:\/\/www.indeedevents.com\/fr-fr\/wp-content\/uploads\/sites\/5\/2020\/04\/events-logo-header.png","width":1200,"height":207,"caption":"Indeed Events"},"image":{"@id":"https:\/\/www.indeedevents.com\/fr-fr\/#\/schema\/logo\/image\/"}}]}},"_links":{"self":[{"href":"https:\/\/www.indeedevents.com\/fr-fr\/wp-json\/wp\/v2\/events\/88811","targetHints":{"allow":["GET"]}}],"collection":[{"href":"https:\/\/www.indeedevents.com\/fr-fr\/wp-json\/wp\/v2\/events"}],"about":[{"href":"https:\/\/www.indeedevents.com\/fr-fr\/wp-json\/wp\/v2\/types\/events"}],"version-history":[{"count":0,"href":"https:\/\/www.indeedevents.com\/fr-fr\/wp-json\/wp\/v2\/events\/88811\/revisions"}],"wp:featuredmedia":[{"embeddable":true,"href":"https:\/\/www.indeedevents.com\/fr-fr\/wp-json\/wp\/v2\/media\/88810"}],"wp:attachment":[{"href":"https:\/\/www.indeedevents.com\/fr-fr\/wp-json\/wp\/v2\/media?parent=88811"}],"wp:term":[{"taxonomy":"event_section","embeddable":true,"href":"https:\/\/www.indeedevents.com\/fr-fr\/wp-json\/wp\/v2\/event-section?post=88811"},{"taxonomy":"event_format","embeddable":true,"href":"https:\/\/www.indeedevents.com\/fr-fr\/wp-json\/wp\/v2\/event-format?post=88811"},{"taxonomy":"event_type","embeddable":true,"href":"https:\/\/www.indeedevents.com\/fr-fr\/wp-json\/wp\/v2\/event-type?post=88811"},{"taxonomy":"event_topic","embeddable":true,"href":"https:\/\/www.indeedevents.com\/fr-fr\/wp-json\/wp\/v2\/event-topic?post=88811"},{"taxonomy":"event_location","embeddable":true,"href":"https:\/\/www.indeedevents.com\/fr-fr\/wp-json\/wp\/v2\/event-location?post=88811"}],"curies":[{"name":"wp","href":"https:\/\/api.w.org\/{rel}","templated":true}]}}