{"id":88913,"date":"2025-05-20T15:39:16","date_gmt":"2025-05-20T15:39:16","guid":{"rendered":"https:\/\/www.indeedevents.com\/fr-fr\/?post_type=events&#038;p=88913"},"modified":"2025-10-03T12:59:03","modified_gmt":"2025-10-03T12:59:03","slug":"registration-ifw-marseille-102025","status":"publish","type":"events","link":"https:\/\/www.indeedevents.com\/fr-fr\/events\/registration-ifw-marseille-102025\/","title":{"rendered":"Indeed FutureWorks Marseille 2025 &#8211; Registration"},"content":{"rendered":"\n<section class=\"event-header\">\n\t<div class=\"event-header-inner\">\n\t\t<div class=\"event-info\">\n\t\t\t\n\t\t\t<div class=\"event-title\">\n\t\t\t\t<img decoding=\"async\" width=\"1980\" height=\"524\" src=\"https:\/\/www.indeedevents.com\/fr-fr\/wp-content\/uploads\/sites\/5\/2025\/05\/IC-989-FW-Lockup-Marseille-Horizontal-Ink.png\" class=\"image-event-title\" alt=\"Indeed FutureWorks Marseille 2025\" srcset=\"https:\/\/www.indeedevents.com\/fr-fr\/wp-content\/uploads\/sites\/5\/2025\/05\/IC-989-FW-Lockup-Marseille-Horizontal-Ink.png 1980w, https:\/\/www.indeedevents.com\/fr-fr\/wp-content\/uploads\/sites\/5\/2025\/05\/IC-989-FW-Lockup-Marseille-Horizontal-Ink-300x79.png 300w, https:\/\/www.indeedevents.com\/fr-fr\/wp-content\/uploads\/sites\/5\/2025\/05\/IC-989-FW-Lockup-Marseille-Horizontal-Ink-1024x271.png 1024w, https:\/\/www.indeedevents.com\/fr-fr\/wp-content\/uploads\/sites\/5\/2025\/05\/IC-989-FW-Lockup-Marseille-Horizontal-Ink-768x203.png 768w, https:\/\/www.indeedevents.com\/fr-fr\/wp-content\/uploads\/sites\/5\/2025\/05\/IC-989-FW-Lockup-Marseille-Horizontal-Ink-1536x406.png 1536w\" sizes=\"(max-width: 1980px) 100vw, 1980px\" \/>\t\t\t\t<h1 class=\"screen-reader-text\">Indeed FutureWorks Marseille 2025 &#8211; Registration<\/h1>\n\t\t\t<\/div>\n\n\t\t\t\t\t\t\t<div class=\"event-date\">\n\t\t\t\t\t<img decoding=\"async\" class=\"image-event-date skip-lazy\" src=\"\/wp-content\/themes\/indeed-events\/img\/futureworks-2025\/futureworks-2025-icon-date.svg\" loading=\"eager\" alt=\"\" width=\"21\" height=\"20\">\n\t\t\t\t\t2 octobre 2025\t\t\t\t<\/div>\n\t\t\t\n\t\t\t\t\t\t\t<div class=\"event-time\">\n\t\t\t\t\t<img decoding=\"async\" class=\"image-event-time skip-lazy\" src=\"\/wp-content\/themes\/indeed-events\/img\/futureworks-2025\/futureworks-2025-icon-time.svg\" loading=\"eager\" alt=\"\" width=\"21\" height=\"20\">\n\t\t\t\t\t18 h\u201322 h\t\t\t\t<\/div>\n\t\t\t\n\t\t\t\t\t\t\t<div class=\"event-venue\">\n\t\t\t\t\t<img decoding=\"async\" class=\"image-event-venue skip-lazy\" src=\"\/wp-content\/themes\/indeed-events\/img\/futureworks-2025\/futureworks-2025-icon-venue.svg\" loading=\"eager\" alt=\"\" width=\"21\" height=\"20\">\n\t\t\t\t\tGrand Central\t\t\t\t<\/div>\n\t\t\t\n\t\t\t<div class=\"event-content\">\n\t\t\t\t\n\n<p>Retrouvez les experts d\u2019Indeed \u00e0 Marseille pour une soir\u00e9e exclusive d\u00e9di\u00e9e au recrutement et aux tendances du march\u00e9 de l\u2019emploi.<\/p>\n\n\n\t\t\t<\/div>\n\n\t\t\t\t\t<\/div>\n\n\t\t\t\t\t<div class=\"event-image\">\n\t\t\t\t<img fetchpriority=\"high\" decoding=\"async\" width=\"800\" height=\"533\" src=\"https:\/\/www.indeedevents.com\/fr-fr\/wp-content\/uploads\/sites\/5\/2025\/06\/WEB-First-Agency-Event-Indeed-Future-Works-Paris-2024-opt-jpg.webp\" class=\"attachment-event-featured-image-large size-event-featured-image-large wp-post-image skip-lazy wp-post-image\" alt=\"Un large public regardant un conf\u00e9rencier lors d&#039;un \u00e9v\u00e9nement FutureWorks\" loading=\"eager\" srcset=\"https:\/\/www.indeedevents.com\/fr-fr\/wp-content\/uploads\/sites\/5\/2025\/06\/WEB-First-Agency-Event-Indeed-Future-Works-Paris-2024-opt-jpg.webp 800w, https:\/\/www.indeedevents.com\/fr-fr\/wp-content\/uploads\/sites\/5\/2025\/06\/WEB-First-Agency-Event-Indeed-Future-Works-Paris-2024-opt-300x200-jpg.webp 300w, https:\/\/www.indeedevents.com\/fr-fr\/wp-content\/uploads\/sites\/5\/2025\/06\/WEB-First-Agency-Event-Indeed-Future-Works-Paris-2024-opt-768x512-jpg.webp 768w\" sizes=\"(max-width: 800px) 100vw, 800px\" \/>\t\t\t<\/div>\n\t\t\t<\/div>\n<\/section>\n\n\n\n<div class=\"wp-block-cover\" style=\"min-height:420px;aspect-ratio:unset;\" id=\"about\"><span aria-hidden=\"true\" class=\"wp-block-cover__background has-futureworks-2025-brand-blue-background-color has-background-dim-100 has-background-dim\"><\/span><div class=\"wp-block-cover__inner-container is-layout-flow wp-block-cover-is-layout-flow\">\n<div class=\"wp-block-group is-style-futureworks futureworks-about is-layout-constrained wp-block-group-is-layout-constrained\">\n<div class=\"wp-block-columns are-vertically-aligned-top is-layout-flex wp-container-core-columns-is-layout-9d6595d7 wp-block-columns-is-layout-flex\">\n<div class=\"wp-block-column is-vertically-aligned-top is-layout-flow wp-block-column-is-layout-flow\" style=\"flex-basis:33%\">\n<h2 class=\"wp-block-heading h3 mt-0 is-style-overline\">\u00c0 propos de l\u2019\u00e9v\u00e9nement<\/h2>\n<\/div>\n\n\n\n<div class=\"wp-block-column is-vertically-aligned-top is-layout-flow wp-block-column-is-layout-flow\" style=\"flex-basis:67%\">\n<p class=\"mt-20px\">Indeed FutureWorks Marseille, c\u2019est un rendez-vous d\u00e9di\u00e9 aux DRH et d\u00e9cideurs RH de la r\u00e9gion, pour prendre de la hauteur sur les grandes \u00e9volutions du recrutement et du march\u00e9 du travail.<br><\/p>\n\n\n\n<p class=\"mt-20px\">Au programme : des interventions inspirantes, des donn\u00e9es in\u00e9dites sur l\u2019emploi en r\u00e9gion Sud, un \u00e9clairage sur les innovations technologiques en cours, et un moment privil\u00e9gi\u00e9 pour \u00e9changer entre pairs.<\/p>\n<\/div>\n<\/div>\n<\/div>\n<\/div><\/div>\n\n\n\n<div class=\"wp-block-cover\" id=\"video\"><span aria-hidden=\"true\" class=\"wp-block-cover__background has-futureworks-2025-brand-blue-background-color has-background-dim-100 has-background-dim\"><\/span><div class=\"wp-block-cover__inner-container is-layout-flow wp-block-cover-is-layout-flow\">\n<div class=\"wp-block-group alignfull is-style-futureworks futureworks-video is-layout-constrained wp-block-group-is-layout-constrained\">\n<div class=\"wp-block-columns are-vertically-aligned-top is-layout-flex wp-container-core-columns-is-layout-9d6595d7 wp-block-columns-is-layout-flex\">\n<div class=\"wp-block-column is-vertically-aligned-top is-layout-flow wp-block-column-is-layout-flow\" style=\"flex-basis:32%\">\n<h2 class=\"wp-block-heading h3 mt-0 is-style-overline\">Retour sur l\u2019\u00e9dition 2024 d\u2019Indeed Future Works \u00e0 Paris<\/h2>\n<\/div>\n\n\n\n<div class=\"wp-block-column is-vertically-aligned-top is-layout-flow wp-block-column-is-layout-flow\" style=\"flex-basis:68.5%\">\n<p class=\"mt-20px\">D\u00e9couvrez en image la soir\u00e9e d\u2019Indeed FutureWorks Paris, qui s\u2019est tenue \u00e0 la Ga\u00eet\u00e9 Lyrique en novembre 2024.<\/p>\n<\/div>\n<\/div>\n\n\n\n<div style=\"height:50px\" aria-hidden=\"true\" class=\"wp-block-spacer\"><\/div>\n\n\n\t<section class=\"event-presentations event-presentations--light\">\n\t\t<div class=\"event-presentations__list \">\n\t\t\t\t\t\t\t<div>\n\t\t\t\t\t\t\t\t\t\t\t\t\t\t\t\t\t<div class=\"wistia-container wistia-lazyload\" style=\"\">\n\t\t\t\t\t\t\t<div data-video-id=\"ryzwlncdpq\"><\/div>\n\t\t\t\t\t\t<\/div>\n\t\t\t\t\t\t\t\t\t\t<div class=\"presentation-meta\">\n\t\t\t\t\t\t\t\t\t\t\t\t\t\t\t\t\t\t\t\t\t\t\t<\/div>\n\t\t\t\t<\/div>\n\t\t\t\t\t<\/div>\n\t<\/section>\n\n\n\n<div style=\"height:50px\" aria-hidden=\"true\" class=\"wp-block-spacer is-style-desktop-only\"><\/div>\n<\/div>\n<\/div><\/div>\n\n\n\n<div class=\"wp-block-cover is-light\" id=\"speakers\"><span aria-hidden=\"true\" class=\"wp-block-cover__background has-futureworks-2025-earth-background-color has-background-dim-100 has-background-dim\"><\/span><div class=\"wp-block-cover__inner-container is-layout-flow wp-block-cover-is-layout-flow\">\n<div style=\"height:30px\" aria-hidden=\"true\" class=\"wp-block-spacer is-style-default\"><\/div>\n\n\n\n<div class=\"wp-block-group alignwide futureworks-2025-speakers is-style-futureworks is-layout-constrained wp-block-group-is-layout-constrained\">\n<div class=\"wp-block-columns are-vertically-aligned-top is-layout-flex wp-container-core-columns-is-layout-9d6595d7 wp-block-columns-is-layout-flex\">\n<div class=\"wp-block-column is-vertically-aligned-top is-layout-flow wp-block-column-is-layout-flow\" style=\"flex-basis:33%\">\n<h2 class=\"wp-block-heading h3 mt-0 is-style-overline\">Les intervenants<\/h2>\n<\/div>\n\n\n\n<div class=\"wp-block-column is-vertically-aligned-top is-layout-flow wp-block-column-is-layout-flow\" style=\"flex-basis:67%\"><\/div>\n<\/div>\n\n\n<div class=\"block-futureworks-speakers\" id=\"futureworks-speakers-block_ebc6bc985cbfe65fb27f6acced95c0fb\">\n    <div class=\"futureworks-speakers-slider\">\n\t\t\t\t\t\t<div class=\"futureworks-speakers-slider__item\">\n\t\t\t\t\t<button data-target=\"modal-roland-gomez\" class=\"futureworks-speakers-slider__trigger js-modal\"><span class=\"screen-reader-text\">Pr\u00e9sident<\/span><\/button>\n\t\t\t\t\t<div class=\"portrait has-futureworks-2025-blue-background-color\">\n\t\t\t\t\t\t\t\t\t\t\t\t<div class=\"portrait-inner has-futureworks-2025-aqua-background-color\" style=\"background-image: url('https:\/\/www.indeedevents.com\/fr-fr\/wp-content\/uploads\/sites\/5\/2025\/05\/Roland-GOMEZ-President-PROMAN-cut-shadow-600x600.png)');\"><\/div>\n\t\t\t\t\t<\/div>\n\t\t\t\t\t<div class=\"futureworks-speakers-slider__info\">\n\t\t\t\t\t\t<h4 class=\"wp-block-heading\">Roland Gomez<\/h4>\n\t\t\t\t\t\t\t\t\t\t\t\t\t<p>Pr\u00e9sident<\/p>\n\t\t\t\t\t\t\t\t\t\t\t\t\t\t\t\t\t\t\t<p>PROMAN<\/p>\n\t\t\t\t\t\t\t\t\t\t\t<\/div>\n\t\t\t\t<\/div>\n\t\t\t\t\t\t\t\t<div class=\"futureworks-speakers-slider__item\">\n\t\t\t\t\t<button data-target=\"modal-chantal-lasnier\" class=\"futureworks-speakers-slider__trigger js-modal\"><span class=\"screen-reader-text\">Directrice d\u00e9l\u00e9gu\u00e9e Talent et Diversit\u00e9<\/span><\/button>\n\t\t\t\t\t<div class=\"portrait has-futureworks-2025-brand-blue-background-color\">\n\t\t\t\t\t\t\t\t\t\t\t\t<div class=\"portrait-inner has-futureworks-2025-blue-background-color\" style=\"background-image: url('https:\/\/www.indeedevents.com\/fr-fr\/wp-content\/uploads\/sites\/5\/2025\/05\/Chantal-Lasnier-headshot-shadow-600x600.png)');\"><\/div>\n\t\t\t\t\t<\/div>\n\t\t\t\t\t<div class=\"futureworks-speakers-slider__info\">\n\t\t\t\t\t\t<h4 class=\"wp-block-heading\">Chantal Lasnier<\/h4>\n\t\t\t\t\t\t\t\t\t\t\t\t\t<p>Directrice d\u00e9l\u00e9gu\u00e9e Talent et Diversit\u00e9<\/p>\n\t\t\t\t\t\t\t\t\t\t\t\t\t\t\t\t\t\t\t<p>Comit\u00e9 d\u2019Organisation Paris 2024<\/p>\n\t\t\t\t\t\t\t\t\t\t\t<\/div>\n\t\t\t\t<\/div>\n\t\t\t\t\t\t\t\t<div class=\"futureworks-speakers-slider__item\">\n\t\t\t\t\t<button data-target=\"modal-amandine-fossard\" class=\"futureworks-speakers-slider__trigger js-modal\"><span class=\"screen-reader-text\">Directrice des Ressources Humaines<\/span><\/button>\n\t\t\t\t\t<div class=\"portrait has-futureworks-2025-aqua-background-color\">\n\t\t\t\t\t\t\t\t\t\t\t\t<div class=\"portrait-inner has-futureworks-2025-ink-blue-background-color\" style=\"background-image: url('https:\/\/www.indeedevents.com\/fr-fr\/wp-content\/uploads\/sites\/5\/2025\/05\/Amandine-Fossard-cut-shadow.png)');\"><\/div>\n\t\t\t\t\t<\/div>\n\t\t\t\t\t<div class=\"futureworks-speakers-slider__info\">\n\t\t\t\t\t\t<h4 class=\"wp-block-heading\">Amandine Fossard<\/h4>\n\t\t\t\t\t\t\t\t\t\t\t\t\t<p>Directrice des Ressources Humaines<\/p>\n\t\t\t\t\t\t\t\t\t\t\t\t\t\t\t\t\t\t\t<p>France Airbus Helicopters<\/p>\n\t\t\t\t\t\t\t\t\t\t\t<\/div>\n\t\t\t\t<\/div>\n\t\t\t\t\t\t\t\t<div class=\"futureworks-speakers-slider__item\">\n\t\t\t\t\t<button data-target=\"modal-matthieu-eloy\" class=\"futureworks-speakers-slider__trigger js-modal\"><span class=\"screen-reader-text\">Directeur g\u00e9n\u00e9ral<\/span><\/button>\n\t\t\t\t\t<div class=\"portrait has-futureworks-2025-ink-blue-background-color\">\n\t\t\t\t\t\t\t\t\t\t\t\t<div class=\"portrait-inner has-futureworks-2025-blue-background-color\" style=\"background-image: url('https:\/\/www.indeedevents.com\/fr-fr\/wp-content\/uploads\/sites\/5\/2025\/05\/Matthieu-Eloy-cutout-shadow-opt-600x600.png)');\"><\/div>\n\t\t\t\t\t<\/div>\n\t\t\t\t\t<div class=\"futureworks-speakers-slider__info\">\n\t\t\t\t\t\t<h4 class=\"wp-block-heading\">Matthieu Eloy<\/h4>\n\t\t\t\t\t\t\t\t\t\t\t\t\t<p>Directeur g\u00e9n\u00e9ral<\/p>\n\t\t\t\t\t\t\t\t\t\t\t\t\t\t\t\t\t\t\t<p>Indeed France<\/p>\n\t\t\t\t\t\t\t\t\t\t\t<\/div>\n\t\t\t\t<\/div>\n\t\t\t\t\t\t\t\t<div class=\"futureworks-speakers-slider__item\">\n\t\t\t\t\t<button data-target=\"modal-eric-gras\" class=\"futureworks-speakers-slider__trigger js-modal\"><span class=\"screen-reader-text\">Sp\u00e9cialiste du march\u00e9 de l\u2019emploi<\/span><\/button>\n\t\t\t\t\t<div class=\"portrait has-futureworks-2025-blue-background-color\">\n\t\t\t\t\t\t\t\t\t\t\t\t<div class=\"portrait-inner has-futureworks-2025-brand-blue-background-color\" style=\"background-image: url('https:\/\/www.indeedevents.com\/fr-fr\/wp-content\/uploads\/sites\/5\/2025\/05\/Eric-Gras-cutout-shadow-opt-600x600.png)');\"><\/div>\n\t\t\t\t\t<\/div>\n\t\t\t\t\t<div class=\"futureworks-speakers-slider__info\">\n\t\t\t\t\t\t<h4 class=\"wp-block-heading\">Eric Gras<\/h4>\n\t\t\t\t\t\t\t\t\t\t\t\t\t<p>Sp\u00e9cialiste du march\u00e9 de l\u2019emploi<\/p>\n\t\t\t\t\t\t\t\t\t\t\t\t\t\t\t\t\t\t\t<p>Indeed France<\/p>\n\t\t\t\t\t\t\t\t\t\t\t<\/div>\n\t\t\t\t<\/div>\n\t\t\t\t\t\t\t\t<div class=\"futureworks-speakers-slider__item\">\n\t\t\t\t\t<button data-target=\"modal-thibault-maire\" class=\"futureworks-speakers-slider__trigger js-modal\"><span class=\"screen-reader-text\">Expert en strat\u00e9gie, clients internationaux<\/span><\/button>\n\t\t\t\t\t<div class=\"portrait has-futureworks-2025-brand-blue-background-color\">\n\t\t\t\t\t\t\t\t\t\t\t\t<div class=\"portrait-inner has-futureworks-2025-aqua-background-color\" style=\"background-image: url('https:\/\/www.indeedevents.com\/fr-fr\/wp-content\/uploads\/sites\/5\/2025\/05\/Thibault-Maire-cutout-shadow-opt-600x600.png)');\"><\/div>\n\t\t\t\t\t<\/div>\n\t\t\t\t\t<div class=\"futureworks-speakers-slider__info\">\n\t\t\t\t\t\t<h4 class=\"wp-block-heading\">Thibault Maire<\/h4>\n\t\t\t\t\t\t\t\t\t\t\t\t\t<p>Expert en strat\u00e9gie, clients internationaux<\/p>\n\t\t\t\t\t\t\t\t\t\t\t\t\t\t\t\t\t\t\t<p>Indeed France<\/p>\n\t\t\t\t\t\t\t\t\t\t\t<\/div>\n\t\t\t\t<\/div>\n\t\t\t\t\t<\/div>\n\t\t\t\t<div id=\"modal-roland-gomez\" class=\"modal\">\n\t\t\t\t<div class=\"modal-overlay\"><\/div>\n\t\t\t\t<div class=\"modal-content\">\n\t\t\t\t\t<div class=\"modal-header\">\n\t\t\t\t\t\t<a href=\"#\" class=\"js-modal-close\">\n\t\t\t\t\t\t\t<span class=\"screen-reader-text\">Close overlay.<\/span>\n\t\t\t\t\t\t\t<svg xmlns=\"http:\/\/www.w3.org\/2000\/svg\" viewBox=\"0 0 384 512\">\n\t\t\t\t\t\t\t\t<path fill=\"#ffffff\" d=\"M342.6 150.6c12.5-12.5 12.5-32.8 0-45.3s-32.8-12.5-45.3 0L192 210.7 86.6 105.4c-12.5-12.5-32.8-12.5-45.3 0s-12.5 32.8 0 45.3L146.7 256 41.4 361.4c-12.5 12.5-12.5 32.8 0 45.3s32.8 12.5 45.3 0L192 301.3 297.4 406.6c12.5 12.5 32.8 12.5 45.3 0s12.5-32.8 0-45.3L237.3 256 342.6 150.6z\"\/>\n\t\t\t\t\t\t\t<\/svg>\n\t\t\t\t\t\t<\/a>\n\t\t\t\t\t<\/div>\n\t\t\t\t\t<div class=\"modal-content__row\">\n\t\t\t\t\t\t<div class=\"modal-content__image portrait\">\n\t\t\t\t\t\t\t\t\t\t\t\t\t\t<div class=\"portrait-inner\" style=\"background-image: url('https:\/\/www.indeedevents.com\/fr-fr\/wp-content\/uploads\/sites\/5\/2025\/05\/Roland-GOMEZ-President-PROMAN-cut-shadow-600x600.png)');\"><\/div>\n\t\t\t\t\t\t<\/div>\n\t\t\t\t\t\t<div class=\"modal-content__bio\">\n\t\t\t\t\t\t\t<h4>Roland Gomez<\/h4>\n\t\t\t\t\t\t\t\t\t\t\t\t\t\t\t<p class=\"speaker-title\">Pr\u00e9sident<\/p>\n\t\t\t\t\t\t\t\t\t\t\t\t\t\t\t\t\t\t\t\t\t\t<p class=\"speaker-company\">PROMAN<\/p>\n\t\t\t\t\t\t\t\t\t\t\t\t\t\t<p>Roland Gomez a rejoint l\u2019aventure PROMAN d\u00e8s les premi\u00e8res heures en 1990. Il est aujourd\u2019hui le Pr\u00e9sident du Groupe, 4eme acteur de l\u2019int\u00e9rim et du recrutement en Europe et toujours 100% familial et ind\u00e9pendant. PROMAN a la croissance dans la peau mais s\u2019attache \u00e0 conserver son ADN diff\u00e9renciant !<\/p>\n\t\t\t\t\t\t<\/div>\n\t\t\t\t\t<\/div>\n\t\t\t\t<\/div>\n\t\t\t<\/div>\n\t\t\t\t\t\t<div id=\"modal-chantal-lasnier\" class=\"modal\">\n\t\t\t\t<div class=\"modal-overlay\"><\/div>\n\t\t\t\t<div class=\"modal-content\">\n\t\t\t\t\t<div class=\"modal-header\">\n\t\t\t\t\t\t<a href=\"#\" class=\"js-modal-close\">\n\t\t\t\t\t\t\t<span class=\"screen-reader-text\">Close overlay.<\/span>\n\t\t\t\t\t\t\t<svg xmlns=\"http:\/\/www.w3.org\/2000\/svg\" viewBox=\"0 0 384 512\">\n\t\t\t\t\t\t\t\t<path fill=\"#ffffff\" d=\"M342.6 150.6c12.5-12.5 12.5-32.8 0-45.3s-32.8-12.5-45.3 0L192 210.7 86.6 105.4c-12.5-12.5-32.8-12.5-45.3 0s-12.5 32.8 0 45.3L146.7 256 41.4 361.4c-12.5 12.5-12.5 32.8 0 45.3s32.8 12.5 45.3 0L192 301.3 297.4 406.6c12.5 12.5 32.8 12.5 45.3 0s12.5-32.8 0-45.3L237.3 256 342.6 150.6z\"\/>\n\t\t\t\t\t\t\t<\/svg>\n\t\t\t\t\t\t<\/a>\n\t\t\t\t\t<\/div>\n\t\t\t\t\t<div class=\"modal-content__row\">\n\t\t\t\t\t\t<div class=\"modal-content__image portrait\">\n\t\t\t\t\t\t\t\t\t\t\t\t\t\t<div class=\"portrait-inner\" style=\"background-image: url('https:\/\/www.indeedevents.com\/fr-fr\/wp-content\/uploads\/sites\/5\/2025\/05\/Chantal-Lasnier-headshot-shadow-600x600.png)');\"><\/div>\n\t\t\t\t\t\t<\/div>\n\t\t\t\t\t\t<div class=\"modal-content__bio\">\n\t\t\t\t\t\t\t<h4>Chantal Lasnier<\/h4>\n\t\t\t\t\t\t\t\t\t\t\t\t\t\t\t<p class=\"speaker-title\">Directrice d\u00e9l\u00e9gu\u00e9e Talent et Diversit\u00e9<\/p>\n\t\t\t\t\t\t\t\t\t\t\t\t\t\t\t\t\t\t\t\t\t\t<p class=\"speaker-company\">Comit\u00e9 d\u2019Organisation Paris 2024<\/p>\n\t\t\t\t\t\t\t\t\t\t\t\t\t\t<p>Chantal a plus de 20 ans d&rsquo;exp\u00e9rience dans le management des talents. En tant que Directrice D\u00e9l\u00e9gu\u00e9e Talent et Diversit\u00e9 au Comit\u00e9 d&rsquo;Organisation des Jeux Olympiques et Paralympiques de Paris 2024 pendant 6 ans, elle a jou\u00e9 un r\u00f4le cl\u00e9 dans la construction et le d\u00e9veloppement d&rsquo;une \u00e9quipe de 4200 collaborateurs. Son parcours inclut des postes strat\u00e9giques chez Marionnaud, Apple Retail, et le Groupe Danone, o\u00f9 elle a pilot\u00e9 des projets ambitieux de recrutement, de d\u00e9veloppement des talents, et de transformation RH. Passionn\u00e9e par l&rsquo;innovation et l&rsquo;inclusion, elle a mis en place des processus de recrutement atypiques et des politiques RH adapt\u00e9es aux d\u00e9fis modernes.<\/p>\n\t\t\t\t\t\t<\/div>\n\t\t\t\t\t<\/div>\n\t\t\t\t<\/div>\n\t\t\t<\/div>\n\t\t\t\t\t\t<div id=\"modal-amandine-fossard\" class=\"modal\">\n\t\t\t\t<div class=\"modal-overlay\"><\/div>\n\t\t\t\t<div class=\"modal-content\">\n\t\t\t\t\t<div class=\"modal-header\">\n\t\t\t\t\t\t<a href=\"#\" class=\"js-modal-close\">\n\t\t\t\t\t\t\t<span class=\"screen-reader-text\">Close overlay.<\/span>\n\t\t\t\t\t\t\t<svg xmlns=\"http:\/\/www.w3.org\/2000\/svg\" viewBox=\"0 0 384 512\">\n\t\t\t\t\t\t\t\t<path fill=\"#ffffff\" d=\"M342.6 150.6c12.5-12.5 12.5-32.8 0-45.3s-32.8-12.5-45.3 0L192 210.7 86.6 105.4c-12.5-12.5-32.8-12.5-45.3 0s-12.5 32.8 0 45.3L146.7 256 41.4 361.4c-12.5 12.5-12.5 32.8 0 45.3s32.8 12.5 45.3 0L192 301.3 297.4 406.6c12.5 12.5 32.8 12.5 45.3 0s12.5-32.8 0-45.3L237.3 256 342.6 150.6z\"\/>\n\t\t\t\t\t\t\t<\/svg>\n\t\t\t\t\t\t<\/a>\n\t\t\t\t\t<\/div>\n\t\t\t\t\t<div class=\"modal-content__row\">\n\t\t\t\t\t\t<div class=\"modal-content__image portrait\">\n\t\t\t\t\t\t\t\t\t\t\t\t\t\t<div class=\"portrait-inner\" style=\"background-image: url('https:\/\/www.indeedevents.com\/fr-fr\/wp-content\/uploads\/sites\/5\/2025\/05\/Amandine-Fossard-cut-shadow.png)');\"><\/div>\n\t\t\t\t\t\t<\/div>\n\t\t\t\t\t\t<div class=\"modal-content__bio\">\n\t\t\t\t\t\t\t<h4>Amandine Fossard<\/h4>\n\t\t\t\t\t\t\t\t\t\t\t\t\t\t\t<p class=\"speaker-title\">Directrice des Ressources Humaines<\/p>\n\t\t\t\t\t\t\t\t\t\t\t\t\t\t\t\t\t\t\t\t\t\t<p class=\"speaker-company\">France Airbus Helicopters<\/p>\n\t\t\t\t\t\t\t\t\t\t\t\t\t\t<p>Dipl\u00f4m\u00e9e du Master RH de l&rsquo;IAE d&rsquo;Aix en Provence, Amandine a plus de 20 ans d&rsquo;exp\u00e9rience dans les ressources humaines au sein de grands groupes industriels.<\/p>\n<p>Depuis son arriv\u00e9e chez Airbus Helicopters en 2011, elle a accompagn\u00e9 l&rsquo;\u00e9volution de diff\u00e9rentes fonctions dans des contextes de transformation majeure.<\/p>\n<p>Avec la conviction que la croissance industrielle est essentielle en France, elle met son \u00e9nergie au service du renforcement de la fili\u00e8re h\u00e9licopt\u00e8re, favorisant ainsi le d\u00e9veloppement des talents, la cr\u00e9ation d&#8217;emplois durables et le dynamisme du secteur a\u00e9ronautique sur le territoire.<\/p>\n\t\t\t\t\t\t<\/div>\n\t\t\t\t\t<\/div>\n\t\t\t\t<\/div>\n\t\t\t<\/div>\n\t\t\t\t\t\t<div id=\"modal-matthieu-eloy\" class=\"modal\">\n\t\t\t\t<div class=\"modal-overlay\"><\/div>\n\t\t\t\t<div class=\"modal-content\">\n\t\t\t\t\t<div class=\"modal-header\">\n\t\t\t\t\t\t<a href=\"#\" class=\"js-modal-close\">\n\t\t\t\t\t\t\t<span class=\"screen-reader-text\">Close overlay.<\/span>\n\t\t\t\t\t\t\t<svg xmlns=\"http:\/\/www.w3.org\/2000\/svg\" viewBox=\"0 0 384 512\">\n\t\t\t\t\t\t\t\t<path fill=\"#ffffff\" d=\"M342.6 150.6c12.5-12.5 12.5-32.8 0-45.3s-32.8-12.5-45.3 0L192 210.7 86.6 105.4c-12.5-12.5-32.8-12.5-45.3 0s-12.5 32.8 0 45.3L146.7 256 41.4 361.4c-12.5 12.5-12.5 32.8 0 45.3s32.8 12.5 45.3 0L192 301.3 297.4 406.6c12.5 12.5 32.8 12.5 45.3 0s12.5-32.8 0-45.3L237.3 256 342.6 150.6z\"\/>\n\t\t\t\t\t\t\t<\/svg>\n\t\t\t\t\t\t<\/a>\n\t\t\t\t\t<\/div>\n\t\t\t\t\t<div class=\"modal-content__row\">\n\t\t\t\t\t\t<div class=\"modal-content__image portrait\">\n\t\t\t\t\t\t\t\t\t\t\t\t\t\t<div class=\"portrait-inner\" style=\"background-image: url('https:\/\/www.indeedevents.com\/fr-fr\/wp-content\/uploads\/sites\/5\/2025\/05\/Matthieu-Eloy-cutout-shadow-opt-600x600.png)');\"><\/div>\n\t\t\t\t\t\t<\/div>\n\t\t\t\t\t\t<div class=\"modal-content__bio\">\n\t\t\t\t\t\t\t<h4>Matthieu Eloy<\/h4>\n\t\t\t\t\t\t\t\t\t\t\t\t\t\t\t<p class=\"speaker-title\">Directeur g\u00e9n\u00e9ral<\/p>\n\t\t\t\t\t\t\t\t\t\t\t\t\t\t\t\t\t\t\t\t\t\t<p class=\"speaker-company\">Indeed France<\/p>\n\t\t\t\t\t\t\t\t\t\t\t\t\t\t<p>Dipl\u00f4m\u00e9 de l\u2019ESSEC BBA, Matthieu Eloy a dirig\u00e9 plusieurs agences digitales en Europe avant de rejoindre Google en 2012, o\u00f9 il accompagne la transition digitale de grands groupes. Depuis 2019, il pilote Indeed France, avec une vision nourrie par 20 ans d\u2019exp\u00e9rience entre innovation, strat\u00e9gie et d\u00e9veloppement international.<\/p>\n\t\t\t\t\t\t<\/div>\n\t\t\t\t\t<\/div>\n\t\t\t\t<\/div>\n\t\t\t<\/div>\n\t\t\t\t\t\t<div id=\"modal-eric-gras\" class=\"modal\">\n\t\t\t\t<div class=\"modal-overlay\"><\/div>\n\t\t\t\t<div class=\"modal-content\">\n\t\t\t\t\t<div class=\"modal-header\">\n\t\t\t\t\t\t<a href=\"#\" class=\"js-modal-close\">\n\t\t\t\t\t\t\t<span class=\"screen-reader-text\">Close overlay.<\/span>\n\t\t\t\t\t\t\t<svg xmlns=\"http:\/\/www.w3.org\/2000\/svg\" viewBox=\"0 0 384 512\">\n\t\t\t\t\t\t\t\t<path fill=\"#ffffff\" d=\"M342.6 150.6c12.5-12.5 12.5-32.8 0-45.3s-32.8-12.5-45.3 0L192 210.7 86.6 105.4c-12.5-12.5-32.8-12.5-45.3 0s-12.5 32.8 0 45.3L146.7 256 41.4 361.4c-12.5 12.5-12.5 32.8 0 45.3s32.8 12.5 45.3 0L192 301.3 297.4 406.6c12.5 12.5 32.8 12.5 45.3 0s12.5-32.8 0-45.3L237.3 256 342.6 150.6z\"\/>\n\t\t\t\t\t\t\t<\/svg>\n\t\t\t\t\t\t<\/a>\n\t\t\t\t\t<\/div>\n\t\t\t\t\t<div class=\"modal-content__row\">\n\t\t\t\t\t\t<div class=\"modal-content__image portrait\">\n\t\t\t\t\t\t\t\t\t\t\t\t\t\t<div class=\"portrait-inner\" style=\"background-image: url('https:\/\/www.indeedevents.com\/fr-fr\/wp-content\/uploads\/sites\/5\/2025\/05\/Eric-Gras-cutout-shadow-opt-600x600.png)');\"><\/div>\n\t\t\t\t\t\t<\/div>\n\t\t\t\t\t\t<div class=\"modal-content__bio\">\n\t\t\t\t\t\t\t<h4>Eric Gras<\/h4>\n\t\t\t\t\t\t\t\t\t\t\t\t\t\t\t<p class=\"speaker-title\">Sp\u00e9cialiste du march\u00e9 de l\u2019emploi<\/p>\n\t\t\t\t\t\t\t\t\t\t\t\t\t\t\t\t\t\t\t\t\t\t<p class=\"speaker-company\">Indeed France<\/p>\n\t\t\t\t\t\t\t\t\t\t\t\t\t\t<p>Dipl\u00f4m\u00e9 de Sciences Po Aix, Eric Gras cumule plus de 25 ans d\u2019exp\u00e9rience dans les ressources humaines. Apr\u00e8s avoir exerc\u00e9 chez Adecco, BPI Group, \u00e0 l\u2019AFPA et Talentpeople, il rejoint Indeed en 2018. Il met \u00e0 profit son exp\u00e9rience aupr\u00e8s de PME et grandes entreprises pour analyser, \u00e0 partir des donn\u00e9es et \u00e9tudes, les dynamiques et tendances du march\u00e9 de l\u2019emploi.<\/p>\n\t\t\t\t\t\t<\/div>\n\t\t\t\t\t<\/div>\n\t\t\t\t<\/div>\n\t\t\t<\/div>\n\t\t\t\t\t\t<div id=\"modal-thibault-maire\" class=\"modal\">\n\t\t\t\t<div class=\"modal-overlay\"><\/div>\n\t\t\t\t<div class=\"modal-content\">\n\t\t\t\t\t<div class=\"modal-header\">\n\t\t\t\t\t\t<a href=\"#\" class=\"js-modal-close\">\n\t\t\t\t\t\t\t<span class=\"screen-reader-text\">Close overlay.<\/span>\n\t\t\t\t\t\t\t<svg xmlns=\"http:\/\/www.w3.org\/2000\/svg\" viewBox=\"0 0 384 512\">\n\t\t\t\t\t\t\t\t<path fill=\"#ffffff\" d=\"M342.6 150.6c12.5-12.5 12.5-32.8 0-45.3s-32.8-12.5-45.3 0L192 210.7 86.6 105.4c-12.5-12.5-32.8-12.5-45.3 0s-12.5 32.8 0 45.3L146.7 256 41.4 361.4c-12.5 12.5-12.5 32.8 0 45.3s32.8 12.5 45.3 0L192 301.3 297.4 406.6c12.5 12.5 32.8 12.5 45.3 0s12.5-32.8 0-45.3L237.3 256 342.6 150.6z\"\/>\n\t\t\t\t\t\t\t<\/svg>\n\t\t\t\t\t\t<\/a>\n\t\t\t\t\t<\/div>\n\t\t\t\t\t<div class=\"modal-content__row\">\n\t\t\t\t\t\t<div class=\"modal-content__image portrait\">\n\t\t\t\t\t\t\t\t\t\t\t\t\t\t<div class=\"portrait-inner\" style=\"background-image: url('https:\/\/www.indeedevents.com\/fr-fr\/wp-content\/uploads\/sites\/5\/2025\/05\/Thibault-Maire-cutout-shadow-opt-600x600.png)');\"><\/div>\n\t\t\t\t\t\t<\/div>\n\t\t\t\t\t\t<div class=\"modal-content__bio\">\n\t\t\t\t\t\t\t<h4>Thibault Maire<\/h4>\n\t\t\t\t\t\t\t\t\t\t\t\t\t\t\t<p class=\"speaker-title\">Expert en strat\u00e9gie, clients internationaux<\/p>\n\t\t\t\t\t\t\t\t\t\t\t\t\t\t\t\t\t\t\t\t\t\t<p class=\"speaker-company\">Indeed France<\/p>\n\t\t\t\t\t\t\t\t\t\t\t\t\t\t<p>Avec une double exp\u00e9rience dans le e-commerce et le recrutement, Thibault Maire navigue depuis pr\u00e8s de 15 ans au c\u0153ur des transformations num\u00e9riques. Apr\u00e8s plusieurs ann\u00e9es chez eBay, Profitero et LinkedIn, Thibault Maire rejoint Indeed en 2020 en qualit\u00e9 de Talent Strategy Advisor. Il y met \u00e0 profit sa connaissance fine des donn\u00e9es et des usages pour d\u00e9crypter les \u00e9volutions du march\u00e9 de l\u2019emploi.<\/p>\n\t\t\t\t\t\t<\/div>\n\t\t\t\t\t<\/div>\n\t\t\t\t<\/div>\n\t\t\t<\/div>\n\t\t\t<\/div>\n<\/div>\n<\/div><\/div>\n\n\n\n<div class=\"wp-block-cover is-light\" id=\"agenda\"><span aria-hidden=\"true\" class=\"wp-block-cover__background has-background-dim-0 has-background-dim\"><\/span><div class=\"wp-block-cover__inner-container is-layout-flow wp-block-cover-is-layout-flow\">\n<div style=\"height:30px\" aria-hidden=\"true\" class=\"wp-block-spacer is-style-mobile-only\"><\/div>\n\n\n\n<div class=\"wp-block-group is-style-futureworks futureworks-schedule is-layout-constrained wp-block-group-is-layout-constrained\">\n<div style=\"height:50px\" aria-hidden=\"true\" class=\"wp-block-spacer is-style-desktop-only\"><\/div>\n\n\n\n<div class=\"wp-block-columns are-vertically-aligned-top is-layout-flex wp-container-core-columns-is-layout-9d6595d7 wp-block-columns-is-layout-flex\">\n<div class=\"wp-block-column is-vertically-aligned-top is-layout-flow wp-block-column-is-layout-flow\" style=\"flex-basis:33%\">\n<h2 class=\"wp-block-heading h3 mt-0 is-style-overline\">Programme<\/h2>\n<\/div>\n\n\n\n<div class=\"wp-block-column is-vertically-aligned-top is-layout-flow wp-block-column-is-layout-flow\" style=\"flex-basis:67%\">\n<p class=\"mt-20px\"><\/p>\n<\/div>\n<\/div>\n\n\n\n<div class=\"block-futureworks-schedule\" id=\"futureworks-schedule-block_4eb65e5c31f5931404ab5990984400ea\">\n            <p class=\"block-futureworks-schedule__date has-text-color\">Jeudi 2 octobre<\/p>\n        <ul class=\"block-futureworks-schedule__content\">\n        \n\n<li class=\"block-futureworks-schedule-item\" id=\"futureworks-schedule-item-block_a9a6670e0a46767386610d83257ca685\">\n\t<button class=\"block-futureworks-schedule-item__toggle\" aria-label=\"Open details for: Accueil des participants at 18 h.\" >\n\t\t<span class=\"block-futureworks-schedule-item__time\">\n\t\t\t18 h\t\t<\/span>\n\t\t<div class=\"block-futureworks-schedule-item__title\">Accueil des participants<\/div>\n\t<\/button>\n\t<div class=\"block-futureworks-schedule-item__content\" aria-hidden=\"true\" aria-expanded=\"false\">\n\t\t<div class=\"inner-content\"><\/div>\n\t<\/div>\n<\/li>\n\n\n\n<li class=\"block-futureworks-schedule-item\" id=\"futureworks-schedule-item-block_83ee9a66ecf9f1aa14e9e9050bc9307b\">\n\t<button class=\"block-futureworks-schedule-item__toggle\" aria-label=\"Open details for: Ouverture de la soir\u00e9e at 18 h 30.\" >\n\t\t<span class=\"block-futureworks-schedule-item__time\">\n\t\t\t18 h 30\t\t<\/span>\n\t\t<div class=\"block-futureworks-schedule-item__title\">Ouverture de la soir\u00e9e<\/div>\n\t<\/button>\n\t<div class=\"block-futureworks-schedule-item__content\" aria-hidden=\"true\" aria-expanded=\"false\">\n\t\t<div class=\"inner-content\">\n\n<p>Mot de bienvenue par Matthieu Eloy, Directeur G\u00e9n\u00e9ral d\u2019Indeed France.<\/p>\n\n<\/div>\n\t<\/div>\n<\/li>\n\n\n\n<li class=\"block-futureworks-schedule-item\" id=\"futureworks-schedule-item-block_0b52d5b74cedf9471769b733644413a2\">\n\t<button class=\"block-futureworks-schedule-item__toggle\" aria-label=\"Open details for: Enjeux et dynamiques du march\u00e9 de l\u2019emploi en r\u00e9gion Sud at 18 h 45.\" >\n\t\t<span class=\"block-futureworks-schedule-item__time\">\n\t\t\t18 h 45\t\t<\/span>\n\t\t<div class=\"block-futureworks-schedule-item__title\">Enjeux et dynamiques du march\u00e9 de l\u2019emploi en r\u00e9gion Sud<\/div>\n\t<\/button>\n\t<div class=\"block-futureworks-schedule-item__content\" aria-hidden=\"true\" aria-expanded=\"false\">\n\t\t<div class=\"inner-content\">\n\n<p>Analyse des sp\u00e9cificit\u00e9s r\u00e9gionales : tensions sur les recrutements, secteurs en difficult\u00e9, \u00e9volutions des besoins des entreprises et efficacit\u00e9 des outils de sourcing. Pr\u00e9sentation en avant-premi\u00e8re d\u2019une \u00e9tude command\u00e9e par Indeed sur la performance des offres d\u2019emploi sur le territoire Aix-Marseille.<\/p>\n\n<\/div>\n\t<\/div>\n<\/li>\n\n\n\n<li class=\"block-futureworks-schedule-item\" id=\"futureworks-schedule-item-block_86fadbdc486a3d7ab53516d4d59a967e\">\n\t<button class=\"block-futureworks-schedule-item__toggle\" aria-label=\"Open details for: Les solutions Indeed au service de votre strat\u00e9gie RH at 19 h.\" >\n\t\t<span class=\"block-futureworks-schedule-item__time\">\n\t\t\t19 h\t\t<\/span>\n\t\t<div class=\"block-futureworks-schedule-item__title\">Les solutions Indeed au service de votre strat\u00e9gie RH<\/div>\n\t<\/button>\n\t<div class=\"block-futureworks-schedule-item__content\" aria-hidden=\"true\" aria-expanded=\"false\">\n\t\t<div class=\"inner-content\">\n\n<p>Pr\u00e9sentation des outils et bonnes pratiques d\u00e9velopp\u00e9s par Indeed pour accompagner les recruteurs. Focus sur les \u00e9volutions technologiques \u00e0 venir et leur impact sur les pratiques de recrutement.<\/p>\n\n<\/div>\n\t<\/div>\n<\/li>\n\n\n\n<li class=\"block-futureworks-schedule-item\" id=\"futureworks-schedule-item-block_c9b159f0c0ef8288efda9c9662f2b030\">\n\t<button class=\"block-futureworks-schedule-item__toggle\" aria-label=\"Open details for: Innover pour recruter autrement : retour d\u2019exp\u00e9rience d\u2019un acteur en mouvement at 19 h 15.\" >\n\t\t<span class=\"block-futureworks-schedule-item__time\">\n\t\t\t19 h 15\t\t<\/span>\n\t\t<div class=\"block-futureworks-schedule-item__title\">Innover pour recruter autrement : retour d\u2019exp\u00e9rience d\u2019un acteur en mouvement<\/div>\n\t<\/button>\n\t<div class=\"block-futureworks-schedule-item__content\" aria-hidden=\"true\" aria-expanded=\"false\">\n\t\t<div class=\"inner-content\">\n\n<p>Face aux tensions sur le march\u00e9 de l\u2019emploi, PROMAN d\u00e9ploie une strat\u00e9gie d\u2019innovation continue, m\u00ealant exp\u00e9rimentation terrain et pilotage par la data. Fort de 30 ans d\u2019exp\u00e9rience, le groupe partage sa vision d\u2019un recrutement agile, inclusif et performant. Un t\u00e9moignage inspirant pour faire bouger les lignes !<\/p>\n\n<\/div>\n\t<\/div>\n<\/li>\n\n\n\n<li class=\"block-futureworks-schedule-item\" id=\"futureworks-schedule-item-block_4f5b02a1f63caa4907a4772f5b03594c\">\n\t<button class=\"block-futureworks-schedule-item__toggle\" aria-label=\"Open details for: Regards crois\u00e9s : comment attirer, engager et fid\u00e9liser dans un contexte incertain et exigeant ? at 19 h 30.\" >\n\t\t<span class=\"block-futureworks-schedule-item__time\">\n\t\t\t19 h 30\t\t<\/span>\n\t\t<div class=\"block-futureworks-schedule-item__title\">Regards crois\u00e9s : comment attirer, engager et fid\u00e9liser dans un contexte incertain et exigeant ?<\/div>\n\t<\/button>\n\t<div class=\"block-futureworks-schedule-item__content\" aria-hidden=\"true\" aria-expanded=\"false\">\n\t\t<div class=\"inner-content\">\n\n<p>De l\u2019a\u00e9ronautique aux Jeux Olympiques, deux exp\u00e9riences singuli\u00e8res qui \u00e9clairent des enjeux communs : g\u00e9rer un \u00e9cosyst\u00e8me complexe, construire une marque employeur forte, rendre les m\u00e9tiers visibles et attractifs, et d\u00e9velopper l\u2019engagement des \u00e9quipes dans la dur\u00e9e.<\/p>\n\n<\/div>\n\t<\/div>\n<\/li>\n\n\n\n<li class=\"block-futureworks-schedule-item\" id=\"futureworks-schedule-item-block_68bc2afc905624f987847a3ef27c648c\">\n\t<button class=\"block-futureworks-schedule-item__toggle\" aria-label=\"Open details for: Cocktail &#038; Networking at 20 h.\" >\n\t\t<span class=\"block-futureworks-schedule-item__time\">\n\t\t\t20 h\t\t<\/span>\n\t\t<div class=\"block-futureworks-schedule-item__title\">Cocktail &amp; Networking<\/div>\n\t<\/button>\n\t<div class=\"block-futureworks-schedule-item__content\" aria-hidden=\"true\" aria-expanded=\"false\">\n\t\t<div class=\"inner-content\"><\/div>\n\t<\/div>\n<\/li>\n\n\n    <\/ul>\n<\/div>\n\n\n\n<div style=\"height:50px\" aria-hidden=\"true\" class=\"wp-block-spacer is-style-desktop-only\"><\/div>\n<\/div>\n<\/div><\/div>\n\n\n\n<div class=\"wp-block-cover is-light\" id=\"location\"><span aria-hidden=\"true\" class=\"wp-block-cover__background has-futureworks-2025-earth-background-color has-background-dim-100 has-background-dim\"><\/span><div class=\"wp-block-cover__inner-container is-layout-flow wp-block-cover-is-layout-flow\">\n<div style=\"height:50px\" aria-hidden=\"true\" class=\"wp-block-spacer is-style-desktop-only\"><\/div>\n\n\n\n<div class=\"wp-block-group futureworks-location is-layout-constrained wp-block-group-is-layout-constrained\">\n<h2 class=\"wp-block-heading has-text-align-left h3 is-style-overline\">Grand Central<\/h2>\n\n\n\n<p class=\"has-text-align-left\">19 Rue Henri Barbusse, 13001 Marseille<\/p>\n\n\n\t<div class=\"block-futureworks-map\" id=\"futureworks-map-block_549ce8e8bc502f88918089745c5a1e2a\">\n\t\t<div id=\"indeed-event-map\"><\/div>\n\t\t<script>\n\t\t\tconst gmap = {\"address\":\"19 Rue Henri Barbusse, 13001 Marseille, France\",\"lat\":43.2983732,\"lng\":5.373805,\"zoom\":14,\"place_id\":\"ChIJc6xyjr_AyRIRsoql6vTKgRY\",\"street_number\":\"19\",\"street_name\":\"Rue Henri Barbusse\",\"city\":\"Marseille\",\"state\":\"Provence-Alpes-C\\u00f4te d'Azur\",\"post_code\":\"13001\",\"country\":\"France\",\"country_short\":\"FR\"};\n\t\t<\/script>\n\t<\/div>\n\t<\/div>\n<\/div><\/div>\n\n\n\n<div class=\"wp-block-cover is-light\" id=\"register\"><span aria-hidden=\"true\" class=\"wp-block-cover__background has-futureworks-2025-earth-background-color has-background-dim-100 has-background-dim\"><\/span><div class=\"wp-block-cover__inner-container is-layout-flow wp-block-cover-is-layout-flow\">\n<div class=\"wp-block-group is-style-futureworks futureworks-schedule is-layout-constrained wp-block-group-is-layout-constrained\">\n<div class=\"wp-block-columns are-vertically-aligned-top is-layout-flex wp-container-core-columns-is-layout-9d6595d7 wp-block-columns-is-layout-flex\">\n<div class=\"wp-block-column is-vertically-aligned-top is-layout-flow wp-block-column-is-layout-flow\" style=\"flex-basis:33%\">\n<h2 class=\"wp-block-heading h3 mt-0 is-style-overline\">Inscription<\/h2>\n<\/div>\n\n\n\n<div class=\"wp-block-column is-vertically-aligned-top is-layout-flow wp-block-column-is-layout-flow\" style=\"flex-basis:67%\">\n<p class=\"mt-20px\">Cet \u00e9v\u00e9nement est complet, les inscriptions sont d\u00e9sormais closes. N\u2019h\u00e9sitez pas \u00e0 vous rapprocher de votre interlocuteur Indeed pour toute information compl\u00e9mentaire.<\/p>\n<\/div>\n<\/div>\n<\/div>\n<\/div><\/div>\n","protected":false},"featured_media":88949,"template":"page-templates\/indeed-futureworks-2025.php","event-section":[],"event-format":[425],"event-type":[451],"event-topic":[],"event-location":[447],"class_list":["post-88913","events","type-events","status-publish","has-post-thumbnail","hentry","event_format-in-person","event_type-indeed-futureworks","event_location-europe"],"acf":[],"yoast_head":"<!-- This site is optimized with the Yoast SEO plugin v27.4 - https:\/\/yoast.com\/product\/yoast-seo-wordpress\/ -->\n<title>FutureWorks Tour | Marseille | 2 octobre<\/title>\n<meta name=\"description\" content=\"Retrouvez les experts d\u2019Indeed \u00e0 Marseille pour une soir\u00e9e exclusive d\u00e9di\u00e9e au recrutement et aux tendances du march\u00e9 de l\u2019emploi.\" \/>\n<meta name=\"robots\" content=\"noindex, nofollow\" \/>\n<meta property=\"og:locale\" content=\"fr_FR\" \/>\n<meta property=\"og:type\" content=\"article\" \/>\n<meta property=\"og:title\" content=\"FutureWorks Tour | Marseille | 2 octobre\" \/>\n<meta property=\"og:description\" content=\"Retrouvez les experts d\u2019Indeed \u00e0 Marseille pour une soir\u00e9e exclusive d\u00e9di\u00e9e au recrutement et aux tendances du march\u00e9 de l\u2019emploi.\" \/>\n<meta property=\"og:url\" content=\"https:\/\/www.indeedevents.com\/fr-fr\/events\/registration-ifw-marseille-102025\/\" \/>\n<meta property=\"og:site_name\" content=\"Indeed Events\" \/>\n<meta property=\"article:modified_time\" content=\"2025-10-03T12:59:03+00:00\" \/>\n<meta property=\"og:image\" content=\"https:\/\/www.indeedevents.com\/fr-fr\/wp-content\/uploads\/sites\/5\/2025\/06\/WEB-First-Agency-Event-Indeed-Future-Works-Paris-2024-opt.jpg\" \/>\n\t<meta property=\"og:image:width\" content=\"800\" \/>\n\t<meta property=\"og:image:height\" content=\"533\" \/>\n\t<meta property=\"og:image:type\" content=\"image\/jpeg\" \/>\n<meta name=\"twitter:card\" content=\"summary_large_image\" \/>\n<meta name=\"twitter:label1\" content=\"Dur\u00e9e de lecture estim\u00e9e\" \/>\n\t<meta name=\"twitter:data1\" content=\"2 minutes\" \/>\n<script type=\"application\/ld+json\" class=\"yoast-schema-graph\">{\"@context\":\"https:\\\/\\\/schema.org\",\"@graph\":[{\"@type\":\"WebPage\",\"@id\":\"https:\\\/\\\/www.indeedevents.com\\\/fr-fr\\\/events\\\/registration-ifw-marseille-102025\\\/\",\"url\":\"https:\\\/\\\/www.indeedevents.com\\\/fr-fr\\\/events\\\/registration-ifw-marseille-102025\\\/\",\"name\":\"FutureWorks Tour | Marseille | 2 octobre\",\"isPartOf\":{\"@id\":\"https:\\\/\\\/www.indeedevents.com\\\/fr-fr\\\/#website\"},\"primaryImageOfPage\":{\"@id\":\"https:\\\/\\\/www.indeedevents.com\\\/fr-fr\\\/events\\\/registration-ifw-marseille-102025\\\/#primaryimage\"},\"image\":{\"@id\":\"https:\\\/\\\/www.indeedevents.com\\\/fr-fr\\\/events\\\/registration-ifw-marseille-102025\\\/#primaryimage\"},\"thumbnailUrl\":\"https:\\\/\\\/www.indeedevents.com\\\/fr-fr\\\/wp-content\\\/uploads\\\/sites\\\/5\\\/2025\\\/06\\\/WEB-First-Agency-Event-Indeed-Future-Works-Paris-2024-opt.jpg\",\"datePublished\":\"2025-05-20T15:39:16+00:00\",\"dateModified\":\"2025-10-03T12:59:03+00:00\",\"description\":\"Retrouvez les experts d\u2019Indeed \u00e0 Marseille pour une soir\u00e9e exclusive d\u00e9di\u00e9e au recrutement et aux tendances du march\u00e9 de l\u2019emploi.\",\"breadcrumb\":{\"@id\":\"https:\\\/\\\/www.indeedevents.com\\\/fr-fr\\\/events\\\/registration-ifw-marseille-102025\\\/#breadcrumb\"},\"inLanguage\":\"fr-FR\",\"potentialAction\":[{\"@type\":\"ReadAction\",\"target\":[\"https:\\\/\\\/www.indeedevents.com\\\/fr-fr\\\/events\\\/registration-ifw-marseille-102025\\\/\"]}]},{\"@type\":\"ImageObject\",\"inLanguage\":\"fr-FR\",\"@id\":\"https:\\\/\\\/www.indeedevents.com\\\/fr-fr\\\/events\\\/registration-ifw-marseille-102025\\\/#primaryimage\",\"url\":\"https:\\\/\\\/www.indeedevents.com\\\/fr-fr\\\/wp-content\\\/uploads\\\/sites\\\/5\\\/2025\\\/06\\\/WEB-First-Agency-Event-Indeed-Future-Works-Paris-2024-opt.jpg\",\"contentUrl\":\"https:\\\/\\\/www.indeedevents.com\\\/fr-fr\\\/wp-content\\\/uploads\\\/sites\\\/5\\\/2025\\\/06\\\/WEB-First-Agency-Event-Indeed-Future-Works-Paris-2024-opt.jpg\",\"width\":800,\"height\":533,\"caption\":\"Un large public regardant un conf\u00e9rencier lors d'un \u00e9v\u00e9nement FutureWorks\"},{\"@type\":\"BreadcrumbList\",\"@id\":\"https:\\\/\\\/www.indeedevents.com\\\/fr-fr\\\/events\\\/registration-ifw-marseille-102025\\\/#breadcrumb\",\"itemListElement\":[{\"@type\":\"ListItem\",\"position\":1,\"name\":\"Home\",\"item\":\"https:\\\/\\\/www.indeedevents.com\\\/fr-fr\\\/\"},{\"@type\":\"ListItem\",\"position\":2,\"name\":\"Events\",\"item\":\"https:\\\/\\\/www.indeedevents.com\\\/fr-fr\\\/past-events\\\/\"},{\"@type\":\"ListItem\",\"position\":3,\"name\":\"Indeed FutureWorks Marseille 2025 &#8211; Registration\"}]},{\"@type\":\"WebSite\",\"@id\":\"https:\\\/\\\/www.indeedevents.com\\\/fr-fr\\\/#website\",\"url\":\"https:\\\/\\\/www.indeedevents.com\\\/fr-fr\\\/\",\"name\":\"France (fran\u00e7ais)\",\"description\":\"Fran\u00e7ais\",\"publisher\":{\"@id\":\"https:\\\/\\\/www.indeedevents.com\\\/fr-fr\\\/#organization\"},\"potentialAction\":[{\"@type\":\"SearchAction\",\"target\":{\"@type\":\"EntryPoint\",\"urlTemplate\":\"https:\\\/\\\/www.indeedevents.com\\\/fr-fr\\\/?s={search_term_string}\"},\"query-input\":{\"@type\":\"PropertyValueSpecification\",\"valueRequired\":true,\"valueName\":\"search_term_string\"}}],\"inLanguage\":\"fr-FR\"},{\"@type\":\"Organization\",\"@id\":\"https:\\\/\\\/www.indeedevents.com\\\/fr-fr\\\/#organization\",\"name\":\"Indeed Events\",\"url\":\"https:\\\/\\\/www.indeedevents.com\\\/fr-fr\\\/\",\"logo\":{\"@type\":\"ImageObject\",\"inLanguage\":\"fr-FR\",\"@id\":\"https:\\\/\\\/www.indeedevents.com\\\/fr-fr\\\/#\\\/schema\\\/logo\\\/image\\\/\",\"url\":\"https:\\\/\\\/www.indeedevents.com\\\/fr-fr\\\/wp-content\\\/uploads\\\/sites\\\/5\\\/2020\\\/04\\\/events-logo-header.png\",\"contentUrl\":\"https:\\\/\\\/www.indeedevents.com\\\/fr-fr\\\/wp-content\\\/uploads\\\/sites\\\/5\\\/2020\\\/04\\\/events-logo-header.png\",\"width\":1200,\"height\":207,\"caption\":\"Indeed Events\"},\"image\":{\"@id\":\"https:\\\/\\\/www.indeedevents.com\\\/fr-fr\\\/#\\\/schema\\\/logo\\\/image\\\/\"}}]}<\/script>\n<!-- \/ Yoast SEO plugin. -->","yoast_head_json":{"title":"FutureWorks Tour | Marseille | 2 octobre","description":"Retrouvez les experts d\u2019Indeed \u00e0 Marseille pour une soir\u00e9e exclusive d\u00e9di\u00e9e au recrutement et aux tendances du march\u00e9 de l\u2019emploi.","robots":{"index":"noindex","follow":"nofollow"},"og_locale":"fr_FR","og_type":"article","og_title":"FutureWorks Tour | Marseille | 2 octobre","og_description":"Retrouvez les experts d\u2019Indeed \u00e0 Marseille pour une soir\u00e9e exclusive d\u00e9di\u00e9e au recrutement et aux tendances du march\u00e9 de l\u2019emploi.","og_url":"https:\/\/www.indeedevents.com\/fr-fr\/events\/registration-ifw-marseille-102025\/","og_site_name":"Indeed Events","article_modified_time":"2025-10-03T12:59:03+00:00","og_image":[{"width":800,"height":533,"url":"https:\/\/www.indeedevents.com\/fr-fr\/wp-content\/uploads\/sites\/5\/2025\/06\/WEB-First-Agency-Event-Indeed-Future-Works-Paris-2024-opt.jpg","type":"image\/jpeg"}],"twitter_card":"summary_large_image","twitter_misc":{"Dur\u00e9e de lecture estim\u00e9e":"2 minutes"},"schema":{"@context":"https:\/\/schema.org","@graph":[{"@type":"WebPage","@id":"https:\/\/www.indeedevents.com\/fr-fr\/events\/registration-ifw-marseille-102025\/","url":"https:\/\/www.indeedevents.com\/fr-fr\/events\/registration-ifw-marseille-102025\/","name":"FutureWorks Tour | Marseille | 2 octobre","isPartOf":{"@id":"https:\/\/www.indeedevents.com\/fr-fr\/#website"},"primaryImageOfPage":{"@id":"https:\/\/www.indeedevents.com\/fr-fr\/events\/registration-ifw-marseille-102025\/#primaryimage"},"image":{"@id":"https:\/\/www.indeedevents.com\/fr-fr\/events\/registration-ifw-marseille-102025\/#primaryimage"},"thumbnailUrl":"https:\/\/www.indeedevents.com\/fr-fr\/wp-content\/uploads\/sites\/5\/2025\/06\/WEB-First-Agency-Event-Indeed-Future-Works-Paris-2024-opt.jpg","datePublished":"2025-05-20T15:39:16+00:00","dateModified":"2025-10-03T12:59:03+00:00","description":"Retrouvez les experts d\u2019Indeed \u00e0 Marseille pour une soir\u00e9e exclusive d\u00e9di\u00e9e au recrutement et aux tendances du march\u00e9 de l\u2019emploi.","breadcrumb":{"@id":"https:\/\/www.indeedevents.com\/fr-fr\/events\/registration-ifw-marseille-102025\/#breadcrumb"},"inLanguage":"fr-FR","potentialAction":[{"@type":"ReadAction","target":["https:\/\/www.indeedevents.com\/fr-fr\/events\/registration-ifw-marseille-102025\/"]}]},{"@type":"ImageObject","inLanguage":"fr-FR","@id":"https:\/\/www.indeedevents.com\/fr-fr\/events\/registration-ifw-marseille-102025\/#primaryimage","url":"https:\/\/www.indeedevents.com\/fr-fr\/wp-content\/uploads\/sites\/5\/2025\/06\/WEB-First-Agency-Event-Indeed-Future-Works-Paris-2024-opt.jpg","contentUrl":"https:\/\/www.indeedevents.com\/fr-fr\/wp-content\/uploads\/sites\/5\/2025\/06\/WEB-First-Agency-Event-Indeed-Future-Works-Paris-2024-opt.jpg","width":800,"height":533,"caption":"Un large public regardant un conf\u00e9rencier lors d'un \u00e9v\u00e9nement FutureWorks"},{"@type":"BreadcrumbList","@id":"https:\/\/www.indeedevents.com\/fr-fr\/events\/registration-ifw-marseille-102025\/#breadcrumb","itemListElement":[{"@type":"ListItem","position":1,"name":"Home","item":"https:\/\/www.indeedevents.com\/fr-fr\/"},{"@type":"ListItem","position":2,"name":"Events","item":"https:\/\/www.indeedevents.com\/fr-fr\/past-events\/"},{"@type":"ListItem","position":3,"name":"Indeed FutureWorks Marseille 2025 &#8211; Registration"}]},{"@type":"WebSite","@id":"https:\/\/www.indeedevents.com\/fr-fr\/#website","url":"https:\/\/www.indeedevents.com\/fr-fr\/","name":"France (fran\u00e7ais)","description":"Fran\u00e7ais","publisher":{"@id":"https:\/\/www.indeedevents.com\/fr-fr\/#organization"},"potentialAction":[{"@type":"SearchAction","target":{"@type":"EntryPoint","urlTemplate":"https:\/\/www.indeedevents.com\/fr-fr\/?s={search_term_string}"},"query-input":{"@type":"PropertyValueSpecification","valueRequired":true,"valueName":"search_term_string"}}],"inLanguage":"fr-FR"},{"@type":"Organization","@id":"https:\/\/www.indeedevents.com\/fr-fr\/#organization","name":"Indeed Events","url":"https:\/\/www.indeedevents.com\/fr-fr\/","logo":{"@type":"ImageObject","inLanguage":"fr-FR","@id":"https:\/\/www.indeedevents.com\/fr-fr\/#\/schema\/logo\/image\/","url":"https:\/\/www.indeedevents.com\/fr-fr\/wp-content\/uploads\/sites\/5\/2020\/04\/events-logo-header.png","contentUrl":"https:\/\/www.indeedevents.com\/fr-fr\/wp-content\/uploads\/sites\/5\/2020\/04\/events-logo-header.png","width":1200,"height":207,"caption":"Indeed Events"},"image":{"@id":"https:\/\/www.indeedevents.com\/fr-fr\/#\/schema\/logo\/image\/"}}]}},"_links":{"self":[{"href":"https:\/\/www.indeedevents.com\/fr-fr\/wp-json\/wp\/v2\/events\/88913","targetHints":{"allow":["GET"]}}],"collection":[{"href":"https:\/\/www.indeedevents.com\/fr-fr\/wp-json\/wp\/v2\/events"}],"about":[{"href":"https:\/\/www.indeedevents.com\/fr-fr\/wp-json\/wp\/v2\/types\/events"}],"version-history":[{"count":0,"href":"https:\/\/www.indeedevents.com\/fr-fr\/wp-json\/wp\/v2\/events\/88913\/revisions"}],"wp:featuredmedia":[{"embeddable":true,"href":"https:\/\/www.indeedevents.com\/fr-fr\/wp-json\/wp\/v2\/media\/88949"}],"wp:attachment":[{"href":"https:\/\/www.indeedevents.com\/fr-fr\/wp-json\/wp\/v2\/media?parent=88913"}],"wp:term":[{"taxonomy":"event_section","embeddable":true,"href":"https:\/\/www.indeedevents.com\/fr-fr\/wp-json\/wp\/v2\/event-section?post=88913"},{"taxonomy":"event_format","embeddable":true,"href":"https:\/\/www.indeedevents.com\/fr-fr\/wp-json\/wp\/v2\/event-format?post=88913"},{"taxonomy":"event_type","embeddable":true,"href":"https:\/\/www.indeedevents.com\/fr-fr\/wp-json\/wp\/v2\/event-type?post=88913"},{"taxonomy":"event_topic","embeddable":true,"href":"https:\/\/www.indeedevents.com\/fr-fr\/wp-json\/wp\/v2\/event-topic?post=88913"},{"taxonomy":"event_location","embeddable":true,"href":"https:\/\/www.indeedevents.com\/fr-fr\/wp-json\/wp\/v2\/event-location?post=88913"}],"curies":[{"name":"wp","href":"https:\/\/api.w.org\/{rel}","templated":true}]}}