{"id":88629,"date":"2024-07-31T20:42:10","date_gmt":"2024-07-31T18:42:10","guid":{"rendered":"https:\/\/www.indeedevents.com\/it-it\/?post_type=events&#038;p=88629"},"modified":"2025-09-03T21:27:43","modified_gmt":"2025-09-03T19:27:43","slug":"public-ifw-milano-102024","status":"publish","type":"events","link":"https:\/\/www.indeedevents.com\/it-it\/events\/public-ifw-milano-102024\/","title":{"rendered":"Indeed FutureWorks Milano 2024"},"content":{"rendered":"\n<section class=\"event-header\">\n\t<div class=\"event-header-inner\">\n\t\t<div class=\"event-info\">\n\t\t\t\n\t\t\t<div class=\"event-title\">\n\t\t\t\t<img decoding=\"async\" width=\"2400\" height=\"724\" src=\"https:\/\/www.indeedevents.com\/it-it\/wp-content\/uploads\/sites\/19\/2024\/07\/14486-FW-Milano-lock-up-2024-light-horizontal.png\" class=\"image-event-title\" alt=\"Indeed FutureWorks Milano logo\" srcset=\"https:\/\/www.indeedevents.com\/it-it\/wp-content\/uploads\/sites\/19\/2024\/07\/14486-FW-Milano-lock-up-2024-light-horizontal.png 2400w, https:\/\/www.indeedevents.com\/it-it\/wp-content\/uploads\/sites\/19\/2024\/07\/14486-FW-Milano-lock-up-2024-light-horizontal-300x91.png 300w, https:\/\/www.indeedevents.com\/it-it\/wp-content\/uploads\/sites\/19\/2024\/07\/14486-FW-Milano-lock-up-2024-light-horizontal-1024x309.png 1024w, https:\/\/www.indeedevents.com\/it-it\/wp-content\/uploads\/sites\/19\/2024\/07\/14486-FW-Milano-lock-up-2024-light-horizontal-768x232.png 768w, https:\/\/www.indeedevents.com\/it-it\/wp-content\/uploads\/sites\/19\/2024\/07\/14486-FW-Milano-lock-up-2024-light-horizontal-1536x463.png 1536w, https:\/\/www.indeedevents.com\/it-it\/wp-content\/uploads\/sites\/19\/2024\/07\/14486-FW-Milano-lock-up-2024-light-horizontal-2048x618.png 2048w\" sizes=\"(max-width: 2400px) 100vw, 2400px\" \/>\t\t\t\t<h1 class=\"screen-reader-text\">Indeed FutureWorks Milano 2024<\/h1>\n\t\t\t<\/div>\n\n\t\t\t\t\t\t\t<div class=\"event-date\">\n\t\t\t\t\t<img decoding=\"async\" class=\"image-event-date\" src=\"\/wp-content\/themes\/indeed-events\/img\/futureworks-2024\/futureworks-2024-icon-date.svg\" class=\"skip-lazy\" loading=\"eager\" alt=\"\" width=\"21\" height=\"20\">\n\t\t\t\t\t28 ottobre 2024\t\t\t\t<\/div>\n\t\t\t\n\t\t\t\t\t\t\t<div class=\"event-time\">\n\t\t\t\t\t<img decoding=\"async\" class=\"image-event-time\" src=\"\/wp-content\/themes\/indeed-events\/img\/futureworks-2024\/futureworks-2024-icon-time.svg\" class=\"skip-lazy\" loading=\"eager\" alt=\"\" width=\"21\" height=\"20\">\n\t\t\t\t\t14:15&nbsp;&#8211;&nbsp;19:00\t\t\t\t<\/div>\n\t\t\t\n\t\t\t\t\t\t\t<div class=\"event-venue\">\n\t\t\t\t\t<img decoding=\"async\" class=\"image-event-venue\" src=\"\/wp-content\/themes\/indeed-events\/img\/futureworks-2024\/futureworks-2024-icon-venue.svg\" class=\"skip-lazy\" loading=\"eager\" alt=\"\" width=\"21\" height=\"20\">\n\t\t\t\t\tMuseo Nazionale della Scienza e della Tecnologia Leonardo Da Vinci\t\t\t\t<\/div>\n\t\t\t\n\t\t\t<div class=\"event-content\">\n\t\t\t\t\n\n<p>Esploriamo insieme strategie e soluzioni che rendono il processo di selezione pi\u00f9 semplice, veloce e umano.<\/p>\n\n\n\t\t\t<\/div>\n\n\t\t\t\t\t<\/div>\n\n\t\t\t\t\t<div class=\"event-image\">\n\t\t\t\t<img fetchpriority=\"high\" decoding=\"async\" width=\"560\" height=\"387\" src=\"https:\/\/www.indeedevents.com\/it-it\/wp-content\/uploads\/sites\/19\/2024\/07\/14869-FW-Milano-24-Webpage-banner-image-2.jpg\" class=\"attachment-event-featured-image-large size-event-featured-image-large wp-post-image skip-lazy wp-post-image\" alt=\"A speaker giving a talk at an event on stage\" loading=\"eager\" srcset=\"https:\/\/www.indeedevents.com\/it-it\/wp-content\/uploads\/sites\/19\/2024\/07\/14869-FW-Milano-24-Webpage-banner-image-2.jpg 560w, https:\/\/www.indeedevents.com\/it-it\/wp-content\/uploads\/sites\/19\/2024\/07\/14869-FW-Milano-24-Webpage-banner-image-2-300x207.jpg 300w, https:\/\/www.indeedevents.com\/it-it\/wp-content\/uploads\/sites\/19\/2024\/07\/14869-FW-Milano-24-Webpage-banner-image-2-485x335.jpg 485w\" sizes=\"(max-width: 560px) 100vw, 560px\" \/>\t\t\t<\/div>\n\t\t\t<\/div>\n<\/section>\n\n\n\n<div style=\"height:50px\" aria-hidden=\"true\" class=\"wp-block-spacer\"><\/div>\n\n\n\n<div id=\"about\" class=\"wp-block-group is-style-futureworks futureworks-about is-layout-constrained wp-block-group-is-layout-constrained\">\n<div class=\"wp-block-columns are-vertically-aligned-top is-layout-flex wp-container-core-columns-is-layout-9d6595d7 wp-block-columns-is-layout-flex\">\n<div class=\"wp-block-column is-vertically-aligned-top is-layout-flow wp-block-column-is-layout-flow\" style=\"flex-basis:33%\">\n<h3 class=\"wp-block-heading\"><mark style=\"background-color:rgba(0, 0, 0, 0)\" class=\"has-inline-color has-futureworks-pink-color\">Informazioni<\/mark> su FutureWorks Milano<\/h3>\n<\/div>\n\n\n\n<div class=\"wp-block-column is-vertically-aligned-top is-layout-flow wp-block-column-is-layout-flow\" style=\"flex-basis:66%\">\n<p>Indeed FutureWorks \u00e8 l\u2019evento in cui i leader HR e della Talent Acquisition condividono strategie e scoprono soluzioni che rendono il processo di selezione pi\u00f9 semplice, veloce e umano. Unisciti al nostro viaggio verso un futuro del lavoro migliore.<\/p>\n\n\n\n<p>In un pomeriggio ricco e stimolante, sarai ispirato da approfondimenti sui trend di mercato, best practice di aziende innovative e interviste esclusive. Tutto questo con l&#8217;obiettivo di esplorare come una migliore strategia di Talent Attraction ed Employer Branding porti a un lavoro migliore e, in definitiva, a una vita migliore.<\/p>\n\n\n\n<h3 class=\"wp-block-heading\">Perch\u00e9 partecipare<\/h3>\n\n\n\n<ul class=\"wp-block-list\">\n<li>Trovare ispirazione e intuizioni strategiche sul futuro del lavoro<\/li>\n\n\n\n<li>Scoprire ed esplorare innovazioni per affrontare e risolvere le sfide della selezione<\/li>\n\n\n\n<li>Creare connessioni e fare networking con colleghi e professionisti del settore<\/li>\n<\/ul>\n<\/div>\n<\/div>\n\n\n\n<div style=\"height:40px\" aria-hidden=\"true\" class=\"wp-block-spacer\"><\/div>\n<\/div>\n\n\n<div class=\"block-futureworks-divider block-futureworks-divider--4\" id=\"futureworks-divider-block_53aa2a15f3e3223670592c95c4cf5dff\"><\/div>\n\n\n\n<div class=\"wp-block-group alignfull is-style-futureworks futureworks-video is-layout-constrained wp-block-group-is-layout-constrained\" id=\"video\">\n<div class=\"wp-block-columns are-vertically-aligned-top is-layout-flex wp-container-core-columns-is-layout-9d6595d7 wp-block-columns-is-layout-flex\">\n<div class=\"wp-block-column is-vertically-aligned-top is-layout-flow wp-block-column-is-layout-flow\" style=\"flex-basis:33%\">\n<h2 class=\"wp-block-heading h3 mt-0\">Uno sguardo all\u2019edizione passata<\/h2>\n<\/div>\n\n\n\n<div class=\"wp-block-column is-vertically-aligned-top is-layout-flow wp-block-column-is-layout-flow\" style=\"flex-basis:66%\">\n<p class=\"mt-0\">Guarda il video per rivivere i momenti pi\u00f9 significativi di Indeed FutureWorks Milano 2023<\/p>\n<\/div>\n<\/div>\n\n\n\n<div style=\"height:50px\" aria-hidden=\"true\" class=\"wp-block-spacer\"><\/div>\n\n\n\t<section class=\"event-presentations event-presentations--light\">\n\t\t<div class=\"event-presentations__list \">\n\t\t\t\t\t\t\t<div>\n\t\t\t\t\t\t\t\t\t\t\t\t\t\t\t\t\t<div class=\"wistia-container wistia-lazyload\" style=\"\">\n\t\t\t\t\t\t\t<div data-video-id=\"7qsy26f6le\"><\/div>\n\t\t\t\t\t\t<\/div>\n\t\t\t\t\t\t\t\t\t\t<div class=\"presentation-meta\">\n\t\t\t\t\t\t\t\t\t\t\t\t\t\t\t\t\t\t\t\t\t\t\t<\/div>\n\t\t\t\t<\/div>\n\t\t\t\t\t<\/div>\n\t<\/section>\n\n\n\n<div style=\"height:100px\" aria-hidden=\"true\" class=\"wp-block-spacer\"><\/div>\n<\/div>\n\n\n\n<div class=\"wp-block-group alignwide is-style-futureworks futureworks-speakers is-layout-constrained wp-block-group-is-layout-constrained\" id=\"speakers\">\n<div class=\"wp-block-columns are-vertically-aligned-top is-layout-flex wp-container-core-columns-is-layout-9d6595d7 wp-block-columns-is-layout-flex\">\n<div class=\"wp-block-column is-vertically-aligned-top is-layout-flow wp-block-column-is-layout-flow\" style=\"flex-basis:33%\">\n<h2 class=\"wp-block-heading h3 mt-0\">Relatori<\/h2>\n<\/div>\n\n\n\n<div class=\"wp-block-column is-vertically-aligned-top is-layout-flow wp-block-column-is-layout-flow\" style=\"flex-basis:66%\">\n<p class=\"mt-0 is-style-default\"><\/p>\n<\/div>\n<\/div>\n\n\n<div class=\"block-futureworks-speakers\" id=\"futureworks-speakers-block_0665ce72736c90adeb5411404fc7d287\">\n    <div class=\"futureworks-speakers-slider\">\n\t\t\t\t\t\t<div class=\"futureworks-speakers-slider__item\">\n\t\t\t\t\t<button data-target=\"modal-paolo-iacci\" class=\"futureworks-speakers-slider__trigger js-modal\"><span class=\"screen-reader-text\">Professore<\/span><\/button>\n\t\t\t\t\t<img decoding=\"async\" width=\"800\" height=\"800\" src=\"https:\/\/www.indeedevents.com\/it-it\/wp-content\/uploads\/sites\/19\/2024\/07\/FOTO-IACCI-no-sfondo-2024.png\" class=\"attachment-full size-full\" alt=\"Headshot photo of Paolo Iacci looking at the camera\" srcset=\"https:\/\/www.indeedevents.com\/it-it\/wp-content\/uploads\/sites\/19\/2024\/07\/FOTO-IACCI-no-sfondo-2024.png 800w, https:\/\/www.indeedevents.com\/it-it\/wp-content\/uploads\/sites\/19\/2024\/07\/FOTO-IACCI-no-sfondo-2024-300x300.png 300w, https:\/\/www.indeedevents.com\/it-it\/wp-content\/uploads\/sites\/19\/2024\/07\/FOTO-IACCI-no-sfondo-2024-210x210.png 210w, https:\/\/www.indeedevents.com\/it-it\/wp-content\/uploads\/sites\/19\/2024\/07\/FOTO-IACCI-no-sfondo-2024-768x768.png 768w, https:\/\/www.indeedevents.com\/it-it\/wp-content\/uploads\/sites\/19\/2024\/07\/FOTO-IACCI-no-sfondo-2024-600x600.png 600w\" sizes=\"(max-width: 800px) 100vw, 800px\" \/>\t\t\t\t\t<div class=\"futureworks-speakers-slider__info\">\n\t\t\t\t\t\t<h4>Paolo Iacci<\/h4>\n\t\t\t\t\t\t\t\t\t\t\t\t\t<p>Professore<\/p>\n\t\t\t\t\t\t\t\t\t\t\t\t\t\t\t\t\t\t\t<p>Universit\u00e0 Statale di Milano<\/p>\n\t\t\t\t\t\t\t\t\t\t\t<\/div>\n\t\t\t\t<\/div>\n\t\t\t\t\t\t\t\t<div class=\"futureworks-speakers-slider__item\">\n\t\t\t\t\t<button data-target=\"modal-andrea-fabris\" class=\"futureworks-speakers-slider__trigger js-modal\"><span class=\"screen-reader-text\">Head of Employer Branding &amp; Recruiting UX<\/span><\/button>\n\t\t\t\t\t<img decoding=\"async\" width=\"800\" height=\"800\" src=\"https:\/\/www.indeedevents.com\/it-it\/wp-content\/uploads\/sites\/19\/2024\/07\/fabris-web-2-cutout.png\" class=\"attachment-full size-full\" alt=\"Headshot photo of Andrea Fabris with his arms crossed\" srcset=\"https:\/\/www.indeedevents.com\/it-it\/wp-content\/uploads\/sites\/19\/2024\/07\/fabris-web-2-cutout.png 800w, https:\/\/www.indeedevents.com\/it-it\/wp-content\/uploads\/sites\/19\/2024\/07\/fabris-web-2-cutout-300x300.png 300w, https:\/\/www.indeedevents.com\/it-it\/wp-content\/uploads\/sites\/19\/2024\/07\/fabris-web-2-cutout-210x210.png 210w, https:\/\/www.indeedevents.com\/it-it\/wp-content\/uploads\/sites\/19\/2024\/07\/fabris-web-2-cutout-768x768.png 768w, https:\/\/www.indeedevents.com\/it-it\/wp-content\/uploads\/sites\/19\/2024\/07\/fabris-web-2-cutout-600x600.png 600w\" sizes=\"(max-width: 800px) 100vw, 800px\" \/>\t\t\t\t\t<div class=\"futureworks-speakers-slider__info\">\n\t\t\t\t\t\t<h4>Andrea Fabris<\/h4>\n\t\t\t\t\t\t\t\t\t\t\t\t\t<p>Head of Employer Branding &amp; Recruiting UX<\/p>\n\t\t\t\t\t\t\t\t\t\t\t\t\t\t\t\t\t\t\t<p>PWC Italy<\/p>\n\t\t\t\t\t\t\t\t\t\t\t<\/div>\n\t\t\t\t<\/div>\n\t\t\t\t\t\t\t\t<div class=\"futureworks-speakers-slider__item\">\n\t\t\t\t\t<button data-target=\"modal-simona-malaspina\" class=\"futureworks-speakers-slider__trigger js-modal\"><span class=\"screen-reader-text\">CEO<\/span><\/button>\n\t\t\t\t\t<img decoding=\"async\" width=\"645\" height=\"645\" src=\"https:\/\/www.indeedevents.com\/it-it\/wp-content\/uploads\/sites\/19\/2024\/07\/Simona-Malaspina-02.png\" class=\"attachment-full size-full\" alt=\"Headshot photo of Simona Malaspina looking at the camera\" srcset=\"https:\/\/www.indeedevents.com\/it-it\/wp-content\/uploads\/sites\/19\/2024\/07\/Simona-Malaspina-02.png 645w, https:\/\/www.indeedevents.com\/it-it\/wp-content\/uploads\/sites\/19\/2024\/07\/Simona-Malaspina-02-300x300.png 300w, https:\/\/www.indeedevents.com\/it-it\/wp-content\/uploads\/sites\/19\/2024\/07\/Simona-Malaspina-02-210x210.png 210w, https:\/\/www.indeedevents.com\/it-it\/wp-content\/uploads\/sites\/19\/2024\/07\/Simona-Malaspina-02-600x600.png 600w\" sizes=\"(max-width: 645px) 100vw, 645px\" \/>\t\t\t\t\t<div class=\"futureworks-speakers-slider__info\">\n\t\t\t\t\t\t<h4>Simona Malaspina<\/h4>\n\t\t\t\t\t\t\t\t\t\t\t\t\t<p>CEO<\/p>\n\t\t\t\t\t\t\t\t\t\t\t\t\t\t\t\t\t\t\t<p>Relife Plastic Packaging<\/p>\n\t\t\t\t\t\t\t\t\t\t\t<\/div>\n\t\t\t\t<\/div>\n\t\t\t\t\t\t\t\t<div class=\"futureworks-speakers-slider__item\">\n\t\t\t\t\t<button data-target=\"modal-gianluca-bonacchi\" class=\"futureworks-speakers-slider__trigger js-modal\"><span class=\"screen-reader-text\">Senior Talent Strategy Advisor<\/span><\/button>\n\t\t\t\t\t<img decoding=\"async\" width=\"800\" height=\"800\" src=\"https:\/\/www.indeedevents.com\/it-it\/wp-content\/uploads\/sites\/19\/2024\/07\/Indeed_Gianluca_Bonacchi.png\" class=\"attachment-full size-full\" alt=\"Headshot photo of Gianluca Bonacci looking at the camera\" srcset=\"https:\/\/www.indeedevents.com\/it-it\/wp-content\/uploads\/sites\/19\/2024\/07\/Indeed_Gianluca_Bonacchi.png 800w, https:\/\/www.indeedevents.com\/it-it\/wp-content\/uploads\/sites\/19\/2024\/07\/Indeed_Gianluca_Bonacchi-300x300.png 300w, https:\/\/www.indeedevents.com\/it-it\/wp-content\/uploads\/sites\/19\/2024\/07\/Indeed_Gianluca_Bonacchi-210x210.png 210w, https:\/\/www.indeedevents.com\/it-it\/wp-content\/uploads\/sites\/19\/2024\/07\/Indeed_Gianluca_Bonacchi-768x768.png 768w, https:\/\/www.indeedevents.com\/it-it\/wp-content\/uploads\/sites\/19\/2024\/07\/Indeed_Gianluca_Bonacchi-600x600.png 600w\" sizes=\"(max-width: 800px) 100vw, 800px\" \/>\t\t\t\t\t<div class=\"futureworks-speakers-slider__info\">\n\t\t\t\t\t\t<h4>Gianluca Bonacchi<\/h4>\n\t\t\t\t\t\t\t\t\t\t\t\t\t<p>Senior Talent Strategy Advisor<\/p>\n\t\t\t\t\t\t\t\t\t\t\t\t\t\t\t\t\t\t\t<p>Indeed<\/p>\n\t\t\t\t\t\t\t\t\t\t\t<\/div>\n\t\t\t\t<\/div>\n\t\t\t\t\t\t\t\t<div class=\"futureworks-speakers-slider__item\">\n\t\t\t\t\t<button data-target=\"modal-ilaria-caccamo\" class=\"futureworks-speakers-slider__trigger js-modal\"><span class=\"screen-reader-text\">Head of Sales Italy &amp; Iberia<\/span><\/button>\n\t\t\t\t\t<img decoding=\"async\" width=\"800\" height=\"800\" src=\"https:\/\/www.indeedevents.com\/it-it\/wp-content\/uploads\/sites\/19\/2024\/07\/foto-camicia-bianca.png\" class=\"attachment-full size-full\" alt=\"Headshot photo of Ilaria Caccamo looking at the camera\" srcset=\"https:\/\/www.indeedevents.com\/it-it\/wp-content\/uploads\/sites\/19\/2024\/07\/foto-camicia-bianca.png 800w, https:\/\/www.indeedevents.com\/it-it\/wp-content\/uploads\/sites\/19\/2024\/07\/foto-camicia-bianca-300x300.png 300w, https:\/\/www.indeedevents.com\/it-it\/wp-content\/uploads\/sites\/19\/2024\/07\/foto-camicia-bianca-210x210.png 210w, https:\/\/www.indeedevents.com\/it-it\/wp-content\/uploads\/sites\/19\/2024\/07\/foto-camicia-bianca-768x768.png 768w, https:\/\/www.indeedevents.com\/it-it\/wp-content\/uploads\/sites\/19\/2024\/07\/foto-camicia-bianca-600x600.png 600w\" sizes=\"(max-width: 800px) 100vw, 800px\" \/>\t\t\t\t\t<div class=\"futureworks-speakers-slider__info\">\n\t\t\t\t\t\t<h4>Ilaria Caccamo<\/h4>\n\t\t\t\t\t\t\t\t\t\t\t\t\t<p>Head of Sales Italy &amp; Iberia<\/p>\n\t\t\t\t\t\t\t\t\t\t\t\t\t\t\t\t\t\t\t<p>Indeed<\/p>\n\t\t\t\t\t\t\t\t\t\t\t<\/div>\n\t\t\t\t<\/div>\n\t\t\t\t\t\t\t\t<div class=\"futureworks-speakers-slider__item\">\n\t\t\t\t\t<button data-target=\"modal-pawel-adrjan\" class=\"futureworks-speakers-slider__trigger js-modal\"><span class=\"screen-reader-text\">Director, EMEA &amp; APAC Economic Research<\/span><\/button>\n\t\t\t\t\t<img decoding=\"async\" width=\"800\" height=\"800\" src=\"https:\/\/www.indeedevents.com\/it-it\/wp-content\/uploads\/sites\/19\/2024\/07\/Pawel-Adrjan-cutout.png\" class=\"attachment-full size-full\" alt=\"Headshot photo of Pawel Adrjan looking at the camera\" srcset=\"https:\/\/www.indeedevents.com\/it-it\/wp-content\/uploads\/sites\/19\/2024\/07\/Pawel-Adrjan-cutout.png 800w, https:\/\/www.indeedevents.com\/it-it\/wp-content\/uploads\/sites\/19\/2024\/07\/Pawel-Adrjan-cutout-300x300.png 300w, https:\/\/www.indeedevents.com\/it-it\/wp-content\/uploads\/sites\/19\/2024\/07\/Pawel-Adrjan-cutout-210x210.png 210w, https:\/\/www.indeedevents.com\/it-it\/wp-content\/uploads\/sites\/19\/2024\/07\/Pawel-Adrjan-cutout-768x768.png 768w, https:\/\/www.indeedevents.com\/it-it\/wp-content\/uploads\/sites\/19\/2024\/07\/Pawel-Adrjan-cutout-600x600.png 600w\" sizes=\"(max-width: 800px) 100vw, 800px\" \/>\t\t\t\t\t<div class=\"futureworks-speakers-slider__info\">\n\t\t\t\t\t\t<h4>Pawel Adrjan<\/h4>\n\t\t\t\t\t\t\t\t\t\t\t\t\t<p>Director, EMEA &amp; APAC Economic Research<\/p>\n\t\t\t\t\t\t\t\t\t\t\t\t\t\t\t\t\t\t\t<p>Indeed<\/p>\n\t\t\t\t\t\t\t\t\t\t\t<\/div>\n\t\t\t\t<\/div>\n\t\t\t\t\t\t\t\t<div class=\"futureworks-speakers-slider__item\">\n\t\t\t\t\t<button data-target=\"modal-chiara-montanari\" class=\"futureworks-speakers-slider__trigger js-modal\"><span class=\"screen-reader-text\">Ingegnere, gi\u00e0 capo spedizione in Antartide<\/span><\/button>\n\t\t\t\t\t<img decoding=\"async\" width=\"1000\" height=\"1000\" src=\"https:\/\/www.indeedevents.com\/it-it\/wp-content\/uploads\/sites\/19\/2024\/07\/CH-FOTO-PROFILO1-3.png\" class=\"attachment-full size-full\" alt=\"Headshot of Chiara Montanari looking at the camera\" srcset=\"https:\/\/www.indeedevents.com\/it-it\/wp-content\/uploads\/sites\/19\/2024\/07\/CH-FOTO-PROFILO1-3.png 1000w, https:\/\/www.indeedevents.com\/it-it\/wp-content\/uploads\/sites\/19\/2024\/07\/CH-FOTO-PROFILO1-3-300x300.png 300w, https:\/\/www.indeedevents.com\/it-it\/wp-content\/uploads\/sites\/19\/2024\/07\/CH-FOTO-PROFILO1-3-210x210.png 210w, https:\/\/www.indeedevents.com\/it-it\/wp-content\/uploads\/sites\/19\/2024\/07\/CH-FOTO-PROFILO1-3-768x768.png 768w, https:\/\/www.indeedevents.com\/it-it\/wp-content\/uploads\/sites\/19\/2024\/07\/CH-FOTO-PROFILO1-3-600x600.png 600w\" sizes=\"(max-width: 1000px) 100vw, 1000px\" \/>\t\t\t\t\t<div class=\"futureworks-speakers-slider__info\">\n\t\t\t\t\t\t<h4>Chiara Montanari<\/h4>\n\t\t\t\t\t\t\t\t\t\t\t\t\t<p>Ingegnere, gi\u00e0 capo spedizione in Antartide<\/p>\n\t\t\t\t\t\t\t\t\t\t\t\t\t\t\t\t\t<\/div>\n\t\t\t\t<\/div>\n\t\t\t\t\t\t\t\t<div class=\"futureworks-speakers-slider__item\">\n\t\t\t\t\t<button data-target=\"modal-daniela-bandera\" class=\"futureworks-speakers-slider__trigger js-modal\"><span class=\"screen-reader-text\">Amministratrice Delegata di Nomesis, Founder e National Past President di EWMD Italia, Responsabile de LE Imprenditrici di Confindustria Brescia<\/span><\/button>\n\t\t\t\t\t<img decoding=\"async\" width=\"1000\" height=\"1000\" src=\"https:\/\/www.indeedevents.com\/it-it\/wp-content\/uploads\/sites\/19\/2024\/07\/Daniela-Bandera-2024-foto.png\" class=\"attachment-full size-full\" alt=\"Headshot photo of Daniela Bandera looking at the camera\" srcset=\"https:\/\/www.indeedevents.com\/it-it\/wp-content\/uploads\/sites\/19\/2024\/07\/Daniela-Bandera-2024-foto.png 1000w, https:\/\/www.indeedevents.com\/it-it\/wp-content\/uploads\/sites\/19\/2024\/07\/Daniela-Bandera-2024-foto-300x300.png 300w, https:\/\/www.indeedevents.com\/it-it\/wp-content\/uploads\/sites\/19\/2024\/07\/Daniela-Bandera-2024-foto-210x210.png 210w, https:\/\/www.indeedevents.com\/it-it\/wp-content\/uploads\/sites\/19\/2024\/07\/Daniela-Bandera-2024-foto-768x768.png 768w, https:\/\/www.indeedevents.com\/it-it\/wp-content\/uploads\/sites\/19\/2024\/07\/Daniela-Bandera-2024-foto-600x600.png 600w\" sizes=\"(max-width: 1000px) 100vw, 1000px\" \/>\t\t\t\t\t<div class=\"futureworks-speakers-slider__info\">\n\t\t\t\t\t\t<h4>Daniela Bandera<\/h4>\n\t\t\t\t\t\t\t\t\t\t\t\t\t<p>Amministratrice Delegata di Nomesis, Founder e National Past President di EWMD Italia, Responsabile de LE Imprenditrici di Confindustria Brescia<\/p>\n\t\t\t\t\t\t\t\t\t\t\t\t\t\t\t\t\t<\/div>\n\t\t\t\t<\/div>\n\t\t\t\t\t\t\t\t<div class=\"futureworks-speakers-slider__item\">\n\t\t\t\t\t<button data-target=\"modal-danila-de-stefano\" class=\"futureworks-speakers-slider__trigger js-modal\"><span class=\"screen-reader-text\">CEO &amp; Founder<\/span><\/button>\n\t\t\t\t\t<img decoding=\"async\" width=\"1000\" height=\"1000\" src=\"https:\/\/www.indeedevents.com\/it-it\/wp-content\/uploads\/sites\/19\/2024\/07\/post_libro_v1_notext.png\" class=\"attachment-full size-full\" alt=\"Headshot photo of Danila De Stefano looking at the camera\" srcset=\"https:\/\/www.indeedevents.com\/it-it\/wp-content\/uploads\/sites\/19\/2024\/07\/post_libro_v1_notext.png 1000w, https:\/\/www.indeedevents.com\/it-it\/wp-content\/uploads\/sites\/19\/2024\/07\/post_libro_v1_notext-300x300.png 300w, https:\/\/www.indeedevents.com\/it-it\/wp-content\/uploads\/sites\/19\/2024\/07\/post_libro_v1_notext-210x210.png 210w, https:\/\/www.indeedevents.com\/it-it\/wp-content\/uploads\/sites\/19\/2024\/07\/post_libro_v1_notext-768x768.png 768w, https:\/\/www.indeedevents.com\/it-it\/wp-content\/uploads\/sites\/19\/2024\/07\/post_libro_v1_notext-600x600.png 600w\" sizes=\"(max-width: 1000px) 100vw, 1000px\" \/>\t\t\t\t\t<div class=\"futureworks-speakers-slider__info\">\n\t\t\t\t\t\t<h4>Danila De Stefano<\/h4>\n\t\t\t\t\t\t\t\t\t\t\t\t\t<p>CEO &amp; Founder<\/p>\n\t\t\t\t\t\t\t\t\t\t\t\t\t\t\t\t\t\t\t<p>Unobravo s.r.l. SB<\/p>\n\t\t\t\t\t\t\t\t\t\t\t<\/div>\n\t\t\t\t<\/div>\n\t\t\t\t\t<\/div>\n\t\t\t\t<div id=\"modal-paolo-iacci\" class=\"modal\">\n\t\t\t\t<div class=\"modal-overlay\"><\/div>\n\t\t\t\t<div class=\"modal-content\">\n\t\t\t\t\t<div class=\"modal-header\">\n\t\t\t\t\t\t<h4>Paolo Iacci<\/h4>\n\t\t\t\t\t\t<a href=\"#\" class=\"js-modal-close\">\n\t\t\t\t\t\t\t<span class=\"screen-reader-text\">Close overlay.<\/span>\n\t\t\t\t\t\t\t<svg xmlns=\"http:\/\/www.w3.org\/2000\/svg\" viewBox=\"0 0 384 512\">\n\t\t\t\t\t\t\t\t<path fill=\"#ffffff\" d=\"M342.6 150.6c12.5-12.5 12.5-32.8 0-45.3s-32.8-12.5-45.3 0L192 210.7 86.6 105.4c-12.5-12.5-32.8-12.5-45.3 0s-12.5 32.8 0 45.3L146.7 256 41.4 361.4c-12.5 12.5-12.5 32.8 0 45.3s32.8 12.5 45.3 0L192 301.3 297.4 406.6c12.5 12.5 32.8 12.5 45.3 0s12.5-32.8 0-45.3L237.3 256 342.6 150.6z\"\/>\n\t\t\t\t\t\t\t<\/svg>\n\t\t\t\t\t\t<\/a>\n\t\t\t\t\t<\/div>\n\t\t\t\t\t<div class=\"modal-content__row\">\n\t\t\t\t\t\t<div class=\"modal-content__image\">\n\t\t\t\t\t\t\t<img decoding=\"async\" width=\"800\" height=\"800\" src=\"https:\/\/www.indeedevents.com\/it-it\/wp-content\/uploads\/sites\/19\/2024\/07\/FOTO-IACCI-no-sfondo-2024.png\" class=\"attachment-large size-large\" alt=\"Headshot photo of Paolo Iacci looking at the camera\" srcset=\"https:\/\/www.indeedevents.com\/it-it\/wp-content\/uploads\/sites\/19\/2024\/07\/FOTO-IACCI-no-sfondo-2024.png 800w, https:\/\/www.indeedevents.com\/it-it\/wp-content\/uploads\/sites\/19\/2024\/07\/FOTO-IACCI-no-sfondo-2024-300x300.png 300w, https:\/\/www.indeedevents.com\/it-it\/wp-content\/uploads\/sites\/19\/2024\/07\/FOTO-IACCI-no-sfondo-2024-210x210.png 210w, https:\/\/www.indeedevents.com\/it-it\/wp-content\/uploads\/sites\/19\/2024\/07\/FOTO-IACCI-no-sfondo-2024-768x768.png 768w, https:\/\/www.indeedevents.com\/it-it\/wp-content\/uploads\/sites\/19\/2024\/07\/FOTO-IACCI-no-sfondo-2024-600x600.png 600w\" sizes=\"(max-width: 800px) 100vw, 800px\" \/>\t\t\t\t\t\t<\/div>\n\t\t\t\t\t\t<div class=\"modal-content__bio\">\n\t\t\t\t\t\t\t\t\t\t\t\t\t\t\t<p>Professore<\/p>\n\t\t\t\t\t\t\t\t\t\t\t\t\t\t\t\t\t\t\t\t\t\t<p>Universit\u00e0 Statale di Milano<\/p>\n\t\t\t\t\t\t\t\t\t\t\t\t\t\t<p>\u00e8 titolare della cattedra di \u201cGestione delle risorse umane\u201d all&#8217;Universit\u00e0 Statale di Milano, Presidente di Eca Italia e direttore scientifico di AIDP, dopo essere stato Presidente di BCC Credito Consumo e Direttore generale del Gruppo Pride. Ancor prima aveva ricoperto posizioni di Direttore Hr e organizzazione in Italtel, Reader&#8217;s Digest, Banca Intesa e Iccrea Holding. Gi\u00e0 consigliere di amministrazione dell&#8217;Universit\u00e0 Bocconi e di alcune altre societ\u00e0 pubbliche e private. \u00c8 coordinatore scientifico del Master HR Executive della Business school 24, autore di numerosi volumi di management, direttore responsabile del webmagazine Hr On Line, direttore scientifico del trimestrale Direzione del Personale e collaboratore di Harvard Business Review.<\/p>\n\t\t\t\t\t\t<\/div>\n\t\t\t\t\t<\/div>\n\t\t\t\t<\/div>\n\t\t\t<\/div>\n\t\t\t\t\t\t<div id=\"modal-andrea-fabris\" class=\"modal\">\n\t\t\t\t<div class=\"modal-overlay\"><\/div>\n\t\t\t\t<div class=\"modal-content\">\n\t\t\t\t\t<div class=\"modal-header\">\n\t\t\t\t\t\t<h4>Andrea Fabris<\/h4>\n\t\t\t\t\t\t<a href=\"#\" class=\"js-modal-close\">\n\t\t\t\t\t\t\t<span class=\"screen-reader-text\">Close overlay.<\/span>\n\t\t\t\t\t\t\t<svg xmlns=\"http:\/\/www.w3.org\/2000\/svg\" viewBox=\"0 0 384 512\">\n\t\t\t\t\t\t\t\t<path fill=\"#ffffff\" d=\"M342.6 150.6c12.5-12.5 12.5-32.8 0-45.3s-32.8-12.5-45.3 0L192 210.7 86.6 105.4c-12.5-12.5-32.8-12.5-45.3 0s-12.5 32.8 0 45.3L146.7 256 41.4 361.4c-12.5 12.5-12.5 32.8 0 45.3s32.8 12.5 45.3 0L192 301.3 297.4 406.6c12.5 12.5 32.8 12.5 45.3 0s12.5-32.8 0-45.3L237.3 256 342.6 150.6z\"\/>\n\t\t\t\t\t\t\t<\/svg>\n\t\t\t\t\t\t<\/a>\n\t\t\t\t\t<\/div>\n\t\t\t\t\t<div class=\"modal-content__row\">\n\t\t\t\t\t\t<div class=\"modal-content__image\">\n\t\t\t\t\t\t\t<img decoding=\"async\" width=\"800\" height=\"800\" src=\"https:\/\/www.indeedevents.com\/it-it\/wp-content\/uploads\/sites\/19\/2024\/07\/fabris-web-2-cutout.png\" class=\"attachment-large size-large\" alt=\"Headshot photo of Andrea Fabris with his arms crossed\" srcset=\"https:\/\/www.indeedevents.com\/it-it\/wp-content\/uploads\/sites\/19\/2024\/07\/fabris-web-2-cutout.png 800w, https:\/\/www.indeedevents.com\/it-it\/wp-content\/uploads\/sites\/19\/2024\/07\/fabris-web-2-cutout-300x300.png 300w, https:\/\/www.indeedevents.com\/it-it\/wp-content\/uploads\/sites\/19\/2024\/07\/fabris-web-2-cutout-210x210.png 210w, https:\/\/www.indeedevents.com\/it-it\/wp-content\/uploads\/sites\/19\/2024\/07\/fabris-web-2-cutout-768x768.png 768w, https:\/\/www.indeedevents.com\/it-it\/wp-content\/uploads\/sites\/19\/2024\/07\/fabris-web-2-cutout-600x600.png 600w\" sizes=\"(max-width: 800px) 100vw, 800px\" \/>\t\t\t\t\t\t<\/div>\n\t\t\t\t\t\t<div class=\"modal-content__bio\">\n\t\t\t\t\t\t\t\t\t\t\t\t\t\t\t<p>Head of Employer Branding &amp; Recruiting UX<\/p>\n\t\t\t\t\t\t\t\t\t\t\t\t\t\t\t\t\t\t\t\t\t\t<p>PWC Italy<\/p>\n\t\t\t\t\t\t\t\t\t\t\t\t\t\t<p>Tre concetti chiave: HR Manager, former gamer, employer branding professor.<\/p>\n<p>Per farla lunga: uno studente di giurisprudenza disilluso, con la passione per il mondo delle relazioni e delle persone, capita un po\u2019 per caso nel mondo dell\u2019Employer Branding e delle risorse umane, dove rimane, innamorato del suo lavoro.<\/p>\n<p>Ancora oggi, dopo diversi ruoli nel mondo HR, alla domanda \u201cdi cosa ti occupi?\u201d posso serenamente rispondere \u201cfaccio cose, vedo gente\u201d e ne sono pi\u00f9 che orgoglioso.<\/p>\n\t\t\t\t\t\t<\/div>\n\t\t\t\t\t<\/div>\n\t\t\t\t<\/div>\n\t\t\t<\/div>\n\t\t\t\t\t\t<div id=\"modal-simona-malaspina\" class=\"modal\">\n\t\t\t\t<div class=\"modal-overlay\"><\/div>\n\t\t\t\t<div class=\"modal-content\">\n\t\t\t\t\t<div class=\"modal-header\">\n\t\t\t\t\t\t<h4>Simona Malaspina<\/h4>\n\t\t\t\t\t\t<a href=\"#\" class=\"js-modal-close\">\n\t\t\t\t\t\t\t<span class=\"screen-reader-text\">Close overlay.<\/span>\n\t\t\t\t\t\t\t<svg xmlns=\"http:\/\/www.w3.org\/2000\/svg\" viewBox=\"0 0 384 512\">\n\t\t\t\t\t\t\t\t<path fill=\"#ffffff\" d=\"M342.6 150.6c12.5-12.5 12.5-32.8 0-45.3s-32.8-12.5-45.3 0L192 210.7 86.6 105.4c-12.5-12.5-32.8-12.5-45.3 0s-12.5 32.8 0 45.3L146.7 256 41.4 361.4c-12.5 12.5-12.5 32.8 0 45.3s32.8 12.5 45.3 0L192 301.3 297.4 406.6c12.5 12.5 32.8 12.5 45.3 0s12.5-32.8 0-45.3L237.3 256 342.6 150.6z\"\/>\n\t\t\t\t\t\t\t<\/svg>\n\t\t\t\t\t\t<\/a>\n\t\t\t\t\t<\/div>\n\t\t\t\t\t<div class=\"modal-content__row\">\n\t\t\t\t\t\t<div class=\"modal-content__image\">\n\t\t\t\t\t\t\t<img decoding=\"async\" width=\"645\" height=\"645\" src=\"https:\/\/www.indeedevents.com\/it-it\/wp-content\/uploads\/sites\/19\/2024\/07\/Simona-Malaspina-02.png\" class=\"attachment-large size-large\" alt=\"Headshot photo of Simona Malaspina looking at the camera\" srcset=\"https:\/\/www.indeedevents.com\/it-it\/wp-content\/uploads\/sites\/19\/2024\/07\/Simona-Malaspina-02.png 645w, https:\/\/www.indeedevents.com\/it-it\/wp-content\/uploads\/sites\/19\/2024\/07\/Simona-Malaspina-02-300x300.png 300w, https:\/\/www.indeedevents.com\/it-it\/wp-content\/uploads\/sites\/19\/2024\/07\/Simona-Malaspina-02-210x210.png 210w, https:\/\/www.indeedevents.com\/it-it\/wp-content\/uploads\/sites\/19\/2024\/07\/Simona-Malaspina-02-600x600.png 600w\" sizes=\"(max-width: 645px) 100vw, 645px\" \/>\t\t\t\t\t\t<\/div>\n\t\t\t\t\t\t<div class=\"modal-content__bio\">\n\t\t\t\t\t\t\t\t\t\t\t\t\t\t\t<p>CEO<\/p>\n\t\t\t\t\t\t\t\t\t\t\t\t\t\t\t\t\t\t\t\t\t\t<p>Relife Plastic Packaging<\/p>\n\t\t\t\t\t\t\t\t\t\t\t\t\t\t<p>Simona Malaspina, CEO di ReLife Plastic Packaging, donna che abbraccia la curiosit\u00e0 come una chiave per sbloccare nuove opportunit\u00e0, crescere ed ampliare i propri orizzonti e che sfrutta ogni occasione per imparare, sia dagli errori che dai successi. Ama l&#8217;arte moderna, leggere, viaggiare, camminare con i suoi cani e, soprattutto, cantare!<\/p>\n\t\t\t\t\t\t<\/div>\n\t\t\t\t\t<\/div>\n\t\t\t\t<\/div>\n\t\t\t<\/div>\n\t\t\t\t\t\t<div id=\"modal-gianluca-bonacchi\" class=\"modal\">\n\t\t\t\t<div class=\"modal-overlay\"><\/div>\n\t\t\t\t<div class=\"modal-content\">\n\t\t\t\t\t<div class=\"modal-header\">\n\t\t\t\t\t\t<h4>Gianluca Bonacchi<\/h4>\n\t\t\t\t\t\t<a href=\"#\" class=\"js-modal-close\">\n\t\t\t\t\t\t\t<span class=\"screen-reader-text\">Close overlay.<\/span>\n\t\t\t\t\t\t\t<svg xmlns=\"http:\/\/www.w3.org\/2000\/svg\" viewBox=\"0 0 384 512\">\n\t\t\t\t\t\t\t\t<path fill=\"#ffffff\" d=\"M342.6 150.6c12.5-12.5 12.5-32.8 0-45.3s-32.8-12.5-45.3 0L192 210.7 86.6 105.4c-12.5-12.5-32.8-12.5-45.3 0s-12.5 32.8 0 45.3L146.7 256 41.4 361.4c-12.5 12.5-12.5 32.8 0 45.3s32.8 12.5 45.3 0L192 301.3 297.4 406.6c12.5 12.5 32.8 12.5 45.3 0s12.5-32.8 0-45.3L237.3 256 342.6 150.6z\"\/>\n\t\t\t\t\t\t\t<\/svg>\n\t\t\t\t\t\t<\/a>\n\t\t\t\t\t<\/div>\n\t\t\t\t\t<div class=\"modal-content__row\">\n\t\t\t\t\t\t<div class=\"modal-content__image\">\n\t\t\t\t\t\t\t<img decoding=\"async\" width=\"800\" height=\"800\" src=\"https:\/\/www.indeedevents.com\/it-it\/wp-content\/uploads\/sites\/19\/2024\/07\/Indeed_Gianluca_Bonacchi.png\" class=\"attachment-large size-large\" alt=\"Headshot photo of Gianluca Bonacci looking at the camera\" srcset=\"https:\/\/www.indeedevents.com\/it-it\/wp-content\/uploads\/sites\/19\/2024\/07\/Indeed_Gianluca_Bonacchi.png 800w, https:\/\/www.indeedevents.com\/it-it\/wp-content\/uploads\/sites\/19\/2024\/07\/Indeed_Gianluca_Bonacchi-300x300.png 300w, https:\/\/www.indeedevents.com\/it-it\/wp-content\/uploads\/sites\/19\/2024\/07\/Indeed_Gianluca_Bonacchi-210x210.png 210w, https:\/\/www.indeedevents.com\/it-it\/wp-content\/uploads\/sites\/19\/2024\/07\/Indeed_Gianluca_Bonacchi-768x768.png 768w, https:\/\/www.indeedevents.com\/it-it\/wp-content\/uploads\/sites\/19\/2024\/07\/Indeed_Gianluca_Bonacchi-600x600.png 600w\" sizes=\"(max-width: 800px) 100vw, 800px\" \/>\t\t\t\t\t\t<\/div>\n\t\t\t\t\t\t<div class=\"modal-content__bio\">\n\t\t\t\t\t\t\t\t\t\t\t\t\t\t\t<p>Senior Talent Strategy Advisor<\/p>\n\t\t\t\t\t\t\t\t\t\t\t\t\t\t\t\t\t\t\t\t\t\t<p>Indeed<\/p>\n\t\t\t\t\t\t\t\t\t\t\t\t\t\t<p>Gianluca Bonacchi \u00e8 un consulente, relatore e storyteller che aiuta i leader a sfruttare le informazioni offerte dalla tecnologia e dalle risorse umane per espandere i loro business. Nel suo attuale ruolo di Senior talent strategy advisor, utilizza i dati della piattaforma Indeed e l&#8217;analisi delle tendenze del settore per identificare strategie di selezione efficaci e comunicarle ai leader aziendali.<\/p>\n\t\t\t\t\t\t<\/div>\n\t\t\t\t\t<\/div>\n\t\t\t\t<\/div>\n\t\t\t<\/div>\n\t\t\t\t\t\t<div id=\"modal-ilaria-caccamo\" class=\"modal\">\n\t\t\t\t<div class=\"modal-overlay\"><\/div>\n\t\t\t\t<div class=\"modal-content\">\n\t\t\t\t\t<div class=\"modal-header\">\n\t\t\t\t\t\t<h4>Ilaria Caccamo<\/h4>\n\t\t\t\t\t\t<a href=\"#\" class=\"js-modal-close\">\n\t\t\t\t\t\t\t<span class=\"screen-reader-text\">Close overlay.<\/span>\n\t\t\t\t\t\t\t<svg xmlns=\"http:\/\/www.w3.org\/2000\/svg\" viewBox=\"0 0 384 512\">\n\t\t\t\t\t\t\t\t<path fill=\"#ffffff\" d=\"M342.6 150.6c12.5-12.5 12.5-32.8 0-45.3s-32.8-12.5-45.3 0L192 210.7 86.6 105.4c-12.5-12.5-32.8-12.5-45.3 0s-12.5 32.8 0 45.3L146.7 256 41.4 361.4c-12.5 12.5-12.5 32.8 0 45.3s32.8 12.5 45.3 0L192 301.3 297.4 406.6c12.5 12.5 32.8 12.5 45.3 0s12.5-32.8 0-45.3L237.3 256 342.6 150.6z\"\/>\n\t\t\t\t\t\t\t<\/svg>\n\t\t\t\t\t\t<\/a>\n\t\t\t\t\t<\/div>\n\t\t\t\t\t<div class=\"modal-content__row\">\n\t\t\t\t\t\t<div class=\"modal-content__image\">\n\t\t\t\t\t\t\t<img decoding=\"async\" width=\"800\" height=\"800\" src=\"https:\/\/www.indeedevents.com\/it-it\/wp-content\/uploads\/sites\/19\/2024\/07\/foto-camicia-bianca.png\" class=\"attachment-large size-large\" alt=\"Headshot photo of Ilaria Caccamo looking at the camera\" srcset=\"https:\/\/www.indeedevents.com\/it-it\/wp-content\/uploads\/sites\/19\/2024\/07\/foto-camicia-bianca.png 800w, https:\/\/www.indeedevents.com\/it-it\/wp-content\/uploads\/sites\/19\/2024\/07\/foto-camicia-bianca-300x300.png 300w, https:\/\/www.indeedevents.com\/it-it\/wp-content\/uploads\/sites\/19\/2024\/07\/foto-camicia-bianca-210x210.png 210w, https:\/\/www.indeedevents.com\/it-it\/wp-content\/uploads\/sites\/19\/2024\/07\/foto-camicia-bianca-768x768.png 768w, https:\/\/www.indeedevents.com\/it-it\/wp-content\/uploads\/sites\/19\/2024\/07\/foto-camicia-bianca-600x600.png 600w\" sizes=\"(max-width: 800px) 100vw, 800px\" \/>\t\t\t\t\t\t<\/div>\n\t\t\t\t\t\t<div class=\"modal-content__bio\">\n\t\t\t\t\t\t\t\t\t\t\t\t\t\t\t<p>Head of Sales Italy &amp; Iberia<\/p>\n\t\t\t\t\t\t\t\t\t\t\t\t\t\t\t\t\t\t\t\t\t\t<p>Indeed<\/p>\n\t\t\t\t\t\t\t\t\t\t\t\t\t\t<p>Ilaria Caccamo ha 20 anni di esperienza nel settore della comunicazione e delle tecnologie. <\/p>\n<p>Ha iniziato nel settore della pubblicit\u00e0 e dello sviluppo di business lavorando per grandi marchi italiani ed internazionali. Per quasi 10 anni ha lavorato come business leader in Google, dove partendo dalla gestione di mercati Europei \u00e8 poi passata allo sviluppo dei mercati di Asia Pacifico vivendo a Singapore, Tokyo e Sydney. Nel 2022 diventa Managing Director di Indeed Italia, con l\u2019obiettivo di rendere pi\u00f9 efficiente e pi\u00f9 equo il mercato del lavoro italiano. Mamma di due bambini, \u00e8 particolarmente impegnata nell\u2019ambito della Diversity, Inclusion &#038; Belonging.<\/p>\n\t\t\t\t\t\t<\/div>\n\t\t\t\t\t<\/div>\n\t\t\t\t<\/div>\n\t\t\t<\/div>\n\t\t\t\t\t\t<div id=\"modal-pawel-adrjan\" class=\"modal\">\n\t\t\t\t<div class=\"modal-overlay\"><\/div>\n\t\t\t\t<div class=\"modal-content\">\n\t\t\t\t\t<div class=\"modal-header\">\n\t\t\t\t\t\t<h4>Pawel Adrjan<\/h4>\n\t\t\t\t\t\t<a href=\"#\" class=\"js-modal-close\">\n\t\t\t\t\t\t\t<span class=\"screen-reader-text\">Close overlay.<\/span>\n\t\t\t\t\t\t\t<svg xmlns=\"http:\/\/www.w3.org\/2000\/svg\" viewBox=\"0 0 384 512\">\n\t\t\t\t\t\t\t\t<path fill=\"#ffffff\" d=\"M342.6 150.6c12.5-12.5 12.5-32.8 0-45.3s-32.8-12.5-45.3 0L192 210.7 86.6 105.4c-12.5-12.5-32.8-12.5-45.3 0s-12.5 32.8 0 45.3L146.7 256 41.4 361.4c-12.5 12.5-12.5 32.8 0 45.3s32.8 12.5 45.3 0L192 301.3 297.4 406.6c12.5 12.5 32.8 12.5 45.3 0s12.5-32.8 0-45.3L237.3 256 342.6 150.6z\"\/>\n\t\t\t\t\t\t\t<\/svg>\n\t\t\t\t\t\t<\/a>\n\t\t\t\t\t<\/div>\n\t\t\t\t\t<div class=\"modal-content__row\">\n\t\t\t\t\t\t<div class=\"modal-content__image\">\n\t\t\t\t\t\t\t<img decoding=\"async\" width=\"800\" height=\"800\" src=\"https:\/\/www.indeedevents.com\/it-it\/wp-content\/uploads\/sites\/19\/2024\/07\/Pawel-Adrjan-cutout.png\" class=\"attachment-large size-large\" alt=\"Headshot photo of Pawel Adrjan looking at the camera\" srcset=\"https:\/\/www.indeedevents.com\/it-it\/wp-content\/uploads\/sites\/19\/2024\/07\/Pawel-Adrjan-cutout.png 800w, https:\/\/www.indeedevents.com\/it-it\/wp-content\/uploads\/sites\/19\/2024\/07\/Pawel-Adrjan-cutout-300x300.png 300w, https:\/\/www.indeedevents.com\/it-it\/wp-content\/uploads\/sites\/19\/2024\/07\/Pawel-Adrjan-cutout-210x210.png 210w, https:\/\/www.indeedevents.com\/it-it\/wp-content\/uploads\/sites\/19\/2024\/07\/Pawel-Adrjan-cutout-768x768.png 768w, https:\/\/www.indeedevents.com\/it-it\/wp-content\/uploads\/sites\/19\/2024\/07\/Pawel-Adrjan-cutout-600x600.png 600w\" sizes=\"(max-width: 800px) 100vw, 800px\" \/>\t\t\t\t\t\t<\/div>\n\t\t\t\t\t\t<div class=\"modal-content__bio\">\n\t\t\t\t\t\t\t\t\t\t\t\t\t\t\t<p>Director, EMEA &amp; APAC Economic Research<\/p>\n\t\t\t\t\t\t\t\t\t\t\t\t\t\t\t\t\t\t\t\t\t\t<p>Indeed<\/p>\n\t\t\t\t\t\t\t\t\t\t\t\t\t\t<p>Economist impegnato a utilizzare i dati per rendere il mondo del lavoro migliore per tutti. Dalla formazione come ricercatore in economia e dall&#8217;esperienza nel mondo della finanza porta l\u2019approccio analitico alla risoluzione dei problemi, la capacit\u00e0 di estrarre dai big data informazioni rilevanti per il business data e la passione per la divulgazione dei temi economici.<\/p>\n\t\t\t\t\t\t<\/div>\n\t\t\t\t\t<\/div>\n\t\t\t\t<\/div>\n\t\t\t<\/div>\n\t\t\t\t\t\t<div id=\"modal-chiara-montanari\" class=\"modal\">\n\t\t\t\t<div class=\"modal-overlay\"><\/div>\n\t\t\t\t<div class=\"modal-content\">\n\t\t\t\t\t<div class=\"modal-header\">\n\t\t\t\t\t\t<h4>Chiara Montanari<\/h4>\n\t\t\t\t\t\t<a href=\"#\" class=\"js-modal-close\">\n\t\t\t\t\t\t\t<span class=\"screen-reader-text\">Close overlay.<\/span>\n\t\t\t\t\t\t\t<svg xmlns=\"http:\/\/www.w3.org\/2000\/svg\" viewBox=\"0 0 384 512\">\n\t\t\t\t\t\t\t\t<path fill=\"#ffffff\" d=\"M342.6 150.6c12.5-12.5 12.5-32.8 0-45.3s-32.8-12.5-45.3 0L192 210.7 86.6 105.4c-12.5-12.5-32.8-12.5-45.3 0s-12.5 32.8 0 45.3L146.7 256 41.4 361.4c-12.5 12.5-12.5 32.8 0 45.3s32.8 12.5 45.3 0L192 301.3 297.4 406.6c12.5 12.5 32.8 12.5 45.3 0s12.5-32.8 0-45.3L237.3 256 342.6 150.6z\"\/>\n\t\t\t\t\t\t\t<\/svg>\n\t\t\t\t\t\t<\/a>\n\t\t\t\t\t<\/div>\n\t\t\t\t\t<div class=\"modal-content__row\">\n\t\t\t\t\t\t<div class=\"modal-content__image\">\n\t\t\t\t\t\t\t<img decoding=\"async\" width=\"1000\" height=\"1000\" src=\"https:\/\/www.indeedevents.com\/it-it\/wp-content\/uploads\/sites\/19\/2024\/07\/CH-FOTO-PROFILO1-3.png\" class=\"attachment-large size-large\" alt=\"Headshot of Chiara Montanari looking at the camera\" srcset=\"https:\/\/www.indeedevents.com\/it-it\/wp-content\/uploads\/sites\/19\/2024\/07\/CH-FOTO-PROFILO1-3.png 1000w, https:\/\/www.indeedevents.com\/it-it\/wp-content\/uploads\/sites\/19\/2024\/07\/CH-FOTO-PROFILO1-3-300x300.png 300w, https:\/\/www.indeedevents.com\/it-it\/wp-content\/uploads\/sites\/19\/2024\/07\/CH-FOTO-PROFILO1-3-210x210.png 210w, https:\/\/www.indeedevents.com\/it-it\/wp-content\/uploads\/sites\/19\/2024\/07\/CH-FOTO-PROFILO1-3-768x768.png 768w, https:\/\/www.indeedevents.com\/it-it\/wp-content\/uploads\/sites\/19\/2024\/07\/CH-FOTO-PROFILO1-3-600x600.png 600w\" sizes=\"(max-width: 1000px) 100vw, 1000px\" \/>\t\t\t\t\t\t<\/div>\n\t\t\t\t\t\t<div class=\"modal-content__bio\">\n\t\t\t\t\t\t\t\t\t\t\t\t\t\t\t<p>Ingegnere, gi\u00e0 capo spedizione in Antartide<\/p>\n\t\t\t\t\t\t\t\t\t\t\t\t\t\t\t\t\t\t\t\t\t<p>Chiara Montanari ingegnere, prima italiana a capo di una missione in Antartide. Ad oggi ha diretto 5 spedizioni  scientifiche in Antartide  rappresentando oltre l&#8217;Italia anche la Francia e il Belgio. Oltre alle missioni polari ha un&#8217;esperienza pluridecennale in management e gestione di team multidisciplinari in progetti complessi. Nel 2017 ha fondato una societ\u00e0 di consulenza per diffondere il metodo Antarctic Mindset, ovvero la capacit\u00e0 di prosperare nell&#8217;incertezza. Sostiene che l&#8217;Antartide \u00e8 una valida metafora per navigare il mondo contemporaneo ricco di complessit\u00e0, incertezza, rischi ma anche grandi opportunit\u00e0.<\/p>\n\t\t\t\t\t\t<\/div>\n\t\t\t\t\t<\/div>\n\t\t\t\t<\/div>\n\t\t\t<\/div>\n\t\t\t\t\t\t<div id=\"modal-daniela-bandera\" class=\"modal\">\n\t\t\t\t<div class=\"modal-overlay\"><\/div>\n\t\t\t\t<div class=\"modal-content\">\n\t\t\t\t\t<div class=\"modal-header\">\n\t\t\t\t\t\t<h4>Daniela Bandera<\/h4>\n\t\t\t\t\t\t<a href=\"#\" class=\"js-modal-close\">\n\t\t\t\t\t\t\t<span class=\"screen-reader-text\">Close overlay.<\/span>\n\t\t\t\t\t\t\t<svg xmlns=\"http:\/\/www.w3.org\/2000\/svg\" viewBox=\"0 0 384 512\">\n\t\t\t\t\t\t\t\t<path fill=\"#ffffff\" d=\"M342.6 150.6c12.5-12.5 12.5-32.8 0-45.3s-32.8-12.5-45.3 0L192 210.7 86.6 105.4c-12.5-12.5-32.8-12.5-45.3 0s-12.5 32.8 0 45.3L146.7 256 41.4 361.4c-12.5 12.5-12.5 32.8 0 45.3s32.8 12.5 45.3 0L192 301.3 297.4 406.6c12.5 12.5 32.8 12.5 45.3 0s12.5-32.8 0-45.3L237.3 256 342.6 150.6z\"\/>\n\t\t\t\t\t\t\t<\/svg>\n\t\t\t\t\t\t<\/a>\n\t\t\t\t\t<\/div>\n\t\t\t\t\t<div class=\"modal-content__row\">\n\t\t\t\t\t\t<div class=\"modal-content__image\">\n\t\t\t\t\t\t\t<img decoding=\"async\" width=\"1000\" height=\"1000\" src=\"https:\/\/www.indeedevents.com\/it-it\/wp-content\/uploads\/sites\/19\/2024\/07\/Daniela-Bandera-2024-foto.png\" class=\"attachment-large size-large\" alt=\"Headshot photo of Daniela Bandera looking at the camera\" srcset=\"https:\/\/www.indeedevents.com\/it-it\/wp-content\/uploads\/sites\/19\/2024\/07\/Daniela-Bandera-2024-foto.png 1000w, https:\/\/www.indeedevents.com\/it-it\/wp-content\/uploads\/sites\/19\/2024\/07\/Daniela-Bandera-2024-foto-300x300.png 300w, https:\/\/www.indeedevents.com\/it-it\/wp-content\/uploads\/sites\/19\/2024\/07\/Daniela-Bandera-2024-foto-210x210.png 210w, https:\/\/www.indeedevents.com\/it-it\/wp-content\/uploads\/sites\/19\/2024\/07\/Daniela-Bandera-2024-foto-768x768.png 768w, https:\/\/www.indeedevents.com\/it-it\/wp-content\/uploads\/sites\/19\/2024\/07\/Daniela-Bandera-2024-foto-600x600.png 600w\" sizes=\"(max-width: 1000px) 100vw, 1000px\" \/>\t\t\t\t\t\t<\/div>\n\t\t\t\t\t\t<div class=\"modal-content__bio\">\n\t\t\t\t\t\t\t\t\t\t\t\t\t\t\t<p>Amministratrice Delegata di Nomesis, Founder e National Past President di EWMD Italia, Responsabile de LE Imprenditrici di Confindustria Brescia<\/p>\n\t\t\t\t\t\t\t\t\t\t\t\t\t\t\t\t\t\t\t\t\t<p>Daniela Bandera, sociologia autrice del libro L\u2019impresa coevolutiva (2019), di articoli e saggi, ha co-fondato Nomesis &#8211; Ricerche e Soluzioni di Marketing di cui \u00e8 Amministratrice Delegata. Ricercatrice ed esperta di Smart Working, Gender Research e di Diversity &#038; Inclusion, in questi campi realizza da oltre vent\u2019anni interventi integrati di ricercAzione nelle imprese per individuare le strategie di integrazione e la valorizzazione delle diversit\u00e0 sostenibili nel tempo.<\/p>\n<p><strong>Dal 2020 \u00e8 Innovation Manager<\/strong> riconosciuta dal MISE \u00e8 Founder e Past President di EWMD Italia \u2013 European Women\u2019s Management Development international Network e Responsabile del Gruppo Tecnico Le Imprenditrici di Confindustria Brescia.<\/p>\n\t\t\t\t\t\t<\/div>\n\t\t\t\t\t<\/div>\n\t\t\t\t<\/div>\n\t\t\t<\/div>\n\t\t\t\t\t\t<div id=\"modal-danila-de-stefano\" class=\"modal\">\n\t\t\t\t<div class=\"modal-overlay\"><\/div>\n\t\t\t\t<div class=\"modal-content\">\n\t\t\t\t\t<div class=\"modal-header\">\n\t\t\t\t\t\t<h4>Danila De Stefano<\/h4>\n\t\t\t\t\t\t<a href=\"#\" class=\"js-modal-close\">\n\t\t\t\t\t\t\t<span class=\"screen-reader-text\">Close overlay.<\/span>\n\t\t\t\t\t\t\t<svg xmlns=\"http:\/\/www.w3.org\/2000\/svg\" viewBox=\"0 0 384 512\">\n\t\t\t\t\t\t\t\t<path fill=\"#ffffff\" d=\"M342.6 150.6c12.5-12.5 12.5-32.8 0-45.3s-32.8-12.5-45.3 0L192 210.7 86.6 105.4c-12.5-12.5-32.8-12.5-45.3 0s-12.5 32.8 0 45.3L146.7 256 41.4 361.4c-12.5 12.5-12.5 32.8 0 45.3s32.8 12.5 45.3 0L192 301.3 297.4 406.6c12.5 12.5 32.8 12.5 45.3 0s12.5-32.8 0-45.3L237.3 256 342.6 150.6z\"\/>\n\t\t\t\t\t\t\t<\/svg>\n\t\t\t\t\t\t<\/a>\n\t\t\t\t\t<\/div>\n\t\t\t\t\t<div class=\"modal-content__row\">\n\t\t\t\t\t\t<div class=\"modal-content__image\">\n\t\t\t\t\t\t\t<img decoding=\"async\" width=\"1000\" height=\"1000\" src=\"https:\/\/www.indeedevents.com\/it-it\/wp-content\/uploads\/sites\/19\/2024\/07\/post_libro_v1_notext.png\" class=\"attachment-large size-large\" alt=\"Headshot photo of Danila De Stefano looking at the camera\" srcset=\"https:\/\/www.indeedevents.com\/it-it\/wp-content\/uploads\/sites\/19\/2024\/07\/post_libro_v1_notext.png 1000w, https:\/\/www.indeedevents.com\/it-it\/wp-content\/uploads\/sites\/19\/2024\/07\/post_libro_v1_notext-300x300.png 300w, https:\/\/www.indeedevents.com\/it-it\/wp-content\/uploads\/sites\/19\/2024\/07\/post_libro_v1_notext-210x210.png 210w, https:\/\/www.indeedevents.com\/it-it\/wp-content\/uploads\/sites\/19\/2024\/07\/post_libro_v1_notext-768x768.png 768w, https:\/\/www.indeedevents.com\/it-it\/wp-content\/uploads\/sites\/19\/2024\/07\/post_libro_v1_notext-600x600.png 600w\" sizes=\"(max-width: 1000px) 100vw, 1000px\" \/>\t\t\t\t\t\t<\/div>\n\t\t\t\t\t\t<div class=\"modal-content__bio\">\n\t\t\t\t\t\t\t\t\t\t\t\t\t\t\t<p>CEO &amp; Founder<\/p>\n\t\t\t\t\t\t\t\t\t\t\t\t\t\t\t\t\t\t\t\t\t\t<p>Unobravo s.r.l. SB<\/p>\n\t\t\t\t\t\t\t\t\t\t\t\t\t\t<p>Nata a Napoli nel 1992, Danila De Stefano \u00e8 laureata in Psicologia Clinica presso l&#8217;Universit\u00e0 La Sapienza di Roma. Dopo essersi trasferita a Londra, ha lavorato in cliniche psichiatriche e organizzazioni benefiche, dove ha affrontato la difficolt\u00e0 di trovare supporto psicologico nella sua lingua madre. Questa esperienza ha ispirato la creazione di Unobravo nel 2019, un servizio di supporto psicologico online. Danila \u00e8 considerata una figura di spicco per il suo impegno nel combattere lo stigma sulla salute mentale e promuovere l\u2019imprenditoria femminile. Nel 2021 \u00e8 stata inclusa nella lista &#8220;Forbes Under 30&#8221; e ha ricevuto il premio EY &#8220;Imprenditore dell&#8217;Anno&#8221; nella categoria startup. Nel 2024 \u00e8 stata eletta Vice Presidente dei Giovani Imprenditori di Milano e inserita da Forbes tra le &#8220;100 Donne di Successo&#8221;.<\/p>\n\t\t\t\t\t\t<\/div>\n\t\t\t\t\t<\/div>\n\t\t\t\t<\/div>\n\t\t\t<\/div>\n\t\t\t<\/div>\n<\/div>\n\n\n\n<div id=\"agenda\" class=\"wp-block-group is-style-futureworks futureworks-schedule is-layout-constrained wp-block-group-is-layout-constrained\">\n<div style=\"height:100px\" aria-hidden=\"true\" class=\"wp-block-spacer\"><\/div>\n\n\n\n<div class=\"wp-block-columns are-vertically-aligned-top is-layout-flex wp-container-core-columns-is-layout-9d6595d7 wp-block-columns-is-layout-flex\">\n<div class=\"wp-block-column is-vertically-aligned-top is-layout-flow wp-block-column-is-layout-flow\" style=\"flex-basis:33%\">\n<h2 class=\"wp-block-heading h3 mt-0\">Agenda<\/h2>\n<\/div>\n\n\n\n<div class=\"wp-block-column is-vertically-aligned-top is-layout-flow wp-block-column-is-layout-flow\" style=\"flex-basis:66%\">\n<p class=\"mt-0\"><\/p>\n<\/div>\n<\/div>\n\n\n\n<div class=\"block-futureworks-schedule\" id=\"futureworks-schedule-block_645edafa0e68caa2274ed2d3c6015083\">\n            <p class=\"block-futureworks-schedule__date has-text-color\">luned\u00ec 28 ottobre<\/p>\n        <ul class=\"block-futureworks-schedule__content\">\n        \n\n<li class=\"block-futureworks-schedule-item\" id=\"futureworks-schedule-item-block_d23cdc098c306e54b06ba249248a80c6\">\n\t<button class=\"block-futureworks-schedule-item__toggle\" aria-label=\"Open details for: Registrazione e Welcome Coffee at 14:15&nbsp;-&nbsp;14:45.\" >\n\t\t<span class=\"block-futureworks-schedule-item__time\">\n\t\t\t14:15&nbsp;&#8211;&nbsp;14:45\t\t<\/span>\n\t\t<div class=\"block-futureworks-schedule-item__title\">Registrazione e Welcome Coffee<\/div>\n\t<\/button>\n\t<div class=\"block-futureworks-schedule-item__content\" aria-hidden=\"true\" aria-expanded=\"false\">\n\t\t<div class=\"inner-content\"><\/div>\n\t<\/div>\n<\/li>\n\n\n\n<li class=\"block-futureworks-schedule-item\" id=\"futureworks-schedule-item-block_5bae8de048d9084c268c8fb31c4bce1d\">\n\t<button class=\"block-futureworks-schedule-item__toggle\" aria-label=\"Open details for: Benvenuto &#038; Agenda at 14:45&nbsp;-&nbsp;15:00.\" >\n\t\t<span class=\"block-futureworks-schedule-item__time\">\n\t\t\t14:45&nbsp;&#8211;&nbsp;15:00\t\t<\/span>\n\t\t<div class=\"block-futureworks-schedule-item__title\">Benvenuto &amp; Agenda<\/div>\n\t<\/button>\n\t<div class=\"block-futureworks-schedule-item__content\" aria-hidden=\"true\" aria-expanded=\"false\">\n\t\t<div class=\"inner-content\"><\/div>\n\t<\/div>\n<\/li>\n\n\n\n<li class=\"block-futureworks-schedule-item\" id=\"futureworks-schedule-item-block_9c4c5a1c39242db92a1f1a2500abd11d\">\n\t<button class=\"block-futureworks-schedule-item__toggle\" aria-label=\"Open details for: La strada verso un lavoro migliore \u00e8 sempre pi\u00f9 breve at 15:00&nbsp;-&nbsp;15:20.\" >\n\t\t<span class=\"block-futureworks-schedule-item__time\">\n\t\t\t15:00&nbsp;&#8211;&nbsp;15:20\t\t<\/span>\n\t\t<div class=\"block-futureworks-schedule-item__title\">La strada verso un lavoro migliore \u00e8 sempre pi\u00f9 breve<\/div>\n\t<\/button>\n\t<div class=\"block-futureworks-schedule-item__content\" aria-hidden=\"true\" aria-expanded=\"false\">\n\t\t<div class=\"inner-content\">\n\n<p>Gianluca Bonacchi, Senior Talent Strategy Advisor, Indeed<\/p>\n\n<\/div>\n\t<\/div>\n<\/li>\n\n\n\n<li class=\"block-futureworks-schedule-item\" id=\"futureworks-schedule-item-block_07ed3a0aa47f6a2ef422b653fc080df8\">\n\t<button class=\"block-futureworks-schedule-item__toggle\" aria-label=\"Open details for: L\u2019atlante del nuovo mondo del lavoro at 15:20&nbsp;-&nbsp;15:40.\" >\n\t\t<span class=\"block-futureworks-schedule-item__time\">\n\t\t\t15:20&nbsp;&#8211;&nbsp;15:40\t\t<\/span>\n\t\t<div class=\"block-futureworks-schedule-item__title\">L\u2019atlante del nuovo mondo del lavoro<\/div>\n\t<\/button>\n\t<div class=\"block-futureworks-schedule-item__content\" aria-hidden=\"true\" aria-expanded=\"false\">\n\t\t<div class=\"inner-content\">\n\n<p>Paolo Iacci, Professore, Universit\u00e0 Statale di Milano<\/p>\n\n<\/div>\n\t<\/div>\n<\/li>\n\n\n\n<li class=\"block-futureworks-schedule-item\" id=\"futureworks-schedule-item-block_bd69fa1cb59f6c2f50d94659089b0e21\">\n\t<button class=\"block-futureworks-schedule-item__toggle\" aria-label=\"Open details for: The Economic Case for Expanding your Talent Pool at 15:40&nbsp;-&nbsp;16:00.\" >\n\t\t<span class=\"block-futureworks-schedule-item__time\">\n\t\t\t15:40&nbsp;&#8211;&nbsp;16:00\t\t<\/span>\n\t\t<div class=\"block-futureworks-schedule-item__title\">The Economic Case for Expanding your Talent Pool<\/div>\n\t<\/button>\n\t<div class=\"block-futureworks-schedule-item__content\" aria-hidden=\"true\" aria-expanded=\"false\">\n\t\t<div class=\"inner-content\">\n\n<p>Pawel Adrjan, Director, EMEA &amp; APAC Economic Research, Indeed<\/p>\n\n<\/div>\n\t<\/div>\n<\/li>\n\n\n\n<li class=\"block-futureworks-schedule-item\" id=\"futureworks-schedule-item-block_3f9111c03c2695c6536cadea734cb56f\">\n\t<button class=\"block-futureworks-schedule-item__toggle\" aria-label=\"Open details for: Coffee Break &#038; Networking at 16:00&nbsp;-&nbsp;16:30.\" >\n\t\t<span class=\"block-futureworks-schedule-item__time\">\n\t\t\t16:00&nbsp;&#8211;&nbsp;16:30\t\t<\/span>\n\t\t<div class=\"block-futureworks-schedule-item__title\">Coffee Break &amp; Networking<\/div>\n\t<\/button>\n\t<div class=\"block-futureworks-schedule-item__content\" aria-hidden=\"true\" aria-expanded=\"false\">\n\t\t<div class=\"inner-content\"><\/div>\n\t<\/div>\n<\/li>\n\n\n\n<li class=\"block-futureworks-schedule-item\" id=\"futureworks-schedule-item-block_5b9088e8c44154c1704db25c2b08f22a\">\n\t<button class=\"block-futureworks-schedule-item__toggle\" aria-label=\"Open details for: Rotte di Leadership: dal viaggio personale alla crescita professionale at 16:30&nbsp;-&nbsp;17:00.\" >\n\t\t<span class=\"block-futureworks-schedule-item__time\">\n\t\t\t16:30&nbsp;&#8211;&nbsp;17:00\t\t<\/span>\n\t\t<div class=\"block-futureworks-schedule-item__title\">Rotte di Leadership: dal viaggio personale alla crescita professionale<\/div>\n\t<\/button>\n\t<div class=\"block-futureworks-schedule-item__content\" aria-hidden=\"true\" aria-expanded=\"false\">\n\t\t<div class=\"inner-content\">\n\n<p>Simona Malaspina, CEO, Relife Plastic Packaging<br>Daniela Bandera, Amministratrice Delegata di Nomesis, Founder e National Past President di EWMD Italia, Responsabile de LE Imprenditrici di Confindustria Brescia<br>Danila De Stefano, CEO &amp; Founder, UnoBravo<br>Modera Ilaria Caccamo, Managing Director Italia &amp; Iberia, Indeed<\/p>\n\n<\/div>\n\t<\/div>\n<\/li>\n\n\n\n<li class=\"block-futureworks-schedule-item\" id=\"futureworks-schedule-item-block_88ad264fdd00017a9c5f933780dbfbf2\">\n\t<button class=\"block-futureworks-schedule-item__toggle\" aria-label=\"Open details for: Esplorare nuovi orizzonti HR con l\u2019Intelligenza Artificiale at 17:00&nbsp;-&nbsp;17:20.\" >\n\t\t<span class=\"block-futureworks-schedule-item__time\">\n\t\t\t17:00&nbsp;&#8211;&nbsp;17:20\t\t<\/span>\n\t\t<div class=\"block-futureworks-schedule-item__title\">Esplorare nuovi orizzonti HR con l\u2019Intelligenza Artificiale<\/div>\n\t<\/button>\n\t<div class=\"block-futureworks-schedule-item__content\" aria-hidden=\"true\" aria-expanded=\"false\">\n\t\t<div class=\"inner-content\">\n\n<p>Andrea Fabris, Head of Employer Branding &amp; Recruiting UX, PwC Italy<br>Gianluca Bonacchi, Senior Talent Strategy Advisor, Indeed<\/p>\n\n<\/div>\n\t<\/div>\n<\/li>\n\n\n\n<li class=\"block-futureworks-schedule-item\" id=\"futureworks-schedule-item-block_c06164f8032cd64c0b2b651009a89d48\">\n\t<button class=\"block-futureworks-schedule-item__toggle\" aria-label=\"Open details for: Antarctic Mindset: come affrontare le sfide del futuro at 17:20&nbsp;-&nbsp;18:15.\" >\n\t\t<span class=\"block-futureworks-schedule-item__time\">\n\t\t\t17:20&nbsp;&#8211;&nbsp;18:15\t\t<\/span>\n\t\t<div class=\"block-futureworks-schedule-item__title\">Antarctic Mindset: come affrontare le sfide del futuro<\/div>\n\t<\/button>\n\t<div class=\"block-futureworks-schedule-item__content\" aria-hidden=\"true\" aria-expanded=\"false\">\n\t\t<div class=\"inner-content\">\n\n<p>Chiara Montanari, Ingegnere gi\u00e0 capo spedizione in Antartide<\/p>\n\n<\/div>\n\t<\/div>\n<\/li>\n\n\n\n<li class=\"block-futureworks-schedule-item\" id=\"futureworks-schedule-item-block_9dfdf905d9a60b1a8388d0b6c94f47c7\">\n\t<button class=\"block-futureworks-schedule-item__toggle\" aria-label=\"Open details for: Conclusioni at 18:15&nbsp;-&nbsp;18:30.\" >\n\t\t<span class=\"block-futureworks-schedule-item__time\">\n\t\t\t18:15&nbsp;&#8211;&nbsp;18:30\t\t<\/span>\n\t\t<div class=\"block-futureworks-schedule-item__title\">Conclusioni<\/div>\n\t<\/button>\n\t<div class=\"block-futureworks-schedule-item__content\" aria-hidden=\"true\" aria-expanded=\"false\">\n\t\t<div class=\"inner-content\"><\/div>\n\t<\/div>\n<\/li>\n\n\n\n<li class=\"block-futureworks-schedule-item\" id=\"futureworks-schedule-item-block_a97091bb14fade0ff937ee7e5fcf74fd\">\n\t<button class=\"block-futureworks-schedule-item__toggle\" aria-label=\"Open details for: Cocktail di arrivederci at 18:30&nbsp;-&nbsp;19:00.\" >\n\t\t<span class=\"block-futureworks-schedule-item__time\">\n\t\t\t18:30&nbsp;&#8211;&nbsp;19:00\t\t<\/span>\n\t\t<div class=\"block-futureworks-schedule-item__title\">Cocktail di arrivederci<\/div>\n\t<\/button>\n\t<div class=\"block-futureworks-schedule-item__content\" aria-hidden=\"true\" aria-expanded=\"false\">\n\t\t<div class=\"inner-content\"><\/div>\n\t<\/div>\n<\/li>\n\n\n    <\/ul>\n<\/div>\n\n\n\n<div style=\"height:100px\" aria-hidden=\"true\" class=\"wp-block-spacer\"><\/div>\n<\/div>\n\n\n\n<div id=\"location\" class=\"wp-block-group futureworks-location is-layout-constrained wp-block-group-is-layout-constrained\">\n<h2 class=\"wp-block-heading has-text-align-center h3\">Museo Nazionale della Scienza e della Tecnologia Leonardo Da Vinci<\/h2>\n\n\n\n<p class=\"has-text-align-center\">Padiglione Aeronavale<br>Via Olona 6<br>20123 Milano<\/p>\n\n\n\t<div class=\"block-futureworks-map\" id=\"futureworks-map-block_a1afce85f1db96b41732925698a2db58\">\n\t\t<div class=\"block-futureworks-map__overlay js-map-overlay\"><\/div>\n\t\t<div id=\"indeed-event-map\"><\/div>\n\t\t<script>\n\t\t\tconst gmap = {\"address\":\"Padiglione Aeronavale Via Olona 6 20123 Milano\",\"lat\":45.46100089999999,\"lng\":9.1723078,\"zoom\":14,\"place_id\":\"ChIJL39allfBhkcRYXslLmxwYXQ\",\"street_number\":\"6\",\"street_name\":\"Via Olona\",\"city\":\"Milano\",\"state\":\"Lombardia\",\"state_short\":\"MI\",\"post_code\":\"20123\",\"country\":\"Italy\",\"country_short\":\"IT\"};\n\t\t<\/script>\n\t<\/div>\n\t\n\n\n<div style=\"height:100px\" aria-hidden=\"true\" class=\"wp-block-spacer\"><\/div>\n<\/div>\n\n\n\n<div id=\"faq\" class=\"wp-block-group is-style-futureworks futureworks-faq is-layout-constrained wp-block-group-is-layout-constrained\">\n<div class=\"wp-block-columns are-vertically-aligned-top is-layout-flex wp-container-core-columns-is-layout-9d6595d7 wp-block-columns-is-layout-flex\">\n<div class=\"wp-block-column is-vertically-aligned-top is-layout-flow wp-block-column-is-layout-flow\" style=\"flex-basis:33%\">\n<h2 class=\"wp-block-heading h3 mt-0\">FAQ<\/h2>\n<\/div>\n\n\n\n<div class=\"wp-block-column is-vertically-aligned-top is-layout-flow wp-block-column-is-layout-flow\" style=\"flex-basis:66%\">\n<p class=\"mt-0\"><\/p>\n<\/div>\n<\/div>\n\n\n\n<section class=\"event-faq\">\n\n\n\n\t\t\t<div class=\"event-faq-content block-accordion column-count-1 desktop-accordions\">\n\t\t\t\t\t<ul class=\"event-faq-column block-accordion__content\">\n\t\t\t\t\t\t\t\t\t\t\t\t\t\t\t\t\t\t\t<li aria-expanded=false class=\"block-accordion-item\">\n\t\t\t\t\t\t\t\t\t\t\t\t\t<button class=\"block-accordion-item__toggle\">\n\t\t\t\t\t\t\t\t<span class=\"block-accordion-item__title\">Cos&#8217;\u00e8 Indeed FutureWorks Milano?<\/span>\n\t\t\t\t\t\t\t<\/button>\n\t\t\t\t\t\t\t\t\t\t\t\t\t\t\t\t\t\t\t<div class=\"block-accordion-item__content\">\n\t\t\t\t\t\t\t\t<div class=\"block-accordion-item__content-inner\">\n\t\t\t\t\t\t\t\t\t<p>Indeed FutureWorks Milano \u00e8 l&#8217;edizione italiana dell&#8217;evento annuale nel quale Indeed esplora le tendenze e le ultime innovazioni relative al mondo HR, con un focus su temi relativi alla talent attraction ed employer branding.<\/p>\n\t\t\t\t\t\t\t\t<\/div>\n\t\t\t\t\t\t\t<\/div>\n\t\t\t\t\t\t\t\t\t\t\t<\/li>\n\t\t\t\t\t\t\t\t\t\t\t\t\t\t\t\t\t\t\t<li aria-expanded=false class=\"block-accordion-item\">\n\t\t\t\t\t\t\t\t\t\t\t\t\t<button class=\"block-accordion-item__toggle\">\n\t\t\t\t\t\t\t\t<span class=\"block-accordion-item__title\">Chi dovrebbe partecipare?<\/span>\n\t\t\t\t\t\t\t<\/button>\n\t\t\t\t\t\t\t\t\t\t\t\t\t\t\t\t\t\t\t<div class=\"block-accordion-item__content\">\n\t\t\t\t\t\t\t\t<div class=\"block-accordion-item__content-inner\">\n\t\t\t\t\t\t\t\t\t<p>Talent Acquisition Manager, Responsabili di Selezione, Hr Manager, Hr Director che vogliono rafforzare la loro strategia di recruiting per il futuro.<\/p>\n\t\t\t\t\t\t\t\t<\/div>\n\t\t\t\t\t\t\t<\/div>\n\t\t\t\t\t\t\t\t\t\t\t<\/li>\n\t\t\t\t\t\t\t\t\t\t\t\t\t\t\t\t\t\t\t<li aria-expanded=false class=\"block-accordion-item\">\n\t\t\t\t\t\t\t\t\t\t\t\t\t<button class=\"block-accordion-item__toggle\">\n\t\t\t\t\t\t\t\t<span class=\"block-accordion-item__title\">Quali informazioni verranno condivise?<\/span>\n\t\t\t\t\t\t\t<\/button>\n\t\t\t\t\t\t\t\t\t\t\t\t\t\t\t\t\t\t\t<div class=\"block-accordion-item__content\">\n\t\t\t\t\t\t\t\t<div class=\"block-accordion-item__content-inner\">\n\t\t\t\t\t\t\t\t\t<p>Indeed condivider\u00e0 i propri dati sugli attuali trend del mondo del lavoro a livello globale e locale, oltre ad approfondire l\u2019impatto dell\u2019Intelligenza Artificiale sul mondo dell\u2019HR e del recruiting.<\/p>\n<p>L\u2019evento prevede inoltre una serie di contributi portati da aziende, thought leader ed esperti, che condivideranno esperienze e best practice relativi ai temi pi\u00f9 attuali.<\/p>\n\t\t\t\t\t\t\t\t<\/div>\n\t\t\t\t\t\t\t<\/div>\n\t\t\t\t\t\t\t\t\t\t\t<\/li>\n\t\t\t\t\t\t\t\t\t\t\t\t\t\t\t\t\t\t\t<li aria-expanded=false class=\"block-accordion-item\">\n\t\t\t\t\t\t\t\t\t\t\t\t\t<button class=\"block-accordion-item__toggle\">\n\t\t\t\t\t\t\t\t<span class=\"block-accordion-item__title\">L\u2019ingresso \u00e8 a pagamento?<\/span>\n\t\t\t\t\t\t\t<\/button>\n\t\t\t\t\t\t\t\t\t\t\t\t\t\t\t\t\t\t\t<div class=\"block-accordion-item__content\">\n\t\t\t\t\t\t\t\t<div class=\"block-accordion-item__content-inner\">\n\t\t\t\t\t\t\t\t\t<p>No. Puoi partecipare gratuitamente a Indeed FutureWorks Milano ma i posti sono limitati. Registrati per tempo!<\/p>\n\t\t\t\t\t\t\t\t<\/div>\n\t\t\t\t\t\t\t<\/div>\n\t\t\t\t\t\t\t\t\t\t\t<\/li>\n\t\t\t\t\t\t\t\t\t\t\t\t\t\t\t\t\t\t\t<li aria-expanded=false class=\"block-accordion-item\">\n\t\t\t\t\t\t\t\t\t\t\t\t\t<button class=\"block-accordion-item__toggle\">\n\t\t\t\t\t\t\t\t<span class=\"block-accordion-item__title\">Quando e dove ricevo il mio badge?<\/span>\n\t\t\t\t\t\t\t<\/button>\n\t\t\t\t\t\t\t\t\t\t\t\t\t\t\t\t\t\t\t<div class=\"block-accordion-item__content\">\n\t\t\t\t\t\t\t\t<div class=\"block-accordion-item__content-inner\">\n\t\t\t\t\t\t\t\t\t<p>Riceverai il badge all\u2019inizio dell&#8217;evento. Assicurati di registrarti in anticipo.<\/p>\n\t\t\t\t\t\t\t\t<\/div>\n\t\t\t\t\t\t\t<\/div>\n\t\t\t\t\t\t\t\t\t\t\t<\/li>\n\t\t\t\t\t\t\t\t\t\t\t\t\t\t\t\t\t\t\t<li aria-expanded=false class=\"block-accordion-item\">\n\t\t\t\t\t\t\t\t\t\t\t\t\t<button class=\"block-accordion-item__toggle\">\n\t\t\t\t\t\t\t\t<span class=\"block-accordion-item__title\">Qual \u00e8 il dress code?<\/span>\n\t\t\t\t\t\t\t<\/button>\n\t\t\t\t\t\t\t\t\t\t\t\t\t\t\t\t\t\t\t<div class=\"block-accordion-item__content\">\n\t\t\t\t\t\t\t\t<div class=\"block-accordion-item__content-inner\">\n\t\t\t\t\t\t\t\t\t<p>Business casual.<\/p>\n\t\t\t\t\t\t\t\t<\/div>\n\t\t\t\t\t\t\t<\/div>\n\t\t\t\t\t\t\t\t\t\t\t<\/li>\n\t\t\t\t\t\t\t\t\t\t\t\t\t\t\t\t\t\t\t<li aria-expanded=false class=\"block-accordion-item\">\n\t\t\t\t\t\t\t\t\t\t\t\t\t<button class=\"block-accordion-item__toggle\">\n\t\t\t\t\t\t\t\t<span class=\"block-accordion-item__title\">E\u2019 previsto il catering?<\/span>\n\t\t\t\t\t\t\t<\/button>\n\t\t\t\t\t\t\t\t\t\t\t\t\t\t\t\t\t\t\t<div class=\"block-accordion-item__content\">\n\t\t\t\t\t\t\t\t<div class=\"block-accordion-item__content-inner\">\n\t\t\t\t\t\t\t\t\t<p>Prima dell\u2019inizio \u00e8 previsto un welcome coffee, e a met\u00e0 pomeriggio un coffee break. Offriremo inoltre un cocktail finale.<br \/>\nSe hai delle intolleranze, scrivi a <a href=\"mailto:it.marketing@indeed.com\">it.marketing@indeed.com<\/a>.<\/p>\n\t\t\t\t\t\t\t\t<\/div>\n\t\t\t\t\t\t\t<\/div>\n\t\t\t\t\t\t\t\t\t\t\t<\/li>\n\t\t\t\t\t\t\t\t\t\t\t\t\t\t\t\t\t\t\t<li aria-expanded=false class=\"block-accordion-item\">\n\t\t\t\t\t\t\t\t\t\t\t\t\t<button class=\"block-accordion-item__toggle\">\n\t\t\t\t\t\t\t\t<span class=\"block-accordion-item__title\">C\u2019\u00e8 un #hashtag dell\u2019evento?<\/span>\n\t\t\t\t\t\t\t<\/button>\n\t\t\t\t\t\t\t\t\t\t\t\t\t\t\t\t\t\t\t<div class=\"block-accordion-item__content\">\n\t\t\t\t\t\t\t\t<div class=\"block-accordion-item__content-inner\">\n\t\t\t\t\t\t\t\t\t<p>S\u00ec, #IndeedFutureWorksMI<\/p>\n\t\t\t\t\t\t\t\t<\/div>\n\t\t\t\t\t\t\t<\/div>\n\t\t\t\t\t\t\t\t\t\t\t<\/li>\n\t\t\t\t\t\t\t\t\t\t\t\t\t\t\t\t\t\t\t<li aria-expanded=false class=\"block-accordion-item\">\n\t\t\t\t\t\t\t\t\t\t\t\t\t<button class=\"block-accordion-item__toggle\">\n\t\t\t\t\t\t\t\t<span class=\"block-accordion-item__title\">Il locale \u00e8 accessibile?<\/span>\n\t\t\t\t\t\t\t<\/button>\n\t\t\t\t\t\t\t\t\t\t\t\t\t\t\t\t\t\t\t<div class=\"block-accordion-item__content\">\n\t\t\t\t\t\t\t\t<div class=\"block-accordion-item__content-inner\">\n\t\t\t\t\t\t\t\t\t<p>Il Museo \u00e8 accessibile alle persone con ridotta mobilit\u00e0 e pu\u00f2 essere percorso con sedie a rotelle o altri strumenti di supporto.<\/p>\n\t\t\t\t\t\t\t\t<\/div>\n\t\t\t\t\t\t\t<\/div>\n\t\t\t\t\t\t\t\t\t\t\t<\/li>\n\t\t\t\t\t\t\t\t\t\t\t\t\t\t\t\t\t\t\t<li aria-expanded=false class=\"block-accordion-item\">\n\t\t\t\t\t\t\t\t\t\t\t\t\t<button class=\"block-accordion-item__toggle\">\n\t\t\t\t\t\t\t\t<span class=\"block-accordion-item__title\">Il parcheggio \u00e8 disponibile?<\/span>\n\t\t\t\t\t\t\t<\/button>\n\t\t\t\t\t\t\t\t\t\t\t\t\t\t\t\t\t\t\t<div class=\"block-accordion-item__content\">\n\t\t\t\t\t\t\t\t<div class=\"block-accordion-item__content-inner\">\n\t\t\t\t\t\t\t\t\t<p>Il Museo si trova nel centro di Milano, nella zona a traffico limitato \u201cArea C\u201d, quindi si consiglia di verificare sul <a href=\"https:\/\/www.comune.milano.it\/aree-tematiche\/mobilita\/area-c\" rel=\"noopener\" target=\"_blank\">sito del Comune di Milano<\/a> le tariffe e le modalit\u00e0 di pagamento).<\/p>\n<p>Il parcheggio suggerito \u00e8 il Carducci Parking in via Olona 2.<\/p>\n\t\t\t\t\t\t\t\t<\/div>\n\t\t\t\t\t\t\t<\/div>\n\t\t\t\t\t\t\t\t\t\t\t<\/li>\n\t\t\t\t\t\t\t\t\t\t\t\t\t\t\t\t\t\t\t<li aria-expanded=false class=\"block-accordion-item\">\n\t\t\t\t\t\t\t\t\t\t\t\t\t<button class=\"block-accordion-item__toggle\">\n\t\t\t\t\t\t\t\t<span class=\"block-accordion-item__title\">Qual \u00e8 il modo migliore per raggiungere la location?<\/span>\n\t\t\t\t\t\t\t<\/button>\n\t\t\t\t\t\t\t\t\t\t\t\t\t\t\t\t\t\t\t<div class=\"block-accordion-item__content\">\n\t\t\t\t\t\t\t\t<div class=\"block-accordion-item__content-inner\">\n\t\t\t\t\t\t\t\t\t<p>M2 Stazione Sant\u2019Ambrogio, collegata direttamente alle Stazioni Ferroviarie Centrale, Garibaldi, Lambrate e Cadorna.<\/p>\n\t\t\t\t\t\t\t\t<\/div>\n\t\t\t\t\t\t\t<\/div>\n\t\t\t\t\t\t\t\t\t\t\t<\/li>\n\t\t\t\t\t\t\t\t\t\t\t\t\t\t\t\t\t\t\t<li aria-expanded=false class=\"block-accordion-item\">\n\t\t\t\t\t\t\t\t\t\t\t\t\t<button class=\"block-accordion-item__toggle\">\n\t\t\t\t\t\t\t\t<span class=\"block-accordion-item__title\">Potr\u00f2 registrarmi in sede?<\/span>\n\t\t\t\t\t\t\t<\/button>\n\t\t\t\t\t\t\t\t\t\t\t\t\t\t\t\t\t\t\t<div class=\"block-accordion-item__content\">\n\t\t\t\t\t\t\t\t<div class=\"block-accordion-item__content-inner\">\n\t\t\t\t\t\t\t\t\t<p>In base alle disponibilit\u00e0, accetteremo le registrazioni in loco presso il Museo della Scienza e della Tecnica il 28 ottobre. Tuttavia, si consiglia vivamente ai partecipanti di registrarsi in anticipo poich\u00e9 i posti sono limitati.<\/p>\n\t\t\t\t\t\t\t\t<\/div>\n\t\t\t\t\t\t\t<\/div>\n\t\t\t\t\t\t\t\t\t\t\t<\/li>\n\t\t\t\t\t\t\t<\/ul><!-- .event-faq-column -->\n\t\t\t\t<\/div><!-- .event-faq-content -->\n\t<\/section><!-- .event-faq -->\n<\/div>\n\n\n\n<div style=\"height:50px\" aria-hidden=\"true\" class=\"wp-block-spacer\"><\/div>\n\n\n\n<div id=\"about\" class=\"wp-block-group is-style-futureworks futureworks-about is-layout-constrained wp-block-group-is-layout-constrained\">\n<div class=\"wp-block-columns are-vertically-aligned-top is-layout-flex wp-container-core-columns-is-layout-9d6595d7 wp-block-columns-is-layout-flex\">\n<div class=\"wp-block-column is-vertically-aligned-top is-layout-flow wp-block-column-is-layout-flow\" style=\"flex-basis:50%\">\n<h3 class=\"wp-block-heading\">Vuoi partecipare?<\/h3>\n<\/div>\n\n\n\n<div class=\"wp-block-column is-vertically-aligned-top is-layout-flow wp-block-column-is-layout-flow\" style=\"flex-basis:50%\">\n<p>Contatta il tuo referente Indeed per informazioni su come iscriversi.<\/p>\n<\/div>\n<\/div>\n\n\n\n<div style=\"height:40px\" aria-hidden=\"true\" class=\"wp-block-spacer\"><\/div>\n<\/div>\n","protected":false},"featured_media":88621,"template":"page-templates\/indeed-futureworks.php","event-section":[155],"event-format":[157],"event-type":[183],"event-topic":[],"event-location":[179],"class_list":["post-88629","events","type-events","status-publish","has-post-thumbnail","hentry","event_section-employer","event_format-in-person","event_type-indeed-futureworks","event_location-europe"],"acf":[],"yoast_head":"<!-- This site is optimized with the Yoast SEO plugin v27.4 - https:\/\/yoast.com\/product\/yoast-seo-wordpress\/ -->\n<title>Indeed FutureWorks Milano 2024 | 28 ottobre<\/title>\n<meta name=\"description\" content=\"In un pomeriggio ricco e stimolante, sarai ispirato da approfondimenti sui trend di mercato, best practice di aziende innovative e interviste esclusive. Esplora con noi il futuro del lavoro\" \/>\n<meta name=\"robots\" content=\"index, follow, max-snippet:-1, max-image-preview:large, max-video-preview:-1\" \/>\n<link rel=\"canonical\" href=\"https:\/\/www.indeedevents.com\/it-it\/events\/public-ifw-milano-102024\/\" \/>\n<meta property=\"og:locale\" content=\"it_IT\" \/>\n<meta property=\"og:type\" content=\"article\" \/>\n<meta property=\"og:title\" content=\"Indeed FutureWorks Milano 2024 | 28 ottobre\" \/>\n<meta property=\"og:description\" content=\"In un pomeriggio ricco e stimolante, sarai ispirato da approfondimenti sui trend di mercato, best practice di aziende innovative e interviste esclusive. Esplora con noi il futuro del lavoro\" \/>\n<meta property=\"og:url\" content=\"https:\/\/www.indeedevents.com\/it-it\/events\/public-ifw-milano-102024\/\" \/>\n<meta property=\"og:site_name\" content=\"Indeed Events\" \/>\n<meta property=\"article:modified_time\" content=\"2025-09-03T19:27:43+00:00\" \/>\n<meta property=\"og:image\" content=\"https:\/\/www.indeedevents.com\/it-it\/wp-content\/uploads\/sites\/19\/2024\/07\/14869-FW-Milano-24-Webpage-banner-image-2.jpg\" \/>\n\t<meta property=\"og:image:width\" content=\"560\" \/>\n\t<meta property=\"og:image:height\" content=\"387\" \/>\n\t<meta property=\"og:image:type\" content=\"image\/jpeg\" \/>\n<meta name=\"twitter:card\" content=\"summary_large_image\" \/>\n<meta name=\"twitter:label1\" content=\"Tempo di lettura stimato\" \/>\n\t<meta name=\"twitter:data1\" content=\"1 minuto\" \/>\n<script type=\"application\/ld+json\" class=\"yoast-schema-graph\">{\"@context\":\"https:\\\/\\\/schema.org\",\"@graph\":[{\"@type\":\"WebPage\",\"@id\":\"https:\\\/\\\/www.indeedevents.com\\\/it-it\\\/events\\\/public-ifw-milano-102024\\\/\",\"url\":\"https:\\\/\\\/www.indeedevents.com\\\/it-it\\\/events\\\/public-ifw-milano-102024\\\/\",\"name\":\"Indeed FutureWorks Milano 2024 | 28 ottobre\",\"isPartOf\":{\"@id\":\"https:\\\/\\\/www.indeedevents.com\\\/it-it\\\/#website\"},\"primaryImageOfPage\":{\"@id\":\"https:\\\/\\\/www.indeedevents.com\\\/it-it\\\/events\\\/public-ifw-milano-102024\\\/#primaryimage\"},\"image\":{\"@id\":\"https:\\\/\\\/www.indeedevents.com\\\/it-it\\\/events\\\/public-ifw-milano-102024\\\/#primaryimage\"},\"thumbnailUrl\":\"https:\\\/\\\/www.indeedevents.com\\\/it-it\\\/wp-content\\\/uploads\\\/sites\\\/19\\\/2024\\\/07\\\/14869-FW-Milano-24-Webpage-banner-image-2.jpg\",\"datePublished\":\"2024-07-31T18:42:10+00:00\",\"dateModified\":\"2025-09-03T19:27:43+00:00\",\"description\":\"In un pomeriggio ricco e stimolante, sarai ispirato da approfondimenti sui trend di mercato, best practice di aziende innovative e interviste esclusive. Esplora con noi il futuro del lavoro\",\"breadcrumb\":{\"@id\":\"https:\\\/\\\/www.indeedevents.com\\\/it-it\\\/events\\\/public-ifw-milano-102024\\\/#breadcrumb\"},\"inLanguage\":\"it-IT\",\"potentialAction\":[{\"@type\":\"ReadAction\",\"target\":[\"https:\\\/\\\/www.indeedevents.com\\\/it-it\\\/events\\\/public-ifw-milano-102024\\\/\"]}]},{\"@type\":\"ImageObject\",\"inLanguage\":\"it-IT\",\"@id\":\"https:\\\/\\\/www.indeedevents.com\\\/it-it\\\/events\\\/public-ifw-milano-102024\\\/#primaryimage\",\"url\":\"https:\\\/\\\/www.indeedevents.com\\\/it-it\\\/wp-content\\\/uploads\\\/sites\\\/19\\\/2024\\\/07\\\/14869-FW-Milano-24-Webpage-banner-image-2.jpg\",\"contentUrl\":\"https:\\\/\\\/www.indeedevents.com\\\/it-it\\\/wp-content\\\/uploads\\\/sites\\\/19\\\/2024\\\/07\\\/14869-FW-Milano-24-Webpage-banner-image-2.jpg\",\"width\":560,\"height\":387,\"caption\":\"A speaker giving a talk at an event on stage\"},{\"@type\":\"BreadcrumbList\",\"@id\":\"https:\\\/\\\/www.indeedevents.com\\\/it-it\\\/events\\\/public-ifw-milano-102024\\\/#breadcrumb\",\"itemListElement\":[{\"@type\":\"ListItem\",\"position\":1,\"name\":\"Home\",\"item\":\"https:\\\/\\\/www.indeedevents.com\\\/it-it\\\/\"},{\"@type\":\"ListItem\",\"position\":2,\"name\":\"Events\",\"item\":\"https:\\\/\\\/www.indeedevents.com\\\/it-it\\\/past-events\\\/\"},{\"@type\":\"ListItem\",\"position\":3,\"name\":\"Indeed FutureWorks Milano 2024\"}]},{\"@type\":\"WebSite\",\"@id\":\"https:\\\/\\\/www.indeedevents.com\\\/it-it\\\/#website\",\"url\":\"https:\\\/\\\/www.indeedevents.com\\\/it-it\\\/\",\"name\":\"Italia (italiano)\",\"description\":\"Italiano\",\"potentialAction\":[{\"@type\":\"SearchAction\",\"target\":{\"@type\":\"EntryPoint\",\"urlTemplate\":\"https:\\\/\\\/www.indeedevents.com\\\/it-it\\\/?s={search_term_string}\"},\"query-input\":{\"@type\":\"PropertyValueSpecification\",\"valueRequired\":true,\"valueName\":\"search_term_string\"}}],\"inLanguage\":\"it-IT\"}]}<\/script>\n<!-- \/ Yoast SEO plugin. -->","yoast_head_json":{"title":"Indeed FutureWorks Milano 2024 | 28 ottobre","description":"In un pomeriggio ricco e stimolante, sarai ispirato da approfondimenti sui trend di mercato, best practice di aziende innovative e interviste esclusive. Esplora con noi il futuro del lavoro","robots":{"index":"index","follow":"follow","max-snippet":"max-snippet:-1","max-image-preview":"max-image-preview:large","max-video-preview":"max-video-preview:-1"},"canonical":"https:\/\/www.indeedevents.com\/it-it\/events\/public-ifw-milano-102024\/","og_locale":"it_IT","og_type":"article","og_title":"Indeed FutureWorks Milano 2024 | 28 ottobre","og_description":"In un pomeriggio ricco e stimolante, sarai ispirato da approfondimenti sui trend di mercato, best practice di aziende innovative e interviste esclusive. Esplora con noi il futuro del lavoro","og_url":"https:\/\/www.indeedevents.com\/it-it\/events\/public-ifw-milano-102024\/","og_site_name":"Indeed Events","article_modified_time":"2025-09-03T19:27:43+00:00","og_image":[{"width":560,"height":387,"url":"https:\/\/www.indeedevents.com\/it-it\/wp-content\/uploads\/sites\/19\/2024\/07\/14869-FW-Milano-24-Webpage-banner-image-2.jpg","type":"image\/jpeg"}],"twitter_card":"summary_large_image","twitter_misc":{"Tempo di lettura stimato":"1 minuto"},"schema":{"@context":"https:\/\/schema.org","@graph":[{"@type":"WebPage","@id":"https:\/\/www.indeedevents.com\/it-it\/events\/public-ifw-milano-102024\/","url":"https:\/\/www.indeedevents.com\/it-it\/events\/public-ifw-milano-102024\/","name":"Indeed FutureWorks Milano 2024 | 28 ottobre","isPartOf":{"@id":"https:\/\/www.indeedevents.com\/it-it\/#website"},"primaryImageOfPage":{"@id":"https:\/\/www.indeedevents.com\/it-it\/events\/public-ifw-milano-102024\/#primaryimage"},"image":{"@id":"https:\/\/www.indeedevents.com\/it-it\/events\/public-ifw-milano-102024\/#primaryimage"},"thumbnailUrl":"https:\/\/www.indeedevents.com\/it-it\/wp-content\/uploads\/sites\/19\/2024\/07\/14869-FW-Milano-24-Webpage-banner-image-2.jpg","datePublished":"2024-07-31T18:42:10+00:00","dateModified":"2025-09-03T19:27:43+00:00","description":"In un pomeriggio ricco e stimolante, sarai ispirato da approfondimenti sui trend di mercato, best practice di aziende innovative e interviste esclusive. Esplora con noi il futuro del lavoro","breadcrumb":{"@id":"https:\/\/www.indeedevents.com\/it-it\/events\/public-ifw-milano-102024\/#breadcrumb"},"inLanguage":"it-IT","potentialAction":[{"@type":"ReadAction","target":["https:\/\/www.indeedevents.com\/it-it\/events\/public-ifw-milano-102024\/"]}]},{"@type":"ImageObject","inLanguage":"it-IT","@id":"https:\/\/www.indeedevents.com\/it-it\/events\/public-ifw-milano-102024\/#primaryimage","url":"https:\/\/www.indeedevents.com\/it-it\/wp-content\/uploads\/sites\/19\/2024\/07\/14869-FW-Milano-24-Webpage-banner-image-2.jpg","contentUrl":"https:\/\/www.indeedevents.com\/it-it\/wp-content\/uploads\/sites\/19\/2024\/07\/14869-FW-Milano-24-Webpage-banner-image-2.jpg","width":560,"height":387,"caption":"A speaker giving a talk at an event on stage"},{"@type":"BreadcrumbList","@id":"https:\/\/www.indeedevents.com\/it-it\/events\/public-ifw-milano-102024\/#breadcrumb","itemListElement":[{"@type":"ListItem","position":1,"name":"Home","item":"https:\/\/www.indeedevents.com\/it-it\/"},{"@type":"ListItem","position":2,"name":"Events","item":"https:\/\/www.indeedevents.com\/it-it\/past-events\/"},{"@type":"ListItem","position":3,"name":"Indeed FutureWorks Milano 2024"}]},{"@type":"WebSite","@id":"https:\/\/www.indeedevents.com\/it-it\/#website","url":"https:\/\/www.indeedevents.com\/it-it\/","name":"Italia (italiano)","description":"Italiano","potentialAction":[{"@type":"SearchAction","target":{"@type":"EntryPoint","urlTemplate":"https:\/\/www.indeedevents.com\/it-it\/?s={search_term_string}"},"query-input":{"@type":"PropertyValueSpecification","valueRequired":true,"valueName":"search_term_string"}}],"inLanguage":"it-IT"}]}},"_links":{"self":[{"href":"https:\/\/www.indeedevents.com\/it-it\/wp-json\/wp\/v2\/events\/88629","targetHints":{"allow":["GET"]}}],"collection":[{"href":"https:\/\/www.indeedevents.com\/it-it\/wp-json\/wp\/v2\/events"}],"about":[{"href":"https:\/\/www.indeedevents.com\/it-it\/wp-json\/wp\/v2\/types\/events"}],"version-history":[{"count":0,"href":"https:\/\/www.indeedevents.com\/it-it\/wp-json\/wp\/v2\/events\/88629\/revisions"}],"wp:featuredmedia":[{"embeddable":true,"href":"https:\/\/www.indeedevents.com\/it-it\/wp-json\/wp\/v2\/media\/88621"}],"wp:attachment":[{"href":"https:\/\/www.indeedevents.com\/it-it\/wp-json\/wp\/v2\/media?parent=88629"}],"wp:term":[{"taxonomy":"event_section","embeddable":true,"href":"https:\/\/www.indeedevents.com\/it-it\/wp-json\/wp\/v2\/event-section?post=88629"},{"taxonomy":"event_format","embeddable":true,"href":"https:\/\/www.indeedevents.com\/it-it\/wp-json\/wp\/v2\/event-format?post=88629"},{"taxonomy":"event_type","embeddable":true,"href":"https:\/\/www.indeedevents.com\/it-it\/wp-json\/wp\/v2\/event-type?post=88629"},{"taxonomy":"event_topic","embeddable":true,"href":"https:\/\/www.indeedevents.com\/it-it\/wp-json\/wp\/v2\/event-topic?post=88629"},{"taxonomy":"event_location","embeddable":true,"href":"https:\/\/www.indeedevents.com\/it-it\/wp-json\/wp\/v2\/event-location?post=88629"}],"curies":[{"name":"wp","href":"https:\/\/api.w.org\/{rel}","templated":true}]}}